{"version":"1.0","provider_name":"PRIF BLOG","provider_url":"https:\/\/blog.prif.org\/en\/","title":"Kein Frieden ohne Menschenrechte. Die Verleihung des Hessischen Friedenspreises 2018 an \u015eebnem Korur Fincanc\u0131 - PRIF BLOG","type":"rich","width":600,"height":338,"html":"<blockquote class=\"wp-embedded-content\" data-secret=\"WD4LJ4bhKp\"><a href=\"https:\/\/blog.prif.org\/en\/2019\/06\/21\/kein-frieden-ohne-menschenrechte\/\">Kein Frieden ohne Menschenrechte. Die Verleihung des Hessischen Friedenspreises 2018 an \u015eebnem Korur Fincanc\u0131<\/a><\/blockquote><iframe sandbox=\"allow-scripts\" security=\"restricted\" src=\"https:\/\/blog.prif.org\/en\/2019\/06\/21\/kein-frieden-ohne-menschenrechte\/embed\/#?secret=WD4LJ4bhKp\" width=\"600\" height=\"338\" title=\"&#8220;Kein Frieden ohne Menschenrechte. Die Verleihung des Hessischen Friedenspreises 2018 an \u015eebnem Korur Fincanc\u0131&#8221; &#8212; PRIF BLOG\" data-secret=\"WD4LJ4bhKp\" frameborder=\"0\" marginwidth=\"0\" marginheight=\"0\" scrolling=\"no\" class=\"wp-embedded-content\"><\/iframe><script>\n\/*! This file is auto-generated *\/\n!function(d,l){\"use strict\";l.querySelector&&d.addEventListener&&\"undefined\"!=typeof URL&&(d.wp=d.wp||{},d.wp.receiveEmbedMessage||(d.wp.receiveEmbedMessage=function(e){var t=e.data;if((t||t.secret||t.message||t.value)&&!\/[^a-zA-Z0-9]\/.test(t.secret)){for(var s,r,n,a=l.querySelectorAll('iframe[data-secret=\"'+t.secret+'\"]'),o=l.querySelectorAll('blockquote[data-secret=\"'+t.secret+'\"]'),c=new RegExp(\"^https?:$\",\"i\"),i=0;i<o.length;i++)o[i].style.display=\"none\";for(i=0;i<a.length;i++)s=a[i],e.source===s.contentWindow&&(s.removeAttribute(\"style\"),\"height\"===t.message?(1e3<(r=parseInt(t.value,10))?r=1e3:~~r<200&&(r=200),s.height=r):\"link\"===t.message&&(r=new URL(s.getAttribute(\"src\")),n=new URL(t.value),c.test(n.protocol))&&n.host===r.host&&l.activeElement===s&&(d.top.location.href=t.value))}},d.addEventListener(\"message\",d.wp.receiveEmbedMessage,!1),l.addEventListener(\"DOMContentLoaded\",function(){for(var e,t,s=l.querySelectorAll(\"iframe.wp-embedded-content\"),r=0;r<s.length;r++)(t=(e=s[r]).getAttribute(\"data-secret\"))||(t=Math.random().toString(36).substring(2,12),e.src+=\"#?secret=\"+t,e.setAttribute(\"data-secret\",t)),e.contentWindow.postMessage({message:\"ready\",secret:t},\"*\")},!1)))}(window,document);\n<\/script>\n","description":"Am 28. November 2018 wurde \u015eebnem Korur Fincanc\u0131 mit dem Hessischen Friedenspreis 2018 der Albert-Osswald-Stiftung ausgezeichnet. Der Preis w\u00fcrdigt die t\u00fcrkische Staatsb\u00fcrgerin und Gerichtsmedizinerin f\u00fcr ihren engagierten Einsatz f\u00fcr die Aufarbeitung von Folter und Menschenrechtsverletzungen in der T\u00fcrkei. Sie ist Mitverfasserin des \u201eIstanbul-Protokolls\u201c, das weltweit als Standardwerk zur Untersuchung und Dokumentation von Folter anerkannt ist. Wir pr\u00e4sentieren Ausz\u00fcge aus den Reden des Pr\u00e4sidenten des Hessischen Landtags, Norbert Kartmann, des hessischen Ministerpr\u00e4sidenten Volker Bouffier, des Laudators Wolfgang Huber sowie der Preistr\u00e4gerin \u015eebnem Korur Fincanc\u0131.","thumbnail_url":"https:\/\/blog.prif.org\/wp-content\/uploads\/2019\/06\/Cover-Fincanci-Spotlight-211x300.jpg"}