{"version":"1.0","provider_name":"PRIF BLOG","provider_url":"https:\/\/blog.prif.org\/en\/","title":"Den B\u00fcrger*innen mehr zutrauen: F\u00fcr fr\u00fche, entschiedene, substantielle B\u00fcrger*innenbeteiligung in der Au\u00dfen- und Sicherheitspolitik nach der Zeitenwende - PRIF BLOG","type":"rich","width":600,"height":338,"html":"<blockquote class=\"wp-embedded-content\" data-secret=\"28hdT8OIT5\"><a href=\"https:\/\/blog.prif.org\/en\/2022\/06\/23\/den-buergerinnen-mehr-zutrauen\/\">Den B\u00fcrger*innen mehr zutrauen: F\u00fcr fr\u00fche, entschiedene, substantielle B\u00fcrger*innenbeteiligung in der Au\u00dfen- und Sicherheitspolitik nach der Zeitenwende<\/a><\/blockquote><iframe sandbox=\"allow-scripts\" security=\"restricted\" src=\"https:\/\/blog.prif.org\/en\/2022\/06\/23\/den-buergerinnen-mehr-zutrauen\/embed\/#?secret=28hdT8OIT5\" width=\"600\" height=\"338\" title=\"&#8220;Den B\u00fcrger*innen mehr zutrauen: F\u00fcr fr\u00fche, entschiedene, substantielle B\u00fcrger*innenbeteiligung in der Au\u00dfen- und Sicherheitspolitik nach der Zeitenwende&#8221; &#8212; PRIF BLOG\" data-secret=\"28hdT8OIT5\" frameborder=\"0\" marginwidth=\"0\" marginheight=\"0\" scrolling=\"no\" class=\"wp-embedded-content\"><\/iframe><script>\n\/*! This file is auto-generated *\/\n!function(d,l){\"use strict\";l.querySelector&&d.addEventListener&&\"undefined\"!=typeof URL&&(d.wp=d.wp||{},d.wp.receiveEmbedMessage||(d.wp.receiveEmbedMessage=function(e){var t=e.data;if((t||t.secret||t.message||t.value)&&!\/[^a-zA-Z0-9]\/.test(t.secret)){for(var s,r,n,a=l.querySelectorAll('iframe[data-secret=\"'+t.secret+'\"]'),o=l.querySelectorAll('blockquote[data-secret=\"'+t.secret+'\"]'),c=new RegExp(\"^https?:$\",\"i\"),i=0;i<o.length;i++)o[i].style.display=\"none\";for(i=0;i<a.length;i++)s=a[i],e.source===s.contentWindow&&(s.removeAttribute(\"style\"),\"height\"===t.message?(1e3<(r=parseInt(t.value,10))?r=1e3:~~r<200&&(r=200),s.height=r):\"link\"===t.message&&(r=new URL(s.getAttribute(\"src\")),n=new URL(t.value),c.test(n.protocol))&&n.host===r.host&&l.activeElement===s&&(d.top.location.href=t.value))}},d.addEventListener(\"message\",d.wp.receiveEmbedMessage,!1),l.addEventListener(\"DOMContentLoaded\",function(){for(var e,t,s=l.querySelectorAll(\"iframe.wp-embedded-content\"),r=0;r<s.length;r++)(t=(e=s[r]).getAttribute(\"data-secret\"))||(t=Math.random().toString(36).substring(2,12),e.src+=\"#?secret=\"+t,e.setAttribute(\"data-secret\",t)),e.contentWindow.postMessage({message:\"ready\",secret:t},\"*\")},!1)))}(window,document);\n<\/script>\n","thumbnail_url":"https:\/\/blog.prif.org\/wp-content\/uploads\/2022\/06\/256122881_picture-alliance_BLOG_Banner.jpg","thumbnail_width":750,"thumbnail_height":410,"description":"Nachdem Bundestag und Bundesrat ein Sonderverm\u00f6gen in H\u00f6he von 100 Milliarden Euro \u201ef\u00fcr eine leistungsstarke Bundeswehr\u201c beschlossen haben, beginnt sich die von Bundeskanzler Olaf Scholz ausgerufene Zeitenwende in der deutschen Au\u00dfen- und Sicherheitspolitik in Reaktion auf den russischen Einmarsch in die Ukraine zu materialisieren. Auch der \u00fcber Jahrzehnte konstatierte und oftmals lamentierte Mangel einer breiten sicherheitspolitischen Debatte scheint damit schlagartig beseitigt. Inmitten des derzeitigen \u00f6ffentlichen Schlagabtausches soll nun die Nationale Sicherheitsstrategie entwickelt werden \u2013 und zwar unter Beteiligung von B\u00fcrger*innen. Damit setzt das federf\u00fchrende Ausw\u00e4rtige Amt einen Trend zur \u00d6ffnung fort und hat nun die Chance, Partizipation in der Au\u00dfen- und Sicherheitspolitik zu st\u00e4rken."}