{"version":"1.0","provider_name":"PRIF BLOG","provider_url":"https:\/\/blog.prif.org\/en\/","title":"Die Klimakrise in der Nationalen Sicherheitsstrategie - PRIF BLOG","type":"rich","width":600,"height":338,"html":"<blockquote class=\"wp-embedded-content\" data-secret=\"yD09eGMyGK\"><a href=\"https:\/\/blog.prif.org\/en\/2022\/07\/27\/die-klimakrise-in-der-nationalen-sicherheitsstrategie\/\">Die Klimakrise in der Nationalen Sicherheitsstrategie<\/a><\/blockquote><iframe sandbox=\"allow-scripts\" security=\"restricted\" src=\"https:\/\/blog.prif.org\/en\/2022\/07\/27\/die-klimakrise-in-der-nationalen-sicherheitsstrategie\/embed\/#?secret=yD09eGMyGK\" width=\"600\" height=\"338\" title=\"&#8220;Die Klimakrise in der Nationalen Sicherheitsstrategie&#8221; &#8212; PRIF BLOG\" data-secret=\"yD09eGMyGK\" frameborder=\"0\" marginwidth=\"0\" marginheight=\"0\" scrolling=\"no\" class=\"wp-embedded-content\"><\/iframe><script>\n\/*! This file is auto-generated *\/\n!function(d,l){\"use strict\";l.querySelector&&d.addEventListener&&\"undefined\"!=typeof URL&&(d.wp=d.wp||{},d.wp.receiveEmbedMessage||(d.wp.receiveEmbedMessage=function(e){var t=e.data;if((t||t.secret||t.message||t.value)&&!\/[^a-zA-Z0-9]\/.test(t.secret)){for(var s,r,n,a=l.querySelectorAll('iframe[data-secret=\"'+t.secret+'\"]'),o=l.querySelectorAll('blockquote[data-secret=\"'+t.secret+'\"]'),c=new RegExp(\"^https?:$\",\"i\"),i=0;i<o.length;i++)o[i].style.display=\"none\";for(i=0;i<a.length;i++)s=a[i],e.source===s.contentWindow&&(s.removeAttribute(\"style\"),\"height\"===t.message?(1e3<(r=parseInt(t.value,10))?r=1e3:~~r<200&&(r=200),s.height=r):\"link\"===t.message&&(r=new URL(s.getAttribute(\"src\")),n=new URL(t.value),c.test(n.protocol))&&n.host===r.host&&l.activeElement===s&&(d.top.location.href=t.value))}},d.addEventListener(\"message\",d.wp.receiveEmbedMessage,!1),l.addEventListener(\"DOMContentLoaded\",function(){for(var e,t,s=l.querySelectorAll(\"iframe.wp-embedded-content\"),r=0;r<s.length;r++)(t=(e=s[r]).getAttribute(\"data-secret\"))||(t=Math.random().toString(36).substring(2,12),e.src+=\"#?secret=\"+t,e.setAttribute(\"data-secret\",t)),e.contentWindow.postMessage({message:\"ready\",secret:t},\"*\")},!1)))}(window,document);\n<\/script>\n","thumbnail_url":"https:\/\/blog.prif.org\/wp-content\/uploads\/2022\/07\/Group-photo-of-the-G7-members-under-the-Alps-at-the-Scholss-Elmau-summit-Photo-Prime-Ministers-Office-of-Japan-via-Wikimedia-Commons-CC-BY-4.0_Blog_Banner.jpg","thumbnail_width":750,"thumbnail_height":410,"description":"Der Klimawandel ist eine sicherheitspolitische Bedrohung, in der sich die \u00e4u\u00dfere und die innere Sicherheit ber\u00fchren. Im besten Fall gelingt es in der Nationalen Sicherheitsstrategie, beides zuk\u00fcnftig st\u00e4rker zu verschr\u00e4nken. F\u00fcr die \u00e4u\u00dfere Sicherheit sollte die Strategie nicht allein auf einen werteorientierten Multilateralismus demokratischer Staaten zielen. Die Bew\u00e4ltigung der globalen Risiken des Klimawandels kann nur durch Kooperationen auch mit autokratischen Regierungen wie beispielsweise China gelingen. F\u00fcr die innere Sicherheit besteht die Chance der Strategie darin, zu einer Ver\u00e4nderung der Risikowahrnehmung in der Bev\u00f6lkerung beizutragen und hierdurch neben der Resilienz auch die Bek\u00e4mpfung der Ursachen des Klimawandels zu f\u00f6rdern."}