{"id":3279,"date":"2019-09-20T09:26:33","date_gmt":"2019-09-20T07:26:33","guid":{"rendered":"podlove-2019-09-19t11:03:20+00:00-b9b4f978b11da3a"},"modified":"2025-06-10T13:24:16","modified_gmt":"2025-06-10T11:24:16","slug":"podcast-003-25-jahre-hessischer-friedenspreis","status":"publish","type":"podcast","link":"https:\/\/blog.prif.org\/en\/2019\/09\/20\/podcast-003-25-jahre-hessischer-friedenspreis\/","title":{"rendered":"PRIF talk #003 \/\/ 25 Jahre Hessischer Friedenspreis"},"content":{"rendered":"\n\t\t\n            <div class=\"podlove-web-player intrinsic-ignore podlove-web-player-loading\" id=\"player-69edb13dd087e\"><root data-test=\"player--xl\" style=\"max-width:100%;min-width:260px;\">\n  <div class=\"tablet:px-6 tablet:pt-6 mobile:px-4 mobile:pt-4 flex flex-col\">\n    <div class=\"flex-col items-center mobile:flex tablet:hidden\">\n      <show-title class=\"text-sm\"><\/show-title>\n      <episode-title class=\"text-base mb-2\"><\/episode-title>\n      <subscribe-button class=\"mb-4 mobile:flex tablet:hidden\"><\/subscribe-button>\n      <poster class=\"rounded-sm w-48 shadow overflow-hidden\"><\/poster>\n      <divider class=\"w-full my-6\"><\/divider>\n    <\/div>\n\n    <div class=\"tablet:flex flex-grow\">\n      <div class=\"w-64 mobile:hidden tablet:block tablet:mr-6\">\n        <poster class=\"rounded-sm shadow overflow-hidden\"><\/poster>\n      <\/div>\n      <div class=\"w-full\">\n        <div class=\"hidden tablet:block\">\n          <show-title class=\"text-base\"><\/show-title>\n          <episode-title class=\"text-xl desktop:text-2xl\"><\/episode-title>\n          <divider class=\"w-full my-4\"><\/divider>\n        <\/div>\n        <div class=\"flex items-center justify-between\">\n          <div class=\"block\">\n            <play-state on=\"active\">\n              <speed-control class=\"flex items-center\"><\/speed-control>\n            <\/play-state>\n          <\/div>\n\n          <div class=\"flex\">\n            <play-state on=\"active\">\n              <chapter-previous class=\"mx-2 block\"><\/chapter-previous>\n            <\/play-state>\n            <play-state on=\"active\">\n              <step-backward class=\"mx-2 block\"><\/step-backward>\n            <\/play-state>\n\n            <play-button class=\"mx-2 block\" :label=\"$t('PLAYER.PLAY_EPISODE')\"><\/play-button>\n\n            <play-state on=\"active\">\n              <step-forward class=\"mx-2 block\"><\/step-forward>\n            <\/play-state>\n            <play-state on=\"active\">\n              <chapter-next class=\"mx-2 block\"><\/chapter-next>\n            <\/play-state>\n          <\/div>\n\n          <div class=\"block\">\n            <play-state on=\"active\">\n              <volume-control class=\"flex items-center\"><\/volume-control>\n            <\/play-state>\n          <\/div>\n        <\/div>\n        <div class=\"flex w-full\">\n          <progress-bar><\/progress-bar>\n        <\/div>\n        <div class=\"flex w-full -mt-2\">\n          <div class=\"w-3\/12 text-left\">\n            <timer-current class=\"text-sm\"><\/timer-current>\n          <\/div>\n          <div class=\"w-6\/12 text-center truncate\">\n            <play-state on=\"active\">\n              <current-chapter class=\"text-sm\"><\/current-chapter>\n            <\/play-state>\n          <\/div>\n          <div class=\"w-3\/12 text-right\">\n            <timer-duration class=\"text-sm\"><\/timer-duration>\n          <\/div>\n        <\/div>\n      <\/div>\n    <\/div>\n    <divider class=\"w-full mt-6 mb-3\"><\/divider>\n    <div class=\"flex justify-between\">\n      <div class=\"flex mobile:w-full tablet:w-3\/12 desktop:w-3\/12 justify-between\">\n        <tab-trigger tab=\"chapters\">\n          <icon type=\"chapter\"><\/icon>\n        <\/tab-trigger>\n        <tab-trigger tab=\"transcripts\">\n          <icon type=\"transcripts\"><\/icon>\n        <\/tab-trigger>\n        <tab-trigger tab=\"files\">\n          <icon type=\"download\"><\/icon>\n        <\/tab-trigger>\n        <tab-trigger tab=\"playlist\">\n          <icon type=\"playlist\"><\/icon>\n        <\/tab-trigger>\n        <tab-trigger tab=\"share\">\n          <icon type=\"share\"><\/icon>\n        <\/tab-trigger>\n      <\/div>\n      <subscribe-button class=\"mt-1 mobile:hidden tablet:flex\"><\/subscribe-button>\n    <\/div>\n  <\/div>\n  <div class=\"w-full relative overflow-hidden\">\n    <tab name=\"chapters\">\n      <tab-chapters><\/tab-chapters>\n    <\/tab>\n    <tab name=\"transcripts\">\n      <tab-transcripts><\/tab-transcripts>\n    <\/tab>\n    <tab name=\"files\">\n      <tab-files><\/tab-files>\n    <\/tab>\n    <tab name=\"playlist\">\n      <tab-playlist><\/tab-playlist>\n    <\/tab>\n    <tab name=\"share\">\n      <tab-share><\/tab-share>\n    <\/tab>\n    <tab-overflow><\/tab-overflow>\n  <\/div>\n  <error><\/error>\n<\/root>\n<\/div>\n            <script>\n              document.addEventListener(\"DOMContentLoaded\", function() {\n                var player = document.getElementById(\"player-69edb13dd087e\");\n                podlovePlayerCache.add([{\"url\":\"https:\\\/\\\/blog.prif.org\\\/en\\\/wp-json\\\/podlove-web-player\\\/shortcode\\\/publisher\\\/3279\",\"data\":{\"version\":5,\"show\":{\"title\":\"PRIF talk\",\"subtitle\":\"Der Podcast des Peace Research Institute Frankfurt\",\"summary\":\"Etwa 60 Wissenschaftlerinnen und Wissenschaftler forschen bei PRIF. Sie bearbeiten ihre Forschungsprojekte und Dissertationen, gehen auf Feldforschung und internationale Konferenzen, bilden wissenschaftlichen Nachwuchs aus. Aber sie sind auch aktiv in der Politikberatung, beteiligen sich an Podiumsdiskussionen oder geben den Medien Experteninterviews \\u2013 die T\\u00e4tigkeiten sind vielf\\u00e4ltig und das sind auch die Themen.  \\r\\nIn unserem Podcast sprechen wir regelm\\u00e4\\u00dfig mit unseren Wissenschaftlerinnen und Wissenschaftlern \\u00fcber ihre Forschungsthemen und Projekte und diskutieren aktuelle Fragen, Debatten und Entwicklungen der Friedens- und Konfliktforschung.\",\"poster\":\"https:\\\/\\\/blog.prif.org\\\/wp-content\\\/uploads\\\/2023\\\/09\\\/PRIF-Podcast-Icon_petrol_neues_Logo.png\",\"link\":\"https:\\\/\\\/blog.prif.org\\\/en\\\/\"},\"title\":\"PRIF talk #003 \\\/\\\/ 25 Jahre Hessischer Friedenspreis\",\"subtitle\":\"R\\u00fcckblick auf 25 Jahre Hessischer Friedenspreis\",\"summary\":\"John Hume, der Dalai Lama, Daniel Barenboim oder Federica Mogherini: Der Hessische Friedenspreis wurde h\\u00e4ufig an weltweit bekannte Pers\\u00f6nlichkeiten verliehen. Immer wieder ging er aber auch an Frauen und M\\u00e4nner, die sich im Kleinen, in ihrem direkten Lebensumfeld und mit eingeschr\\u00e4nkten Mitteln auf herausragende Art und Weise f\\u00fcr den Frieden eingesetzt haben. So unterschiedlich die Pers\\u00f6nlichkeiten auch sind, gemeinsam ist allen Preistr\\u00e4gerinnen und Preistr\\u00e4gern der unbedingte Wille, etwas zum Besseren zu \\u00e4ndern und sich f\\u00fcr den Frieden einzusetzen - egal, ob sie am Ende damit erfolgreich sind oder nicht. Der Hessische Friedenspreis zeichnet diese Menschen nunmehr seit 25 Jahren aus und m\\u00f6chte sie und andere damit ermutigen, diesen Weg weiter zu beschreiten.\",\"publicationDate\":\"2019-09-20T09:26:33+02:00\",\"duration\":\"00:27:43.602\",\"poster\":\"https:\\\/\\\/blog.prif.org\\\/episoden\\\/003_Hessischer-Friedenspreis-25.jpg\",\"link\":\"https:\\\/\\\/blog.prif.org\\\/en\\\/2019\\\/09\\\/20\\\/podcast-003-25-jahre-hessischer-friedenspreis\\\/\",\"chapters\":[],\"audio\":[{\"url\":\"https:\\\/\\\/blog.prif.org\\\/en\\\/podlove\\\/file\\\/72\\\/s\\\/webplayer\\\/c\\\/website\\\/003_Hessischer-Friedenspreis-25.m4a\",\"size\":\"21229494\",\"title\":\"MPEG-4 AAC Audio (m4a)\",\"mimeType\":\"audio\\\/mp4\"},{\"url\":\"https:\\\/\\\/blog.prif.org\\\/en\\\/podlove\\\/file\\\/70\\\/s\\\/webplayer\\\/c\\\/website\\\/003_Hessischer-Friedenspreis-25.ogg\",\"size\":\"17914355\",\"title\":\"Ogg Vorbis Audio (ogg)\",\"mimeType\":\"audio\\\/ogg\"},{\"url\":\"https:\\\/\\\/blog.prif.org\\\/en\\\/podlove\\\/file\\\/71\\\/s\\\/webplayer\\\/c\\\/website\\\/003_Hessischer-Friedenspreis-25.mp3\",\"size\":\"17614050\",\"title\":\"MP3 Audio (mp3)\",\"mimeType\":\"audio\\\/mpeg\"}],\"files\":[{\"url\":\"https:\\\/\\\/blog.prif.org\\\/en\\\/podlove\\\/file\\\/71\\\/s\\\/webplayer\\\/003_Hessischer-Friedenspreis-25.mp3\",\"size\":\"17614050\",\"title\":\"MP3 Audio\",\"mimeType\":\"audio\\\/mpeg\"},{\"url\":\"https:\\\/\\\/blog.prif.org\\\/en\\\/podlove\\\/file\\\/70\\\/s\\\/webplayer\\\/003_Hessischer-Friedenspreis-25.ogg\",\"size\":\"17914355\",\"title\":\"Ogg Vorbis Audio\",\"mimeType\":\"audio\\\/ogg\"},{\"url\":\"https:\\\/\\\/blog.prif.org\\\/en\\\/podlove\\\/file\\\/72\\\/s\\\/webplayer\\\/003_Hessischer-Friedenspreis-25.m4a\",\"size\":\"21229494\",\"title\":\"AAC (m4a)\",\"mimeType\":\"audio\\\/mp4\"},{\"url\":\"https:\\\/\\\/blog.prif.org\\\/en\\\/podlove\\\/file\\\/73\\\/s\\\/webplayer\\\/003_Hessischer-Friedenspreis-25.jpg\",\"size\":\"44102\",\"title\":\"Episoden-Cover\",\"mimeType\":\"image\\\/jpeg\"}],\"contributors\":[]}}, {\"url\":\"https:\\\/\\\/blog.prif.org\\\/en\\\/wp-json\\\/podlove-web-player\\\/shortcode\\\/config\\\/default\\\/theme\\\/default\",\"data\":{\"activeTab\":\"chapters\",\"subscribe-button\":null,\"share\":{\"channels\":[\"link\",\"mail\",\"twitter\",\"linkedin\"],\"outlet\":\"https:\\\/\\\/blog.prif.org\\\/wp-content\\\/plugins\\\/podlove-web-player\\\/web-player\\\/share.html\",\"sharePlaytime\":true},\"related-episodes\":{\"source\":\"podcast\",\"value\":null},\"version\":5,\"playlist\":\"https:\\\/\\\/blog.prif.org\\\/en\\\/wp-json\\\/podlove-web-player\\\/shortcode\\\/podcast\",\"theme\":{\"tokens\":{\"brand\":\"#e3256b\",\"brandDark\":\"#317580\",\"brandDarkest\":\"#1A3A4A\",\"brandLightest\":\"#E9F1F5\",\"shadeDark\":\"#807E7C\",\"shadeBase\":\"#317580\",\"contrast\":\"#000\",\"alt\":\"#fff\"},\"fonts\":{\"ci\":{\"name\":\"ci\",\"family\":[\"-apple-system\",\"BlinkMacSystemFont\",\"Segoe UI\",\"Roboto\",\"Helvetica\",\"Arial\",\"sans-serif\",\"Apple Color Emoji\",\"Segoe UI Emoji\\\", \\\"Segoe UI Symbol\"],\"src\":[],\"weight\":800},\"regular\":{\"name\":\"regular\",\"family\":[\"-apple-system\",\"BlinkMacSystemFont\",\"Segoe UI\",\"Roboto\",\"Helvetica\",\"Arial\",\"sans-serif\",\"Apple Color Emoji\",\"Segoe UI Emoji\\\", \\\"Segoe UI Symbol\"],\"src\":[],\"weight\":300},\"bold\":{\"name\":\"bold\",\"family\":[\"-apple-system\",\"BlinkMacSystemFont\",\"Segoe UI\",\"Roboto\",\"Helvetica\",\"Arial\",\"sans-serif\",\"Apple Color Emoji\",\"Segoe UI Emoji\\\", \\\"Segoe UI Symbol\"],\"src\":[],\"weight\":700}}},\"base\":\"https:\\\/\\\/blog.prif.org\\\/wp-content\\\/plugins\\\/podlove-web-player\\\/web-player\\\/\"}}]);\n                podlovePlayer(player, \"https:\/\/blog.prif.org\/en\/wp-json\/podlove-web-player\/shortcode\/publisher\/3279\", \"https:\/\/blog.prif.org\/en\/wp-json\/podlove-web-player\/shortcode\/config\/default\/theme\/default\").then(function() {\n                  player && player.classList.remove(\"podlove-web-player-loading\");\n                });\n              });\n            <\/script>\n            <style>\n              .podlove-web-player.podlove-web-player-loading {\n                opacity: 0;\n              }\n            <\/style>\n        \n\t\n\t\t\t\t\t\t\n\n\t<div class=\"podlove-contributors-cards\">\n\t\t\t<\/div>\n\n\t<style>\n\t\t.podlove-contributors-cards {\n\t\t\tmargin-bottom: 1rem;\n\t\t\tbackground: white;\n\t\t\toverflow: hidden;\n\t\t\tborder-radius: 0.375rem;\n\t\t\tbox-shadow: 0 1px 3px 0 rgba(0, 0, 0, 0.1), 0 1px 2px 0 rgba(0, 0, 0, 0.06);\n\t\t}\n\t\t.podlove-contributors-card {\n\t\t\tdisplay: flex;\n\t\t\talign-items: center;\n\t\t\tpadding: 1rem 1.5rem\n\t\t}\n\t\t.podlove-contributors-card-inner {\n\t\t\tdisplay: flex;\n\t\t\talign-items: center;\n\t\t\tflex: 1 1 0;\n\t\t\tmin-width: 0;\n\t\t}\n\t\t.podlove-contributors-card-avatar {\n\t\t\twidth: 50px;\n\t\t\theight: 50px;\n\t\t\tborder-radius: 0.25rem;\n\t\t\toverflow: hidden;\n\t\t\tflex-shrink: 0;\n\t\t}\n\t\t.podlove-contributors-card-person {\n\t\t\tflex: 1 1 0;\n\t\t\tmin-width: 0;\n\t\t\tpadding: 0 1rem;\n\t\t\tdisplay: grid;\n\t\t\tgrid-template-columns: repeat(2, minmax(0, 1fr));\n\t\t\tgap: 1rem;\n\t\t}\n\t\t.podlove-contributors-card-person-details {\n\t\t\tcolor: #999\n\t\t}\n\t\t.podlove-contributors-card-services {\n\t\t\tflex-wrap: wrap;\n\t\t\tdisplay: flex;\n\t\t\talign-items: center;\n\t\t\talign-content: center;\n\t\t\tjustify-content: flex-end;\n\t\t}\n\t\t.podlove-contributors-card-services-service {\n\t\t\tdisplay: inline-block;\n\t\t\tflex-shrink: 0;\n\t\t\tpadding-left: 0.5rem;\n\t\t\ttext-decoration: none;\n\t\t\tbox-shadow: none;\n\t\t}\n\t<\/style>\n\n\n\t\n<p><strong>Der Hessische Friedenspreis w\u00fcrdigt seit 1993 besonderes Engagement f\u00fcr V\u00f6lkerverst\u00e4ndigung und Frieden. Seitdem begleitet die HSFK die Auswahl der Preistr\u00e4gerinnen und Preistr\u00e4ger. Gemeinsam mit dem Kuratoriumsvorsitzenden und ehemaligen hessischen Landtagspr\u00e4sidenten Karl Starzacher und dem HSFK-Forscher Bruno Schoch blicken wir zur\u00fcck auf die Entstehungsgeschichte und die Preistr\u00e4ger, an die wir uns heute noch erinnern.<\/strong><\/p>\n<p>&nbsp;<\/p>\n<p>Das Interview ist in verk\u00fcrzter Form auch in unserem Jubil\u00e4umsmagazin erschienen. Diese Fassung gibt es auch hier zu lesen:<\/p>\n<p>&nbsp;<\/p>\n<h3><strong>\u201eErfolg allein ist nicht das Kriterium\u201c<\/strong><\/h3>\n<p>&nbsp;<\/p>\n<p><em>Was ist denn eigentlich der Hessische Friedenspreis?<\/em><\/p>\n<p><strong>Bruno Schoch:<\/strong> Das Interessante ist, dass er inzwischen immer Hessischer Friedenspreis genannt wird. Er hei\u00dft aber eigentlich <em>Friedenspreis der Albert Osswald-Stiftung<\/em> und wird gar nicht vom Land Hessen verliehen. Nach dem, was ich \u00fcber den fr\u00fcheren Hessischen Ministerpr\u00e4sidenten Albert Osswald gelesen habe, w\u00e4re ihm diese Verk\u00fcrzung aber wahrscheinlich keine besondere Last. Denn er war so etwas wie ein hessischer Patriot. In den Anfangsjahren hat man diesen Friedenspreis oft mit dem Friedenspreis des Deutschen Buchhandels verwechselt. Oder, bis in die FAZ hinein, den Friedenspreis und die HSFK gleichgesetzt. Das war f\u00fcr uns als HSFK nat\u00fcrlich nicht besonders rufsch\u00e4digend. Im Gegenteil.<\/p>\n<p><strong>Karl Starzacher:<\/strong> Dass ich mit dem Hessischen Friedenspreis der Albert Osswald-Stiftung in Ber\u00fchrung kam, lag daran, dass ich Landtagspr\u00e4sident war, als 1994 der erste Friedenspreis verliehen wurde. Albert Osswald als Stifter und ich haben damals vereinbart, dass der Preis im Hessischen Landtag vergeben wird. Der Landtag, die Staatskanzlei und der jeweilige Ministerpr\u00e4sident haben dieses Projekt immer sehr positiv begleitet und unterst\u00fctzt. Insofern ist es inzwischen auch <em>Der Hessische Friedenspreis<\/em>.<br \/>\nSein Zustandekommen hat sicherlich mit Osswalds Lebenslauf zu tun: Er war von 1939 bis 1945 Wehrmachtssoldat, hat also am Krieg teilgenommen und war danach in Kriegsgefangenschaft. Ich bin sicher, dass auf Grund dieser Erfahrung das Thema Frieden f\u00fcr ihn immer eine gro\u00dfe Bedeutung hatte.<u><br \/>\n<\/u>Dazu kommt, dass Albert Osswald und Ernst-Otto Czempiel, Mitbegr\u00fcnder und langj\u00e4hriger Vorstandsvorsitzender der HSFK, auch pers\u00f6nlich guten Kontakt hatten. Ich kann mir durchaus auch vorstellen, dass Czempiel die Idee hatte, dass die Albert Osswald-Stiftung ja einmal im Jahr einen Friedenspreis vergeben k\u00f6nnte.<\/p>\n<p><strong>Bruno Schoch:<\/strong> Albert Osswald ist ja 1976 unter etwas ungl\u00fccklichen Umst\u00e4nden nach dem Helaba-Skandal zur\u00fcckgetreten. Da fragt man sich nat\u00fcrlich: Warum hat er seine zuvor gegr\u00fcndete Stiftung im Jahr 1993 auf Frieden umgestellt? Schlie\u00dflich haben sich die Sowjetunion und der Warschauer Pakt aufgel\u00f6st, US-amerikanische Politologen haben sogar das Ende der Geschichte proklamiert. Gleichzeitig gab es aber nat\u00fcrlich die Konflikte auf dem Balkan seit 1991, Kriegsbilder mitten in Europa. Da haben einige Leute gesagt: Jetzt brauchen wir das Engagement f\u00fcr den Frieden eigentlich erst recht. Insofern kann man das Jahr 1993 auch als Ausdruck von besonderer Weitsichtigkeit interpretieren.<\/p>\n<p><em>Wie l\u00e4uft denn der Prozess rund um die Vergabe des Hessischen Friedenspreises ab?<\/em><\/p>\n<p><strong>Karl Starzacher: <\/strong>Nach der Stiftungssatzung wird der Preis von der Stiftung vergeben. Es hat sich aber etabliert, dass das Kuratorium die Entscheidung trifft. Dort sind die bedeutenden deutschen Friedensforschungsinstitute vertreten, die sich dann unter der Federf\u00fchrung der HSFK miteinander abstimmen. In allen F\u00e4llen war es so, dass das Kuratorium sich doch einvernehmlich auf die Vorschl\u00e4ge der Friedensforscherinnen und -forscher verst\u00e4ndigt hat. Aber es gab auch kritische Diskussionen.<\/p>\n<p><strong>Bruno Schoch:<\/strong> Osswald muss ein unglaubliches Vertrauen in die Friedensforschung gehabt haben. Dass die Institute die Vorschl\u00e4ge machen sollten, war \u00fcberhaupt nicht selbstverst\u00e4ndlich. Denn die Friedensforschung war ja am Anfang politisch au\u00dferordentlich umstritten. Nicht bei Osswald, aber es gibt Artikel aus dem Bayernkurier, nach denen wir viel schlimmer sind als irgendwelche Sowjet-Hetzer.<\/p>\n<p><em>Welche der vergangenen Preistr\u00e4gerinnen oder Preistr\u00e4ger haben Sie denn nachhaltig beeindruckt?<\/em><\/p>\n<p><strong>Karl Starzacher:<\/strong> Alle. Jede und jeder f\u00fcr sich. Es ist nat\u00fcrlich ein Unterschied, ob sie dem Dalai Lama begegnen oder Ismail Khatib. Das ist ein ehemaliger pal\u00e4stinensischer Widerstandsk\u00e4mpfer, der die Organe seines elfj\u00e4hrigen Sohnes Ahmed zur Organspende an israelische Kinder freigegeben hat, nachdem sein Kind von israelischen Soldaten t\u00f6dlich verletzt wurde. Aber jede dieser Begegnungen war unglaublich eindrucksvoll.<\/p>\n<p><strong>Bruno Schoch:<\/strong> Ich teile ihren gro\u00dfen Respekt vor allen Preistr\u00e4gerinnen und Preistr\u00e4gern. Aber ich war damals beim Dalai Lama sehr kritisch, muss ich sagen. Er hat viele Preise erhalten \u2013 unter anderem den Nobelpreis, der, glaube ich, fast mit einer Million Dollar dotiert ist. Und dann bekommt er nachher noch den Hessischen Friedenspreis. Ich finde, dar\u00fcber konnte man streiten, obwohl das Gespr\u00e4ch mit dem Dalai Lama in Wiesbaden au\u00dferordentlich interessant war.<br \/>\nMich hat am meisten Lakhdar Brahimi beeindruckt. Und zwar, weil er in unserem Vorgespr\u00e4ch im Detail berichtet hat, wie er den Apartheid-Konflikt in S\u00fcdafrika angepackt hat. Aber das hei\u00dft nicht, dass ich das beeindruckende Engagement der anderen mindern m\u00f6chte. Das Problem ist, dass es weder in der Friedensforschung noch in der Philosophie eine praktisch definierte Vorstellung von Frieden gibt. Frieden ist ein weites Feld, deswegen gibt es auch ungef\u00e4hr 60 Friedenspreise. Als Forscher ist man daher manchmal etwas pingelig und fragt: Ist moralisches Engagement f\u00fcr den Frieden schon gleichzusetzen mit bedeutenden diplomatischen Erfolgen?<\/p>\n<p><strong>Karl Starzacher:<\/strong> Ich bin kein Friedensforscher. F\u00fcr mich ist Frieden Frieden. Nat\u00fcrlich hat ein Lakhdar Brahimi als UN-Diplomat in seiner Vermittlungsfunktion ganz andere Gestaltungsm\u00f6glichkeiten als Ismail Khatib. Die Unterschiede sehe ich durchaus. Aber das pers\u00f6nliche Engagement f\u00fcr Frieden ist f\u00fcr mich das Bestimmende. Und jeder und jede, die sich f\u00fcr Frieden engagieren und einsetzen, selbst wenn sie am Ende nicht erfolgreich sind, sind eigentlich auszeichnungsw\u00fcrdig. Da m\u00f6chte ich keinen Unterschied machen.<\/p>\n<p><em>Letztes Jahr wurde der \u00e4thiopische Ministerpr\u00e4sident Abiy Ahmed Ali f\u00fcr seinen Einsatz f\u00fcr einen historischen Friedensschluss mit dem Nachbarland Eritrea ausgezeichnet. Kurze Zeit sp\u00e4ter erhielt er auch den Friedensnobelpreis. Abiy war erst kurze Zeit im Amt, als er den Preis erhielt. Ist das nicht etwas verfr\u00fcht?<\/em><\/p>\n<p><strong>Karl Starzacher:<\/strong> Nein, das denke ich nicht. Er hat zu Beginn seiner Amtszeit ganz wesentliche Weichenstellungen in \u00c4thiopien vorgenommen. Er wird \u2013\u00a0 ich wei\u00df das aus Berlin \u2013 von der Bundesregierung sehr positiv wahrgenommen. Wir wollen mit dieser Auszeichnung w\u00fcrdigen, was er im Friedensschluss mit Eritrea bewirkt hat. Obwohl wir wissen, dass in \u00c4thiopien noch nicht alle Probleme gel\u00f6st sind. Und wir wollen ihn damit ermutigen und motivieren, diesen Weg weiter zu gehen. Ich glaube, das rechtfertigt den Preis zu 100 Prozent.<\/p>\n<p><strong>Bruno Schoch:<\/strong> Ich sehe das auch so. Wir m\u00fcssen uns ja immer fragen: Was sind die Bem\u00fchungen? Was kann man dabei unterst\u00fctzen? Und insofern ist die Auszeichnung absolut richtig. Manche der Preistr\u00e4gerinnen und Preistr\u00e4ger sind r\u00fcckblickend betrachtet gescheitert. Aber das ist kein Grund, das Engagement nicht zu unterst\u00fctzen und auszuzeichnen. Insofern kann das Kriterium nicht nur der schlussendliche Erfolg sein.<\/p>\n<p>&nbsp;<\/p>\n<hr \/>\n<p>*Shownotes*<\/p>\n<ul>\n<li><a href=\"https:\/\/www.hsfk.de\/die-hsfk\/preise\/hessischer-friedenspreis\/\" target=\"_blank\" rel=\"noopener noreferrer\">Informationen zum Hessischen Friedenspreis, \u00dcbersicht \u00fcber die bisherigen 25 Preistr\u00e4ger*Innen<\/a><\/li>\n<li><a href=\"https:\/\/hessischer-landtag.de\/termine\/hessischer-friedenspreis-wird-abiy-ahmed-ali-verliehen\" target=\"_blank\" rel=\"noopener noreferrer\">Der Hessische Landtag zur diesj\u00e4hrigen Verleihung<\/a><\/li>\n<\/ul>\n<hr \/>\n<p><img loading=\"lazy\" decoding=\"async\" class=\"alignleft\" src=\"https:\/\/blog.prif.org\/wp-content\/uploads\/2020\/10\/Magazincover.jpg\" width=\"134\" height=\"166\" \/>Dieses Interview ist auch Teil unseres Jubil\u00e4umsmagazins zum 50-j\u00e4hrigen Bestehen der HSFK. Das Magazin steht <a href=\"https:\/\/www.hsfk.de\/fileadmin\/HSFK\/hsfk_downloads\/Jubilaeumsmagazin_50_Jahre_HSFK_barrierefrei_01.pdf?pk_campaign=50jahre&amp;pk_kwd=Download\">hier zum kostenlosen Download<\/a> bereit (pdf, 5,42 MB).<\/p>\n<p><a href=\"https:\/\/www.hsfk.de\/index.php?id=719\">Zu den Einzelbeitr\u00e4gen<\/a><\/p>\n","protected":false},"author":148,"featured_media":4867,"comment_status":"closed","ping_status":"closed","template":"","meta":{"_acf_changed":false,"footnotes":""},"categories":[682,545],"tags":[540],"coauthors":[570],"class_list":["post-3279","podcast","type-podcast","status-publish","has-post-thumbnail","hentry","category-serie-50-jahre-hsfk","category-podcast","tag-friedenspreis","post"],"acf":[],"yoast_head":"<!-- This site is optimized with the Yoast SEO plugin v26.1.1 - https:\/\/yoast.com\/wordpress\/plugins\/seo\/ -->\n<title>PRIF talk #003 \/\/ 25 Jahre Hessischer Friedenspreis - PRIF BLOG<\/title>\n<meta name=\"description\" content=\"Der Hessische Friedenspreis w\u00fcrdigt seit 1993 besonderes Engagement f\u00fcr V\u00f6lkerverst\u00e4ndigung und Frieden. Seitdem begleitet die HSFK die Auswahl der Preistr\u00e4gerinnen und Preistr\u00e4ger. Gemeinsam mit dem Kuratoriumsvorsitzenden und ehemaligen hessischen Landtagspr\u00e4sidenten Karl Starzacher und dem HSFK-Forscher Bruno Schoch blicken wir zur\u00fcck auf die Entstehungsgeschichte und die Preistr\u00e4ger, an die wir uns heute noch erinnern.\" \/>\n<meta name=\"robots\" content=\"index, follow, max-snippet:-1, max-image-preview:large, max-video-preview:-1\" \/>\n<link rel=\"canonical\" href=\"https:\/\/blog.prif.org\/en\/2019\/09\/20\/podcast-003-25-jahre-hessischer-friedenspreis\/\" \/>\n<meta property=\"og:locale\" content=\"en_US\" \/>\n<meta property=\"og:type\" content=\"article\" \/>\n<meta property=\"og:title\" content=\"PRIF talk #003 \/\/ 25 Jahre Hessischer Friedenspreis - PRIF BLOG\" \/>\n<meta property=\"og:description\" content=\"Der Hessische Friedenspreis w\u00fcrdigt seit 1993 besonderes Engagement f\u00fcr V\u00f6lkerverst\u00e4ndigung und Frieden. Seitdem begleitet die HSFK die Auswahl der Preistr\u00e4gerinnen und Preistr\u00e4ger. Gemeinsam mit dem Kuratoriumsvorsitzenden und ehemaligen hessischen Landtagspr\u00e4sidenten Karl Starzacher und dem HSFK-Forscher Bruno Schoch blicken wir zur\u00fcck auf die Entstehungsgeschichte und die Preistr\u00e4ger, an die wir uns heute noch erinnern.\" \/>\n<meta property=\"og:url\" content=\"https:\/\/blog.prif.org\/en\/2019\/09\/20\/podcast-003-25-jahre-hessischer-friedenspreis\/\" \/>\n<meta property=\"og:site_name\" content=\"PRIF BLOG\" \/>\n<meta property=\"article:publisher\" content=\"https:\/\/www.facebook.com\/HSFK.PRIF\" \/>\n<meta property=\"article:modified_time\" content=\"2025-06-10T11:24:16+00:00\" \/>\n<meta property=\"og:image\" content=\"https:\/\/blog.prif.org\/wp-content\/uploads\/2020\/10\/friedenspreis_blog_banner.jpg\" \/>\n\t<meta property=\"og:image:width\" content=\"750\" \/>\n\t<meta property=\"og:image:height\" content=\"410\" \/>\n\t<meta property=\"og:image:type\" content=\"image\/jpeg\" \/>\n<meta name=\"twitter:card\" content=\"summary_large_image\" \/>\n<meta name=\"twitter:site\" content=\"@HSFK_PRIF\" \/>\n<meta name=\"twitter:label1\" content=\"Est. reading time\" \/>\n\t<meta name=\"twitter:data1\" content=\"7 minutes\" \/>\n\t<meta name=\"twitter:label2\" content=\"Written by\" \/>\n\t<meta name=\"twitter:data2\" content=\"Bruno Schoch\" \/>\n<script type=\"application\/ld+json\" class=\"yoast-schema-graph\">{\"@context\":\"https:\/\/schema.org\",\"@graph\":[{\"@type\":\"WebPage\",\"@id\":\"https:\/\/blog.prif.org\/en\/2019\/09\/20\/podcast-003-25-jahre-hessischer-friedenspreis\/\",\"url\":\"https:\/\/blog.prif.org\/en\/2019\/09\/20\/podcast-003-25-jahre-hessischer-friedenspreis\/\",\"name\":\"PRIF talk #003 \/\/ 25 Jahre Hessischer Friedenspreis - PRIF BLOG\",\"isPartOf\":{\"@id\":\"https:\/\/blog.prif.org\/en\/#website\"},\"primaryImageOfPage\":{\"@id\":\"https:\/\/blog.prif.org\/en\/2019\/09\/20\/podcast-003-25-jahre-hessischer-friedenspreis\/#primaryimage\"},\"image\":{\"@id\":\"https:\/\/blog.prif.org\/en\/2019\/09\/20\/podcast-003-25-jahre-hessischer-friedenspreis\/#primaryimage\"},\"thumbnailUrl\":\"https:\/\/blog.prif.org\/wp-content\/uploads\/2020\/10\/friedenspreis_blog_banner.jpg\",\"datePublished\":\"2019-09-20T07:26:33+00:00\",\"dateModified\":\"2025-06-10T11:24:16+00:00\",\"description\":\"Der Hessische Friedenspreis w\u00fcrdigt seit 1993 besonderes Engagement f\u00fcr V\u00f6lkerverst\u00e4ndigung und Frieden. Seitdem begleitet die HSFK die Auswahl der Preistr\u00e4gerinnen und Preistr\u00e4ger. Gemeinsam mit dem Kuratoriumsvorsitzenden und ehemaligen hessischen Landtagspr\u00e4sidenten Karl Starzacher und dem HSFK-Forscher Bruno Schoch blicken wir zur\u00fcck auf die Entstehungsgeschichte und die Preistr\u00e4ger, an die wir uns heute noch erinnern.\",\"breadcrumb\":{\"@id\":\"https:\/\/blog.prif.org\/en\/2019\/09\/20\/podcast-003-25-jahre-hessischer-friedenspreis\/#breadcrumb\"},\"inLanguage\":\"en-US\",\"potentialAction\":[{\"@type\":\"ReadAction\",\"target\":[\"https:\/\/blog.prif.org\/en\/2019\/09\/20\/podcast-003-25-jahre-hessischer-friedenspreis\/\"]}]},{\"@type\":\"ImageObject\",\"inLanguage\":\"en-US\",\"@id\":\"https:\/\/blog.prif.org\/en\/2019\/09\/20\/podcast-003-25-jahre-hessischer-friedenspreis\/#primaryimage\",\"url\":\"https:\/\/blog.prif.org\/wp-content\/uploads\/2020\/10\/friedenspreis_blog_banner.jpg\",\"contentUrl\":\"https:\/\/blog.prif.org\/wp-content\/uploads\/2020\/10\/friedenspreis_blog_banner.jpg\",\"width\":750,\"height\":410,\"caption\":\"Kuratoriumsvorsitzender und ehemaliger hessischer Landtagspr\u00e4sident Karl Starzacher im Gespr\u00e4ch mit Bruno Schoch.\"},{\"@type\":\"BreadcrumbList\",\"@id\":\"https:\/\/blog.prif.org\/en\/2019\/09\/20\/podcast-003-25-jahre-hessischer-friedenspreis\/#breadcrumb\",\"itemListElement\":[{\"@type\":\"ListItem\",\"position\":1,\"name\":\"Startseite\",\"item\":\"https:\/\/blog.prif.org\/en\/\"},{\"@type\":\"ListItem\",\"position\":2,\"name\":\"Episodes\",\"item\":\"https:\/\/blog.prif.org\/en\/podcast\/\"},{\"@type\":\"ListItem\",\"position\":3,\"name\":\"PRIF talk #003 \/\/ 25 Jahre Hessischer Friedenspreis\"}]},{\"@type\":\"WebSite\",\"@id\":\"https:\/\/blog.prif.org\/en\/#website\",\"url\":\"https:\/\/blog.prif.org\/en\/\",\"name\":\"PRIF BLOG\",\"description\":\"Peace Research Institute Frankfurt \/ Leibniz Institut Hessische Stiftung Friedens- und Konfliktforschung\",\"publisher\":{\"@id\":\"https:\/\/blog.prif.org\/en\/#organization\"},\"potentialAction\":[{\"@type\":\"SearchAction\",\"target\":{\"@type\":\"EntryPoint\",\"urlTemplate\":\"https:\/\/blog.prif.org\/en\/?s={search_term_string}\"},\"query-input\":{\"@type\":\"PropertyValueSpecification\",\"valueRequired\":true,\"valueName\":\"search_term_string\"}}],\"inLanguage\":\"en-US\"},{\"@type\":\"Organization\",\"@id\":\"https:\/\/blog.prif.org\/en\/#organization\",\"name\":\"Peace Research Institute Frankfurt \/ Leibniz Institut Hessische Stiftung Friedens- und Konfliktforschung\",\"url\":\"https:\/\/blog.prif.org\/en\/\",\"logo\":{\"@type\":\"ImageObject\",\"inLanguage\":\"en-US\",\"@id\":\"https:\/\/blog.prif.org\/en\/#\/schema\/logo\/image\/\",\"url\":\"https:\/\/blog.prif.org\/wp-content\/uploads\/2023\/09\/cropped-blog_rgb.png\",\"contentUrl\":\"https:\/\/blog.prif.org\/wp-content\/uploads\/2023\/09\/cropped-blog_rgb.png\",\"width\":750,\"height\":226,\"caption\":\"Peace Research Institute Frankfurt \/ Leibniz Institut Hessische Stiftung Friedens- und Konfliktforschung\"},\"image\":{\"@id\":\"https:\/\/blog.prif.org\/en\/#\/schema\/logo\/image\/\"},\"sameAs\":[\"https:\/\/www.facebook.com\/HSFK.PRIF\",\"https:\/\/x.com\/HSFK_PRIF\",\"https:\/\/www.linkedin.com\/company\/8912786\/\"]}]}<\/script>\n<!-- \/ Yoast SEO plugin. -->","yoast_head_json":{"title":"PRIF talk #003 \/\/ 25 Jahre Hessischer Friedenspreis - PRIF BLOG","description":"Der Hessische Friedenspreis w\u00fcrdigt seit 1993 besonderes Engagement f\u00fcr V\u00f6lkerverst\u00e4ndigung und Frieden. Seitdem begleitet die HSFK die Auswahl der Preistr\u00e4gerinnen und Preistr\u00e4ger. Gemeinsam mit dem Kuratoriumsvorsitzenden und ehemaligen hessischen Landtagspr\u00e4sidenten Karl Starzacher und dem HSFK-Forscher Bruno Schoch blicken wir zur\u00fcck auf die Entstehungsgeschichte und die Preistr\u00e4ger, an die wir uns heute noch erinnern.","robots":{"index":"index","follow":"follow","max-snippet":"max-snippet:-1","max-image-preview":"max-image-preview:large","max-video-preview":"max-video-preview:-1"},"canonical":"https:\/\/blog.prif.org\/en\/2019\/09\/20\/podcast-003-25-jahre-hessischer-friedenspreis\/","og_locale":"en_US","og_type":"article","og_title":"PRIF talk #003 \/\/ 25 Jahre Hessischer Friedenspreis - PRIF BLOG","og_description":"Der Hessische Friedenspreis w\u00fcrdigt seit 1993 besonderes Engagement f\u00fcr V\u00f6lkerverst\u00e4ndigung und Frieden. Seitdem begleitet die HSFK die Auswahl der Preistr\u00e4gerinnen und Preistr\u00e4ger. Gemeinsam mit dem Kuratoriumsvorsitzenden und ehemaligen hessischen Landtagspr\u00e4sidenten Karl Starzacher und dem HSFK-Forscher Bruno Schoch blicken wir zur\u00fcck auf die Entstehungsgeschichte und die Preistr\u00e4ger, an die wir uns heute noch erinnern.","og_url":"https:\/\/blog.prif.org\/en\/2019\/09\/20\/podcast-003-25-jahre-hessischer-friedenspreis\/","og_site_name":"PRIF BLOG","article_publisher":"https:\/\/www.facebook.com\/HSFK.PRIF","article_modified_time":"2025-06-10T11:24:16+00:00","og_image":[{"width":750,"height":410,"url":"https:\/\/blog.prif.org\/wp-content\/uploads\/2020\/10\/friedenspreis_blog_banner.jpg","type":"image\/jpeg"}],"twitter_card":"summary_large_image","twitter_site":"@HSFK_PRIF","twitter_misc":{"Est. reading time":"7 minutes","Written by":"Bruno Schoch"},"schema":{"@context":"https:\/\/schema.org","@graph":[{"@type":"WebPage","@id":"https:\/\/blog.prif.org\/en\/2019\/09\/20\/podcast-003-25-jahre-hessischer-friedenspreis\/","url":"https:\/\/blog.prif.org\/en\/2019\/09\/20\/podcast-003-25-jahre-hessischer-friedenspreis\/","name":"PRIF talk #003 \/\/ 25 Jahre Hessischer Friedenspreis - PRIF BLOG","isPartOf":{"@id":"https:\/\/blog.prif.org\/en\/#website"},"primaryImageOfPage":{"@id":"https:\/\/blog.prif.org\/en\/2019\/09\/20\/podcast-003-25-jahre-hessischer-friedenspreis\/#primaryimage"},"image":{"@id":"https:\/\/blog.prif.org\/en\/2019\/09\/20\/podcast-003-25-jahre-hessischer-friedenspreis\/#primaryimage"},"thumbnailUrl":"https:\/\/blog.prif.org\/wp-content\/uploads\/2020\/10\/friedenspreis_blog_banner.jpg","datePublished":"2019-09-20T07:26:33+00:00","dateModified":"2025-06-10T11:24:16+00:00","description":"Der Hessische Friedenspreis w\u00fcrdigt seit 1993 besonderes Engagement f\u00fcr V\u00f6lkerverst\u00e4ndigung und Frieden. Seitdem begleitet die HSFK die Auswahl der Preistr\u00e4gerinnen und Preistr\u00e4ger. Gemeinsam mit dem Kuratoriumsvorsitzenden und ehemaligen hessischen Landtagspr\u00e4sidenten Karl Starzacher und dem HSFK-Forscher Bruno Schoch blicken wir zur\u00fcck auf die Entstehungsgeschichte und die Preistr\u00e4ger, an die wir uns heute noch erinnern.","breadcrumb":{"@id":"https:\/\/blog.prif.org\/en\/2019\/09\/20\/podcast-003-25-jahre-hessischer-friedenspreis\/#breadcrumb"},"inLanguage":"en-US","potentialAction":[{"@type":"ReadAction","target":["https:\/\/blog.prif.org\/en\/2019\/09\/20\/podcast-003-25-jahre-hessischer-friedenspreis\/"]}]},{"@type":"ImageObject","inLanguage":"en-US","@id":"https:\/\/blog.prif.org\/en\/2019\/09\/20\/podcast-003-25-jahre-hessischer-friedenspreis\/#primaryimage","url":"https:\/\/blog.prif.org\/wp-content\/uploads\/2020\/10\/friedenspreis_blog_banner.jpg","contentUrl":"https:\/\/blog.prif.org\/wp-content\/uploads\/2020\/10\/friedenspreis_blog_banner.jpg","width":750,"height":410,"caption":"Kuratoriumsvorsitzender und ehemaliger hessischer Landtagspr\u00e4sident Karl Starzacher im Gespr\u00e4ch mit Bruno Schoch."},{"@type":"BreadcrumbList","@id":"https:\/\/blog.prif.org\/en\/2019\/09\/20\/podcast-003-25-jahre-hessischer-friedenspreis\/#breadcrumb","itemListElement":[{"@type":"ListItem","position":1,"name":"Startseite","item":"https:\/\/blog.prif.org\/en\/"},{"@type":"ListItem","position":2,"name":"Episodes","item":"https:\/\/blog.prif.org\/en\/podcast\/"},{"@type":"ListItem","position":3,"name":"PRIF talk #003 \/\/ 25 Jahre Hessischer Friedenspreis"}]},{"@type":"WebSite","@id":"https:\/\/blog.prif.org\/en\/#website","url":"https:\/\/blog.prif.org\/en\/","name":"PRIF BLOG","description":"Peace Research Institute Frankfurt \/ Leibniz Institut Hessische Stiftung Friedens- und Konfliktforschung","publisher":{"@id":"https:\/\/blog.prif.org\/en\/#organization"},"potentialAction":[{"@type":"SearchAction","target":{"@type":"EntryPoint","urlTemplate":"https:\/\/blog.prif.org\/en\/?s={search_term_string}"},"query-input":{"@type":"PropertyValueSpecification","valueRequired":true,"valueName":"search_term_string"}}],"inLanguage":"en-US"},{"@type":"Organization","@id":"https:\/\/blog.prif.org\/en\/#organization","name":"Peace Research Institute Frankfurt \/ Leibniz Institut Hessische Stiftung Friedens- und Konfliktforschung","url":"https:\/\/blog.prif.org\/en\/","logo":{"@type":"ImageObject","inLanguage":"en-US","@id":"https:\/\/blog.prif.org\/en\/#\/schema\/logo\/image\/","url":"https:\/\/blog.prif.org\/wp-content\/uploads\/2023\/09\/cropped-blog_rgb.png","contentUrl":"https:\/\/blog.prif.org\/wp-content\/uploads\/2023\/09\/cropped-blog_rgb.png","width":750,"height":226,"caption":"Peace Research Institute Frankfurt \/ Leibniz Institut Hessische Stiftung Friedens- und Konfliktforschung"},"image":{"@id":"https:\/\/blog.prif.org\/en\/#\/schema\/logo\/image\/"},"sameAs":["https:\/\/www.facebook.com\/HSFK.PRIF","https:\/\/x.com\/HSFK_PRIF","https:\/\/www.linkedin.com\/company\/8912786\/"]}]}},"_links":{"self":[{"href":"https:\/\/blog.prif.org\/en\/wp-json\/wp\/v2\/episodes\/3279","targetHints":{"allow":["GET"]}}],"collection":[{"href":"https:\/\/blog.prif.org\/en\/wp-json\/wp\/v2\/episodes"}],"about":[{"href":"https:\/\/blog.prif.org\/en\/wp-json\/wp\/v2\/types\/podcast"}],"author":[{"embeddable":true,"href":"https:\/\/blog.prif.org\/en\/wp-json\/wp\/v2\/users\/148"}],"replies":[{"embeddable":true,"href":"https:\/\/blog.prif.org\/en\/wp-json\/wp\/v2\/comments?post=3279"}],"version-history":[{"count":11,"href":"https:\/\/blog.prif.org\/en\/wp-json\/wp\/v2\/episodes\/3279\/revisions"}],"predecessor-version":[{"id":9746,"href":"https:\/\/blog.prif.org\/en\/wp-json\/wp\/v2\/episodes\/3279\/revisions\/9746"}],"wp:featuredmedia":[{"embeddable":true,"href":"https:\/\/blog.prif.org\/en\/wp-json\/wp\/v2\/media\/4867"}],"wp:attachment":[{"href":"https:\/\/blog.prif.org\/en\/wp-json\/wp\/v2\/media?parent=3279"}],"wp:term":[{"taxonomy":"category","embeddable":true,"href":"https:\/\/blog.prif.org\/en\/wp-json\/wp\/v2\/categories?post=3279"},{"taxonomy":"post_tag","embeddable":true,"href":"https:\/\/blog.prif.org\/en\/wp-json\/wp\/v2\/tags?post=3279"},{"taxonomy":"author","embeddable":true,"href":"https:\/\/blog.prif.org\/en\/wp-json\/wp\/v2\/coauthors?post=3279"}],"curies":[{"name":"wp","href":"https:\/\/api.w.org\/{rel}","templated":true}]}}