{"id":8174,"date":"2020-10-26T00:00:25","date_gmt":"2020-10-25T23:00:25","guid":{"rendered":"podlove-2023-02-02t21:20:00+00:00-30ddacd2a6c3090"},"modified":"2025-06-10T13:11:56","modified_gmt":"2025-06-10T11:11:56","slug":"podcast-004-50-jahre-hsfk-ueber-mut-neugierde-und-die-lust-zu-streiten","status":"publish","type":"podcast","link":"https:\/\/blog.prif.org\/en\/2020\/10\/26\/podcast-004-50-jahre-hsfk-ueber-mut-neugierde-und-die-lust-zu-streiten\/","title":{"rendered":"PRIF talk #004 \/\/ 50 Jahre HSFK \u2013 \u00dcber Mut, Neugierde und die Lust zu streiten"},"content":{"rendered":"\n\t\t\n            <div class=\"podlove-web-player intrinsic-ignore podlove-web-player-loading\" id=\"player-69edc47672bda\"><root data-test=\"player--xl\" style=\"max-width:100%;min-width:260px;\">\n  <div class=\"tablet:px-6 tablet:pt-6 mobile:px-4 mobile:pt-4 flex flex-col\">\n    <div class=\"flex-col items-center mobile:flex tablet:hidden\">\n      <show-title class=\"text-sm\"><\/show-title>\n      <episode-title class=\"text-base mb-2\"><\/episode-title>\n      <subscribe-button class=\"mb-4 mobile:flex tablet:hidden\"><\/subscribe-button>\n      <poster class=\"rounded-sm w-48 shadow overflow-hidden\"><\/poster>\n      <divider class=\"w-full my-6\"><\/divider>\n    <\/div>\n\n    <div class=\"tablet:flex flex-grow\">\n      <div class=\"w-64 mobile:hidden tablet:block tablet:mr-6\">\n        <poster class=\"rounded-sm shadow overflow-hidden\"><\/poster>\n      <\/div>\n      <div class=\"w-full\">\n        <div class=\"hidden tablet:block\">\n          <show-title class=\"text-base\"><\/show-title>\n          <episode-title class=\"text-xl desktop:text-2xl\"><\/episode-title>\n          <divider class=\"w-full my-4\"><\/divider>\n        <\/div>\n        <div class=\"flex items-center justify-between\">\n          <div class=\"block\">\n            <play-state on=\"active\">\n              <speed-control class=\"flex items-center\"><\/speed-control>\n            <\/play-state>\n          <\/div>\n\n          <div class=\"flex\">\n            <play-state on=\"active\">\n              <chapter-previous class=\"mx-2 block\"><\/chapter-previous>\n            <\/play-state>\n            <play-state on=\"active\">\n              <step-backward class=\"mx-2 block\"><\/step-backward>\n            <\/play-state>\n\n            <play-button class=\"mx-2 block\" :label=\"$t('PLAYER.PLAY_EPISODE')\"><\/play-button>\n\n            <play-state on=\"active\">\n              <step-forward class=\"mx-2 block\"><\/step-forward>\n            <\/play-state>\n            <play-state on=\"active\">\n              <chapter-next class=\"mx-2 block\"><\/chapter-next>\n            <\/play-state>\n          <\/div>\n\n          <div class=\"block\">\n            <play-state on=\"active\">\n              <volume-control class=\"flex items-center\"><\/volume-control>\n            <\/play-state>\n          <\/div>\n        <\/div>\n        <div class=\"flex w-full\">\n          <progress-bar><\/progress-bar>\n        <\/div>\n        <div class=\"flex w-full -mt-2\">\n          <div class=\"w-3\/12 text-left\">\n            <timer-current class=\"text-sm\"><\/timer-current>\n          <\/div>\n          <div class=\"w-6\/12 text-center truncate\">\n            <play-state on=\"active\">\n              <current-chapter class=\"text-sm\"><\/current-chapter>\n            <\/play-state>\n          <\/div>\n          <div class=\"w-3\/12 text-right\">\n            <timer-duration class=\"text-sm\"><\/timer-duration>\n          <\/div>\n        <\/div>\n      <\/div>\n    <\/div>\n    <divider class=\"w-full mt-6 mb-3\"><\/divider>\n    <div class=\"flex justify-between\">\n      <div class=\"flex mobile:w-full tablet:w-3\/12 desktop:w-3\/12 justify-between\">\n        <tab-trigger tab=\"chapters\">\n          <icon type=\"chapter\"><\/icon>\n        <\/tab-trigger>\n        <tab-trigger tab=\"transcripts\">\n          <icon type=\"transcripts\"><\/icon>\n        <\/tab-trigger>\n        <tab-trigger tab=\"files\">\n          <icon type=\"download\"><\/icon>\n        <\/tab-trigger>\n        <tab-trigger tab=\"playlist\">\n          <icon type=\"playlist\"><\/icon>\n        <\/tab-trigger>\n        <tab-trigger tab=\"share\">\n          <icon type=\"share\"><\/icon>\n        <\/tab-trigger>\n      <\/div>\n      <subscribe-button class=\"mt-1 mobile:hidden tablet:flex\"><\/subscribe-button>\n    <\/div>\n  <\/div>\n  <div class=\"w-full relative overflow-hidden\">\n    <tab name=\"chapters\">\n      <tab-chapters><\/tab-chapters>\n    <\/tab>\n    <tab name=\"transcripts\">\n      <tab-transcripts><\/tab-transcripts>\n    <\/tab>\n    <tab name=\"files\">\n      <tab-files><\/tab-files>\n    <\/tab>\n    <tab name=\"playlist\">\n      <tab-playlist><\/tab-playlist>\n    <\/tab>\n    <tab name=\"share\">\n      <tab-share><\/tab-share>\n    <\/tab>\n    <tab-overflow><\/tab-overflow>\n  <\/div>\n  <error><\/error>\n<\/root>\n<\/div>\n            <script>\n              document.addEventListener(\"DOMContentLoaded\", function() {\n                var player = document.getElementById(\"player-69edc47672bda\");\n                podlovePlayerCache.add([{\"url\":\"https:\\\/\\\/blog.prif.org\\\/en\\\/wp-json\\\/podlove-web-player\\\/shortcode\\\/publisher\\\/8174\",\"data\":{\"version\":5,\"show\":{\"title\":\"PRIF talk\",\"subtitle\":\"Der Podcast des Peace Research Institute Frankfurt\",\"summary\":\"Etwa 60 Wissenschaftlerinnen und Wissenschaftler forschen bei PRIF. Sie bearbeiten ihre Forschungsprojekte und Dissertationen, gehen auf Feldforschung und internationale Konferenzen, bilden wissenschaftlichen Nachwuchs aus. Aber sie sind auch aktiv in der Politikberatung, beteiligen sich an Podiumsdiskussionen oder geben den Medien Experteninterviews \\u2013 die T\\u00e4tigkeiten sind vielf\\u00e4ltig und das sind auch die Themen.  \\r\\nIn unserem Podcast sprechen wir regelm\\u00e4\\u00dfig mit unseren Wissenschaftlerinnen und Wissenschaftlern \\u00fcber ihre Forschungsthemen und Projekte und diskutieren aktuelle Fragen, Debatten und Entwicklungen der Friedens- und Konfliktforschung.\",\"poster\":\"https:\\\/\\\/blog.prif.org\\\/wp-content\\\/uploads\\\/2023\\\/09\\\/PRIF-Podcast-Icon_petrol_neues_Logo.png\",\"link\":\"https:\\\/\\\/blog.prif.org\\\/en\\\/\"},\"title\":\"PRIF talk #004 \\\/\\\/ 50 Jahre HSFK \\u2013 \\u00dcber Mut, Neugierde und die Lust zu streiten\",\"subtitle\":\"Gespr\\u00e4ch mit Harald M\\u00fcller und Nicole Deitelhoff \\u00fcber die HSFK\",\"summary\":\"Harald M\\u00fcller stand 20 Jahre an der Spitze der HSFK, bevor Nicole Deitelhoff im Jahr 2016 das Ruder \\u00fcbernahm. Zum Anlass des 50. Jubil\\u00e4ums der HSFK haben wir ein Interview mit dem ehemaligen und der aktuellen Leiterin der Institution gef\\u00fchrt. Im Podcast sprechen beide \\u00fcber erste Eindr\\u00fccke, die Verbindung von Wissenschaft und Praxis und die Frage, was die HSFK seit 50 Jahren ausmacht.\",\"publicationDate\":\"2020-10-26T00:00:25+01:00\",\"duration\":\"00:30:29.917\",\"poster\":\"https:\\\/\\\/blog.prif.org\\\/episoden\\\/004_50-Jahre-HSFK-Harald-Mueller-Nicole-Deitelhoff.jpg\",\"link\":\"https:\\\/\\\/blog.prif.org\\\/en\\\/2020\\\/10\\\/26\\\/podcast-004-50-jahre-hsfk-ueber-mut-neugierde-und-die-lust-zu-streiten\\\/\",\"chapters\":[],\"audio\":[{\"url\":\"https:\\\/\\\/blog.prif.org\\\/en\\\/podlove\\\/file\\\/232\\\/s\\\/webplayer\\\/c\\\/website\\\/004_50-Jahre-HSFK-Harald-Mueller-Nicole-Deitelhoff.m4a\",\"size\":\"45178130\",\"title\":\"MPEG-4 AAC Audio (m4a)\",\"mimeType\":\"audio\\\/mp4\"},{\"url\":\"https:\\\/\\\/blog.prif.org\\\/en\\\/podlove\\\/file\\\/231\\\/s\\\/webplayer\\\/c\\\/website\\\/004_50-Jahre-HSFK-Harald-Mueller-Nicole-Deitelhoff.ogg\",\"size\":\"23896503\",\"title\":\"Ogg Vorbis Audio (ogg)\",\"mimeType\":\"audio\\\/ogg\"},{\"url\":\"https:\\\/\\\/blog.prif.org\\\/en\\\/podlove\\\/file\\\/230\\\/s\\\/webplayer\\\/c\\\/website\\\/004_50-Jahre-HSFK-Harald-Mueller-Nicole-Deitelhoff.mp3\",\"size\":\"23103520\",\"title\":\"MP3 Audio (mp3)\",\"mimeType\":\"audio\\\/mpeg\"}],\"files\":[{\"url\":\"https:\\\/\\\/blog.prif.org\\\/en\\\/podlove\\\/file\\\/230\\\/s\\\/webplayer\\\/004_50-Jahre-HSFK-Harald-Mueller-Nicole-Deitelhoff.mp3\",\"size\":\"23103520\",\"title\":\"MP3 Audio\",\"mimeType\":\"audio\\\/mpeg\"},{\"url\":\"https:\\\/\\\/blog.prif.org\\\/en\\\/podlove\\\/file\\\/231\\\/s\\\/webplayer\\\/004_50-Jahre-HSFK-Harald-Mueller-Nicole-Deitelhoff.ogg\",\"size\":\"23896503\",\"title\":\"Ogg Vorbis Audio\",\"mimeType\":\"audio\\\/ogg\"},{\"url\":\"https:\\\/\\\/blog.prif.org\\\/en\\\/podlove\\\/file\\\/232\\\/s\\\/webplayer\\\/004_50-Jahre-HSFK-Harald-Mueller-Nicole-Deitelhoff.m4a\",\"size\":\"45178130\",\"title\":\"AAC (m4a)\",\"mimeType\":\"audio\\\/mp4\"},{\"url\":\"https:\\\/\\\/blog.prif.org\\\/en\\\/podlove\\\/file\\\/233\\\/s\\\/webplayer\\\/004_50-Jahre-HSFK-Harald-Mueller-Nicole-Deitelhoff.jpg\",\"size\":\"153410\",\"title\":\"Episoden-Cover\",\"mimeType\":\"image\\\/jpeg\"}],\"contributors\":[]}}, {\"url\":\"https:\\\/\\\/blog.prif.org\\\/en\\\/wp-json\\\/podlove-web-player\\\/shortcode\\\/config\\\/default\\\/theme\\\/default\",\"data\":{\"activeTab\":\"chapters\",\"subscribe-button\":null,\"share\":{\"channels\":[\"link\",\"mail\",\"twitter\",\"linkedin\"],\"outlet\":\"https:\\\/\\\/blog.prif.org\\\/wp-content\\\/plugins\\\/podlove-web-player\\\/web-player\\\/share.html\",\"sharePlaytime\":true},\"related-episodes\":{\"source\":\"podcast\",\"value\":null},\"version\":5,\"playlist\":\"https:\\\/\\\/blog.prif.org\\\/en\\\/wp-json\\\/podlove-web-player\\\/shortcode\\\/podcast\",\"theme\":{\"tokens\":{\"brand\":\"#e3256b\",\"brandDark\":\"#317580\",\"brandDarkest\":\"#1A3A4A\",\"brandLightest\":\"#E9F1F5\",\"shadeDark\":\"#807E7C\",\"shadeBase\":\"#317580\",\"contrast\":\"#000\",\"alt\":\"#fff\"},\"fonts\":{\"ci\":{\"name\":\"ci\",\"family\":[\"-apple-system\",\"BlinkMacSystemFont\",\"Segoe UI\",\"Roboto\",\"Helvetica\",\"Arial\",\"sans-serif\",\"Apple Color Emoji\",\"Segoe UI Emoji\\\", \\\"Segoe UI Symbol\"],\"src\":[],\"weight\":800},\"regular\":{\"name\":\"regular\",\"family\":[\"-apple-system\",\"BlinkMacSystemFont\",\"Segoe UI\",\"Roboto\",\"Helvetica\",\"Arial\",\"sans-serif\",\"Apple Color Emoji\",\"Segoe UI Emoji\\\", \\\"Segoe UI Symbol\"],\"src\":[],\"weight\":300},\"bold\":{\"name\":\"bold\",\"family\":[\"-apple-system\",\"BlinkMacSystemFont\",\"Segoe UI\",\"Roboto\",\"Helvetica\",\"Arial\",\"sans-serif\",\"Apple Color Emoji\",\"Segoe UI Emoji\\\", \\\"Segoe UI Symbol\"],\"src\":[],\"weight\":700}}},\"base\":\"https:\\\/\\\/blog.prif.org\\\/wp-content\\\/plugins\\\/podlove-web-player\\\/web-player\\\/\"}}]);\n                podlovePlayer(player, \"https:\/\/blog.prif.org\/en\/wp-json\/podlove-web-player\/shortcode\/publisher\/8174\", \"https:\/\/blog.prif.org\/en\/wp-json\/podlove-web-player\/shortcode\/config\/default\/theme\/default\").then(function() {\n                  player && player.classList.remove(\"podlove-web-player-loading\");\n                });\n              });\n            <\/script>\n            <style>\n              .podlove-web-player.podlove-web-player-loading {\n                opacity: 0;\n              }\n            <\/style>\n        \n\t\n\t\t\t\t\t\t\n\n\t<div class=\"podlove-contributors-cards\">\n\t\t\t<\/div>\n\n\t<style>\n\t\t.podlove-contributors-cards {\n\t\t\tmargin-bottom: 1rem;\n\t\t\tbackground: white;\n\t\t\toverflow: hidden;\n\t\t\tborder-radius: 0.375rem;\n\t\t\tbox-shadow: 0 1px 3px 0 rgba(0, 0, 0, 0.1), 0 1px 2px 0 rgba(0, 0, 0, 0.06);\n\t\t}\n\t\t.podlove-contributors-card {\n\t\t\tdisplay: flex;\n\t\t\talign-items: center;\n\t\t\tpadding: 1rem 1.5rem\n\t\t}\n\t\t.podlove-contributors-card-inner {\n\t\t\tdisplay: flex;\n\t\t\talign-items: center;\n\t\t\tflex: 1 1 0;\n\t\t\tmin-width: 0;\n\t\t}\n\t\t.podlove-contributors-card-avatar {\n\t\t\twidth: 50px;\n\t\t\theight: 50px;\n\t\t\tborder-radius: 0.25rem;\n\t\t\toverflow: hidden;\n\t\t\tflex-shrink: 0;\n\t\t}\n\t\t.podlove-contributors-card-person {\n\t\t\tflex: 1 1 0;\n\t\t\tmin-width: 0;\n\t\t\tpadding: 0 1rem;\n\t\t\tdisplay: grid;\n\t\t\tgrid-template-columns: repeat(2, minmax(0, 1fr));\n\t\t\tgap: 1rem;\n\t\t}\n\t\t.podlove-contributors-card-person-details {\n\t\t\tcolor: #999\n\t\t}\n\t\t.podlove-contributors-card-services {\n\t\t\tflex-wrap: wrap;\n\t\t\tdisplay: flex;\n\t\t\talign-items: center;\n\t\t\talign-content: center;\n\t\t\tjustify-content: flex-end;\n\t\t}\n\t\t.podlove-contributors-card-services-service {\n\t\t\tdisplay: inline-block;\n\t\t\tflex-shrink: 0;\n\t\t\tpadding-left: 0.5rem;\n\t\t\ttext-decoration: none;\n\t\t\tbox-shadow: none;\n\t\t}\n\t<\/style>\n\n\n\t\n<div class=\"_19doafe\">\n<div class=\"_1ku96s7\">Harald M\u00fcller stand 20 Jahre an der Spitze der HSFK, bevor Nicole Deitelhoff im Jahr 2016 das Ruder \u00fcbernahm. Zum Anlass des 50. Jubil\u00e4ums der HSFK haben wir ein Interview mit dem ehemaligen und der aktuellen Leiterin der Institution gef\u00fchrt. Im Podcast sprechen beide \u00fcber erste Eindr\u00fccke, die Verbindung von Wissenschaft und Praxis und die Frage, was die HSFK seit 50 Jahren ausmacht.<\/div>\n<\/div>\n","protected":false},"author":24,"featured_media":0,"comment_status":"closed","ping_status":"closed","template":"","meta":{"_acf_changed":false,"footnotes":""},"categories":[682,545],"tags":[],"coauthors":[56,252],"class_list":["post-8174","podcast","type-podcast","status-publish","hentry","category-serie-50-jahre-hsfk","category-podcast","post"],"acf":[],"yoast_head":"<!-- This site is optimized with the Yoast SEO plugin v26.1.1 - https:\/\/yoast.com\/wordpress\/plugins\/seo\/ -->\n<title>PRIF talk #004 \/\/ 50 Jahre HSFK \u2013 \u00dcber Mut, Neugierde und die Lust zu streiten - PRIF BLOG<\/title>\n<meta name=\"description\" content=\"Gespr\u00e4ch mit Harald M\u00fcller und Nicole Deitelhoff \u00fcber die HSFK\" \/>\n<meta name=\"robots\" content=\"index, follow, max-snippet:-1, max-image-preview:large, max-video-preview:-1\" \/>\n<link rel=\"canonical\" href=\"https:\/\/blog.prif.org\/en\/2020\/10\/26\/podcast-004-50-jahre-hsfk-ueber-mut-neugierde-und-die-lust-zu-streiten\/\" \/>\n<meta property=\"og:locale\" content=\"en_US\" \/>\n<meta property=\"og:type\" content=\"article\" \/>\n<meta property=\"og:title\" content=\"PRIF talk #004 \/\/ 50 Jahre HSFK \u2013 \u00dcber Mut, Neugierde und die Lust zu streiten - PRIF BLOG\" \/>\n<meta property=\"og:description\" content=\"Gespr\u00e4ch mit Harald M\u00fcller und Nicole Deitelhoff \u00fcber die HSFK\" \/>\n<meta property=\"og:url\" content=\"https:\/\/blog.prif.org\/en\/2020\/10\/26\/podcast-004-50-jahre-hsfk-ueber-mut-neugierde-und-die-lust-zu-streiten\/\" \/>\n<meta property=\"og:site_name\" content=\"PRIF BLOG\" \/>\n<meta property=\"article:publisher\" content=\"https:\/\/www.facebook.com\/HSFK.PRIF\" \/>\n<meta property=\"article:modified_time\" content=\"2025-06-10T11:11:56+00:00\" \/>\n<meta name=\"twitter:card\" content=\"summary_large_image\" \/>\n<meta name=\"twitter:site\" content=\"@HSFK_PRIF\" \/>\n<meta name=\"twitter:label1\" content=\"Est. reading time\" \/>\n\t<meta name=\"twitter:data1\" content=\"1 minute\" \/>\n\t<meta name=\"twitter:label2\" content=\"Written by\" \/>\n\t<meta name=\"twitter:data2\" content=\"Nicole Deitelhoff, Harald M\u00fcller\" \/>\n<script type=\"application\/ld+json\" class=\"yoast-schema-graph\">{\"@context\":\"https:\/\/schema.org\",\"@graph\":[{\"@type\":\"WebPage\",\"@id\":\"https:\/\/blog.prif.org\/en\/2020\/10\/26\/podcast-004-50-jahre-hsfk-ueber-mut-neugierde-und-die-lust-zu-streiten\/\",\"url\":\"https:\/\/blog.prif.org\/en\/2020\/10\/26\/podcast-004-50-jahre-hsfk-ueber-mut-neugierde-und-die-lust-zu-streiten\/\",\"name\":\"PRIF talk #004 \/\/ 50 Jahre HSFK \u2013 \u00dcber Mut, Neugierde und die Lust zu streiten - PRIF BLOG\",\"isPartOf\":{\"@id\":\"https:\/\/blog.prif.org\/en\/#website\"},\"datePublished\":\"2020-10-25T23:00:25+00:00\",\"dateModified\":\"2025-06-10T11:11:56+00:00\",\"description\":\"Gespr\u00e4ch mit Harald M\u00fcller und Nicole Deitelhoff \u00fcber die HSFK\",\"breadcrumb\":{\"@id\":\"https:\/\/blog.prif.org\/en\/2020\/10\/26\/podcast-004-50-jahre-hsfk-ueber-mut-neugierde-und-die-lust-zu-streiten\/#breadcrumb\"},\"inLanguage\":\"en-US\",\"potentialAction\":[{\"@type\":\"ReadAction\",\"target\":[\"https:\/\/blog.prif.org\/en\/2020\/10\/26\/podcast-004-50-jahre-hsfk-ueber-mut-neugierde-und-die-lust-zu-streiten\/\"]}]},{\"@type\":\"BreadcrumbList\",\"@id\":\"https:\/\/blog.prif.org\/en\/2020\/10\/26\/podcast-004-50-jahre-hsfk-ueber-mut-neugierde-und-die-lust-zu-streiten\/#breadcrumb\",\"itemListElement\":[{\"@type\":\"ListItem\",\"position\":1,\"name\":\"Startseite\",\"item\":\"https:\/\/blog.prif.org\/en\/\"},{\"@type\":\"ListItem\",\"position\":2,\"name\":\"Episodes\",\"item\":\"https:\/\/blog.prif.org\/en\/podcast\/\"},{\"@type\":\"ListItem\",\"position\":3,\"name\":\"PRIF talk #004 \/\/ 50 Jahre HSFK \u2013 \u00dcber Mut, Neugierde und die Lust zu streiten\"}]},{\"@type\":\"WebSite\",\"@id\":\"https:\/\/blog.prif.org\/en\/#website\",\"url\":\"https:\/\/blog.prif.org\/en\/\",\"name\":\"PRIF BLOG\",\"description\":\"Peace Research Institute Frankfurt \/ Leibniz Institut Hessische Stiftung Friedens- und Konfliktforschung\",\"publisher\":{\"@id\":\"https:\/\/blog.prif.org\/en\/#organization\"},\"potentialAction\":[{\"@type\":\"SearchAction\",\"target\":{\"@type\":\"EntryPoint\",\"urlTemplate\":\"https:\/\/blog.prif.org\/en\/?s={search_term_string}\"},\"query-input\":{\"@type\":\"PropertyValueSpecification\",\"valueRequired\":true,\"valueName\":\"search_term_string\"}}],\"inLanguage\":\"en-US\"},{\"@type\":\"Organization\",\"@id\":\"https:\/\/blog.prif.org\/en\/#organization\",\"name\":\"Peace Research Institute Frankfurt \/ Leibniz Institut Hessische Stiftung Friedens- und Konfliktforschung\",\"url\":\"https:\/\/blog.prif.org\/en\/\",\"logo\":{\"@type\":\"ImageObject\",\"inLanguage\":\"en-US\",\"@id\":\"https:\/\/blog.prif.org\/en\/#\/schema\/logo\/image\/\",\"url\":\"https:\/\/blog.prif.org\/wp-content\/uploads\/2023\/09\/cropped-blog_rgb.png\",\"contentUrl\":\"https:\/\/blog.prif.org\/wp-content\/uploads\/2023\/09\/cropped-blog_rgb.png\",\"width\":750,\"height\":226,\"caption\":\"Peace Research Institute Frankfurt \/ Leibniz Institut Hessische Stiftung Friedens- und Konfliktforschung\"},\"image\":{\"@id\":\"https:\/\/blog.prif.org\/en\/#\/schema\/logo\/image\/\"},\"sameAs\":[\"https:\/\/www.facebook.com\/HSFK.PRIF\",\"https:\/\/x.com\/HSFK_PRIF\",\"https:\/\/www.linkedin.com\/company\/8912786\/\"]}]}<\/script>\n<!-- \/ Yoast SEO plugin. -->","yoast_head_json":{"title":"PRIF talk #004 \/\/ 50 Jahre HSFK \u2013 \u00dcber Mut, Neugierde und die Lust zu streiten - PRIF BLOG","description":"Gespr\u00e4ch mit Harald M\u00fcller und Nicole Deitelhoff \u00fcber die HSFK","robots":{"index":"index","follow":"follow","max-snippet":"max-snippet:-1","max-image-preview":"max-image-preview:large","max-video-preview":"max-video-preview:-1"},"canonical":"https:\/\/blog.prif.org\/en\/2020\/10\/26\/podcast-004-50-jahre-hsfk-ueber-mut-neugierde-und-die-lust-zu-streiten\/","og_locale":"en_US","og_type":"article","og_title":"PRIF talk #004 \/\/ 50 Jahre HSFK \u2013 \u00dcber Mut, Neugierde und die Lust zu streiten - PRIF BLOG","og_description":"Gespr\u00e4ch mit Harald M\u00fcller und Nicole Deitelhoff \u00fcber die HSFK","og_url":"https:\/\/blog.prif.org\/en\/2020\/10\/26\/podcast-004-50-jahre-hsfk-ueber-mut-neugierde-und-die-lust-zu-streiten\/","og_site_name":"PRIF BLOG","article_publisher":"https:\/\/www.facebook.com\/HSFK.PRIF","article_modified_time":"2025-06-10T11:11:56+00:00","twitter_card":"summary_large_image","twitter_site":"@HSFK_PRIF","twitter_misc":{"Est. reading time":"1 minute","Written by":"Nicole Deitelhoff, Harald M\u00fcller"},"schema":{"@context":"https:\/\/schema.org","@graph":[{"@type":"WebPage","@id":"https:\/\/blog.prif.org\/en\/2020\/10\/26\/podcast-004-50-jahre-hsfk-ueber-mut-neugierde-und-die-lust-zu-streiten\/","url":"https:\/\/blog.prif.org\/en\/2020\/10\/26\/podcast-004-50-jahre-hsfk-ueber-mut-neugierde-und-die-lust-zu-streiten\/","name":"PRIF talk #004 \/\/ 50 Jahre HSFK \u2013 \u00dcber Mut, Neugierde und die Lust zu streiten - PRIF BLOG","isPartOf":{"@id":"https:\/\/blog.prif.org\/en\/#website"},"datePublished":"2020-10-25T23:00:25+00:00","dateModified":"2025-06-10T11:11:56+00:00","description":"Gespr\u00e4ch mit Harald M\u00fcller und Nicole Deitelhoff \u00fcber die HSFK","breadcrumb":{"@id":"https:\/\/blog.prif.org\/en\/2020\/10\/26\/podcast-004-50-jahre-hsfk-ueber-mut-neugierde-und-die-lust-zu-streiten\/#breadcrumb"},"inLanguage":"en-US","potentialAction":[{"@type":"ReadAction","target":["https:\/\/blog.prif.org\/en\/2020\/10\/26\/podcast-004-50-jahre-hsfk-ueber-mut-neugierde-und-die-lust-zu-streiten\/"]}]},{"@type":"BreadcrumbList","@id":"https:\/\/blog.prif.org\/en\/2020\/10\/26\/podcast-004-50-jahre-hsfk-ueber-mut-neugierde-und-die-lust-zu-streiten\/#breadcrumb","itemListElement":[{"@type":"ListItem","position":1,"name":"Startseite","item":"https:\/\/blog.prif.org\/en\/"},{"@type":"ListItem","position":2,"name":"Episodes","item":"https:\/\/blog.prif.org\/en\/podcast\/"},{"@type":"ListItem","position":3,"name":"PRIF talk #004 \/\/ 50 Jahre HSFK \u2013 \u00dcber Mut, Neugierde und die Lust zu streiten"}]},{"@type":"WebSite","@id":"https:\/\/blog.prif.org\/en\/#website","url":"https:\/\/blog.prif.org\/en\/","name":"PRIF BLOG","description":"Peace Research Institute Frankfurt \/ Leibniz Institut Hessische Stiftung Friedens- und Konfliktforschung","publisher":{"@id":"https:\/\/blog.prif.org\/en\/#organization"},"potentialAction":[{"@type":"SearchAction","target":{"@type":"EntryPoint","urlTemplate":"https:\/\/blog.prif.org\/en\/?s={search_term_string}"},"query-input":{"@type":"PropertyValueSpecification","valueRequired":true,"valueName":"search_term_string"}}],"inLanguage":"en-US"},{"@type":"Organization","@id":"https:\/\/blog.prif.org\/en\/#organization","name":"Peace Research Institute Frankfurt \/ Leibniz Institut Hessische Stiftung Friedens- und Konfliktforschung","url":"https:\/\/blog.prif.org\/en\/","logo":{"@type":"ImageObject","inLanguage":"en-US","@id":"https:\/\/blog.prif.org\/en\/#\/schema\/logo\/image\/","url":"https:\/\/blog.prif.org\/wp-content\/uploads\/2023\/09\/cropped-blog_rgb.png","contentUrl":"https:\/\/blog.prif.org\/wp-content\/uploads\/2023\/09\/cropped-blog_rgb.png","width":750,"height":226,"caption":"Peace Research Institute Frankfurt \/ Leibniz Institut Hessische Stiftung Friedens- und Konfliktforschung"},"image":{"@id":"https:\/\/blog.prif.org\/en\/#\/schema\/logo\/image\/"},"sameAs":["https:\/\/www.facebook.com\/HSFK.PRIF","https:\/\/x.com\/HSFK_PRIF","https:\/\/www.linkedin.com\/company\/8912786\/"]}]}},"_links":{"self":[{"href":"https:\/\/blog.prif.org\/en\/wp-json\/wp\/v2\/episodes\/8174","targetHints":{"allow":["GET"]}}],"collection":[{"href":"https:\/\/blog.prif.org\/en\/wp-json\/wp\/v2\/episodes"}],"about":[{"href":"https:\/\/blog.prif.org\/en\/wp-json\/wp\/v2\/types\/podcast"}],"author":[{"embeddable":true,"href":"https:\/\/blog.prif.org\/en\/wp-json\/wp\/v2\/users\/24"}],"replies":[{"embeddable":true,"href":"https:\/\/blog.prif.org\/en\/wp-json\/wp\/v2\/comments?post=8174"}],"version-history":[{"count":3,"href":"https:\/\/blog.prif.org\/en\/wp-json\/wp\/v2\/episodes\/8174\/revisions"}],"predecessor-version":[{"id":13787,"href":"https:\/\/blog.prif.org\/en\/wp-json\/wp\/v2\/episodes\/8174\/revisions\/13787"}],"wp:attachment":[{"href":"https:\/\/blog.prif.org\/en\/wp-json\/wp\/v2\/media?parent=8174"}],"wp:term":[{"taxonomy":"category","embeddable":true,"href":"https:\/\/blog.prif.org\/en\/wp-json\/wp\/v2\/categories?post=8174"},{"taxonomy":"post_tag","embeddable":true,"href":"https:\/\/blog.prif.org\/en\/wp-json\/wp\/v2\/tags?post=8174"},{"taxonomy":"author","embeddable":true,"href":"https:\/\/blog.prif.org\/en\/wp-json\/wp\/v2\/coauthors?post=8174"}],"curies":[{"name":"wp","href":"https:\/\/api.w.org\/{rel}","templated":true}]}}