{"id":8305,"date":"2023-03-23T10:59:11","date_gmt":"2023-03-23T09:59:11","guid":{"rendered":"podlove-2023-03-09t10:47:53+00:00-72a99c70a3e6fd0"},"modified":"2025-06-10T13:08:10","modified_gmt":"2025-06-10T11:08:10","slug":"podcast-006-die-transformation-politischer-gewalt","status":"publish","type":"podcast","link":"https:\/\/blog.prif.org\/en\/2023\/03\/23\/podcast-006-die-transformation-politischer-gewalt\/","title":{"rendered":"PRIF talk #006 \/\/ Die Transformation politischer Gewalt"},"content":{"rendered":"\n\t\t\n            <div class=\"podlove-web-player intrinsic-ignore podlove-web-player-loading\" id=\"player-69eddc41c3ac0\"><root data-test=\"player--xl\" style=\"max-width:100%;min-width:260px;\">\n  <div class=\"tablet:px-6 tablet:pt-6 mobile:px-4 mobile:pt-4 flex flex-col\">\n    <div class=\"flex-col items-center mobile:flex tablet:hidden\">\n      <show-title class=\"text-sm\"><\/show-title>\n      <episode-title class=\"text-base mb-2\"><\/episode-title>\n      <subscribe-button class=\"mb-4 mobile:flex tablet:hidden\"><\/subscribe-button>\n      <poster class=\"rounded-sm w-48 shadow overflow-hidden\"><\/poster>\n      <divider class=\"w-full my-6\"><\/divider>\n    <\/div>\n\n    <div class=\"tablet:flex flex-grow\">\n      <div class=\"w-64 mobile:hidden tablet:block tablet:mr-6\">\n        <poster class=\"rounded-sm shadow overflow-hidden\"><\/poster>\n      <\/div>\n      <div class=\"w-full\">\n        <div class=\"hidden tablet:block\">\n          <show-title class=\"text-base\"><\/show-title>\n          <episode-title class=\"text-xl desktop:text-2xl\"><\/episode-title>\n          <divider class=\"w-full my-4\"><\/divider>\n        <\/div>\n        <div class=\"flex items-center justify-between\">\n          <div class=\"block\">\n            <play-state on=\"active\">\n              <speed-control class=\"flex items-center\"><\/speed-control>\n            <\/play-state>\n          <\/div>\n\n          <div class=\"flex\">\n            <play-state on=\"active\">\n              <chapter-previous class=\"mx-2 block\"><\/chapter-previous>\n            <\/play-state>\n            <play-state on=\"active\">\n              <step-backward class=\"mx-2 block\"><\/step-backward>\n            <\/play-state>\n\n            <play-button class=\"mx-2 block\" :label=\"$t('PLAYER.PLAY_EPISODE')\"><\/play-button>\n\n            <play-state on=\"active\">\n              <step-forward class=\"mx-2 block\"><\/step-forward>\n            <\/play-state>\n            <play-state on=\"active\">\n              <chapter-next class=\"mx-2 block\"><\/chapter-next>\n            <\/play-state>\n          <\/div>\n\n          <div class=\"block\">\n            <play-state on=\"active\">\n              <volume-control class=\"flex items-center\"><\/volume-control>\n            <\/play-state>\n          <\/div>\n        <\/div>\n        <div class=\"flex w-full\">\n          <progress-bar><\/progress-bar>\n        <\/div>\n        <div class=\"flex w-full -mt-2\">\n          <div class=\"w-3\/12 text-left\">\n            <timer-current class=\"text-sm\"><\/timer-current>\n          <\/div>\n          <div class=\"w-6\/12 text-center truncate\">\n            <play-state on=\"active\">\n              <current-chapter class=\"text-sm\"><\/current-chapter>\n            <\/play-state>\n          <\/div>\n          <div class=\"w-3\/12 text-right\">\n            <timer-duration class=\"text-sm\"><\/timer-duration>\n          <\/div>\n        <\/div>\n      <\/div>\n    <\/div>\n    <divider class=\"w-full mt-6 mb-3\"><\/divider>\n    <div class=\"flex justify-between\">\n      <div class=\"flex mobile:w-full tablet:w-3\/12 desktop:w-3\/12 justify-between\">\n        <tab-trigger tab=\"chapters\">\n          <icon type=\"chapter\"><\/icon>\n        <\/tab-trigger>\n        <tab-trigger tab=\"transcripts\">\n          <icon type=\"transcripts\"><\/icon>\n        <\/tab-trigger>\n        <tab-trigger tab=\"files\">\n          <icon type=\"download\"><\/icon>\n        <\/tab-trigger>\n        <tab-trigger tab=\"playlist\">\n          <icon type=\"playlist\"><\/icon>\n        <\/tab-trigger>\n        <tab-trigger tab=\"share\">\n          <icon type=\"share\"><\/icon>\n        <\/tab-trigger>\n      <\/div>\n      <subscribe-button class=\"mt-1 mobile:hidden tablet:flex\"><\/subscribe-button>\n    <\/div>\n  <\/div>\n  <div class=\"w-full relative overflow-hidden\">\n    <tab name=\"chapters\">\n      <tab-chapters><\/tab-chapters>\n    <\/tab>\n    <tab name=\"transcripts\">\n      <tab-transcripts><\/tab-transcripts>\n    <\/tab>\n    <tab name=\"files\">\n      <tab-files><\/tab-files>\n    <\/tab>\n    <tab name=\"playlist\">\n      <tab-playlist><\/tab-playlist>\n    <\/tab>\n    <tab name=\"share\">\n      <tab-share><\/tab-share>\n    <\/tab>\n    <tab-overflow><\/tab-overflow>\n  <\/div>\n  <error><\/error>\n<\/root>\n<\/div>\n            <script>\n              document.addEventListener(\"DOMContentLoaded\", function() {\n                var player = document.getElementById(\"player-69eddc41c3ac0\");\n                podlovePlayerCache.add([{\"url\":\"https:\\\/\\\/blog.prif.org\\\/en\\\/wp-json\\\/podlove-web-player\\\/shortcode\\\/publisher\\\/8305\",\"data\":{\"version\":5,\"show\":{\"title\":\"PRIF talk\",\"subtitle\":\"Der Podcast des Peace Research Institute Frankfurt\",\"summary\":\"Etwa 60 Wissenschaftlerinnen und Wissenschaftler forschen bei PRIF. Sie bearbeiten ihre Forschungsprojekte und Dissertationen, gehen auf Feldforschung und internationale Konferenzen, bilden wissenschaftlichen Nachwuchs aus. Aber sie sind auch aktiv in der Politikberatung, beteiligen sich an Podiumsdiskussionen oder geben den Medien Experteninterviews \\u2013 die T\\u00e4tigkeiten sind vielf\\u00e4ltig und das sind auch die Themen.  \\r\\nIn unserem Podcast sprechen wir regelm\\u00e4\\u00dfig mit unseren Wissenschaftlerinnen und Wissenschaftlern \\u00fcber ihre Forschungsthemen und Projekte und diskutieren aktuelle Fragen, Debatten und Entwicklungen der Friedens- und Konfliktforschung.\",\"poster\":\"https:\\\/\\\/blog.prif.org\\\/wp-content\\\/uploads\\\/2023\\\/09\\\/PRIF-Podcast-Icon_petrol_neues_Logo.png\",\"link\":\"https:\\\/\\\/blog.prif.org\\\/en\\\/\"},\"title\":\"PRIF talk #006 \\\/\\\/ Die Transformation politischer Gewalt\",\"subtitle\":\"Gespr\\u00e4ch mit Christopher Daase und Astrid Erll zum russischen Angriff auf die Ukraine, Transformation politischer Gewalt und interdisziplin\\u00e4rer Gewaltforschung.\",\"summary\":\"Welchen Einfluss hat der Angriff Russlands auf die Ukraine auf Transformation politischer Gewalt? Was ist der Zusammenhang zwischen politischer Gewalt und kollektivem Ged\\u00e4chtnis? Und was kann politische Gewalt eigentlich noch bedeuten? Warum es wichtig und spannend ist, Transformation politischer Gewalt interdisziplin\\u00e4r zu erforschen, diskutieren Christopher Daase und Astrid Erll mit Tina Cramer in der neuen Folge unseres Podcasts PRIF Talk.\",\"publicationDate\":\"2023-03-23T10:59:11+01:00\",\"duration\":\"00:19:20.218\",\"poster\":\"https:\\\/\\\/blog.prif.org\\\/episoden\\\/006_TraCe-1-Christopher-Daase-Astrid-Erll.jpg\",\"link\":\"https:\\\/\\\/blog.prif.org\\\/en\\\/2023\\\/03\\\/23\\\/podcast-006-die-transformation-politischer-gewalt\\\/\",\"chapters\":[],\"audio\":[{\"url\":\"https:\\\/\\\/blog.prif.org\\\/en\\\/podlove\\\/file\\\/261\\\/s\\\/webplayer\\\/c\\\/website\\\/006_TraCe-1-Christopher-Daase-Astrid-Erll.m4a\",\"size\":\"18835908\",\"title\":\"MPEG-4 AAC Audio (m4a)\",\"mimeType\":\"audio\\\/mp4\"},{\"url\":\"https:\\\/\\\/blog.prif.org\\\/en\\\/podlove\\\/file\\\/259\\\/s\\\/webplayer\\\/c\\\/website\\\/006_TraCe-1-Christopher-Daase-Astrid-Erll.ogg\",\"size\":\"57846439\",\"title\":\"Ogg Vorbis Audio (ogg)\",\"mimeType\":\"audio\\\/ogg\"},{\"url\":\"https:\\\/\\\/blog.prif.org\\\/en\\\/podlove\\\/file\\\/258\\\/s\\\/webplayer\\\/c\\\/website\\\/006_TraCe-1-Christopher-Daase-Astrid-Erll.mp3\",\"size\":\"27886119\",\"title\":\"MP3 Audio (mp3)\",\"mimeType\":\"audio\\\/mpeg\"}],\"files\":[{\"url\":\"https:\\\/\\\/blog.prif.org\\\/en\\\/podlove\\\/file\\\/258\\\/s\\\/webplayer\\\/006_TraCe-1-Christopher-Daase-Astrid-Erll.mp3\",\"size\":\"27886119\",\"title\":\"MP3 Audio\",\"mimeType\":\"audio\\\/mpeg\"},{\"url\":\"https:\\\/\\\/blog.prif.org\\\/en\\\/podlove\\\/file\\\/259\\\/s\\\/webplayer\\\/006_TraCe-1-Christopher-Daase-Astrid-Erll.ogg\",\"size\":\"57846439\",\"title\":\"Ogg Vorbis Audio\",\"mimeType\":\"audio\\\/ogg\"},{\"url\":\"https:\\\/\\\/blog.prif.org\\\/en\\\/podlove\\\/file\\\/261\\\/s\\\/webplayer\\\/006_TraCe-1-Christopher-Daase-Astrid-Erll.m4a\",\"size\":\"18835908\",\"title\":\"AAC (m4a)\",\"mimeType\":\"audio\\\/mp4\"},{\"url\":\"https:\\\/\\\/blog.prif.org\\\/en\\\/podlove\\\/file\\\/260\\\/s\\\/webplayer\\\/006_TraCe-1-Christopher-Daase-Astrid-Erll.jpg\",\"size\":\"246029\",\"title\":\"Episoden-Cover\",\"mimeType\":\"image\\\/jpeg\"}],\"contributors\":[{\"id\":\"6\",\"name\":\"Christopher Daase\",\"avatar\":\"data:image\\\/svg+xml;base64,PHN2ZyB4bWxucz0iaHR0cDovL3d3dy53My5vcmcvMjAwMC9zdmciIGNsYXNzPSJoLTYgdy02IiBmaWxsPSJub25lIiB2aWV3Qm94PSIwIDAgMjQgMjQiIHN0cm9rZT0iY3VycmVudENvbG9yIj4KICA8cGF0aCBzdHJva2UtbGluZWNhcD0icm91bmQiIHN0cm9rZS1saW5lam9pbj0icm91bmQiIHN0cm9rZS13aWR0aD0iMiIgZD0iTTUuMTIxIDE3LjgwNEExMy45MzcgMTMuOTM3IDAgMDExMiAxNmMyLjUgMCA0Ljg0Ny42NTUgNi44NzkgMS44MDRNMTUgMTBhMyAzIDAgMTEtNiAwIDMgMyAwIDAxNiAwem02IDJhOSA5IDAgMTEtMTggMCA5IDkgMCAwMTE4IDB6IiAvPgo8L3N2Zz4K\",\"role\":{\"id\":\"3\",\"slug\":\"gast\",\"title\":\"Gast\"},\"group\":{\"id\":\"1\",\"slug\":\"onair\",\"title\":\"On Air\"},\"comment\":\"Gast\"},{\"id\":\"7\",\"name\":\"Astrid Erll\",\"avatar\":\"data:image\\\/svg+xml;base64,PHN2ZyB4bWxucz0iaHR0cDovL3d3dy53My5vcmcvMjAwMC9zdmciIGNsYXNzPSJoLTYgdy02IiBmaWxsPSJub25lIiB2aWV3Qm94PSIwIDAgMjQgMjQiIHN0cm9rZT0iY3VycmVudENvbG9yIj4KICA8cGF0aCBzdHJva2UtbGluZWNhcD0icm91bmQiIHN0cm9rZS1saW5lam9pbj0icm91bmQiIHN0cm9rZS13aWR0aD0iMiIgZD0iTTUuMTIxIDE3LjgwNEExMy45MzcgMTMuOTM3IDAgMDExMiAxNmMyLjUgMCA0Ljg0Ny42NTUgNi44NzkgMS44MDRNMTUgMTBhMyAzIDAgMTEtNiAwIDMgMyAwIDAxNiAwem02IDJhOSA5IDAgMTEtMTggMCA5IDkgMCAwMTE4IDB6IiAvPgo8L3N2Zz4K\",\"role\":{\"id\":\"3\",\"slug\":\"gast\",\"title\":\"Gast\"},\"group\":{\"id\":\"1\",\"slug\":\"onair\",\"title\":\"On Air\"},\"comment\":\"Gast\"},{\"id\":\"5\",\"name\":\"Tina Cramer\",\"avatar\":\"data:image\\\/svg+xml;base64,PHN2ZyB4bWxucz0iaHR0cDovL3d3dy53My5vcmcvMjAwMC9zdmciIGNsYXNzPSJoLTYgdy02IiBmaWxsPSJub25lIiB2aWV3Qm94PSIwIDAgMjQgMjQiIHN0cm9rZT0iY3VycmVudENvbG9yIj4KICA8cGF0aCBzdHJva2UtbGluZWNhcD0icm91bmQiIHN0cm9rZS1saW5lam9pbj0icm91bmQiIHN0cm9rZS13aWR0aD0iMiIgZD0iTTUuMTIxIDE3LjgwNEExMy45MzcgMTMuOTM3IDAgMDExMiAxNmMyLjUgMCA0Ljg0Ny42NTUgNi44NzkgMS44MDRNMTUgMTBhMyAzIDAgMTEtNiAwIDMgMyAwIDAxNiAwem02IDJhOSA5IDAgMTEtMTggMCA5IDkgMCAwMTE4IDB6IiAvPgo8L3N2Zz4K\",\"role\":{\"id\":\"7\",\"slug\":\"moderation_konzept\",\"title\":\"Moderation\\\/Konzept\"},\"group\":{\"id\":\"1\",\"slug\":\"onair\",\"title\":\"On Air\"},\"comment\":\"Moderation\\\/Konzept\"},{\"id\":\"3\",\"name\":\"Laura Friedrich\",\"avatar\":\"data:image\\\/svg+xml;base64,PHN2ZyB4bWxucz0iaHR0cDovL3d3dy53My5vcmcvMjAwMC9zdmciIGNsYXNzPSJoLTYgdy02IiBmaWxsPSJub25lIiB2aWV3Qm94PSIwIDAgMjQgMjQiIHN0cm9rZT0iY3VycmVudENvbG9yIj4KICA8cGF0aCBzdHJva2UtbGluZWNhcD0icm91bmQiIHN0cm9rZS1saW5lam9pbj0icm91bmQiIHN0cm9rZS13aWR0aD0iMiIgZD0iTTUuMTIxIDE3LjgwNEExMy45MzcgMTMuOTM3IDAgMDExMiAxNmMyLjUgMCA0Ljg0Ny42NTUgNi44NzkgMS44MDRNMTUgMTBhMyAzIDAgMTEtNiAwIDMgMyAwIDAxNiAwem02IDJhOSA5IDAgMTEtMTggMCA5IDkgMCAwMTE4IDB6IiAvPgo8L3N2Zz4K\",\"role\":{\"id\":\"5\",\"slug\":\"moderation_konzept_produktion\",\"title\":\"Moderation\\\/Konzept\\\/Produktion\"},\"group\":{\"id\":\"1\",\"slug\":\"onair\",\"title\":\"On Air\"},\"comment\":\"Moderation\\\/Konzept\\\/Produktion\"},{\"id\":\"2\",\"name\":\"Yvonne Blum\",\"avatar\":\"data:image\\\/svg+xml;base64,PHN2ZyB4bWxucz0iaHR0cDovL3d3dy53My5vcmcvMjAwMC9zdmciIGNsYXNzPSJoLTYgdy02IiBmaWxsPSJub25lIiB2aWV3Qm94PSIwIDAgMjQgMjQiIHN0cm9rZT0iY3VycmVudENvbG9yIj4KICA8cGF0aCBzdHJva2UtbGluZWNhcD0icm91bmQiIHN0cm9rZS1saW5lam9pbj0icm91bmQiIHN0cm9rZS13aWR0aD0iMiIgZD0iTTUuMTIxIDE3LjgwNEExMy45MzcgMTMuOTM3IDAgMDExMiAxNmMyLjUgMCA0Ljg0Ny42NTUgNi44NzkgMS44MDRNMTUgMTBhMyAzIDAgMTEtNiAwIDMgMyAwIDAxNiAwem02IDJhOSA5IDAgMTEtMTggMCA5IDkgMCAwMTE4IDB6IiAvPgo8L3N2Zz4K\",\"role\":{\"id\":\"6\",\"slug\":\"regie_konzept_produktion\",\"title\":\"Regie\\\/Konzept\\\/Produktion\"},\"group\":{\"id\":\"2\",\"slug\":\"offair\",\"title\":\"Off Air\"},\"comment\":\"Regie\\\/Konzept\\\/Produktion\"}]}}, {\"url\":\"https:\\\/\\\/blog.prif.org\\\/en\\\/wp-json\\\/podlove-web-player\\\/shortcode\\\/config\\\/default\\\/theme\\\/default\",\"data\":{\"activeTab\":\"chapters\",\"subscribe-button\":null,\"share\":{\"channels\":[\"link\",\"mail\",\"twitter\",\"linkedin\"],\"outlet\":\"https:\\\/\\\/blog.prif.org\\\/wp-content\\\/plugins\\\/podlove-web-player\\\/web-player\\\/share.html\",\"sharePlaytime\":true},\"related-episodes\":{\"source\":\"podcast\",\"value\":null},\"version\":5,\"playlist\":\"https:\\\/\\\/blog.prif.org\\\/en\\\/wp-json\\\/podlove-web-player\\\/shortcode\\\/podcast\",\"theme\":{\"tokens\":{\"brand\":\"#e3256b\",\"brandDark\":\"#317580\",\"brandDarkest\":\"#1A3A4A\",\"brandLightest\":\"#E9F1F5\",\"shadeDark\":\"#807E7C\",\"shadeBase\":\"#317580\",\"contrast\":\"#000\",\"alt\":\"#fff\"},\"fonts\":{\"ci\":{\"name\":\"ci\",\"family\":[\"-apple-system\",\"BlinkMacSystemFont\",\"Segoe UI\",\"Roboto\",\"Helvetica\",\"Arial\",\"sans-serif\",\"Apple Color Emoji\",\"Segoe UI Emoji\\\", \\\"Segoe UI Symbol\"],\"src\":[],\"weight\":800},\"regular\":{\"name\":\"regular\",\"family\":[\"-apple-system\",\"BlinkMacSystemFont\",\"Segoe UI\",\"Roboto\",\"Helvetica\",\"Arial\",\"sans-serif\",\"Apple Color Emoji\",\"Segoe UI Emoji\\\", \\\"Segoe UI Symbol\"],\"src\":[],\"weight\":300},\"bold\":{\"name\":\"bold\",\"family\":[\"-apple-system\",\"BlinkMacSystemFont\",\"Segoe UI\",\"Roboto\",\"Helvetica\",\"Arial\",\"sans-serif\",\"Apple Color Emoji\",\"Segoe UI Emoji\\\", \\\"Segoe UI Symbol\"],\"src\":[],\"weight\":700}}},\"base\":\"https:\\\/\\\/blog.prif.org\\\/wp-content\\\/plugins\\\/podlove-web-player\\\/web-player\\\/\"}}]);\n                podlovePlayer(player, \"https:\/\/blog.prif.org\/en\/wp-json\/podlove-web-player\/shortcode\/publisher\/8305\", \"https:\/\/blog.prif.org\/en\/wp-json\/podlove-web-player\/shortcode\/config\/default\/theme\/default\").then(function() {\n                  player && player.classList.remove(\"podlove-web-player-loading\");\n                });\n              });\n            <\/script>\n            <style>\n              .podlove-web-player.podlove-web-player-loading {\n                opacity: 0;\n              }\n            <\/style>\n        \n\t\n\t\t\t\t\t\t\n\n\t<div class=\"podlove-contributors-cards\">\n\t\t\t\t\t\n\t\t\t\t<div class=\"podlove-contributors-card\">\n\t\t\t\t\t<div class=\"podlove-contributors-card-inner\">\n\t\t\t\t\t\t<div class=\"podlove-contributors-card-avatar\">\n\t\t\t\t\t\t\t\n<img loading=\"lazy\" decoding=\"async\" alt=\"avatar\" width=\"50\" height=\"50\" src=\"data:image\/svg+xml;base64,PHN2ZyB4bWxucz0iaHR0cDovL3d3dy53My5vcmcvMjAwMC9zdmciIGNsYXNzPSJoLTYgdy02IiBmaWxsPSJub25lIiB2aWV3Qm94PSIwIDAgMjQgMjQiIHN0cm9rZT0iY3VycmVudENvbG9yIj4KICA8cGF0aCBzdHJva2UtbGluZWNhcD0icm91bmQiIHN0cm9rZS1saW5lam9pbj0icm91bmQiIHN0cm9rZS13aWR0aD0iMiIgZD0iTTUuMTIxIDE3LjgwNEExMy45MzcgMTMuOTM3IDAgMDExMiAxNmMyLjUgMCA0Ljg0Ny42NTUgNi44NzkgMS44MDRNMTUgMTBhMyAzIDAgMTEtNiAwIDMgMyAwIDAxNiAwem02IDJhOSA5IDAgMTEtMTggMCA5IDkgMCAwMTE4IDB6IiAvPgo8L3N2Zz4K\"\/>\n\n\t\t\t\t\t\t<\/div>\n\t\t\t\t\t\t<div class=\"podlove-contributors-card-person\">\n\t\t\t\t\t\t\t<div style=\"align-self: center\">\n\t\t\t\t\t\t\t\t<div style=\"font-weight: 400;\">Christopher Daase<\/div>\n\t\t\t\t\t\t\t\t\t\t\t\t\t\t\t\t\t<div class=\"podlove-contributors-card-person-details\">\n\t\t\t\t\t\t\t\t\t\t<span>Gast<\/span>\n\t\t\t\t\t\t\t\t\t<\/div>\n\t\t\t\t\t\t\t\t\t\t\t\t\t\t\t<\/div>\n\t\t\t\t\t\t\t<div class=\"podlove-contributors-card-services\">\n\t\t\t\t\t\t\t\t\t\t\t\t\t\t\t\t\t\t\t\t\t\t\t\t\t\t\t\t\t\t\t\t\t\t\t\t\t\t\t\t<\/div>\n\t\t\t\t\t\t<\/div>\n\t\t\t\t\t<\/div>\n\t\t\t\t<\/div>\n\n\t\t\t\t\t\t\t\t\n\t\t\t\t<div class=\"podlove-contributors-card\">\n\t\t\t\t\t<div class=\"podlove-contributors-card-inner\">\n\t\t\t\t\t\t<div class=\"podlove-contributors-card-avatar\">\n\t\t\t\t\t\t\t\n<img loading=\"lazy\" decoding=\"async\" alt=\"avatar\" width=\"50\" height=\"50\" src=\"data:image\/svg+xml;base64,PHN2ZyB4bWxucz0iaHR0cDovL3d3dy53My5vcmcvMjAwMC9zdmciIGNsYXNzPSJoLTYgdy02IiBmaWxsPSJub25lIiB2aWV3Qm94PSIwIDAgMjQgMjQiIHN0cm9rZT0iY3VycmVudENvbG9yIj4KICA8cGF0aCBzdHJva2UtbGluZWNhcD0icm91bmQiIHN0cm9rZS1saW5lam9pbj0icm91bmQiIHN0cm9rZS13aWR0aD0iMiIgZD0iTTUuMTIxIDE3LjgwNEExMy45MzcgMTMuOTM3IDAgMDExMiAxNmMyLjUgMCA0Ljg0Ny42NTUgNi44NzkgMS44MDRNMTUgMTBhMyAzIDAgMTEtNiAwIDMgMyAwIDAxNiAwem02IDJhOSA5IDAgMTEtMTggMCA5IDkgMCAwMTE4IDB6IiAvPgo8L3N2Zz4K\"\/>\n\n\t\t\t\t\t\t<\/div>\n\t\t\t\t\t\t<div class=\"podlove-contributors-card-person\">\n\t\t\t\t\t\t\t<div style=\"align-self: center\">\n\t\t\t\t\t\t\t\t<div style=\"font-weight: 400;\">Astrid Erll<\/div>\n\t\t\t\t\t\t\t\t\t\t\t\t\t\t\t\t\t<div class=\"podlove-contributors-card-person-details\">\n\t\t\t\t\t\t\t\t\t\t<span>Gast<\/span>\n\t\t\t\t\t\t\t\t\t<\/div>\n\t\t\t\t\t\t\t\t\t\t\t\t\t\t\t<\/div>\n\t\t\t\t\t\t\t<div class=\"podlove-contributors-card-services\">\n\t\t\t\t\t\t\t\t\t\t\t\t\t\t\t\t\t\t\t\t\t\t\t\t\t\t\t\t\t\t\t\t\t\t\t\t\t\t\t\t<\/div>\n\t\t\t\t\t\t<\/div>\n\t\t\t\t\t<\/div>\n\t\t\t\t<\/div>\n\n\t\t\t\t\t\t\t\t\n\t\t\t\t<div class=\"podlove-contributors-card\">\n\t\t\t\t\t<div class=\"podlove-contributors-card-inner\">\n\t\t\t\t\t\t<div class=\"podlove-contributors-card-avatar\">\n\t\t\t\t\t\t\t\n<img loading=\"lazy\" decoding=\"async\" alt=\"avatar\" width=\"50\" height=\"50\" src=\"data:image\/svg+xml;base64,PHN2ZyB4bWxucz0iaHR0cDovL3d3dy53My5vcmcvMjAwMC9zdmciIGNsYXNzPSJoLTYgdy02IiBmaWxsPSJub25lIiB2aWV3Qm94PSIwIDAgMjQgMjQiIHN0cm9rZT0iY3VycmVudENvbG9yIj4KICA8cGF0aCBzdHJva2UtbGluZWNhcD0icm91bmQiIHN0cm9rZS1saW5lam9pbj0icm91bmQiIHN0cm9rZS13aWR0aD0iMiIgZD0iTTUuMTIxIDE3LjgwNEExMy45MzcgMTMuOTM3IDAgMDExMiAxNmMyLjUgMCA0Ljg0Ny42NTUgNi44NzkgMS44MDRNMTUgMTBhMyAzIDAgMTEtNiAwIDMgMyAwIDAxNiAwem02IDJhOSA5IDAgMTEtMTggMCA5IDkgMCAwMTE4IDB6IiAvPgo8L3N2Zz4K\"\/>\n\n\t\t\t\t\t\t<\/div>\n\t\t\t\t\t\t<div class=\"podlove-contributors-card-person\">\n\t\t\t\t\t\t\t<div style=\"align-self: center\">\n\t\t\t\t\t\t\t\t<div style=\"font-weight: 400;\">Tina Cramer<\/div>\n\t\t\t\t\t\t\t\t\t\t\t\t\t\t\t\t\t<div class=\"podlove-contributors-card-person-details\">\n\t\t\t\t\t\t\t\t\t\t<span>Moderation\/Konzept<\/span>\n\t\t\t\t\t\t\t\t\t<\/div>\n\t\t\t\t\t\t\t\t\t\t\t\t\t\t\t<\/div>\n\t\t\t\t\t\t\t<div class=\"podlove-contributors-card-services\">\n\t\t\t\t\t\t\t\t\t\t\t\t\t\t\t\t\t\t\t\t\t\t\t\t\t\t\t\t\t\t\t\t\t\t\t\t\t\t\t\t<\/div>\n\t\t\t\t\t\t<\/div>\n\t\t\t\t\t<\/div>\n\t\t\t\t<\/div>\n\n\t\t\t\t\t\t\t\t\n\t\t\t\t<div class=\"podlove-contributors-card\">\n\t\t\t\t\t<div class=\"podlove-contributors-card-inner\">\n\t\t\t\t\t\t<div class=\"podlove-contributors-card-avatar\">\n\t\t\t\t\t\t\t\n<img loading=\"lazy\" decoding=\"async\" alt=\"avatar\" width=\"50\" height=\"50\" src=\"data:image\/svg+xml;base64,PHN2ZyB4bWxucz0iaHR0cDovL3d3dy53My5vcmcvMjAwMC9zdmciIGNsYXNzPSJoLTYgdy02IiBmaWxsPSJub25lIiB2aWV3Qm94PSIwIDAgMjQgMjQiIHN0cm9rZT0iY3VycmVudENvbG9yIj4KICA8cGF0aCBzdHJva2UtbGluZWNhcD0icm91bmQiIHN0cm9rZS1saW5lam9pbj0icm91bmQiIHN0cm9rZS13aWR0aD0iMiIgZD0iTTUuMTIxIDE3LjgwNEExMy45MzcgMTMuOTM3IDAgMDExMiAxNmMyLjUgMCA0Ljg0Ny42NTUgNi44NzkgMS44MDRNMTUgMTBhMyAzIDAgMTEtNiAwIDMgMyAwIDAxNiAwem02IDJhOSA5IDAgMTEtMTggMCA5IDkgMCAwMTE4IDB6IiAvPgo8L3N2Zz4K\"\/>\n\n\t\t\t\t\t\t<\/div>\n\t\t\t\t\t\t<div class=\"podlove-contributors-card-person\">\n\t\t\t\t\t\t\t<div style=\"align-self: center\">\n\t\t\t\t\t\t\t\t<div style=\"font-weight: 400;\">Laura Friedrich<\/div>\n\t\t\t\t\t\t\t\t\t\t\t\t\t\t\t\t\t<div class=\"podlove-contributors-card-person-details\">\n\t\t\t\t\t\t\t\t\t\t<span>Moderation\/Konzept\/Produktion<\/span>\n\t\t\t\t\t\t\t\t\t<\/div>\n\t\t\t\t\t\t\t\t\t\t\t\t\t\t\t<\/div>\n\t\t\t\t\t\t\t<div class=\"podlove-contributors-card-services\">\n\t\t\t\t\t\t\t\t\t\t\t\t\t\t\t\t\t\t\t\t\t\t\t\t\t\t\t\t\t\t\t\t\t\t\t\t\t\t\t\t<\/div>\n\t\t\t\t\t\t<\/div>\n\t\t\t\t\t<\/div>\n\t\t\t\t<\/div>\n\n\t\t\t\t\t\t\t\t\n\t\t\t\t<div class=\"podlove-contributors-card\">\n\t\t\t\t\t<div class=\"podlove-contributors-card-inner\">\n\t\t\t\t\t\t<div class=\"podlove-contributors-card-avatar\">\n\t\t\t\t\t\t\t\n<img loading=\"lazy\" decoding=\"async\" alt=\"avatar\" width=\"50\" height=\"50\" src=\"data:image\/svg+xml;base64,PHN2ZyB4bWxucz0iaHR0cDovL3d3dy53My5vcmcvMjAwMC9zdmciIGNsYXNzPSJoLTYgdy02IiBmaWxsPSJub25lIiB2aWV3Qm94PSIwIDAgMjQgMjQiIHN0cm9rZT0iY3VycmVudENvbG9yIj4KICA8cGF0aCBzdHJva2UtbGluZWNhcD0icm91bmQiIHN0cm9rZS1saW5lam9pbj0icm91bmQiIHN0cm9rZS13aWR0aD0iMiIgZD0iTTUuMTIxIDE3LjgwNEExMy45MzcgMTMuOTM3IDAgMDExMiAxNmMyLjUgMCA0Ljg0Ny42NTUgNi44NzkgMS44MDRNMTUgMTBhMyAzIDAgMTEtNiAwIDMgMyAwIDAxNiAwem02IDJhOSA5IDAgMTEtMTggMCA5IDkgMCAwMTE4IDB6IiAvPgo8L3N2Zz4K\"\/>\n\n\t\t\t\t\t\t<\/div>\n\t\t\t\t\t\t<div class=\"podlove-contributors-card-person\">\n\t\t\t\t\t\t\t<div style=\"align-self: center\">\n\t\t\t\t\t\t\t\t<div style=\"font-weight: 400;\">Yvonne Blum<\/div>\n\t\t\t\t\t\t\t\t\t\t\t\t\t\t\t\t\t<div class=\"podlove-contributors-card-person-details\">\n\t\t\t\t\t\t\t\t\t\t<span>Regie\/Konzept\/Produktion<\/span>\n\t\t\t\t\t\t\t\t\t<\/div>\n\t\t\t\t\t\t\t\t\t\t\t\t\t\t\t<\/div>\n\t\t\t\t\t\t\t<div class=\"podlove-contributors-card-services\">\n\t\t\t\t\t\t\t\t\t\t\t\t\t\t\t\t\t\t\t\t\t\t\t\t\t\t\t\t\t\t\t\t\t\t\t\t\t\t\t\t<\/div>\n\t\t\t\t\t\t<\/div>\n\t\t\t\t\t<\/div>\n\t\t\t\t<\/div>\n\n\t\t\t\t\t\t<\/div>\n\n\t<style>\n\t\t.podlove-contributors-cards {\n\t\t\tmargin-bottom: 1rem;\n\t\t\tbackground: white;\n\t\t\toverflow: hidden;\n\t\t\tborder-radius: 0.375rem;\n\t\t\tbox-shadow: 0 1px 3px 0 rgba(0, 0, 0, 0.1), 0 1px 2px 0 rgba(0, 0, 0, 0.06);\n\t\t}\n\t\t.podlove-contributors-card {\n\t\t\tdisplay: flex;\n\t\t\talign-items: center;\n\t\t\tpadding: 1rem 1.5rem\n\t\t}\n\t\t.podlove-contributors-card-inner {\n\t\t\tdisplay: flex;\n\t\t\talign-items: center;\n\t\t\tflex: 1 1 0;\n\t\t\tmin-width: 0;\n\t\t}\n\t\t.podlove-contributors-card-avatar {\n\t\t\twidth: 50px;\n\t\t\theight: 50px;\n\t\t\tborder-radius: 0.25rem;\n\t\t\toverflow: hidden;\n\t\t\tflex-shrink: 0;\n\t\t}\n\t\t.podlove-contributors-card-person {\n\t\t\tflex: 1 1 0;\n\t\t\tmin-width: 0;\n\t\t\tpadding: 0 1rem;\n\t\t\tdisplay: grid;\n\t\t\tgrid-template-columns: repeat(2, minmax(0, 1fr));\n\t\t\tgap: 1rem;\n\t\t}\n\t\t.podlove-contributors-card-person-details {\n\t\t\tcolor: #999\n\t\t}\n\t\t.podlove-contributors-card-services {\n\t\t\tflex-wrap: wrap;\n\t\t\tdisplay: flex;\n\t\t\talign-items: center;\n\t\t\talign-content: center;\n\t\t\tjustify-content: flex-end;\n\t\t}\n\t\t.podlove-contributors-card-services-service {\n\t\t\tdisplay: inline-block;\n\t\t\tflex-shrink: 0;\n\t\t\tpadding-left: 0.5rem;\n\t\t\ttext-decoration: none;\n\t\t\tbox-shadow: none;\n\t\t}\n\t<\/style>\n\n\n\t\n<p>Welchen Einfluss hat der Angriff Russlands auf die Ukraine auf Transformation politischer Gewalt? Was ist der Zusammenhang zwischen politischer Gewalt und kollektivem Ged\u00e4chtnis? Und was kann politische Gewalt eigentlich noch bedeuten? Warum es wichtig und spannend ist, Transformation politischer Gewalt interdisziplin\u00e4r zu erforschen, diskutieren Christopher Daase und Astrid Erll mit Tina Cramer in der neuen Folge unseres Podcasts PRIF talk.<\/p>\n<p>Alle drei arbeiten seit April 2022 im neu gegr\u00fcndeten hessischen <a href=\"https:\/\/www.trace-center.de\/\" target=\"_blank\" rel=\"noopener\">Forschungszentrum Transformations of Political Violence (TraCe)<\/a>. Gef\u00f6rdert vom Bundesministerium f\u00fcr Bildung und Forschung (BMBF) erforschen darin um die drei\u00dfig Wissenschaftler*innen von April 2022 bis 2026 multiperspektivisch Transformationen politischer Gewalt.<\/p>\n<p><a href=\"https:\/\/www.hsfk.de\/team\/mitarbeiter\/christopher-daase\" target=\"_blank\" rel=\"noopener\">Christopher Daase<\/a> ist Professor f\u00fcr Internationale Organisation an der Goethe-Universit\u00e4t Frankfurt und stellvertretender Direktor des Peace Research Institute Frankfurt (PRIF). Seine Forschungsschwerpunkte liegen im Bereich der Sicherheitspolitik sowie der internationalen Institutionen. Neben seiner Beteiligung an zahlreichen Forschungsprojekten ist er auch der Co-Sprecher des Forschungszentrums TraCe.<\/p>\n<p><a href=\"https:\/\/www.trace-center.de\/ueber-uns\/team\/person\/astrid-erll\" target=\"_blank\" rel=\"noopener\">Astrid Erll<\/a> ist Professorin f\u00fcr <em>Anglophone Literatures and Cultures<\/em> an der Goethe-Universit\u00e4t Frankfurt. Ihre Forschungsinteressen umfassen unter anderem Literaturwissenschaft, Literatur- und Mediengeschichte, Kultur- und Medientheorie, transkulturelle Studien und Ged\u00e4chtnisforschung. Sie ist ebenfalls Co-Sprecherin von TraCe.<\/p>\n<p>*Shownotes*<\/p>\n<ul>\n<li><a href=\"https:\/\/www.trace-center.de\/\" target=\"_blank\" rel=\"noopener\">Webseite von TraCe<\/a><\/li>\n<li>Verbundpartner von TraCe:\n<ul>\n<li><a href=\"https:\/\/www.hsfk.de\/\" target=\"_blank\" rel=\"noopener\">Peace Research Institute Frankfurt (PRIF)<\/a><\/li>\n<li><a href=\"https:\/\/www.uni-frankfurt.de\/de?locale=de\" target=\"_blank\" rel=\"noopener\">Goethe-Universit\u00e4t Frankfurt<\/a><\/li>\n<li><a href=\"https:\/\/www.uni-giessen.de\/de\" target=\"_blank\" rel=\"noopener\">Justus-Liebig-Universit\u00e4t Gie\u00dfen<\/a><\/li>\n<li><a href=\"https:\/\/www.uni-marburg.de\/de\" target=\"_blank\" rel=\"noopener\">Philipps-Universit\u00e4t Marburg<\/a><\/li>\n<li><a href=\"https:\/\/www.tu-darmstadt.de\/\" target=\"_blank\" rel=\"noopener\">Technische Universit\u00e4t Darmstadt<\/a><\/li>\n<\/ul>\n<\/li>\n<li><a href=\"https:\/\/www.penguin.co.uk\/books\/56384\/the-better-angels-of-our-nature-by-pinker-steven\/9780141034645\" target=\"_blank\" rel=\"noopener\"><span dir=\"ltr\" role=\"presentation\">Pinker, Steven. 2012a. The Better Angels of Our Nature. Repr. London; New York: Penguin Books.<\/span><\/a><\/li>\n<li><a href=\"https:\/\/www.clausewitzstudies.org\/readings\/VomKriege1832\/_VKwholetext.htm\" target=\"_blank\" rel=\"noopener\"><span dir=\"ltr\" role=\"presentation\"><span class=\"highlight selected appended\">Clausewitz<\/span>, Carl. 1980. Vom Kriege, 19. Ed., Edited by Werner Hahlweg. Bonn: D\u00fcmmler.<\/span><\/a><\/li>\n<li><a href=\"https:\/\/youtu.be\/0NNCzG8dl6A?t=1398\" target=\"_blank\" rel=\"noopener\">YouTube-Video: Herfried M\u00fcnkler zu zwischenstaatlichen Kriegen bei der TraCe-Auftaktveranstaltung (13.12.2022)<\/a><\/li>\n<li><a href=\"https:\/\/www.trace-center.de\/veranstaltungen\/auftaktveranstaltung-in-berlin\" target=\"_blank\" rel=\"noopener\">Bericht der Auftaktveranstaltung zum russischen \u00dcberfall auf die Ukraine in Berlin (13.12.2022)<\/a><\/li>\n<li><a href=\"https:\/\/www.trace-center.de\/veranstaltungen\/details\/memory-before-violence\" target=\"_blank\" rel=\"noopener\">\u201eMemory Before Violence\u201d: TraCe-organized Panel at MSA 2023, July 3 to 7 in Newcastle.<\/a><\/li>\n<li><a href=\"https:\/\/global.oup.com\/academic\/product\/how-nations-remember-9780197551462?cc=de&amp;lang=en&amp;\" target=\"_blank\" rel=\"noopener\">James V. Wertsch (2021): How Nations Remember. A Narrative Approach. Oxford University Press.<\/a><\/li>\n<li><a href=\"https:\/\/www.trace-center.de\/veranstaltungen\/jahreskonferenz-2023\" target=\"_blank\" rel=\"noopener\">Bericht der TraCe-Jahreskonferenz 2023 \u201eLanguage(s) of Violence\u201c (03.03.2023)<\/a><\/li>\n<li><a href=\"https:\/\/www.youtube.com\/live\/pjs39pNLnUE?feature=share&amp;t=480\" target=\"_blank\" rel=\"noopener\">YouTube-Video: Dialogpanel \u201eSprache und Gewalt \u2013 Perspektiven aus Theorie und Praxis\u201c, Christopher Daase \u00fcber die Jahreskonferenz \u201eLanguage(s) of Violence\u201c, anschlie\u00dfende Diskussion mit Prof. Dr. Meron Mendel, Dr. Natasha A. Kelly und Dr. Nicole Rieber.<\/a><\/li>\n<li><a href=\"https:\/\/www.trace-center.de\/forschung\" target=\"_blank\" rel=\"noopener\">Forschungsfelder von TraCe<\/a><\/li>\n<li>TraCe Working Paper Series &amp; Working Paper No. 1:<br \/>\n<a href=\"https:\/\/www.trace-center.de\/publikationen\/trace-working-paper-series\" target=\"_blank\" rel=\"noopener\">Daase, Christopher\/Driedger, Jonas\/Mannitz, Sabine\/Kroll, Stefan\/Simon, Hendrik\/Wolff, Jonas (2022): Transformations of Political Violence? A Research Program, Frankfurt\/Main, DOI: 10.48809\/PRIFTraCeWP2201<\/a>.<\/li>\n<li><a href=\"https:\/\/www.youtube.com\/@TraCe_Violence\/\" target=\"_blank\" rel=\"noopener\">YouTube-Kanal von TraCe<\/a><\/li>\n<li><a href=\"https:\/\/twitter.com\/TraCe_Violence\" target=\"_blank\" rel=\"noopener\">Twitter-Account von TraCe<\/a><\/li>\n<\/ul>\n","protected":false},"author":48,"featured_media":9720,"comment_status":"closed","ping_status":"closed","template":"","meta":{"_acf_changed":false,"footnotes":""},"categories":[545],"tags":[619,1412,909,617,549],"coauthors":[220,907,906,757,761],"class_list":["post-8305","podcast","type-podcast","status-publish","has-post-thumbnail","hentry","category-podcast","tag-erinnerungskultur","tag-forschungszentrum-trace","tag-interdisziplinaritaet","tag-politische-gewalt","tag-ukraine","post"],"acf":[],"yoast_head":"<!-- This site is optimized with the Yoast SEO plugin v26.1.1 - https:\/\/yoast.com\/wordpress\/plugins\/seo\/ -->\n<title>PRIF talk #006 \/\/ Die Transformation politischer Gewalt - PRIF BLOG<\/title>\n<meta name=\"description\" content=\"Gespr\u00e4ch mit Christopher Daase und Astrid Erll zum russischen Angriff auf die Ukraine, Transformation politischer Gewalt und interdisziplin\u00e4rer Gewaltforschung.\" \/>\n<meta name=\"robots\" content=\"index, follow, max-snippet:-1, max-image-preview:large, max-video-preview:-1\" \/>\n<link rel=\"canonical\" href=\"https:\/\/blog.prif.org\/en\/2023\/03\/23\/podcast-006-die-transformation-politischer-gewalt\/\" \/>\n<meta property=\"og:locale\" content=\"en_US\" \/>\n<meta property=\"og:type\" content=\"article\" \/>\n<meta property=\"og:title\" content=\"PRIF talk #006 \/\/ Die Transformation politischer Gewalt - PRIF BLOG\" \/>\n<meta property=\"og:description\" content=\"Gespr\u00e4ch mit Christopher Daase und Astrid Erll zum russischen Angriff auf die Ukraine, Transformation politischer Gewalt und interdisziplin\u00e4rer Gewaltforschung.\" \/>\n<meta property=\"og:url\" content=\"https:\/\/blog.prif.org\/en\/2023\/03\/23\/podcast-006-die-transformation-politischer-gewalt\/\" \/>\n<meta property=\"og:site_name\" content=\"PRIF BLOG\" \/>\n<meta property=\"article:publisher\" content=\"https:\/\/www.facebook.com\/HSFK.PRIF\" \/>\n<meta property=\"article:modified_time\" content=\"2025-06-10T11:08:10+00:00\" \/>\n<meta property=\"og:image\" content=\"https:\/\/blog.prif.org\/wp-content\/uploads\/2024\/07\/PRIF-Podcast-Key-Visual-Blog-006.png\" \/>\n\t<meta property=\"og:image:width\" content=\"750\" \/>\n\t<meta property=\"og:image:height\" content=\"410\" \/>\n\t<meta property=\"og:image:type\" content=\"image\/png\" \/>\n<meta name=\"twitter:card\" content=\"summary_large_image\" \/>\n<meta name=\"twitter:site\" content=\"@HSFK_PRIF\" \/>\n<meta name=\"twitter:label1\" content=\"Est. reading time\" \/>\n\t<meta name=\"twitter:data1\" content=\"3 minutes\" \/>\n\t<meta name=\"twitter:label2\" content=\"Written by\" \/>\n\t<meta name=\"twitter:data2\" content=\"Christopher Daase, Astrid Erll, Tina Cramer, Laura Friedrich, Yvonne Blum\" \/>\n<script type=\"application\/ld+json\" class=\"yoast-schema-graph\">{\"@context\":\"https:\/\/schema.org\",\"@graph\":[{\"@type\":\"WebPage\",\"@id\":\"https:\/\/blog.prif.org\/en\/2023\/03\/23\/podcast-006-die-transformation-politischer-gewalt\/\",\"url\":\"https:\/\/blog.prif.org\/en\/2023\/03\/23\/podcast-006-die-transformation-politischer-gewalt\/\",\"name\":\"PRIF talk #006 \/\/ Die Transformation politischer Gewalt - PRIF BLOG\",\"isPartOf\":{\"@id\":\"https:\/\/blog.prif.org\/en\/#website\"},\"primaryImageOfPage\":{\"@id\":\"https:\/\/blog.prif.org\/en\/2023\/03\/23\/podcast-006-die-transformation-politischer-gewalt\/#primaryimage\"},\"image\":{\"@id\":\"https:\/\/blog.prif.org\/en\/2023\/03\/23\/podcast-006-die-transformation-politischer-gewalt\/#primaryimage\"},\"thumbnailUrl\":\"https:\/\/blog.prif.org\/wp-content\/uploads\/2024\/07\/PRIF-Podcast-Key-Visual-Blog-006.png\",\"datePublished\":\"2023-03-23T09:59:11+00:00\",\"dateModified\":\"2025-06-10T11:08:10+00:00\",\"description\":\"Gespr\u00e4ch mit Christopher Daase und Astrid Erll zum russischen Angriff auf die Ukraine, Transformation politischer Gewalt und interdisziplin\u00e4rer Gewaltforschung.\",\"breadcrumb\":{\"@id\":\"https:\/\/blog.prif.org\/en\/2023\/03\/23\/podcast-006-die-transformation-politischer-gewalt\/#breadcrumb\"},\"inLanguage\":\"en-US\",\"potentialAction\":[{\"@type\":\"ReadAction\",\"target\":[\"https:\/\/blog.prif.org\/en\/2023\/03\/23\/podcast-006-die-transformation-politischer-gewalt\/\"]}]},{\"@type\":\"ImageObject\",\"inLanguage\":\"en-US\",\"@id\":\"https:\/\/blog.prif.org\/en\/2023\/03\/23\/podcast-006-die-transformation-politischer-gewalt\/#primaryimage\",\"url\":\"https:\/\/blog.prif.org\/wp-content\/uploads\/2024\/07\/PRIF-Podcast-Key-Visual-Blog-006.png\",\"contentUrl\":\"https:\/\/blog.prif.org\/wp-content\/uploads\/2024\/07\/PRIF-Podcast-Key-Visual-Blog-006.png\",\"width\":750,\"height\":410,\"caption\":\"Ein Podcast-Mikrofon und ein Kopfh\u00f6rer werden abgebildet, untertitelt mit dem Namen das Podcast \\\"PRIF talk\\\". Zus\u00e4tzlich wird die Episode \\\"#006 mit Christopher Daase, Astrid Erll & TraCe\\\" angezeigt.\"},{\"@type\":\"BreadcrumbList\",\"@id\":\"https:\/\/blog.prif.org\/en\/2023\/03\/23\/podcast-006-die-transformation-politischer-gewalt\/#breadcrumb\",\"itemListElement\":[{\"@type\":\"ListItem\",\"position\":1,\"name\":\"Startseite\",\"item\":\"https:\/\/blog.prif.org\/en\/\"},{\"@type\":\"ListItem\",\"position\":2,\"name\":\"Episodes\",\"item\":\"https:\/\/blog.prif.org\/en\/podcast\/\"},{\"@type\":\"ListItem\",\"position\":3,\"name\":\"PRIF talk #006 \/\/ Die Transformation politischer Gewalt\"}]},{\"@type\":\"WebSite\",\"@id\":\"https:\/\/blog.prif.org\/en\/#website\",\"url\":\"https:\/\/blog.prif.org\/en\/\",\"name\":\"PRIF BLOG\",\"description\":\"Peace Research Institute Frankfurt \/ Leibniz Institut Hessische Stiftung Friedens- und Konfliktforschung\",\"publisher\":{\"@id\":\"https:\/\/blog.prif.org\/en\/#organization\"},\"potentialAction\":[{\"@type\":\"SearchAction\",\"target\":{\"@type\":\"EntryPoint\",\"urlTemplate\":\"https:\/\/blog.prif.org\/en\/?s={search_term_string}\"},\"query-input\":{\"@type\":\"PropertyValueSpecification\",\"valueRequired\":true,\"valueName\":\"search_term_string\"}}],\"inLanguage\":\"en-US\"},{\"@type\":\"Organization\",\"@id\":\"https:\/\/blog.prif.org\/en\/#organization\",\"name\":\"Peace Research Institute Frankfurt \/ Leibniz Institut Hessische Stiftung Friedens- und Konfliktforschung\",\"url\":\"https:\/\/blog.prif.org\/en\/\",\"logo\":{\"@type\":\"ImageObject\",\"inLanguage\":\"en-US\",\"@id\":\"https:\/\/blog.prif.org\/en\/#\/schema\/logo\/image\/\",\"url\":\"https:\/\/blog.prif.org\/wp-content\/uploads\/2023\/09\/cropped-blog_rgb.png\",\"contentUrl\":\"https:\/\/blog.prif.org\/wp-content\/uploads\/2023\/09\/cropped-blog_rgb.png\",\"width\":750,\"height\":226,\"caption\":\"Peace Research Institute Frankfurt \/ Leibniz Institut Hessische Stiftung Friedens- und Konfliktforschung\"},\"image\":{\"@id\":\"https:\/\/blog.prif.org\/en\/#\/schema\/logo\/image\/\"},\"sameAs\":[\"https:\/\/www.facebook.com\/HSFK.PRIF\",\"https:\/\/x.com\/HSFK_PRIF\",\"https:\/\/www.linkedin.com\/company\/8912786\/\"]}]}<\/script>\n<!-- \/ Yoast SEO plugin. -->","yoast_head_json":{"title":"PRIF talk #006 \/\/ Die Transformation politischer Gewalt - PRIF BLOG","description":"Gespr\u00e4ch mit Christopher Daase und Astrid Erll zum russischen Angriff auf die Ukraine, Transformation politischer Gewalt und interdisziplin\u00e4rer Gewaltforschung.","robots":{"index":"index","follow":"follow","max-snippet":"max-snippet:-1","max-image-preview":"max-image-preview:large","max-video-preview":"max-video-preview:-1"},"canonical":"https:\/\/blog.prif.org\/en\/2023\/03\/23\/podcast-006-die-transformation-politischer-gewalt\/","og_locale":"en_US","og_type":"article","og_title":"PRIF talk #006 \/\/ Die Transformation politischer Gewalt - PRIF BLOG","og_description":"Gespr\u00e4ch mit Christopher Daase und Astrid Erll zum russischen Angriff auf die Ukraine, Transformation politischer Gewalt und interdisziplin\u00e4rer Gewaltforschung.","og_url":"https:\/\/blog.prif.org\/en\/2023\/03\/23\/podcast-006-die-transformation-politischer-gewalt\/","og_site_name":"PRIF BLOG","article_publisher":"https:\/\/www.facebook.com\/HSFK.PRIF","article_modified_time":"2025-06-10T11:08:10+00:00","og_image":[{"width":750,"height":410,"url":"https:\/\/blog.prif.org\/wp-content\/uploads\/2024\/07\/PRIF-Podcast-Key-Visual-Blog-006.png","type":"image\/png"}],"twitter_card":"summary_large_image","twitter_site":"@HSFK_PRIF","twitter_misc":{"Est. reading time":"3 minutes","Written by":"Christopher Daase, Astrid Erll, Tina Cramer, Laura Friedrich, Yvonne Blum"},"schema":{"@context":"https:\/\/schema.org","@graph":[{"@type":"WebPage","@id":"https:\/\/blog.prif.org\/en\/2023\/03\/23\/podcast-006-die-transformation-politischer-gewalt\/","url":"https:\/\/blog.prif.org\/en\/2023\/03\/23\/podcast-006-die-transformation-politischer-gewalt\/","name":"PRIF talk #006 \/\/ Die Transformation politischer Gewalt - PRIF BLOG","isPartOf":{"@id":"https:\/\/blog.prif.org\/en\/#website"},"primaryImageOfPage":{"@id":"https:\/\/blog.prif.org\/en\/2023\/03\/23\/podcast-006-die-transformation-politischer-gewalt\/#primaryimage"},"image":{"@id":"https:\/\/blog.prif.org\/en\/2023\/03\/23\/podcast-006-die-transformation-politischer-gewalt\/#primaryimage"},"thumbnailUrl":"https:\/\/blog.prif.org\/wp-content\/uploads\/2024\/07\/PRIF-Podcast-Key-Visual-Blog-006.png","datePublished":"2023-03-23T09:59:11+00:00","dateModified":"2025-06-10T11:08:10+00:00","description":"Gespr\u00e4ch mit Christopher Daase und Astrid Erll zum russischen Angriff auf die Ukraine, Transformation politischer Gewalt und interdisziplin\u00e4rer Gewaltforschung.","breadcrumb":{"@id":"https:\/\/blog.prif.org\/en\/2023\/03\/23\/podcast-006-die-transformation-politischer-gewalt\/#breadcrumb"},"inLanguage":"en-US","potentialAction":[{"@type":"ReadAction","target":["https:\/\/blog.prif.org\/en\/2023\/03\/23\/podcast-006-die-transformation-politischer-gewalt\/"]}]},{"@type":"ImageObject","inLanguage":"en-US","@id":"https:\/\/blog.prif.org\/en\/2023\/03\/23\/podcast-006-die-transformation-politischer-gewalt\/#primaryimage","url":"https:\/\/blog.prif.org\/wp-content\/uploads\/2024\/07\/PRIF-Podcast-Key-Visual-Blog-006.png","contentUrl":"https:\/\/blog.prif.org\/wp-content\/uploads\/2024\/07\/PRIF-Podcast-Key-Visual-Blog-006.png","width":750,"height":410,"caption":"Ein Podcast-Mikrofon und ein Kopfh\u00f6rer werden abgebildet, untertitelt mit dem Namen das Podcast \"PRIF talk\". Zus\u00e4tzlich wird die Episode \"#006 mit Christopher Daase, Astrid Erll & TraCe\" angezeigt."},{"@type":"BreadcrumbList","@id":"https:\/\/blog.prif.org\/en\/2023\/03\/23\/podcast-006-die-transformation-politischer-gewalt\/#breadcrumb","itemListElement":[{"@type":"ListItem","position":1,"name":"Startseite","item":"https:\/\/blog.prif.org\/en\/"},{"@type":"ListItem","position":2,"name":"Episodes","item":"https:\/\/blog.prif.org\/en\/podcast\/"},{"@type":"ListItem","position":3,"name":"PRIF talk #006 \/\/ Die Transformation politischer Gewalt"}]},{"@type":"WebSite","@id":"https:\/\/blog.prif.org\/en\/#website","url":"https:\/\/blog.prif.org\/en\/","name":"PRIF BLOG","description":"Peace Research Institute Frankfurt \/ Leibniz Institut Hessische Stiftung Friedens- und Konfliktforschung","publisher":{"@id":"https:\/\/blog.prif.org\/en\/#organization"},"potentialAction":[{"@type":"SearchAction","target":{"@type":"EntryPoint","urlTemplate":"https:\/\/blog.prif.org\/en\/?s={search_term_string}"},"query-input":{"@type":"PropertyValueSpecification","valueRequired":true,"valueName":"search_term_string"}}],"inLanguage":"en-US"},{"@type":"Organization","@id":"https:\/\/blog.prif.org\/en\/#organization","name":"Peace Research Institute Frankfurt \/ Leibniz Institut Hessische Stiftung Friedens- und Konfliktforschung","url":"https:\/\/blog.prif.org\/en\/","logo":{"@type":"ImageObject","inLanguage":"en-US","@id":"https:\/\/blog.prif.org\/en\/#\/schema\/logo\/image\/","url":"https:\/\/blog.prif.org\/wp-content\/uploads\/2023\/09\/cropped-blog_rgb.png","contentUrl":"https:\/\/blog.prif.org\/wp-content\/uploads\/2023\/09\/cropped-blog_rgb.png","width":750,"height":226,"caption":"Peace Research Institute Frankfurt \/ Leibniz Institut Hessische Stiftung Friedens- und Konfliktforschung"},"image":{"@id":"https:\/\/blog.prif.org\/en\/#\/schema\/logo\/image\/"},"sameAs":["https:\/\/www.facebook.com\/HSFK.PRIF","https:\/\/x.com\/HSFK_PRIF","https:\/\/www.linkedin.com\/company\/8912786\/"]}]}},"_links":{"self":[{"href":"https:\/\/blog.prif.org\/en\/wp-json\/wp\/v2\/episodes\/8305","targetHints":{"allow":["GET"]}}],"collection":[{"href":"https:\/\/blog.prif.org\/en\/wp-json\/wp\/v2\/episodes"}],"about":[{"href":"https:\/\/blog.prif.org\/en\/wp-json\/wp\/v2\/types\/podcast"}],"author":[{"embeddable":true,"href":"https:\/\/blog.prif.org\/en\/wp-json\/wp\/v2\/users\/48"}],"replies":[{"embeddable":true,"href":"https:\/\/blog.prif.org\/en\/wp-json\/wp\/v2\/comments?post=8305"}],"version-history":[{"count":8,"href":"https:\/\/blog.prif.org\/en\/wp-json\/wp\/v2\/episodes\/8305\/revisions"}],"predecessor-version":[{"id":9742,"href":"https:\/\/blog.prif.org\/en\/wp-json\/wp\/v2\/episodes\/8305\/revisions\/9742"}],"wp:featuredmedia":[{"embeddable":true,"href":"https:\/\/blog.prif.org\/en\/wp-json\/wp\/v2\/media\/9720"}],"wp:attachment":[{"href":"https:\/\/blog.prif.org\/en\/wp-json\/wp\/v2\/media?parent=8305"}],"wp:term":[{"taxonomy":"category","embeddable":true,"href":"https:\/\/blog.prif.org\/en\/wp-json\/wp\/v2\/categories?post=8305"},{"taxonomy":"post_tag","embeddable":true,"href":"https:\/\/blog.prif.org\/en\/wp-json\/wp\/v2\/tags?post=8305"},{"taxonomy":"author","embeddable":true,"href":"https:\/\/blog.prif.org\/en\/wp-json\/wp\/v2\/coauthors?post=8305"}],"curies":[{"name":"wp","href":"https:\/\/api.w.org\/{rel}","templated":true}]}}