{"id":8734,"date":"2023-07-27T15:08:15","date_gmt":"2023-07-27T13:08:15","guid":{"rendered":"podlove-2023-07-27t09:26:58+00:00-274926b4426fb62"},"modified":"2025-06-10T13:06:59","modified_gmt":"2025-06-10T11:06:59","slug":"podcast-007-das-friedensgutachten-2023","status":"publish","type":"podcast","link":"https:\/\/blog.prif.org\/en\/2023\/07\/27\/podcast-007-das-friedensgutachten-2023\/","title":{"rendered":"PRIF talk #007 \/\/ Das Friedensgutachten 2023"},"content":{"rendered":"\n\t\t\n            <div class=\"podlove-web-player intrinsic-ignore podlove-web-player-loading\" id=\"player-69edc4580a895\"><root data-test=\"player--xl\" style=\"max-width:100%;min-width:260px;\">\n  <div class=\"tablet:px-6 tablet:pt-6 mobile:px-4 mobile:pt-4 flex flex-col\">\n    <div class=\"flex-col items-center mobile:flex tablet:hidden\">\n      <show-title class=\"text-sm\"><\/show-title>\n      <episode-title class=\"text-base mb-2\"><\/episode-title>\n      <subscribe-button class=\"mb-4 mobile:flex tablet:hidden\"><\/subscribe-button>\n      <poster class=\"rounded-sm w-48 shadow overflow-hidden\"><\/poster>\n      <divider class=\"w-full my-6\"><\/divider>\n    <\/div>\n\n    <div class=\"tablet:flex flex-grow\">\n      <div class=\"w-64 mobile:hidden tablet:block tablet:mr-6\">\n        <poster class=\"rounded-sm shadow overflow-hidden\"><\/poster>\n      <\/div>\n      <div class=\"w-full\">\n        <div class=\"hidden tablet:block\">\n          <show-title class=\"text-base\"><\/show-title>\n          <episode-title class=\"text-xl desktop:text-2xl\"><\/episode-title>\n          <divider class=\"w-full my-4\"><\/divider>\n        <\/div>\n        <div class=\"flex items-center justify-between\">\n          <div class=\"block\">\n            <play-state on=\"active\">\n              <speed-control class=\"flex items-center\"><\/speed-control>\n            <\/play-state>\n          <\/div>\n\n          <div class=\"flex\">\n            <play-state on=\"active\">\n              <chapter-previous class=\"mx-2 block\"><\/chapter-previous>\n            <\/play-state>\n            <play-state on=\"active\">\n              <step-backward class=\"mx-2 block\"><\/step-backward>\n            <\/play-state>\n\n            <play-button class=\"mx-2 block\" :label=\"$t('PLAYER.PLAY_EPISODE')\"><\/play-button>\n\n            <play-state on=\"active\">\n              <step-forward class=\"mx-2 block\"><\/step-forward>\n            <\/play-state>\n            <play-state on=\"active\">\n              <chapter-next class=\"mx-2 block\"><\/chapter-next>\n            <\/play-state>\n          <\/div>\n\n          <div class=\"block\">\n            <play-state on=\"active\">\n              <volume-control class=\"flex items-center\"><\/volume-control>\n            <\/play-state>\n          <\/div>\n        <\/div>\n        <div class=\"flex w-full\">\n          <progress-bar><\/progress-bar>\n        <\/div>\n        <div class=\"flex w-full -mt-2\">\n          <div class=\"w-3\/12 text-left\">\n            <timer-current class=\"text-sm\"><\/timer-current>\n          <\/div>\n          <div class=\"w-6\/12 text-center truncate\">\n            <play-state on=\"active\">\n              <current-chapter class=\"text-sm\"><\/current-chapter>\n            <\/play-state>\n          <\/div>\n          <div class=\"w-3\/12 text-right\">\n            <timer-duration class=\"text-sm\"><\/timer-duration>\n          <\/div>\n        <\/div>\n      <\/div>\n    <\/div>\n    <divider class=\"w-full mt-6 mb-3\"><\/divider>\n    <div class=\"flex justify-between\">\n      <div class=\"flex mobile:w-full tablet:w-3\/12 desktop:w-3\/12 justify-between\">\n        <tab-trigger tab=\"chapters\">\n          <icon type=\"chapter\"><\/icon>\n        <\/tab-trigger>\n        <tab-trigger tab=\"transcripts\">\n          <icon type=\"transcripts\"><\/icon>\n        <\/tab-trigger>\n        <tab-trigger tab=\"files\">\n          <icon type=\"download\"><\/icon>\n        <\/tab-trigger>\n        <tab-trigger tab=\"playlist\">\n          <icon type=\"playlist\"><\/icon>\n        <\/tab-trigger>\n        <tab-trigger tab=\"share\">\n          <icon type=\"share\"><\/icon>\n        <\/tab-trigger>\n      <\/div>\n      <subscribe-button class=\"mt-1 mobile:hidden tablet:flex\"><\/subscribe-button>\n    <\/div>\n  <\/div>\n  <div class=\"w-full relative overflow-hidden\">\n    <tab name=\"chapters\">\n      <tab-chapters><\/tab-chapters>\n    <\/tab>\n    <tab name=\"transcripts\">\n      <tab-transcripts><\/tab-transcripts>\n    <\/tab>\n    <tab name=\"files\">\n      <tab-files><\/tab-files>\n    <\/tab>\n    <tab name=\"playlist\">\n      <tab-playlist><\/tab-playlist>\n    <\/tab>\n    <tab name=\"share\">\n      <tab-share><\/tab-share>\n    <\/tab>\n    <tab-overflow><\/tab-overflow>\n  <\/div>\n  <error><\/error>\n<\/root>\n<\/div>\n            <script>\n              document.addEventListener(\"DOMContentLoaded\", function() {\n                var player = document.getElementById(\"player-69edc4580a895\");\n                podlovePlayerCache.add([{\"url\":\"https:\\\/\\\/blog.prif.org\\\/en\\\/wp-json\\\/podlove-web-player\\\/shortcode\\\/publisher\\\/8734\",\"data\":{\"version\":5,\"show\":{\"title\":\"PRIF talk\",\"subtitle\":\"Der Podcast des Peace Research Institute Frankfurt\",\"summary\":\"Etwa 60 Wissenschaftlerinnen und Wissenschaftler forschen bei PRIF. Sie bearbeiten ihre Forschungsprojekte und Dissertationen, gehen auf Feldforschung und internationale Konferenzen, bilden wissenschaftlichen Nachwuchs aus. Aber sie sind auch aktiv in der Politikberatung, beteiligen sich an Podiumsdiskussionen oder geben den Medien Experteninterviews \\u2013 die T\\u00e4tigkeiten sind vielf\\u00e4ltig und das sind auch die Themen.  \\r\\nIn unserem Podcast sprechen wir regelm\\u00e4\\u00dfig mit unseren Wissenschaftlerinnen und Wissenschaftlern \\u00fcber ihre Forschungsthemen und Projekte und diskutieren aktuelle Fragen, Debatten und Entwicklungen der Friedens- und Konfliktforschung.\",\"poster\":\"https:\\\/\\\/blog.prif.org\\\/wp-content\\\/uploads\\\/2023\\\/09\\\/PRIF-Podcast-Icon_petrol_neues_Logo.png\",\"link\":\"https:\\\/\\\/blog.prif.org\\\/en\\\/\"},\"title\":\"PRIF talk #007 \\\/\\\/ Das Friedensgutachten 2023\",\"subtitle\":\"Gespr\\u00e4ch mit Claudia Baumgart-Ochse und Sascha Hach zum Friedensgutachten 2023 und zu einer zeitgem\\u00e4\\u00dfen R\\u00fcstungskontrollpolitik.\",\"summary\":\"Welchen Beitrag leisten die Forschungsinstitute mit dem Friedensgutachten? Wie l\\u00e4uft der Entstehungsprozess des Friedensgutachtens? Was ist unter strategischer Stabilit\\u00e4t zu verstehen? Und kann Russland noch ein Partner in der R\\u00fcstungskontrolle sein? \\u00dcber das Friedensgutachten 2023 \\u201eNoch lange kein Frieden\\u201c und insbesondere Kapitel 3 \\u201eR\\u00fcstungsdynamiken\\u201c diskutieren wir mit Claudia Baumgart-Ochse und Sascha Hach.\",\"publicationDate\":\"2023-07-27T15:08:15+02:00\",\"duration\":\"00:27:06.911\",\"poster\":\"https:\\\/\\\/blog.prif.org\\\/episoden\\\/007_FGA-2023-Claudia-Baumgart-Ochse-Sascha-Hach.jpg\",\"link\":\"https:\\\/\\\/blog.prif.org\\\/en\\\/2023\\\/07\\\/27\\\/podcast-007-das-friedensgutachten-2023\\\/\",\"chapters\":[],\"audio\":[{\"url\":\"https:\\\/\\\/blog.prif.org\\\/en\\\/podlove\\\/file\\\/262\\\/s\\\/webplayer\\\/c\\\/website\\\/007_FGA-2023-Claudia-Baumgart-Ochse-Sascha-Hach.m4a\",\"size\":\"26877290\",\"title\":\"MPEG-4 AAC Audio (m4a)\",\"mimeType\":\"audio\\\/mp4\"},{\"url\":\"https:\\\/\\\/blog.prif.org\\\/en\\\/podlove\\\/file\\\/263\\\/s\\\/webplayer\\\/c\\\/website\\\/007_FGA-2023-Claudia-Baumgart-Ochse-Sascha-Hach.ogg\",\"size\":\"82026287\",\"title\":\"Ogg Vorbis Audio (ogg)\",\"mimeType\":\"audio\\\/ogg\"},{\"url\":\"https:\\\/\\\/blog.prif.org\\\/en\\\/podlove\\\/file\\\/264\\\/s\\\/webplayer\\\/c\\\/website\\\/007_FGA-2023-Claudia-Baumgart-Ochse-Sascha-Hach.mp3\",\"size\":\"39091610\",\"title\":\"MP3 Audio (mp3)\",\"mimeType\":\"audio\\\/mpeg\"}],\"files\":[{\"url\":\"https:\\\/\\\/blog.prif.org\\\/en\\\/podlove\\\/file\\\/264\\\/s\\\/webplayer\\\/007_FGA-2023-Claudia-Baumgart-Ochse-Sascha-Hach.mp3\",\"size\":\"39091610\",\"title\":\"MP3 Audio\",\"mimeType\":\"audio\\\/mpeg\"},{\"url\":\"https:\\\/\\\/blog.prif.org\\\/en\\\/podlove\\\/file\\\/263\\\/s\\\/webplayer\\\/007_FGA-2023-Claudia-Baumgart-Ochse-Sascha-Hach.ogg\",\"size\":\"82026287\",\"title\":\"Ogg Vorbis Audio\",\"mimeType\":\"audio\\\/ogg\"},{\"url\":\"https:\\\/\\\/blog.prif.org\\\/en\\\/podlove\\\/file\\\/262\\\/s\\\/webplayer\\\/007_FGA-2023-Claudia-Baumgart-Ochse-Sascha-Hach.m4a\",\"size\":\"26877290\",\"title\":\"AAC (m4a)\",\"mimeType\":\"audio\\\/mp4\"},{\"url\":\"https:\\\/\\\/blog.prif.org\\\/en\\\/podlove\\\/file\\\/265\\\/s\\\/webplayer\\\/007_FGA-2023-Claudia-Baumgart-Ochse-Sascha-Hach.jpg\",\"size\":\"235338\",\"title\":\"Episoden-Cover\",\"mimeType\":\"image\\\/jpeg\"}],\"contributors\":[{\"id\":\"8\",\"name\":\"Claudia Baumgart-Ochse\",\"avatar\":\"data:image\\\/svg+xml;base64,PHN2ZyB4bWxucz0iaHR0cDovL3d3dy53My5vcmcvMjAwMC9zdmciIGNsYXNzPSJoLTYgdy02IiBmaWxsPSJub25lIiB2aWV3Qm94PSIwIDAgMjQgMjQiIHN0cm9rZT0iY3VycmVudENvbG9yIj4KICA8cGF0aCBzdHJva2UtbGluZWNhcD0icm91bmQiIHN0cm9rZS1saW5lam9pbj0icm91bmQiIHN0cm9rZS13aWR0aD0iMiIgZD0iTTUuMTIxIDE3LjgwNEExMy45MzcgMTMuOTM3IDAgMDExMiAxNmMyLjUgMCA0Ljg0Ny42NTUgNi44NzkgMS44MDRNMTUgMTBhMyAzIDAgMTEtNiAwIDMgMyAwIDAxNiAwem02IDJhOSA5IDAgMTEtMTggMCA5IDkgMCAwMTE4IDB6IiAvPgo8L3N2Zz4K\",\"role\":{\"id\":\"3\",\"slug\":\"gast\",\"title\":\"Gast\"},\"group\":{\"id\":\"1\",\"slug\":\"onair\",\"title\":\"On Air\"},\"comment\":\"Gast\"},{\"id\":\"9\",\"name\":\"Sascha Hach\",\"avatar\":\"data:image\\\/svg+xml;base64,PHN2ZyB4bWxucz0iaHR0cDovL3d3dy53My5vcmcvMjAwMC9zdmciIGNsYXNzPSJoLTYgdy02IiBmaWxsPSJub25lIiB2aWV3Qm94PSIwIDAgMjQgMjQiIHN0cm9rZT0iY3VycmVudENvbG9yIj4KICA8cGF0aCBzdHJva2UtbGluZWNhcD0icm91bmQiIHN0cm9rZS1saW5lam9pbj0icm91bmQiIHN0cm9rZS13aWR0aD0iMiIgZD0iTTUuMTIxIDE3LjgwNEExMy45MzcgMTMuOTM3IDAgMDExMiAxNmMyLjUgMCA0Ljg0Ny42NTUgNi44NzkgMS44MDRNMTUgMTBhMyAzIDAgMTEtNiAwIDMgMyAwIDAxNiAwem02IDJhOSA5IDAgMTEtMTggMCA5IDkgMCAwMTE4IDB6IiAvPgo8L3N2Zz4K\",\"role\":{\"id\":\"3\",\"slug\":\"gast\",\"title\":\"Gast\"},\"group\":{\"id\":\"1\",\"slug\":\"onair\",\"title\":\"On Air\"},\"comment\":\"Gast\"},{\"id\":\"3\",\"name\":\"Laura Friedrich\",\"avatar\":\"data:image\\\/svg+xml;base64,PHN2ZyB4bWxucz0iaHR0cDovL3d3dy53My5vcmcvMjAwMC9zdmciIGNsYXNzPSJoLTYgdy02IiBmaWxsPSJub25lIiB2aWV3Qm94PSIwIDAgMjQgMjQiIHN0cm9rZT0iY3VycmVudENvbG9yIj4KICA8cGF0aCBzdHJva2UtbGluZWNhcD0icm91bmQiIHN0cm9rZS1saW5lam9pbj0icm91bmQiIHN0cm9rZS13aWR0aD0iMiIgZD0iTTUuMTIxIDE3LjgwNEExMy45MzcgMTMuOTM3IDAgMDExMiAxNmMyLjUgMCA0Ljg0Ny42NTUgNi44NzkgMS44MDRNMTUgMTBhMyAzIDAgMTEtNiAwIDMgMyAwIDAxNiAwem02IDJhOSA5IDAgMTEtMTggMCA5IDkgMCAwMTE4IDB6IiAvPgo8L3N2Zz4K\",\"role\":{\"id\":\"5\",\"slug\":\"moderation_konzept_produktion\",\"title\":\"Moderation\\\/Konzept\\\/Produktion\"},\"group\":{\"id\":\"1\",\"slug\":\"onair\",\"title\":\"On Air\"},\"comment\":\"Moderation\\\/Konzept\\\/Produktion\"},{\"id\":\"2\",\"name\":\"Yvonne Blum\",\"avatar\":\"data:image\\\/svg+xml;base64,PHN2ZyB4bWxucz0iaHR0cDovL3d3dy53My5vcmcvMjAwMC9zdmciIGNsYXNzPSJoLTYgdy02IiBmaWxsPSJub25lIiB2aWV3Qm94PSIwIDAgMjQgMjQiIHN0cm9rZT0iY3VycmVudENvbG9yIj4KICA8cGF0aCBzdHJva2UtbGluZWNhcD0icm91bmQiIHN0cm9rZS1saW5lam9pbj0icm91bmQiIHN0cm9rZS13aWR0aD0iMiIgZD0iTTUuMTIxIDE3LjgwNEExMy45MzcgMTMuOTM3IDAgMDExMiAxNmMyLjUgMCA0Ljg0Ny42NTUgNi44NzkgMS44MDRNMTUgMTBhMyAzIDAgMTEtNiAwIDMgMyAwIDAxNiAwem02IDJhOSA5IDAgMTEtMTggMCA5IDkgMCAwMTE4IDB6IiAvPgo8L3N2Zz4K\",\"role\":{\"id\":\"6\",\"slug\":\"regie_konzept_produktion\",\"title\":\"Regie\\\/Konzept\\\/Produktion\"},\"group\":{\"id\":\"2\",\"slug\":\"offair\",\"title\":\"Off Air\"},\"comment\":\"Regie\\\/Konzept\\\/Produktion\"}]}}, {\"url\":\"https:\\\/\\\/blog.prif.org\\\/en\\\/wp-json\\\/podlove-web-player\\\/shortcode\\\/config\\\/default\\\/theme\\\/default\",\"data\":{\"activeTab\":\"chapters\",\"subscribe-button\":null,\"share\":{\"channels\":[\"link\",\"mail\",\"twitter\",\"linkedin\"],\"outlet\":\"https:\\\/\\\/blog.prif.org\\\/wp-content\\\/plugins\\\/podlove-web-player\\\/web-player\\\/share.html\",\"sharePlaytime\":true},\"related-episodes\":{\"source\":\"podcast\",\"value\":null},\"version\":5,\"playlist\":\"https:\\\/\\\/blog.prif.org\\\/en\\\/wp-json\\\/podlove-web-player\\\/shortcode\\\/podcast\",\"theme\":{\"tokens\":{\"brand\":\"#e3256b\",\"brandDark\":\"#317580\",\"brandDarkest\":\"#1A3A4A\",\"brandLightest\":\"#E9F1F5\",\"shadeDark\":\"#807E7C\",\"shadeBase\":\"#317580\",\"contrast\":\"#000\",\"alt\":\"#fff\"},\"fonts\":{\"ci\":{\"name\":\"ci\",\"family\":[\"-apple-system\",\"BlinkMacSystemFont\",\"Segoe UI\",\"Roboto\",\"Helvetica\",\"Arial\",\"sans-serif\",\"Apple Color Emoji\",\"Segoe UI Emoji\\\", \\\"Segoe UI Symbol\"],\"src\":[],\"weight\":800},\"regular\":{\"name\":\"regular\",\"family\":[\"-apple-system\",\"BlinkMacSystemFont\",\"Segoe UI\",\"Roboto\",\"Helvetica\",\"Arial\",\"sans-serif\",\"Apple Color Emoji\",\"Segoe UI Emoji\\\", \\\"Segoe UI Symbol\"],\"src\":[],\"weight\":300},\"bold\":{\"name\":\"bold\",\"family\":[\"-apple-system\",\"BlinkMacSystemFont\",\"Segoe UI\",\"Roboto\",\"Helvetica\",\"Arial\",\"sans-serif\",\"Apple Color Emoji\",\"Segoe UI Emoji\\\", \\\"Segoe UI Symbol\"],\"src\":[],\"weight\":700}}},\"base\":\"https:\\\/\\\/blog.prif.org\\\/wp-content\\\/plugins\\\/podlove-web-player\\\/web-player\\\/\"}}]);\n                podlovePlayer(player, \"https:\/\/blog.prif.org\/en\/wp-json\/podlove-web-player\/shortcode\/publisher\/8734\", \"https:\/\/blog.prif.org\/en\/wp-json\/podlove-web-player\/shortcode\/config\/default\/theme\/default\").then(function() {\n                  player && player.classList.remove(\"podlove-web-player-loading\");\n                });\n              });\n            <\/script>\n            <style>\n              .podlove-web-player.podlove-web-player-loading {\n                opacity: 0;\n              }\n            <\/style>\n        \n\t\n\t\t\t\t\t\t\n\n\t<div class=\"podlove-contributors-cards\">\n\t\t\t\t\t\n\t\t\t\t<div class=\"podlove-contributors-card\">\n\t\t\t\t\t<div class=\"podlove-contributors-card-inner\">\n\t\t\t\t\t\t<div class=\"podlove-contributors-card-avatar\">\n\t\t\t\t\t\t\t\n<img loading=\"lazy\" decoding=\"async\" alt=\"avatar\" width=\"50\" height=\"50\" src=\"data:image\/svg+xml;base64,PHN2ZyB4bWxucz0iaHR0cDovL3d3dy53My5vcmcvMjAwMC9zdmciIGNsYXNzPSJoLTYgdy02IiBmaWxsPSJub25lIiB2aWV3Qm94PSIwIDAgMjQgMjQiIHN0cm9rZT0iY3VycmVudENvbG9yIj4KICA8cGF0aCBzdHJva2UtbGluZWNhcD0icm91bmQiIHN0cm9rZS1saW5lam9pbj0icm91bmQiIHN0cm9rZS13aWR0aD0iMiIgZD0iTTUuMTIxIDE3LjgwNEExMy45MzcgMTMuOTM3IDAgMDExMiAxNmMyLjUgMCA0Ljg0Ny42NTUgNi44NzkgMS44MDRNMTUgMTBhMyAzIDAgMTEtNiAwIDMgMyAwIDAxNiAwem02IDJhOSA5IDAgMTEtMTggMCA5IDkgMCAwMTE4IDB6IiAvPgo8L3N2Zz4K\"\/>\n\n\t\t\t\t\t\t<\/div>\n\t\t\t\t\t\t<div class=\"podlove-contributors-card-person\">\n\t\t\t\t\t\t\t<div style=\"align-self: center\">\n\t\t\t\t\t\t\t\t<div style=\"font-weight: 400;\">Claudia Baumgart-Ochse<\/div>\n\t\t\t\t\t\t\t\t\t\t\t\t\t\t\t\t\t<div class=\"podlove-contributors-card-person-details\">\n\t\t\t\t\t\t\t\t\t\t<span>Gast<\/span>\n\t\t\t\t\t\t\t\t\t<\/div>\n\t\t\t\t\t\t\t\t\t\t\t\t\t\t\t<\/div>\n\t\t\t\t\t\t\t<div class=\"podlove-contributors-card-services\">\n\t\t\t\t\t\t\t\t\t\t\t\t\t\t\t\t\t\t\t\t\t\t\t\t\t\t\t\t\t\t\t\t\t\t\t\t\t\t\t\t<\/div>\n\t\t\t\t\t\t<\/div>\n\t\t\t\t\t<\/div>\n\t\t\t\t<\/div>\n\n\t\t\t\t\t\t\t\t\n\t\t\t\t<div class=\"podlove-contributors-card\">\n\t\t\t\t\t<div class=\"podlove-contributors-card-inner\">\n\t\t\t\t\t\t<div class=\"podlove-contributors-card-avatar\">\n\t\t\t\t\t\t\t\n<img loading=\"lazy\" decoding=\"async\" alt=\"avatar\" width=\"50\" height=\"50\" src=\"data:image\/svg+xml;base64,PHN2ZyB4bWxucz0iaHR0cDovL3d3dy53My5vcmcvMjAwMC9zdmciIGNsYXNzPSJoLTYgdy02IiBmaWxsPSJub25lIiB2aWV3Qm94PSIwIDAgMjQgMjQiIHN0cm9rZT0iY3VycmVudENvbG9yIj4KICA8cGF0aCBzdHJva2UtbGluZWNhcD0icm91bmQiIHN0cm9rZS1saW5lam9pbj0icm91bmQiIHN0cm9rZS13aWR0aD0iMiIgZD0iTTUuMTIxIDE3LjgwNEExMy45MzcgMTMuOTM3IDAgMDExMiAxNmMyLjUgMCA0Ljg0Ny42NTUgNi44NzkgMS44MDRNMTUgMTBhMyAzIDAgMTEtNiAwIDMgMyAwIDAxNiAwem02IDJhOSA5IDAgMTEtMTggMCA5IDkgMCAwMTE4IDB6IiAvPgo8L3N2Zz4K\"\/>\n\n\t\t\t\t\t\t<\/div>\n\t\t\t\t\t\t<div class=\"podlove-contributors-card-person\">\n\t\t\t\t\t\t\t<div style=\"align-self: center\">\n\t\t\t\t\t\t\t\t<div style=\"font-weight: 400;\">Sascha Hach<\/div>\n\t\t\t\t\t\t\t\t\t\t\t\t\t\t\t\t\t<div class=\"podlove-contributors-card-person-details\">\n\t\t\t\t\t\t\t\t\t\t<span>Gast<\/span>\n\t\t\t\t\t\t\t\t\t<\/div>\n\t\t\t\t\t\t\t\t\t\t\t\t\t\t\t<\/div>\n\t\t\t\t\t\t\t<div class=\"podlove-contributors-card-services\">\n\t\t\t\t\t\t\t\t\t\t\t\t\t\t\t\t\t\t\t\t\t\t\t\t\t\t\t\t\t\t\t\t\t\t\t\t\t\t\t\t<\/div>\n\t\t\t\t\t\t<\/div>\n\t\t\t\t\t<\/div>\n\t\t\t\t<\/div>\n\n\t\t\t\t\t\t\t\t\n\t\t\t\t<div class=\"podlove-contributors-card\">\n\t\t\t\t\t<div class=\"podlove-contributors-card-inner\">\n\t\t\t\t\t\t<div class=\"podlove-contributors-card-avatar\">\n\t\t\t\t\t\t\t\n<img loading=\"lazy\" decoding=\"async\" alt=\"avatar\" width=\"50\" height=\"50\" src=\"data:image\/svg+xml;base64,PHN2ZyB4bWxucz0iaHR0cDovL3d3dy53My5vcmcvMjAwMC9zdmciIGNsYXNzPSJoLTYgdy02IiBmaWxsPSJub25lIiB2aWV3Qm94PSIwIDAgMjQgMjQiIHN0cm9rZT0iY3VycmVudENvbG9yIj4KICA8cGF0aCBzdHJva2UtbGluZWNhcD0icm91bmQiIHN0cm9rZS1saW5lam9pbj0icm91bmQiIHN0cm9rZS13aWR0aD0iMiIgZD0iTTUuMTIxIDE3LjgwNEExMy45MzcgMTMuOTM3IDAgMDExMiAxNmMyLjUgMCA0Ljg0Ny42NTUgNi44NzkgMS44MDRNMTUgMTBhMyAzIDAgMTEtNiAwIDMgMyAwIDAxNiAwem02IDJhOSA5IDAgMTEtMTggMCA5IDkgMCAwMTE4IDB6IiAvPgo8L3N2Zz4K\"\/>\n\n\t\t\t\t\t\t<\/div>\n\t\t\t\t\t\t<div class=\"podlove-contributors-card-person\">\n\t\t\t\t\t\t\t<div style=\"align-self: center\">\n\t\t\t\t\t\t\t\t<div style=\"font-weight: 400;\">Laura Friedrich<\/div>\n\t\t\t\t\t\t\t\t\t\t\t\t\t\t\t\t\t<div class=\"podlove-contributors-card-person-details\">\n\t\t\t\t\t\t\t\t\t\t<span>Moderation\/Konzept\/Produktion<\/span>\n\t\t\t\t\t\t\t\t\t<\/div>\n\t\t\t\t\t\t\t\t\t\t\t\t\t\t\t<\/div>\n\t\t\t\t\t\t\t<div class=\"podlove-contributors-card-services\">\n\t\t\t\t\t\t\t\t\t\t\t\t\t\t\t\t\t\t\t\t\t\t\t\t\t\t\t\t\t\t\t\t\t\t\t\t\t\t\t\t<\/div>\n\t\t\t\t\t\t<\/div>\n\t\t\t\t\t<\/div>\n\t\t\t\t<\/div>\n\n\t\t\t\t\t\t\t\t\n\t\t\t\t<div class=\"podlove-contributors-card\">\n\t\t\t\t\t<div class=\"podlove-contributors-card-inner\">\n\t\t\t\t\t\t<div class=\"podlove-contributors-card-avatar\">\n\t\t\t\t\t\t\t\n<img loading=\"lazy\" decoding=\"async\" alt=\"avatar\" width=\"50\" height=\"50\" src=\"data:image\/svg+xml;base64,PHN2ZyB4bWxucz0iaHR0cDovL3d3dy53My5vcmcvMjAwMC9zdmciIGNsYXNzPSJoLTYgdy02IiBmaWxsPSJub25lIiB2aWV3Qm94PSIwIDAgMjQgMjQiIHN0cm9rZT0iY3VycmVudENvbG9yIj4KICA8cGF0aCBzdHJva2UtbGluZWNhcD0icm91bmQiIHN0cm9rZS1saW5lam9pbj0icm91bmQiIHN0cm9rZS13aWR0aD0iMiIgZD0iTTUuMTIxIDE3LjgwNEExMy45MzcgMTMuOTM3IDAgMDExMiAxNmMyLjUgMCA0Ljg0Ny42NTUgNi44NzkgMS44MDRNMTUgMTBhMyAzIDAgMTEtNiAwIDMgMyAwIDAxNiAwem02IDJhOSA5IDAgMTEtMTggMCA5IDkgMCAwMTE4IDB6IiAvPgo8L3N2Zz4K\"\/>\n\n\t\t\t\t\t\t<\/div>\n\t\t\t\t\t\t<div class=\"podlove-contributors-card-person\">\n\t\t\t\t\t\t\t<div style=\"align-self: center\">\n\t\t\t\t\t\t\t\t<div style=\"font-weight: 400;\">Yvonne Blum<\/div>\n\t\t\t\t\t\t\t\t\t\t\t\t\t\t\t\t\t<div class=\"podlove-contributors-card-person-details\">\n\t\t\t\t\t\t\t\t\t\t<span>Regie\/Konzept\/Produktion<\/span>\n\t\t\t\t\t\t\t\t\t<\/div>\n\t\t\t\t\t\t\t\t\t\t\t\t\t\t\t<\/div>\n\t\t\t\t\t\t\t<div class=\"podlove-contributors-card-services\">\n\t\t\t\t\t\t\t\t\t\t\t\t\t\t\t\t\t\t\t\t\t\t\t\t\t\t\t\t\t\t\t\t\t\t\t\t\t\t\t\t<\/div>\n\t\t\t\t\t\t<\/div>\n\t\t\t\t\t<\/div>\n\t\t\t\t<\/div>\n\n\t\t\t\t\t\t<\/div>\n\n\t<style>\n\t\t.podlove-contributors-cards {\n\t\t\tmargin-bottom: 1rem;\n\t\t\tbackground: white;\n\t\t\toverflow: hidden;\n\t\t\tborder-radius: 0.375rem;\n\t\t\tbox-shadow: 0 1px 3px 0 rgba(0, 0, 0, 0.1), 0 1px 2px 0 rgba(0, 0, 0, 0.06);\n\t\t}\n\t\t.podlove-contributors-card {\n\t\t\tdisplay: flex;\n\t\t\talign-items: center;\n\t\t\tpadding: 1rem 1.5rem\n\t\t}\n\t\t.podlove-contributors-card-inner {\n\t\t\tdisplay: flex;\n\t\t\talign-items: center;\n\t\t\tflex: 1 1 0;\n\t\t\tmin-width: 0;\n\t\t}\n\t\t.podlove-contributors-card-avatar {\n\t\t\twidth: 50px;\n\t\t\theight: 50px;\n\t\t\tborder-radius: 0.25rem;\n\t\t\toverflow: hidden;\n\t\t\tflex-shrink: 0;\n\t\t}\n\t\t.podlove-contributors-card-person {\n\t\t\tflex: 1 1 0;\n\t\t\tmin-width: 0;\n\t\t\tpadding: 0 1rem;\n\t\t\tdisplay: grid;\n\t\t\tgrid-template-columns: repeat(2, minmax(0, 1fr));\n\t\t\tgap: 1rem;\n\t\t}\n\t\t.podlove-contributors-card-person-details {\n\t\t\tcolor: #999\n\t\t}\n\t\t.podlove-contributors-card-services {\n\t\t\tflex-wrap: wrap;\n\t\t\tdisplay: flex;\n\t\t\talign-items: center;\n\t\t\talign-content: center;\n\t\t\tjustify-content: flex-end;\n\t\t}\n\t\t.podlove-contributors-card-services-service {\n\t\t\tdisplay: inline-block;\n\t\t\tflex-shrink: 0;\n\t\t\tpadding-left: 0.5rem;\n\t\t\ttext-decoration: none;\n\t\t\tbox-shadow: none;\n\t\t}\n\t<\/style>\n\n\n\t\n<p>Seit 1987 ver\u00f6ffentlichen das Peace Research Institute Frankfurt (PRIF), das Bonn International Center for Conflict Studies (BICC), das Institut f\u00fcr Friedensforschung und Sicherheitspolitik an der Universit\u00e4t Hamburg (IFSH) und das Institut f\u00fcr Entwicklung und Frieden (INEF) der Universit\u00e4t Duisburg-Essen j\u00e4hrlich ein gemeinsames Gutachten, in dem internationale Konflikte analysiert und klare Handlungsempfehlungen f\u00fcr die Au\u00dfen-, Sicherheits- und Entwicklungspolitik gegeben werden. In diesem Jahr steht das Friedensgutachten unter dem Titel \u201eNoch lange kein Frieden\u201c.<\/p>\n<p>Welchen Beitrag die vier Forschungsinstitute mit dem Friedensgutachten leisten wollen, wie die Abl\u00e4ufe und die Zusammenarbeit zwischen den Instituten w\u00e4hrend des Entstehungsprozesses funktionieren, und ob der diesj\u00e4hrige Titel ein Ausdruck von Pessimismus ist, diskutieren wir mit Claudia Baumgart-Ochse. Sascha Hach gibt uns einen Einblick in die Thematik des Kapitel 3 \u201eR\u00fcstungsdynamiken\u201c des Friedensgutachtens und er\u00f6rtert, was unter strategischer Stabilit\u00e4t zu verstehen ist, wie eine zeitgem\u00e4\u00dfe R\u00fcstungskontrollpolitik aussehen kann, und ob und inwiefern eine Kooperation mit Russland in diesem Bereich noch m\u00f6glich ist.<\/p>\n<p><a href=\"https:\/\/www.hsfk.de\/team\/mitarbeiter\/claudia-baumgart-ochse\" target=\"_blank\" rel=\"noopener\">Claudia Baumgart-Ochse<\/a> leitet am PRIF den Programmbereich \u201eTransnationale Politik\u201c und besch\u00e4ftigt sich in ihrer Forschung u.a. mit der Rolle von Religion in Konflikten, der Politik Israels und dem Nahost-Konflikt. Seit 2017 ist sie die Redaktionsleiterin des Friedensgutachtens.<\/p>\n<p><a href=\"https:\/\/www.hsfk.de\/team\/mitarbeiter\/sascha-hach\" target=\"_blank\" rel=\"noopener\">Sascha Hach<\/a> ist wissenschaftlicher Mitarbeiter und Doktorand im Programmbereich \u201eInternationale Sicherheit\u201c am PRIF. In seiner Forschung besch\u00e4ftigt er sich mit Abr\u00fcstung und R\u00fcstungskontrolle, Nuklearwaffen, Deutscher Au\u00dfenpolitik sowie den Vereinten Nationen. Er ist Co-Autor des diesj\u00e4hrigen Kapitels zu R\u00fcstungsdynamiken im Friedensgutachten.<\/p>\n<p>*Shownotes*<\/p>\n<ul>\n<li><a href=\"https:\/\/friedensgutachten.de\/\" target=\"_blank\" rel=\"noopener\">Website des Friedensgutachtens<\/a><\/li>\n<li>Herausgebende Institute des Friedensgutachtens:\n<ul>\n<li><a href=\"https:\/\/www.hsfk.de\/\" target=\"_blank\" rel=\"noopener\">Peace Research Institute Frankfurt (PRIF)<\/a><\/li>\n<li><a href=\"https:\/\/www.bicc.de\/\" target=\"_blank\" rel=\"noopener\">Bonn International Center for Conflict Studies (BICC)<\/a><\/li>\n<li><a href=\"https:\/\/ifsh.de\/\" target=\"_blank\" rel=\"noopener\">Institut f\u00fcr Friedensforschung und Sicherheitspolitik an der Universit\u00e4t Hamburg (IFSH)<\/a><\/li>\n<li><a href=\"https:\/\/www.uni-due.de\/inef\/\" target=\"_blank\" rel=\"noopener\">Institut f\u00fcr Entwicklung und Frieden der Universit\u00e4t Duisburg-Essen (INEF)<\/a><\/li>\n<\/ul>\n<\/li>\n<li><a href=\"https:\/\/friedensgutachten.de\/user\/pages\/02.2023\/02.ausgabe\/01.gesamt\/FGA2023_Gesamt.pdf\" target=\"_blank\" rel=\"noopener\">Friedensgutachten 2023: \u201eNoch lange kein Frieden\u201c<\/a><\/li>\n<li><a href=\"https:\/\/friedensgutachten.de\/user\/pages\/02.2023\/02.ausgabe\/07.ruestungsdynamiken\/FGA2023_3.pdf\" target=\"_blank\" rel=\"noopener\">Kapitel 3 des Friedensgutachtens 2023: \u201eR\u00fcstungsdynamiken\u201c<\/a><\/li>\n<li><a href=\"https:\/\/www.youtube.com\/watch?v=MCe7VcJRmrE\" target=\"_blank\" rel=\"noopener\">YouTube-Video: Vorstellung des Friedensgutachtens auf der Bundespressekonferenz\u00a0<\/a><\/li>\n<\/ul>\n<p>&nbsp;<\/p>\n<p>&nbsp;<\/p>\n<p>&nbsp;<\/p>\n","protected":false},"author":193,"featured_media":9721,"comment_status":"closed","ping_status":"closed","template":"","meta":{"_acf_changed":false,"footnotes":""},"categories":[545],"tags":[426,935,287,270,421,869,549],"coauthors":[697,624,757,761],"class_list":["post-8734","podcast","type-podcast","status-publish","has-post-thumbnail","hentry","category-podcast","tag-aussenpolitik","tag-friedensgutachten","tag-russland","tag-ruestungskontrolle","tag-sicherheit","tag-sicherheitspolitik","tag-ukraine","post"],"acf":[],"yoast_head":"<!-- This site is optimized with the Yoast SEO plugin v26.1.1 - https:\/\/yoast.com\/wordpress\/plugins\/seo\/ -->\n<title>PRIF talk #007 \/\/ Das Friedensgutachten 2023 - PRIF BLOG<\/title>\n<meta name=\"description\" content=\"Gespr\u00e4ch mit Claudia Baumgart-Ochse und Sascha Hach zum Friedensgutachten 2023 und zu einer zeitgem\u00e4\u00dfen R\u00fcstungskontrollpolitik.\" \/>\n<meta name=\"robots\" content=\"index, follow, max-snippet:-1, max-image-preview:large, max-video-preview:-1\" \/>\n<link rel=\"canonical\" href=\"https:\/\/blog.prif.org\/en\/2023\/07\/27\/podcast-007-das-friedensgutachten-2023\/\" \/>\n<meta property=\"og:locale\" content=\"en_US\" \/>\n<meta property=\"og:type\" content=\"article\" \/>\n<meta property=\"og:title\" content=\"PRIF talk #007 \/\/ Das Friedensgutachten 2023 - PRIF BLOG\" \/>\n<meta property=\"og:description\" content=\"Gespr\u00e4ch mit Claudia Baumgart-Ochse und Sascha Hach zum Friedensgutachten 2023 und zu einer zeitgem\u00e4\u00dfen R\u00fcstungskontrollpolitik.\" \/>\n<meta property=\"og:url\" content=\"https:\/\/blog.prif.org\/en\/2023\/07\/27\/podcast-007-das-friedensgutachten-2023\/\" \/>\n<meta property=\"og:site_name\" content=\"PRIF BLOG\" \/>\n<meta property=\"article:publisher\" content=\"https:\/\/www.facebook.com\/HSFK.PRIF\" \/>\n<meta property=\"article:modified_time\" content=\"2025-06-10T11:06:59+00:00\" \/>\n<meta property=\"og:image\" content=\"https:\/\/blog.prif.org\/wp-content\/uploads\/2024\/07\/PRIF-Podcast-Key-Visual-Blog-007.png\" \/>\n\t<meta property=\"og:image:width\" content=\"750\" \/>\n\t<meta property=\"og:image:height\" content=\"410\" \/>\n\t<meta property=\"og:image:type\" content=\"image\/png\" \/>\n<meta name=\"twitter:card\" content=\"summary_large_image\" \/>\n<meta name=\"twitter:site\" content=\"@HSFK_PRIF\" \/>\n<meta name=\"twitter:label1\" content=\"Est. reading time\" \/>\n\t<meta name=\"twitter:data1\" content=\"2 minutes\" \/>\n\t<meta name=\"twitter:label2\" content=\"Written by\" \/>\n\t<meta name=\"twitter:data2\" content=\"Claudia Baumgart-Ochse, Sascha Hach, Laura Friedrich, Yvonne Blum\" \/>\n<script type=\"application\/ld+json\" class=\"yoast-schema-graph\">{\"@context\":\"https:\/\/schema.org\",\"@graph\":[{\"@type\":\"WebPage\",\"@id\":\"https:\/\/blog.prif.org\/en\/2023\/07\/27\/podcast-007-das-friedensgutachten-2023\/\",\"url\":\"https:\/\/blog.prif.org\/en\/2023\/07\/27\/podcast-007-das-friedensgutachten-2023\/\",\"name\":\"PRIF talk #007 \/\/ Das Friedensgutachten 2023 - PRIF BLOG\",\"isPartOf\":{\"@id\":\"https:\/\/blog.prif.org\/en\/#website\"},\"primaryImageOfPage\":{\"@id\":\"https:\/\/blog.prif.org\/en\/2023\/07\/27\/podcast-007-das-friedensgutachten-2023\/#primaryimage\"},\"image\":{\"@id\":\"https:\/\/blog.prif.org\/en\/2023\/07\/27\/podcast-007-das-friedensgutachten-2023\/#primaryimage\"},\"thumbnailUrl\":\"https:\/\/blog.prif.org\/wp-content\/uploads\/2024\/07\/PRIF-Podcast-Key-Visual-Blog-007.png\",\"datePublished\":\"2023-07-27T13:08:15+00:00\",\"dateModified\":\"2025-06-10T11:06:59+00:00\",\"description\":\"Gespr\u00e4ch mit Claudia Baumgart-Ochse und Sascha Hach zum Friedensgutachten 2023 und zu einer zeitgem\u00e4\u00dfen R\u00fcstungskontrollpolitik.\",\"breadcrumb\":{\"@id\":\"https:\/\/blog.prif.org\/en\/2023\/07\/27\/podcast-007-das-friedensgutachten-2023\/#breadcrumb\"},\"inLanguage\":\"en-US\",\"potentialAction\":[{\"@type\":\"ReadAction\",\"target\":[\"https:\/\/blog.prif.org\/en\/2023\/07\/27\/podcast-007-das-friedensgutachten-2023\/\"]}]},{\"@type\":\"ImageObject\",\"inLanguage\":\"en-US\",\"@id\":\"https:\/\/blog.prif.org\/en\/2023\/07\/27\/podcast-007-das-friedensgutachten-2023\/#primaryimage\",\"url\":\"https:\/\/blog.prif.org\/wp-content\/uploads\/2024\/07\/PRIF-Podcast-Key-Visual-Blog-007.png\",\"contentUrl\":\"https:\/\/blog.prif.org\/wp-content\/uploads\/2024\/07\/PRIF-Podcast-Key-Visual-Blog-007.png\",\"width\":750,\"height\":410,\"caption\":\"Ein Podcast-Mikrofon und ein Kopfh\u00f6rer werden abgebildet, untertitelt mit dem Namen das Podcast \\\"PRIF talk\\\". Zus\u00e4tzlich wird die Episode \\\"#007 mit Claudia Baumgart-Ochse & Sascha Hach\\\" angezeigt.\"},{\"@type\":\"BreadcrumbList\",\"@id\":\"https:\/\/blog.prif.org\/en\/2023\/07\/27\/podcast-007-das-friedensgutachten-2023\/#breadcrumb\",\"itemListElement\":[{\"@type\":\"ListItem\",\"position\":1,\"name\":\"Startseite\",\"item\":\"https:\/\/blog.prif.org\/en\/\"},{\"@type\":\"ListItem\",\"position\":2,\"name\":\"Episodes\",\"item\":\"https:\/\/blog.prif.org\/en\/podcast\/\"},{\"@type\":\"ListItem\",\"position\":3,\"name\":\"PRIF talk #007 \/\/ Das Friedensgutachten 2023\"}]},{\"@type\":\"WebSite\",\"@id\":\"https:\/\/blog.prif.org\/en\/#website\",\"url\":\"https:\/\/blog.prif.org\/en\/\",\"name\":\"PRIF BLOG\",\"description\":\"Peace Research Institute Frankfurt \/ Leibniz Institut Hessische Stiftung Friedens- und Konfliktforschung\",\"publisher\":{\"@id\":\"https:\/\/blog.prif.org\/en\/#organization\"},\"potentialAction\":[{\"@type\":\"SearchAction\",\"target\":{\"@type\":\"EntryPoint\",\"urlTemplate\":\"https:\/\/blog.prif.org\/en\/?s={search_term_string}\"},\"query-input\":{\"@type\":\"PropertyValueSpecification\",\"valueRequired\":true,\"valueName\":\"search_term_string\"}}],\"inLanguage\":\"en-US\"},{\"@type\":\"Organization\",\"@id\":\"https:\/\/blog.prif.org\/en\/#organization\",\"name\":\"Peace Research Institute Frankfurt \/ Leibniz Institut Hessische Stiftung Friedens- und Konfliktforschung\",\"url\":\"https:\/\/blog.prif.org\/en\/\",\"logo\":{\"@type\":\"ImageObject\",\"inLanguage\":\"en-US\",\"@id\":\"https:\/\/blog.prif.org\/en\/#\/schema\/logo\/image\/\",\"url\":\"https:\/\/blog.prif.org\/wp-content\/uploads\/2023\/09\/cropped-blog_rgb.png\",\"contentUrl\":\"https:\/\/blog.prif.org\/wp-content\/uploads\/2023\/09\/cropped-blog_rgb.png\",\"width\":750,\"height\":226,\"caption\":\"Peace Research Institute Frankfurt \/ Leibniz Institut Hessische Stiftung Friedens- und Konfliktforschung\"},\"image\":{\"@id\":\"https:\/\/blog.prif.org\/en\/#\/schema\/logo\/image\/\"},\"sameAs\":[\"https:\/\/www.facebook.com\/HSFK.PRIF\",\"https:\/\/x.com\/HSFK_PRIF\",\"https:\/\/www.linkedin.com\/company\/8912786\/\"]}]}<\/script>\n<!-- \/ Yoast SEO plugin. -->","yoast_head_json":{"title":"PRIF talk #007 \/\/ Das Friedensgutachten 2023 - PRIF BLOG","description":"Gespr\u00e4ch mit Claudia Baumgart-Ochse und Sascha Hach zum Friedensgutachten 2023 und zu einer zeitgem\u00e4\u00dfen R\u00fcstungskontrollpolitik.","robots":{"index":"index","follow":"follow","max-snippet":"max-snippet:-1","max-image-preview":"max-image-preview:large","max-video-preview":"max-video-preview:-1"},"canonical":"https:\/\/blog.prif.org\/en\/2023\/07\/27\/podcast-007-das-friedensgutachten-2023\/","og_locale":"en_US","og_type":"article","og_title":"PRIF talk #007 \/\/ Das Friedensgutachten 2023 - PRIF BLOG","og_description":"Gespr\u00e4ch mit Claudia Baumgart-Ochse und Sascha Hach zum Friedensgutachten 2023 und zu einer zeitgem\u00e4\u00dfen R\u00fcstungskontrollpolitik.","og_url":"https:\/\/blog.prif.org\/en\/2023\/07\/27\/podcast-007-das-friedensgutachten-2023\/","og_site_name":"PRIF BLOG","article_publisher":"https:\/\/www.facebook.com\/HSFK.PRIF","article_modified_time":"2025-06-10T11:06:59+00:00","og_image":[{"width":750,"height":410,"url":"https:\/\/blog.prif.org\/wp-content\/uploads\/2024\/07\/PRIF-Podcast-Key-Visual-Blog-007.png","type":"image\/png"}],"twitter_card":"summary_large_image","twitter_site":"@HSFK_PRIF","twitter_misc":{"Est. reading time":"2 minutes","Written by":"Claudia Baumgart-Ochse, Sascha Hach, Laura Friedrich, Yvonne Blum"},"schema":{"@context":"https:\/\/schema.org","@graph":[{"@type":"WebPage","@id":"https:\/\/blog.prif.org\/en\/2023\/07\/27\/podcast-007-das-friedensgutachten-2023\/","url":"https:\/\/blog.prif.org\/en\/2023\/07\/27\/podcast-007-das-friedensgutachten-2023\/","name":"PRIF talk #007 \/\/ Das Friedensgutachten 2023 - PRIF BLOG","isPartOf":{"@id":"https:\/\/blog.prif.org\/en\/#website"},"primaryImageOfPage":{"@id":"https:\/\/blog.prif.org\/en\/2023\/07\/27\/podcast-007-das-friedensgutachten-2023\/#primaryimage"},"image":{"@id":"https:\/\/blog.prif.org\/en\/2023\/07\/27\/podcast-007-das-friedensgutachten-2023\/#primaryimage"},"thumbnailUrl":"https:\/\/blog.prif.org\/wp-content\/uploads\/2024\/07\/PRIF-Podcast-Key-Visual-Blog-007.png","datePublished":"2023-07-27T13:08:15+00:00","dateModified":"2025-06-10T11:06:59+00:00","description":"Gespr\u00e4ch mit Claudia Baumgart-Ochse und Sascha Hach zum Friedensgutachten 2023 und zu einer zeitgem\u00e4\u00dfen R\u00fcstungskontrollpolitik.","breadcrumb":{"@id":"https:\/\/blog.prif.org\/en\/2023\/07\/27\/podcast-007-das-friedensgutachten-2023\/#breadcrumb"},"inLanguage":"en-US","potentialAction":[{"@type":"ReadAction","target":["https:\/\/blog.prif.org\/en\/2023\/07\/27\/podcast-007-das-friedensgutachten-2023\/"]}]},{"@type":"ImageObject","inLanguage":"en-US","@id":"https:\/\/blog.prif.org\/en\/2023\/07\/27\/podcast-007-das-friedensgutachten-2023\/#primaryimage","url":"https:\/\/blog.prif.org\/wp-content\/uploads\/2024\/07\/PRIF-Podcast-Key-Visual-Blog-007.png","contentUrl":"https:\/\/blog.prif.org\/wp-content\/uploads\/2024\/07\/PRIF-Podcast-Key-Visual-Blog-007.png","width":750,"height":410,"caption":"Ein Podcast-Mikrofon und ein Kopfh\u00f6rer werden abgebildet, untertitelt mit dem Namen das Podcast \"PRIF talk\". Zus\u00e4tzlich wird die Episode \"#007 mit Claudia Baumgart-Ochse & Sascha Hach\" angezeigt."},{"@type":"BreadcrumbList","@id":"https:\/\/blog.prif.org\/en\/2023\/07\/27\/podcast-007-das-friedensgutachten-2023\/#breadcrumb","itemListElement":[{"@type":"ListItem","position":1,"name":"Startseite","item":"https:\/\/blog.prif.org\/en\/"},{"@type":"ListItem","position":2,"name":"Episodes","item":"https:\/\/blog.prif.org\/en\/podcast\/"},{"@type":"ListItem","position":3,"name":"PRIF talk #007 \/\/ Das Friedensgutachten 2023"}]},{"@type":"WebSite","@id":"https:\/\/blog.prif.org\/en\/#website","url":"https:\/\/blog.prif.org\/en\/","name":"PRIF BLOG","description":"Peace Research Institute Frankfurt \/ Leibniz Institut Hessische Stiftung Friedens- und Konfliktforschung","publisher":{"@id":"https:\/\/blog.prif.org\/en\/#organization"},"potentialAction":[{"@type":"SearchAction","target":{"@type":"EntryPoint","urlTemplate":"https:\/\/blog.prif.org\/en\/?s={search_term_string}"},"query-input":{"@type":"PropertyValueSpecification","valueRequired":true,"valueName":"search_term_string"}}],"inLanguage":"en-US"},{"@type":"Organization","@id":"https:\/\/blog.prif.org\/en\/#organization","name":"Peace Research Institute Frankfurt \/ Leibniz Institut Hessische Stiftung Friedens- und Konfliktforschung","url":"https:\/\/blog.prif.org\/en\/","logo":{"@type":"ImageObject","inLanguage":"en-US","@id":"https:\/\/blog.prif.org\/en\/#\/schema\/logo\/image\/","url":"https:\/\/blog.prif.org\/wp-content\/uploads\/2023\/09\/cropped-blog_rgb.png","contentUrl":"https:\/\/blog.prif.org\/wp-content\/uploads\/2023\/09\/cropped-blog_rgb.png","width":750,"height":226,"caption":"Peace Research Institute Frankfurt \/ Leibniz Institut Hessische Stiftung Friedens- und Konfliktforschung"},"image":{"@id":"https:\/\/blog.prif.org\/en\/#\/schema\/logo\/image\/"},"sameAs":["https:\/\/www.facebook.com\/HSFK.PRIF","https:\/\/x.com\/HSFK_PRIF","https:\/\/www.linkedin.com\/company\/8912786\/"]}]}},"_links":{"self":[{"href":"https:\/\/blog.prif.org\/en\/wp-json\/wp\/v2\/episodes\/8734","targetHints":{"allow":["GET"]}}],"collection":[{"href":"https:\/\/blog.prif.org\/en\/wp-json\/wp\/v2\/episodes"}],"about":[{"href":"https:\/\/blog.prif.org\/en\/wp-json\/wp\/v2\/types\/podcast"}],"author":[{"embeddable":true,"href":"https:\/\/blog.prif.org\/en\/wp-json\/wp\/v2\/users\/193"}],"replies":[{"embeddable":true,"href":"https:\/\/blog.prif.org\/en\/wp-json\/wp\/v2\/comments?post=8734"}],"version-history":[{"count":13,"href":"https:\/\/blog.prif.org\/en\/wp-json\/wp\/v2\/episodes\/8734\/revisions"}],"predecessor-version":[{"id":13785,"href":"https:\/\/blog.prif.org\/en\/wp-json\/wp\/v2\/episodes\/8734\/revisions\/13785"}],"wp:featuredmedia":[{"embeddable":true,"href":"https:\/\/blog.prif.org\/en\/wp-json\/wp\/v2\/media\/9721"}],"wp:attachment":[{"href":"https:\/\/blog.prif.org\/en\/wp-json\/wp\/v2\/media?parent=8734"}],"wp:term":[{"taxonomy":"category","embeddable":true,"href":"https:\/\/blog.prif.org\/en\/wp-json\/wp\/v2\/categories?post=8734"},{"taxonomy":"post_tag","embeddable":true,"href":"https:\/\/blog.prif.org\/en\/wp-json\/wp\/v2\/tags?post=8734"},{"taxonomy":"author","embeddable":true,"href":"https:\/\/blog.prif.org\/en\/wp-json\/wp\/v2\/coauthors?post=8734"}],"curies":[{"name":"wp","href":"https:\/\/api.w.org\/{rel}","templated":true}]}}