{"id":9704,"date":"2024-08-01T10:57:22","date_gmt":"2024-08-01T08:57:22","guid":{"rendered":"podlove-2024-07-29t08:32:51+00:00-1c6541d806c06ae"},"modified":"2025-06-10T13:00:42","modified_gmt":"2025-06-10T11:00:42","slug":"prif-talk-009-ein-freies-recht-zum-krieg","status":"publish","type":"podcast","link":"https:\/\/blog.prif.org\/en\/2024\/08\/01\/prif-talk-009-ein-freies-recht-zum-krieg\/","title":{"rendered":"PRIF talk #009 \/\/ Ein freies Recht zum Krieg?"},"content":{"rendered":"\n\t\t\n            <div class=\"podlove-web-player intrinsic-ignore podlove-web-player-loading\" id=\"player-69ed9f62c9ad6\"><root data-test=\"player--xl\" style=\"max-width:100%;min-width:260px;\">\n  <div class=\"tablet:px-6 tablet:pt-6 mobile:px-4 mobile:pt-4 flex flex-col\">\n    <div class=\"flex-col items-center mobile:flex tablet:hidden\">\n      <show-title class=\"text-sm\"><\/show-title>\n      <episode-title class=\"text-base mb-2\"><\/episode-title>\n      <subscribe-button class=\"mb-4 mobile:flex tablet:hidden\"><\/subscribe-button>\n      <poster class=\"rounded-sm w-48 shadow overflow-hidden\"><\/poster>\n      <divider class=\"w-full my-6\"><\/divider>\n    <\/div>\n\n    <div class=\"tablet:flex flex-grow\">\n      <div class=\"w-64 mobile:hidden tablet:block tablet:mr-6\">\n        <poster class=\"rounded-sm shadow overflow-hidden\"><\/poster>\n      <\/div>\n      <div class=\"w-full\">\n        <div class=\"hidden tablet:block\">\n          <show-title class=\"text-base\"><\/show-title>\n          <episode-title class=\"text-xl desktop:text-2xl\"><\/episode-title>\n          <divider class=\"w-full my-4\"><\/divider>\n        <\/div>\n        <div class=\"flex items-center justify-between\">\n          <div class=\"block\">\n            <play-state on=\"active\">\n              <speed-control class=\"flex items-center\"><\/speed-control>\n            <\/play-state>\n          <\/div>\n\n          <div class=\"flex\">\n            <play-state on=\"active\">\n              <chapter-previous class=\"mx-2 block\"><\/chapter-previous>\n            <\/play-state>\n            <play-state on=\"active\">\n              <step-backward class=\"mx-2 block\"><\/step-backward>\n            <\/play-state>\n\n            <play-button class=\"mx-2 block\" :label=\"$t('PLAYER.PLAY_EPISODE')\"><\/play-button>\n\n            <play-state on=\"active\">\n              <step-forward class=\"mx-2 block\"><\/step-forward>\n            <\/play-state>\n            <play-state on=\"active\">\n              <chapter-next class=\"mx-2 block\"><\/chapter-next>\n            <\/play-state>\n          <\/div>\n\n          <div class=\"block\">\n            <play-state on=\"active\">\n              <volume-control class=\"flex items-center\"><\/volume-control>\n            <\/play-state>\n          <\/div>\n        <\/div>\n        <div class=\"flex w-full\">\n          <progress-bar><\/progress-bar>\n        <\/div>\n        <div class=\"flex w-full -mt-2\">\n          <div class=\"w-3\/12 text-left\">\n            <timer-current class=\"text-sm\"><\/timer-current>\n          <\/div>\n          <div class=\"w-6\/12 text-center truncate\">\n            <play-state on=\"active\">\n              <current-chapter class=\"text-sm\"><\/current-chapter>\n            <\/play-state>\n          <\/div>\n          <div class=\"w-3\/12 text-right\">\n            <timer-duration class=\"text-sm\"><\/timer-duration>\n          <\/div>\n        <\/div>\n      <\/div>\n    <\/div>\n    <divider class=\"w-full mt-6 mb-3\"><\/divider>\n    <div class=\"flex justify-between\">\n      <div class=\"flex mobile:w-full tablet:w-3\/12 desktop:w-3\/12 justify-between\">\n        <tab-trigger tab=\"chapters\">\n          <icon type=\"chapter\"><\/icon>\n        <\/tab-trigger>\n        <tab-trigger tab=\"transcripts\">\n          <icon type=\"transcripts\"><\/icon>\n        <\/tab-trigger>\n        <tab-trigger tab=\"files\">\n          <icon type=\"download\"><\/icon>\n        <\/tab-trigger>\n        <tab-trigger tab=\"playlist\">\n          <icon type=\"playlist\"><\/icon>\n        <\/tab-trigger>\n        <tab-trigger tab=\"share\">\n          <icon type=\"share\"><\/icon>\n        <\/tab-trigger>\n      <\/div>\n      <subscribe-button class=\"mt-1 mobile:hidden tablet:flex\"><\/subscribe-button>\n    <\/div>\n  <\/div>\n  <div class=\"w-full relative overflow-hidden\">\n    <tab name=\"chapters\">\n      <tab-chapters><\/tab-chapters>\n    <\/tab>\n    <tab name=\"transcripts\">\n      <tab-transcripts><\/tab-transcripts>\n    <\/tab>\n    <tab name=\"files\">\n      <tab-files><\/tab-files>\n    <\/tab>\n    <tab name=\"playlist\">\n      <tab-playlist><\/tab-playlist>\n    <\/tab>\n    <tab name=\"share\">\n      <tab-share><\/tab-share>\n    <\/tab>\n    <tab-overflow><\/tab-overflow>\n  <\/div>\n  <error><\/error>\n<\/root>\n<\/div>\n            <script>\n              document.addEventListener(\"DOMContentLoaded\", function() {\n                var player = document.getElementById(\"player-69ed9f62c9ad6\");\n                podlovePlayerCache.add([{\"url\":\"https:\\\/\\\/blog.prif.org\\\/en\\\/wp-json\\\/podlove-web-player\\\/shortcode\\\/publisher\\\/9704\",\"data\":{\"version\":5,\"show\":{\"title\":\"PRIF talk\",\"subtitle\":\"Der Podcast des Peace Research Institute Frankfurt\",\"summary\":\"Etwa 60 Wissenschaftlerinnen und Wissenschaftler forschen bei PRIF. Sie bearbeiten ihre Forschungsprojekte und Dissertationen, gehen auf Feldforschung und internationale Konferenzen, bilden wissenschaftlichen Nachwuchs aus. Aber sie sind auch aktiv in der Politikberatung, beteiligen sich an Podiumsdiskussionen oder geben den Medien Experteninterviews \\u2013 die T\\u00e4tigkeiten sind vielf\\u00e4ltig und das sind auch die Themen.  \\r\\nIn unserem Podcast sprechen wir regelm\\u00e4\\u00dfig mit unseren Wissenschaftlerinnen und Wissenschaftlern \\u00fcber ihre Forschungsthemen und Projekte und diskutieren aktuelle Fragen, Debatten und Entwicklungen der Friedens- und Konfliktforschung.\",\"poster\":\"https:\\\/\\\/blog.prif.org\\\/wp-content\\\/uploads\\\/2023\\\/09\\\/PRIF-Podcast-Icon_petrol_neues_Logo.png\",\"link\":\"https:\\\/\\\/blog.prif.org\\\/en\\\/\"},\"title\":\"PRIF talk #009 \\\/\\\/ Ein freies Recht zum Krieg?\",\"subtitle\":\"Gespr\\u00e4ch mit Hendrik Simon zu seiner neuen Publikation \\u201eA Century of Anarchy? War, Normativity and the Birth of Modern International Order\\u201c\",\"summary\":\"In der neuen Episode von PRIF talk sprechen wir mit Hendrik Simon \\u00fcber sein neu erschienenes Buch \\u201eA Century of Anarchy? War, Normativity and the Birth of Modern International Order\\u201c, das eine neue Geschichte der modernen internationalen Ordnung schreibt. \\u201eA Century of Anarchy?\\u201c setzt sich dabei kritisch mit der in Forschung und \\u00d6ffentlichkeit verbreiteten Vorstellung von einem freien Recht zum Krieg auseinander. Im Gespr\\u00e4ch mit dem Autor geht es um seine Kernthese, um die Analyse von Kriegsdiskursen und Gewaltbegr\\u00fcndungen und um die Frage, wie das Buch zu einem Coverbild von Hilma af Klint gekommen ist.\",\"publicationDate\":\"2024-08-01T10:57:22+02:00\",\"duration\":\"00:34:53.317\",\"poster\":\"https:\\\/\\\/blog.prif.org\\\/episoden\\\/009_A-Century-of-Anarchy-Hendrik-Simon.jpg\",\"link\":\"https:\\\/\\\/blog.prif.org\\\/en\\\/2024\\\/08\\\/01\\\/prif-talk-009-ein-freies-recht-zum-krieg\\\/\",\"chapters\":[],\"audio\":[{\"url\":\"https:\\\/\\\/blog.prif.org\\\/en\\\/podlove\\\/file\\\/272\\\/s\\\/webplayer\\\/c\\\/website\\\/009_A-Century-of-Anarchy-Hendrik-Simon.m4a\",\"size\":\"35779517\",\"title\":\"MPEG-4 AAC Audio (m4a)\",\"mimeType\":\"audio\\\/mp4\"},{\"url\":\"https:\\\/\\\/blog.prif.org\\\/en\\\/podlove\\\/file\\\/273\\\/s\\\/webplayer\\\/c\\\/website\\\/009_A-Century-of-Anarchy-Hendrik-Simon.ogg\",\"size\":\"113262390\",\"title\":\"Ogg Vorbis Audio (ogg)\",\"mimeType\":\"audio\\\/ogg\"},{\"url\":\"https:\\\/\\\/blog.prif.org\\\/en\\\/podlove\\\/file\\\/270\\\/s\\\/webplayer\\\/c\\\/website\\\/009_A-Century-of-Anarchy-Hendrik-Simon.mp3\",\"size\":\"52968318\",\"title\":\"MP3 Audio (mp3)\",\"mimeType\":\"audio\\\/mpeg\"}],\"files\":[{\"url\":\"https:\\\/\\\/blog.prif.org\\\/en\\\/podlove\\\/file\\\/270\\\/s\\\/webplayer\\\/009_A-Century-of-Anarchy-Hendrik-Simon.mp3\",\"size\":\"52968318\",\"title\":\"MP3 Audio\",\"mimeType\":\"audio\\\/mpeg\"},{\"url\":\"https:\\\/\\\/blog.prif.org\\\/en\\\/podlove\\\/file\\\/273\\\/s\\\/webplayer\\\/009_A-Century-of-Anarchy-Hendrik-Simon.ogg\",\"size\":\"113262390\",\"title\":\"Ogg Vorbis Audio\",\"mimeType\":\"audio\\\/ogg\"},{\"url\":\"https:\\\/\\\/blog.prif.org\\\/en\\\/podlove\\\/file\\\/272\\\/s\\\/webplayer\\\/009_A-Century-of-Anarchy-Hendrik-Simon.m4a\",\"size\":\"35779517\",\"title\":\"AAC (m4a)\",\"mimeType\":\"audio\\\/mp4\"},{\"url\":\"https:\\\/\\\/blog.prif.org\\\/en\\\/podlove\\\/file\\\/271\\\/s\\\/webplayer\\\/009_A-Century-of-Anarchy-Hendrik-Simon.jpg\",\"size\":\"214397\",\"title\":\"Episoden-Cover\",\"mimeType\":\"image\\\/jpeg\"}],\"contributors\":[{\"id\":\"12\",\"name\":\"Hendrik Simon\",\"avatar\":\"data:image\\\/svg+xml;base64,PHN2ZyB4bWxucz0iaHR0cDovL3d3dy53My5vcmcvMjAwMC9zdmciIGNsYXNzPSJoLTYgdy02IiBmaWxsPSJub25lIiB2aWV3Qm94PSIwIDAgMjQgMjQiIHN0cm9rZT0iY3VycmVudENvbG9yIj4KICA8cGF0aCBzdHJva2UtbGluZWNhcD0icm91bmQiIHN0cm9rZS1saW5lam9pbj0icm91bmQiIHN0cm9rZS13aWR0aD0iMiIgZD0iTTUuMTIxIDE3LjgwNEExMy45MzcgMTMuOTM3IDAgMDExMiAxNmMyLjUgMCA0Ljg0Ny42NTUgNi44NzkgMS44MDRNMTUgMTBhMyAzIDAgMTEtNiAwIDMgMyAwIDAxNiAwem02IDJhOSA5IDAgMTEtMTggMCA5IDkgMCAwMTE4IDB6IiAvPgo8L3N2Zz4K\",\"role\":{\"id\":\"3\",\"slug\":\"gast\",\"title\":\"Gast\"},\"group\":{\"id\":\"1\",\"slug\":\"onair\",\"title\":\"On Air\"},\"comment\":\"Gast\"},{\"id\":\"3\",\"name\":\"Laura Friedrich\",\"avatar\":\"data:image\\\/svg+xml;base64,PHN2ZyB4bWxucz0iaHR0cDovL3d3dy53My5vcmcvMjAwMC9zdmciIGNsYXNzPSJoLTYgdy02IiBmaWxsPSJub25lIiB2aWV3Qm94PSIwIDAgMjQgMjQiIHN0cm9rZT0iY3VycmVudENvbG9yIj4KICA8cGF0aCBzdHJva2UtbGluZWNhcD0icm91bmQiIHN0cm9rZS1saW5lam9pbj0icm91bmQiIHN0cm9rZS13aWR0aD0iMiIgZD0iTTUuMTIxIDE3LjgwNEExMy45MzcgMTMuOTM3IDAgMDExMiAxNmMyLjUgMCA0Ljg0Ny42NTUgNi44NzkgMS44MDRNMTUgMTBhMyAzIDAgMTEtNiAwIDMgMyAwIDAxNiAwem02IDJhOSA5IDAgMTEtMTggMCA5IDkgMCAwMTE4IDB6IiAvPgo8L3N2Zz4K\",\"role\":{\"id\":\"5\",\"slug\":\"moderation_konzept_produktion\",\"title\":\"Moderation\\\/Konzept\\\/Produktion\"},\"group\":{\"id\":\"1\",\"slug\":\"onair\",\"title\":\"On Air\"},\"comment\":\"Moderation\\\/Konzept\\\/Produktion\"},{\"id\":\"2\",\"name\":\"Yvonne Blum\",\"avatar\":\"data:image\\\/svg+xml;base64,PHN2ZyB4bWxucz0iaHR0cDovL3d3dy53My5vcmcvMjAwMC9zdmciIGNsYXNzPSJoLTYgdy02IiBmaWxsPSJub25lIiB2aWV3Qm94PSIwIDAgMjQgMjQiIHN0cm9rZT0iY3VycmVudENvbG9yIj4KICA8cGF0aCBzdHJva2UtbGluZWNhcD0icm91bmQiIHN0cm9rZS1saW5lam9pbj0icm91bmQiIHN0cm9rZS13aWR0aD0iMiIgZD0iTTUuMTIxIDE3LjgwNEExMy45MzcgMTMuOTM3IDAgMDExMiAxNmMyLjUgMCA0Ljg0Ny42NTUgNi44NzkgMS44MDRNMTUgMTBhMyAzIDAgMTEtNiAwIDMgMyAwIDAxNiAwem02IDJhOSA5IDAgMTEtMTggMCA5IDkgMCAwMTE4IDB6IiAvPgo8L3N2Zz4K\",\"role\":{\"id\":\"6\",\"slug\":\"regie_konzept_produktion\",\"title\":\"Regie\\\/Konzept\\\/Produktion\"},\"group\":{\"id\":\"2\",\"slug\":\"offair\",\"title\":\"Off Air\"},\"comment\":\"Regie\\\/Konzept\\\/Produktion\"}]}}, {\"url\":\"https:\\\/\\\/blog.prif.org\\\/en\\\/wp-json\\\/podlove-web-player\\\/shortcode\\\/config\\\/default\\\/theme\\\/default\",\"data\":{\"activeTab\":\"chapters\",\"subscribe-button\":null,\"share\":{\"channels\":[\"link\",\"mail\",\"twitter\",\"linkedin\"],\"outlet\":\"https:\\\/\\\/blog.prif.org\\\/wp-content\\\/plugins\\\/podlove-web-player\\\/web-player\\\/share.html\",\"sharePlaytime\":true},\"related-episodes\":{\"source\":\"podcast\",\"value\":null},\"version\":5,\"playlist\":\"https:\\\/\\\/blog.prif.org\\\/en\\\/wp-json\\\/podlove-web-player\\\/shortcode\\\/podcast\",\"theme\":{\"tokens\":{\"brand\":\"#e3256b\",\"brandDark\":\"#317580\",\"brandDarkest\":\"#1A3A4A\",\"brandLightest\":\"#E9F1F5\",\"shadeDark\":\"#807E7C\",\"shadeBase\":\"#317580\",\"contrast\":\"#000\",\"alt\":\"#fff\"},\"fonts\":{\"ci\":{\"name\":\"ci\",\"family\":[\"-apple-system\",\"BlinkMacSystemFont\",\"Segoe UI\",\"Roboto\",\"Helvetica\",\"Arial\",\"sans-serif\",\"Apple Color Emoji\",\"Segoe UI Emoji\\\", \\\"Segoe UI Symbol\"],\"src\":[],\"weight\":800},\"regular\":{\"name\":\"regular\",\"family\":[\"-apple-system\",\"BlinkMacSystemFont\",\"Segoe UI\",\"Roboto\",\"Helvetica\",\"Arial\",\"sans-serif\",\"Apple Color Emoji\",\"Segoe UI Emoji\\\", \\\"Segoe UI Symbol\"],\"src\":[],\"weight\":300},\"bold\":{\"name\":\"bold\",\"family\":[\"-apple-system\",\"BlinkMacSystemFont\",\"Segoe UI\",\"Roboto\",\"Helvetica\",\"Arial\",\"sans-serif\",\"Apple Color Emoji\",\"Segoe UI Emoji\\\", \\\"Segoe UI Symbol\"],\"src\":[],\"weight\":700}}},\"base\":\"https:\\\/\\\/blog.prif.org\\\/wp-content\\\/plugins\\\/podlove-web-player\\\/web-player\\\/\"}}]);\n                podlovePlayer(player, \"https:\/\/blog.prif.org\/en\/wp-json\/podlove-web-player\/shortcode\/publisher\/9704\", \"https:\/\/blog.prif.org\/en\/wp-json\/podlove-web-player\/shortcode\/config\/default\/theme\/default\").then(function() {\n                  player && player.classList.remove(\"podlove-web-player-loading\");\n                });\n              });\n            <\/script>\n            <style>\n              .podlove-web-player.podlove-web-player-loading {\n                opacity: 0;\n              }\n            <\/style>\n        \n\t\n\t\t\t\t\t\t\n\n\t<div class=\"podlove-contributors-cards\">\n\t\t\t\t\t\n\t\t\t\t<div class=\"podlove-contributors-card\">\n\t\t\t\t\t<div class=\"podlove-contributors-card-inner\">\n\t\t\t\t\t\t<div class=\"podlove-contributors-card-avatar\">\n\t\t\t\t\t\t\t\n<img loading=\"lazy\" decoding=\"async\" alt=\"avatar\" width=\"50\" height=\"50\" src=\"data:image\/svg+xml;base64,PHN2ZyB4bWxucz0iaHR0cDovL3d3dy53My5vcmcvMjAwMC9zdmciIGNsYXNzPSJoLTYgdy02IiBmaWxsPSJub25lIiB2aWV3Qm94PSIwIDAgMjQgMjQiIHN0cm9rZT0iY3VycmVudENvbG9yIj4KICA8cGF0aCBzdHJva2UtbGluZWNhcD0icm91bmQiIHN0cm9rZS1saW5lam9pbj0icm91bmQiIHN0cm9rZS13aWR0aD0iMiIgZD0iTTUuMTIxIDE3LjgwNEExMy45MzcgMTMuOTM3IDAgMDExMiAxNmMyLjUgMCA0Ljg0Ny42NTUgNi44NzkgMS44MDRNMTUgMTBhMyAzIDAgMTEtNiAwIDMgMyAwIDAxNiAwem02IDJhOSA5IDAgMTEtMTggMCA5IDkgMCAwMTE4IDB6IiAvPgo8L3N2Zz4K\"\/>\n\n\t\t\t\t\t\t<\/div>\n\t\t\t\t\t\t<div class=\"podlove-contributors-card-person\">\n\t\t\t\t\t\t\t<div style=\"align-self: center\">\n\t\t\t\t\t\t\t\t<div style=\"font-weight: 400;\">Hendrik Simon<\/div>\n\t\t\t\t\t\t\t\t\t\t\t\t\t\t\t\t\t<div class=\"podlove-contributors-card-person-details\">\n\t\t\t\t\t\t\t\t\t\t<span>Gast<\/span>\n\t\t\t\t\t\t\t\t\t<\/div>\n\t\t\t\t\t\t\t\t\t\t\t\t\t\t\t<\/div>\n\t\t\t\t\t\t\t<div class=\"podlove-contributors-card-services\">\n\t\t\t\t\t\t\t\t\t\t\t\t\t\t\t\t\t\t\t\t\t\t\t\t\t\t\t\t\t\t\t\t\t\t\t\t\t\t\t\t<\/div>\n\t\t\t\t\t\t<\/div>\n\t\t\t\t\t<\/div>\n\t\t\t\t<\/div>\n\n\t\t\t\t\t\t\t\t\n\t\t\t\t<div class=\"podlove-contributors-card\">\n\t\t\t\t\t<div class=\"podlove-contributors-card-inner\">\n\t\t\t\t\t\t<div class=\"podlove-contributors-card-avatar\">\n\t\t\t\t\t\t\t\n<img loading=\"lazy\" decoding=\"async\" alt=\"avatar\" width=\"50\" height=\"50\" src=\"data:image\/svg+xml;base64,PHN2ZyB4bWxucz0iaHR0cDovL3d3dy53My5vcmcvMjAwMC9zdmciIGNsYXNzPSJoLTYgdy02IiBmaWxsPSJub25lIiB2aWV3Qm94PSIwIDAgMjQgMjQiIHN0cm9rZT0iY3VycmVudENvbG9yIj4KICA8cGF0aCBzdHJva2UtbGluZWNhcD0icm91bmQiIHN0cm9rZS1saW5lam9pbj0icm91bmQiIHN0cm9rZS13aWR0aD0iMiIgZD0iTTUuMTIxIDE3LjgwNEExMy45MzcgMTMuOTM3IDAgMDExMiAxNmMyLjUgMCA0Ljg0Ny42NTUgNi44NzkgMS44MDRNMTUgMTBhMyAzIDAgMTEtNiAwIDMgMyAwIDAxNiAwem02IDJhOSA5IDAgMTEtMTggMCA5IDkgMCAwMTE4IDB6IiAvPgo8L3N2Zz4K\"\/>\n\n\t\t\t\t\t\t<\/div>\n\t\t\t\t\t\t<div class=\"podlove-contributors-card-person\">\n\t\t\t\t\t\t\t<div style=\"align-self: center\">\n\t\t\t\t\t\t\t\t<div style=\"font-weight: 400;\">Laura Friedrich<\/div>\n\t\t\t\t\t\t\t\t\t\t\t\t\t\t\t\t\t<div class=\"podlove-contributors-card-person-details\">\n\t\t\t\t\t\t\t\t\t\t<span>Moderation\/Konzept\/Produktion<\/span>\n\t\t\t\t\t\t\t\t\t<\/div>\n\t\t\t\t\t\t\t\t\t\t\t\t\t\t\t<\/div>\n\t\t\t\t\t\t\t<div class=\"podlove-contributors-card-services\">\n\t\t\t\t\t\t\t\t\t\t\t\t\t\t\t\t\t\t\t\t\t\t\t\t\t\t\t\t\t\t\t\t\t\t\t\t\t\t\t\t<\/div>\n\t\t\t\t\t\t<\/div>\n\t\t\t\t\t<\/div>\n\t\t\t\t<\/div>\n\n\t\t\t\t\t\t\t\t\n\t\t\t\t<div class=\"podlove-contributors-card\">\n\t\t\t\t\t<div class=\"podlove-contributors-card-inner\">\n\t\t\t\t\t\t<div class=\"podlove-contributors-card-avatar\">\n\t\t\t\t\t\t\t\n<img loading=\"lazy\" decoding=\"async\" alt=\"avatar\" width=\"50\" height=\"50\" src=\"data:image\/svg+xml;base64,PHN2ZyB4bWxucz0iaHR0cDovL3d3dy53My5vcmcvMjAwMC9zdmciIGNsYXNzPSJoLTYgdy02IiBmaWxsPSJub25lIiB2aWV3Qm94PSIwIDAgMjQgMjQiIHN0cm9rZT0iY3VycmVudENvbG9yIj4KICA8cGF0aCBzdHJva2UtbGluZWNhcD0icm91bmQiIHN0cm9rZS1saW5lam9pbj0icm91bmQiIHN0cm9rZS13aWR0aD0iMiIgZD0iTTUuMTIxIDE3LjgwNEExMy45MzcgMTMuOTM3IDAgMDExMiAxNmMyLjUgMCA0Ljg0Ny42NTUgNi44NzkgMS44MDRNMTUgMTBhMyAzIDAgMTEtNiAwIDMgMyAwIDAxNiAwem02IDJhOSA5IDAgMTEtMTggMCA5IDkgMCAwMTE4IDB6IiAvPgo8L3N2Zz4K\"\/>\n\n\t\t\t\t\t\t<\/div>\n\t\t\t\t\t\t<div class=\"podlove-contributors-card-person\">\n\t\t\t\t\t\t\t<div style=\"align-self: center\">\n\t\t\t\t\t\t\t\t<div style=\"font-weight: 400;\">Yvonne Blum<\/div>\n\t\t\t\t\t\t\t\t\t\t\t\t\t\t\t\t\t<div class=\"podlove-contributors-card-person-details\">\n\t\t\t\t\t\t\t\t\t\t<span>Regie\/Konzept\/Produktion<\/span>\n\t\t\t\t\t\t\t\t\t<\/div>\n\t\t\t\t\t\t\t\t\t\t\t\t\t\t\t<\/div>\n\t\t\t\t\t\t\t<div class=\"podlove-contributors-card-services\">\n\t\t\t\t\t\t\t\t\t\t\t\t\t\t\t\t\t\t\t\t\t\t\t\t\t\t\t\t\t\t\t\t\t\t\t\t\t\t\t\t<\/div>\n\t\t\t\t\t\t<\/div>\n\t\t\t\t\t<\/div>\n\t\t\t\t<\/div>\n\n\t\t\t\t\t\t<\/div>\n\n\t<style>\n\t\t.podlove-contributors-cards {\n\t\t\tmargin-bottom: 1rem;\n\t\t\tbackground: white;\n\t\t\toverflow: hidden;\n\t\t\tborder-radius: 0.375rem;\n\t\t\tbox-shadow: 0 1px 3px 0 rgba(0, 0, 0, 0.1), 0 1px 2px 0 rgba(0, 0, 0, 0.06);\n\t\t}\n\t\t.podlove-contributors-card {\n\t\t\tdisplay: flex;\n\t\t\talign-items: center;\n\t\t\tpadding: 1rem 1.5rem\n\t\t}\n\t\t.podlove-contributors-card-inner {\n\t\t\tdisplay: flex;\n\t\t\talign-items: center;\n\t\t\tflex: 1 1 0;\n\t\t\tmin-width: 0;\n\t\t}\n\t\t.podlove-contributors-card-avatar {\n\t\t\twidth: 50px;\n\t\t\theight: 50px;\n\t\t\tborder-radius: 0.25rem;\n\t\t\toverflow: hidden;\n\t\t\tflex-shrink: 0;\n\t\t}\n\t\t.podlove-contributors-card-person {\n\t\t\tflex: 1 1 0;\n\t\t\tmin-width: 0;\n\t\t\tpadding: 0 1rem;\n\t\t\tdisplay: grid;\n\t\t\tgrid-template-columns: repeat(2, minmax(0, 1fr));\n\t\t\tgap: 1rem;\n\t\t}\n\t\t.podlove-contributors-card-person-details {\n\t\t\tcolor: #999\n\t\t}\n\t\t.podlove-contributors-card-services {\n\t\t\tflex-wrap: wrap;\n\t\t\tdisplay: flex;\n\t\t\talign-items: center;\n\t\t\talign-content: center;\n\t\t\tjustify-content: flex-end;\n\t\t}\n\t\t.podlove-contributors-card-services-service {\n\t\t\tdisplay: inline-block;\n\t\t\tflex-shrink: 0;\n\t\t\tpadding-left: 0.5rem;\n\t\t\ttext-decoration: none;\n\t\t\tbox-shadow: none;\n\t\t}\n\t<\/style>\n\n\n\t\n<p><span class=\"ui-provider a b c d e f g h i j k l m n o p q r s t u v w x y z ab ac ae af ag ah ai aj ak\" dir=\"ltr\">In der neuen Episode von PRIF talk sprechen wir mit Hendrik Simon \u00fcber sein neu erschienenes Buch \u201eA Century of Anarchy? War, Normativity and the Birth of Modern International Order\u201c, das eine neue Geschichte der modernen internationalen Ordnung schreibt. \u201eA Century of Anarchy?\u201c setzt sich dabei kritisch mit der in Forschung und \u00d6ffentlichkeit verbreiteten Vorstellung von einem freien Recht zum Krieg auseinander. Im Gespr\u00e4ch mit dem Autor geht es um seine Kernthese, um die Analyse von Kriegsdiskursen und Gewaltbegr\u00fcndungen und um die Frage, wie das Buch zu einem Coverbild von Hilma af Klint gekommen ist<\/span>.<\/p>\n<p><a href=\"https:\/\/www.prif.org\/team\/mitarbeiter\/hendrik-simon\" target=\"_blank\" rel=\"noopener\">Hendrik Simon<\/a> ist wissenschaftlicher Mitarbeiter am PRIF im Programmbereich \u201eTransnationale Politik\u201c und forscht zu Normen in der internationalen Politik und der Rolle des V\u00f6lkerrechts. Zudem ist er Redaktionsmitglied des V\u00f6lkerrechtsblogs.<\/p>\n<p>*Shownotes*<\/p>\n<ul>\n<li><a href=\"https:\/\/global.oup.com\/academic\/product\/a-century-of-anarchy-9780192855503?cc=uk&amp;lang=en&amp;\" target=\"_blank\" rel=\"noopener\">A Century of Anarchy? War, Normativity, and the Birth of Modern International Order<\/a>, Oxford University Press, 2024.<\/li>\n<li><a href=\"https:\/\/global.oup.com\/academic\/product\/the-justification-of-war-and-international-order-9780198865308?cc=uk&amp;lang=en&amp;\" target=\"_blank\" rel=\"noopener\">The Justification of War and International Order. From Past to Present<\/a>, co-hrsg mit Lothar Brock, Oxford University Press, 2021.<\/li>\n<li><span class=\"ui-provider a b c d e f g h i j k l m n o p q r s t u v w x y z ab ac ae af ag ah ai aj ak\" dir=\"ltr\">Projekt <a href=\"https:\/\/www.prif.org\/forschung\/projekte\/projekt\/kriegslegitimationen-und-weltordnungskonzepte-von-der-fruehen-neuzeit-bis-zur-gegenwart\" target=\"_blank\" rel=\"noopener\">Kriegslegitimationen und Weltordnungskonzepte von der fr\u00fchen Neuzeit bis zur Gegenwart<\/a><\/span><\/li>\n<li><a href=\"https:\/\/academic.oup.com\/ejil\/article\/29\/1\/113\/4993231\" target=\"_blank\" rel=\"noopener\">The Myth of Liberum Ius ad Bellum. Justifying War in 19th-Century Legal Theory and Political Practice<\/a>, in: European Journal of International Law, 29:1 (2018), S. 113-136. (Open Access)<\/li>\n<li><a href=\"https:\/\/www.degruyter.com\/document\/doi\/10.1515\/sosys-2023-0012\/html?lang=de\" target=\"_blank\" rel=\"noopener\">K\u00f6nnen wir dem V\u00f6lkerrecht (noch) trauen? Die russische Aggression gegen die Ukraine und die diskursive Autorit\u00e4t internationaler Normen<\/a>, in: Soziale Systeme, 28:2 (2024), S. 279-299. (Open Access)<\/li>\n<li><a href=\"https:\/\/voelkerrechtsblog.org\/de\/\" target=\"_blank\" rel=\"noopener\">V\u00f6lkerrechtsblog<\/a><\/li>\n<li>Hilma af Klint: <a href=\"https:\/\/commons.wikimedia.org\/wiki\/File:Hilma_af_Klint_-_1920_-_Buddha%27s_Standpoint_in_the_Earthly_Life_-_No_3a.jpg\" target=\"_blank\" rel=\"noopener\">Standpunkt Buddhas auf der Erde<\/a><\/li>\n<\/ul>\n<p>Social Media<\/p>\n<ul>\n<li><a href=\"https:\/\/x.com\/HendrikPSimon\" target=\"_blank\" rel=\"noopener\"><span class=\"ui-provider a b c d e f g h i j k l m n o p q r s t u v w x y z ab ac ae af ag ah ai aj ak\" dir=\"ltr\">Hendrik Simon bei X (ehemals Twitter)<\/span><\/a><\/li>\n<li><a href=\"https:\/\/www.linkedin.com\/in\/hendrik-simon-8b0221157\/\" target=\"_blank\" rel=\"noopener\">Hendrik Simon bei LinkedIn<\/a><\/li>\n<li><a href=\"https:\/\/twitter.com\/PRIF_org\" rel=\"noopener\">PRIF bei X (ehemals Twitter)<\/a><\/li>\n<li><a href=\"https:\/\/social.bund.de\/@PRIF\" rel=\"noopener\">PRIF bei Mastodon<\/a><\/li>\n<li><a href=\"http:\/\/www.linkedin.com\/company\/peace-research-institute-frankfurt\/\">PRIF bei LinkedIn<\/a><\/li>\n<li><a href=\"http:\/\/www.youtube.com\/@PRIF_org\" rel=\"noopener\">PRIF bei YouTube<\/a><\/li>\n<\/ul>\n","protected":false},"author":293,"featured_media":9723,"comment_status":"closed","ping_status":"closed","template":"","meta":{"_acf_changed":false,"footnotes":""},"categories":[545],"tags":[924,1024,433,814,271],"coauthors":[894,757,761],"class_list":["post-9704","podcast","type-podcast","status-publish","has-post-thumbnail","hentry","category-podcast","tag-international-relations","tag-internationale-ordnung","tag-normen","tag-voelkerrecht","tag-wissenschaft","post"],"acf":[],"yoast_head":"<!-- This site is optimized with the Yoast SEO plugin v26.1.1 - https:\/\/yoast.com\/wordpress\/plugins\/seo\/ -->\n<title>PRIF talk #009 \/\/ Ein freies Recht zum Krieg? - PRIF BLOG<\/title>\n<meta name=\"description\" content=\"Gespr\u00e4ch mit Hendrik Simon zu seiner neuen Publikation \u201eA Century of Anarchy? War, Normativity and the Birth of Modern International Order\u201c\" \/>\n<meta name=\"robots\" content=\"index, follow, max-snippet:-1, max-image-preview:large, max-video-preview:-1\" \/>\n<link rel=\"canonical\" href=\"https:\/\/blog.prif.org\/en\/2024\/08\/01\/prif-talk-009-ein-freies-recht-zum-krieg\/\" \/>\n<meta property=\"og:locale\" content=\"en_US\" \/>\n<meta property=\"og:type\" content=\"article\" \/>\n<meta property=\"og:title\" content=\"PRIF talk #009 \/\/ Ein freies Recht zum Krieg? - PRIF BLOG\" \/>\n<meta property=\"og:description\" content=\"Gespr\u00e4ch mit Hendrik Simon zu seiner neuen Publikation \u201eA Century of Anarchy? War, Normativity and the Birth of Modern International Order\u201c\" \/>\n<meta property=\"og:url\" content=\"https:\/\/blog.prif.org\/en\/2024\/08\/01\/prif-talk-009-ein-freies-recht-zum-krieg\/\" \/>\n<meta property=\"og:site_name\" content=\"PRIF BLOG\" \/>\n<meta property=\"article:publisher\" content=\"https:\/\/www.facebook.com\/HSFK.PRIF\" \/>\n<meta property=\"article:modified_time\" content=\"2025-06-10T11:00:42+00:00\" \/>\n<meta property=\"og:image\" content=\"https:\/\/blog.prif.org\/wp-content\/uploads\/2024\/07\/PRIF-Podcast-Key-Visual-Blog-009.png\" \/>\n\t<meta property=\"og:image:width\" content=\"750\" \/>\n\t<meta property=\"og:image:height\" content=\"410\" \/>\n\t<meta property=\"og:image:type\" content=\"image\/png\" \/>\n<meta name=\"twitter:card\" content=\"summary_large_image\" \/>\n<meta name=\"twitter:site\" content=\"@HSFK_PRIF\" \/>\n<meta name=\"twitter:label1\" content=\"Est. reading time\" \/>\n\t<meta name=\"twitter:data1\" content=\"2 minutes\" \/>\n\t<meta name=\"twitter:label2\" content=\"Written by\" \/>\n\t<meta name=\"twitter:data2\" content=\"Hendrik Simon, Laura Friedrich, Yvonne Blum\" \/>\n<script type=\"application\/ld+json\" class=\"yoast-schema-graph\">{\"@context\":\"https:\/\/schema.org\",\"@graph\":[{\"@type\":\"WebPage\",\"@id\":\"https:\/\/blog.prif.org\/en\/2024\/08\/01\/prif-talk-009-ein-freies-recht-zum-krieg\/\",\"url\":\"https:\/\/blog.prif.org\/en\/2024\/08\/01\/prif-talk-009-ein-freies-recht-zum-krieg\/\",\"name\":\"PRIF talk #009 \/\/ Ein freies Recht zum Krieg? - PRIF BLOG\",\"isPartOf\":{\"@id\":\"https:\/\/blog.prif.org\/en\/#website\"},\"primaryImageOfPage\":{\"@id\":\"https:\/\/blog.prif.org\/en\/2024\/08\/01\/prif-talk-009-ein-freies-recht-zum-krieg\/#primaryimage\"},\"image\":{\"@id\":\"https:\/\/blog.prif.org\/en\/2024\/08\/01\/prif-talk-009-ein-freies-recht-zum-krieg\/#primaryimage\"},\"thumbnailUrl\":\"https:\/\/blog.prif.org\/wp-content\/uploads\/2024\/07\/PRIF-Podcast-Key-Visual-Blog-009.png\",\"datePublished\":\"2024-08-01T08:57:22+00:00\",\"dateModified\":\"2025-06-10T11:00:42+00:00\",\"description\":\"Gespr\u00e4ch mit Hendrik Simon zu seiner neuen Publikation \u201eA Century of Anarchy? War, Normativity and the Birth of Modern International Order\u201c\",\"breadcrumb\":{\"@id\":\"https:\/\/blog.prif.org\/en\/2024\/08\/01\/prif-talk-009-ein-freies-recht-zum-krieg\/#breadcrumb\"},\"inLanguage\":\"en-US\",\"potentialAction\":[{\"@type\":\"ReadAction\",\"target\":[\"https:\/\/blog.prif.org\/en\/2024\/08\/01\/prif-talk-009-ein-freies-recht-zum-krieg\/\"]}]},{\"@type\":\"ImageObject\",\"inLanguage\":\"en-US\",\"@id\":\"https:\/\/blog.prif.org\/en\/2024\/08\/01\/prif-talk-009-ein-freies-recht-zum-krieg\/#primaryimage\",\"url\":\"https:\/\/blog.prif.org\/wp-content\/uploads\/2024\/07\/PRIF-Podcast-Key-Visual-Blog-009.png\",\"contentUrl\":\"https:\/\/blog.prif.org\/wp-content\/uploads\/2024\/07\/PRIF-Podcast-Key-Visual-Blog-009.png\",\"width\":750,\"height\":410,\"caption\":\"Ein Podcast-Mikrofon und ein Kopfh\u00f6rer werden abgebildet, untertitelt mit dem Namen das Podcast \\\"PRIF talk\\\". Zus\u00e4tzlich wird die Episode \\\"#009 mit Hendrik Simon\\\" angezeigt.\"},{\"@type\":\"BreadcrumbList\",\"@id\":\"https:\/\/blog.prif.org\/en\/2024\/08\/01\/prif-talk-009-ein-freies-recht-zum-krieg\/#breadcrumb\",\"itemListElement\":[{\"@type\":\"ListItem\",\"position\":1,\"name\":\"Startseite\",\"item\":\"https:\/\/blog.prif.org\/en\/\"},{\"@type\":\"ListItem\",\"position\":2,\"name\":\"Episodes\",\"item\":\"https:\/\/blog.prif.org\/en\/podcast\/\"},{\"@type\":\"ListItem\",\"position\":3,\"name\":\"PRIF talk #009 \/\/ Ein freies Recht zum Krieg?\"}]},{\"@type\":\"WebSite\",\"@id\":\"https:\/\/blog.prif.org\/en\/#website\",\"url\":\"https:\/\/blog.prif.org\/en\/\",\"name\":\"PRIF BLOG\",\"description\":\"Peace Research Institute Frankfurt \/ Leibniz Institut Hessische Stiftung Friedens- und Konfliktforschung\",\"publisher\":{\"@id\":\"https:\/\/blog.prif.org\/en\/#organization\"},\"potentialAction\":[{\"@type\":\"SearchAction\",\"target\":{\"@type\":\"EntryPoint\",\"urlTemplate\":\"https:\/\/blog.prif.org\/en\/?s={search_term_string}\"},\"query-input\":{\"@type\":\"PropertyValueSpecification\",\"valueRequired\":true,\"valueName\":\"search_term_string\"}}],\"inLanguage\":\"en-US\"},{\"@type\":\"Organization\",\"@id\":\"https:\/\/blog.prif.org\/en\/#organization\",\"name\":\"Peace Research Institute Frankfurt \/ Leibniz Institut Hessische Stiftung Friedens- und Konfliktforschung\",\"url\":\"https:\/\/blog.prif.org\/en\/\",\"logo\":{\"@type\":\"ImageObject\",\"inLanguage\":\"en-US\",\"@id\":\"https:\/\/blog.prif.org\/en\/#\/schema\/logo\/image\/\",\"url\":\"https:\/\/blog.prif.org\/wp-content\/uploads\/2023\/09\/cropped-blog_rgb.png\",\"contentUrl\":\"https:\/\/blog.prif.org\/wp-content\/uploads\/2023\/09\/cropped-blog_rgb.png\",\"width\":750,\"height\":226,\"caption\":\"Peace Research Institute Frankfurt \/ Leibniz Institut Hessische Stiftung Friedens- und Konfliktforschung\"},\"image\":{\"@id\":\"https:\/\/blog.prif.org\/en\/#\/schema\/logo\/image\/\"},\"sameAs\":[\"https:\/\/www.facebook.com\/HSFK.PRIF\",\"https:\/\/x.com\/HSFK_PRIF\",\"https:\/\/www.linkedin.com\/company\/8912786\/\"]}]}<\/script>\n<!-- \/ Yoast SEO plugin. -->","yoast_head_json":{"title":"PRIF talk #009 \/\/ Ein freies Recht zum Krieg? - PRIF BLOG","description":"Gespr\u00e4ch mit Hendrik Simon zu seiner neuen Publikation \u201eA Century of Anarchy? War, Normativity and the Birth of Modern International Order\u201c","robots":{"index":"index","follow":"follow","max-snippet":"max-snippet:-1","max-image-preview":"max-image-preview:large","max-video-preview":"max-video-preview:-1"},"canonical":"https:\/\/blog.prif.org\/en\/2024\/08\/01\/prif-talk-009-ein-freies-recht-zum-krieg\/","og_locale":"en_US","og_type":"article","og_title":"PRIF talk #009 \/\/ Ein freies Recht zum Krieg? - PRIF BLOG","og_description":"Gespr\u00e4ch mit Hendrik Simon zu seiner neuen Publikation \u201eA Century of Anarchy? War, Normativity and the Birth of Modern International Order\u201c","og_url":"https:\/\/blog.prif.org\/en\/2024\/08\/01\/prif-talk-009-ein-freies-recht-zum-krieg\/","og_site_name":"PRIF BLOG","article_publisher":"https:\/\/www.facebook.com\/HSFK.PRIF","article_modified_time":"2025-06-10T11:00:42+00:00","og_image":[{"width":750,"height":410,"url":"https:\/\/blog.prif.org\/wp-content\/uploads\/2024\/07\/PRIF-Podcast-Key-Visual-Blog-009.png","type":"image\/png"}],"twitter_card":"summary_large_image","twitter_site":"@HSFK_PRIF","twitter_misc":{"Est. reading time":"2 minutes","Written by":"Hendrik Simon, Laura Friedrich, Yvonne Blum"},"schema":{"@context":"https:\/\/schema.org","@graph":[{"@type":"WebPage","@id":"https:\/\/blog.prif.org\/en\/2024\/08\/01\/prif-talk-009-ein-freies-recht-zum-krieg\/","url":"https:\/\/blog.prif.org\/en\/2024\/08\/01\/prif-talk-009-ein-freies-recht-zum-krieg\/","name":"PRIF talk #009 \/\/ Ein freies Recht zum Krieg? - PRIF BLOG","isPartOf":{"@id":"https:\/\/blog.prif.org\/en\/#website"},"primaryImageOfPage":{"@id":"https:\/\/blog.prif.org\/en\/2024\/08\/01\/prif-talk-009-ein-freies-recht-zum-krieg\/#primaryimage"},"image":{"@id":"https:\/\/blog.prif.org\/en\/2024\/08\/01\/prif-talk-009-ein-freies-recht-zum-krieg\/#primaryimage"},"thumbnailUrl":"https:\/\/blog.prif.org\/wp-content\/uploads\/2024\/07\/PRIF-Podcast-Key-Visual-Blog-009.png","datePublished":"2024-08-01T08:57:22+00:00","dateModified":"2025-06-10T11:00:42+00:00","description":"Gespr\u00e4ch mit Hendrik Simon zu seiner neuen Publikation \u201eA Century of Anarchy? War, Normativity and the Birth of Modern International Order\u201c","breadcrumb":{"@id":"https:\/\/blog.prif.org\/en\/2024\/08\/01\/prif-talk-009-ein-freies-recht-zum-krieg\/#breadcrumb"},"inLanguage":"en-US","potentialAction":[{"@type":"ReadAction","target":["https:\/\/blog.prif.org\/en\/2024\/08\/01\/prif-talk-009-ein-freies-recht-zum-krieg\/"]}]},{"@type":"ImageObject","inLanguage":"en-US","@id":"https:\/\/blog.prif.org\/en\/2024\/08\/01\/prif-talk-009-ein-freies-recht-zum-krieg\/#primaryimage","url":"https:\/\/blog.prif.org\/wp-content\/uploads\/2024\/07\/PRIF-Podcast-Key-Visual-Blog-009.png","contentUrl":"https:\/\/blog.prif.org\/wp-content\/uploads\/2024\/07\/PRIF-Podcast-Key-Visual-Blog-009.png","width":750,"height":410,"caption":"Ein Podcast-Mikrofon und ein Kopfh\u00f6rer werden abgebildet, untertitelt mit dem Namen das Podcast \"PRIF talk\". Zus\u00e4tzlich wird die Episode \"#009 mit Hendrik Simon\" angezeigt."},{"@type":"BreadcrumbList","@id":"https:\/\/blog.prif.org\/en\/2024\/08\/01\/prif-talk-009-ein-freies-recht-zum-krieg\/#breadcrumb","itemListElement":[{"@type":"ListItem","position":1,"name":"Startseite","item":"https:\/\/blog.prif.org\/en\/"},{"@type":"ListItem","position":2,"name":"Episodes","item":"https:\/\/blog.prif.org\/en\/podcast\/"},{"@type":"ListItem","position":3,"name":"PRIF talk #009 \/\/ Ein freies Recht zum Krieg?"}]},{"@type":"WebSite","@id":"https:\/\/blog.prif.org\/en\/#website","url":"https:\/\/blog.prif.org\/en\/","name":"PRIF BLOG","description":"Peace Research Institute Frankfurt \/ Leibniz Institut Hessische Stiftung Friedens- und Konfliktforschung","publisher":{"@id":"https:\/\/blog.prif.org\/en\/#organization"},"potentialAction":[{"@type":"SearchAction","target":{"@type":"EntryPoint","urlTemplate":"https:\/\/blog.prif.org\/en\/?s={search_term_string}"},"query-input":{"@type":"PropertyValueSpecification","valueRequired":true,"valueName":"search_term_string"}}],"inLanguage":"en-US"},{"@type":"Organization","@id":"https:\/\/blog.prif.org\/en\/#organization","name":"Peace Research Institute Frankfurt \/ Leibniz Institut Hessische Stiftung Friedens- und Konfliktforschung","url":"https:\/\/blog.prif.org\/en\/","logo":{"@type":"ImageObject","inLanguage":"en-US","@id":"https:\/\/blog.prif.org\/en\/#\/schema\/logo\/image\/","url":"https:\/\/blog.prif.org\/wp-content\/uploads\/2023\/09\/cropped-blog_rgb.png","contentUrl":"https:\/\/blog.prif.org\/wp-content\/uploads\/2023\/09\/cropped-blog_rgb.png","width":750,"height":226,"caption":"Peace Research Institute Frankfurt \/ Leibniz Institut Hessische Stiftung Friedens- und Konfliktforschung"},"image":{"@id":"https:\/\/blog.prif.org\/en\/#\/schema\/logo\/image\/"},"sameAs":["https:\/\/www.facebook.com\/HSFK.PRIF","https:\/\/x.com\/HSFK_PRIF","https:\/\/www.linkedin.com\/company\/8912786\/"]}]}},"_links":{"self":[{"href":"https:\/\/blog.prif.org\/en\/wp-json\/wp\/v2\/episodes\/9704","targetHints":{"allow":["GET"]}}],"collection":[{"href":"https:\/\/blog.prif.org\/en\/wp-json\/wp\/v2\/episodes"}],"about":[{"href":"https:\/\/blog.prif.org\/en\/wp-json\/wp\/v2\/types\/podcast"}],"author":[{"embeddable":true,"href":"https:\/\/blog.prif.org\/en\/wp-json\/wp\/v2\/users\/293"}],"replies":[{"embeddable":true,"href":"https:\/\/blog.prif.org\/en\/wp-json\/wp\/v2\/comments?post=9704"}],"version-history":[{"count":12,"href":"https:\/\/blog.prif.org\/en\/wp-json\/wp\/v2\/episodes\/9704\/revisions"}],"predecessor-version":[{"id":13778,"href":"https:\/\/blog.prif.org\/en\/wp-json\/wp\/v2\/episodes\/9704\/revisions\/13778"}],"wp:featuredmedia":[{"embeddable":true,"href":"https:\/\/blog.prif.org\/en\/wp-json\/wp\/v2\/media\/9723"}],"wp:attachment":[{"href":"https:\/\/blog.prif.org\/en\/wp-json\/wp\/v2\/media?parent=9704"}],"wp:term":[{"taxonomy":"category","embeddable":true,"href":"https:\/\/blog.prif.org\/en\/wp-json\/wp\/v2\/categories?post=9704"},{"taxonomy":"post_tag","embeddable":true,"href":"https:\/\/blog.prif.org\/en\/wp-json\/wp\/v2\/tags?post=9704"},{"taxonomy":"author","embeddable":true,"href":"https:\/\/blog.prif.org\/en\/wp-json\/wp\/v2\/coauthors?post=9704"}],"curies":[{"name":"wp","href":"https:\/\/api.w.org\/{rel}","templated":true}]}}