{"id":10554,"date":"2017-07-25T10:57:02","date_gmt":"2017-07-25T08:57:02","guid":{"rendered":"https:\/\/blog.prif.org\/wp-content\/uploads\/2017\/07\/427953897_33615bc931_o-mit-Zaun.jpg"},"modified":"2017-07-25T10:57:02","modified_gmt":"2017-07-25T08:57:02","slug":"427953897_33615bc931_o-mit-zaun-2","status":"inherit","type":"attachment","link":"https:\/\/blog.prif.org\/en\/2017\/07\/25\/das-humanitaere-voelkerrecht-eine-erfolgsgeschichte-auf-dem-pruefstand\/427953897_33615bc931_o-mit-zaun-2\/","title":{"rendered":""},"author":4,"featured_media":0,"comment_status":"open","ping_status":"closed","template":"","meta":{"_acf_changed":false},"class_list":["post-10554","attachment","type-attachment","status-inherit","hentry"],"acf":[],"yoast_head":"<!-- This site is optimized with the Yoast SEO plugin v26.1.1 - https:\/\/yoast.com\/wordpress\/plugins\/seo\/ -->\n<title>- PRIF BLOG<\/title>\n<meta name=\"robots\" content=\"index, follow, max-snippet:-1, max-image-preview:large, max-video-preview:-1\" \/>\n<link rel=\"canonical\" href=\"https:\/\/blog.prif.org\/en\/2017\/07\/25\/das-humanitaere-voelkerrecht-eine-erfolgsgeschichte-auf-dem-pruefstand\/427953897_33615bc931_o-mit-zaun-2\/\" \/>\n<meta property=\"og:locale\" content=\"en_US\" \/>\n<meta property=\"og:type\" content=\"article\" \/>\n<meta property=\"og:title\" content=\"- PRIF BLOG\" \/>\n<meta property=\"og:description\" content=\"International Federation of Red Cross and Red Crescent Cocieties | Flickr Photo: Babak Fakhamzadeh | CC BY-NC 2.0\" \/>\n<meta property=\"og:url\" content=\"https:\/\/blog.prif.org\/en\/2017\/07\/25\/das-humanitaere-voelkerrecht-eine-erfolgsgeschichte-auf-dem-pruefstand\/427953897_33615bc931_o-mit-zaun-2\/\" \/>\n<meta property=\"og:site_name\" content=\"PRIF BLOG\" \/>\n<meta property=\"article:publisher\" content=\"https:\/\/www.facebook.com\/HSFK.PRIF\" \/>\n<meta property=\"og:image\" content=\"https:\/\/blog.prif.org\/wp-content\/uploads\/2017\/07\/427953897_33615bc931_o-mit-Zaun.jpg\" \/>\n\t<meta property=\"og:image:width\" content=\"750\" \/>\n\t<meta property=\"og:image:height\" content=\"410\" \/>\n\t<meta property=\"og:image:type\" content=\"image\/jpeg\" \/>\n<meta name=\"twitter:card\" content=\"summary_large_image\" \/>\n<meta name=\"twitter:site\" content=\"@HSFK_PRIF\" \/>\n<meta name=\"twitter:label1\" content=\"Written by\" \/>\n\t<meta name=\"twitter:data1\" content=\"Philipp Offermann\" \/>\n<script type=\"application\/ld+json\" class=\"yoast-schema-graph\">{\"@context\":\"https:\/\/schema.org\",\"@graph\":[{\"@type\":\"WebPage\",\"@id\":\"https:\/\/blog.prif.org\/en\/2017\/07\/25\/das-humanitaere-voelkerrecht-eine-erfolgsgeschichte-auf-dem-pruefstand\/427953897_33615bc931_o-mit-zaun-2\/\",\"url\":\"https:\/\/blog.prif.org\/en\/2017\/07\/25\/das-humanitaere-voelkerrecht-eine-erfolgsgeschichte-auf-dem-pruefstand\/427953897_33615bc931_o-mit-zaun-2\/\",\"name\":\"- PRIF BLOG\",\"isPartOf\":{\"@id\":\"https:\/\/blog.prif.org\/en\/#website\"},\"datePublished\":\"2017-07-25T08:57:02+00:00\",\"breadcrumb\":{\"@id\":\"https:\/\/blog.prif.org\/en\/2017\/07\/25\/das-humanitaere-voelkerrecht-eine-erfolgsgeschichte-auf-dem-pruefstand\/427953897_33615bc931_o-mit-zaun-2\/#breadcrumb\"},\"inLanguage\":\"en-US\",\"potentialAction\":[{\"@type\":\"ReadAction\",\"target\":[\"https:\/\/blog.prif.org\/en\/2017\/07\/25\/das-humanitaere-voelkerrecht-eine-erfolgsgeschichte-auf-dem-pruefstand\/427953897_33615bc931_o-mit-zaun-2\/\"]}]},{\"@type\":\"BreadcrumbList\",\"@id\":\"https:\/\/blog.prif.org\/en\/2017\/07\/25\/das-humanitaere-voelkerrecht-eine-erfolgsgeschichte-auf-dem-pruefstand\/427953897_33615bc931_o-mit-zaun-2\/#breadcrumb\",\"itemListElement\":[{\"@type\":\"ListItem\",\"position\":1,\"name\":\"Startseite\",\"item\":\"https:\/\/blog.prif.org\/en\/\"},{\"@type\":\"ListItem\",\"position\":2,\"name\":\"Das Humanit\u00e4re V\u00f6lkerrecht: Eine Erfolgsgeschichte auf dem Pr\u00fcfstand\",\"item\":\"https:\/\/blog.prif.org\/en\/2017\/07\/25\/das-humanitaere-voelkerrecht-eine-erfolgsgeschichte-auf-dem-pruefstand\/\"}]},{\"@type\":\"WebSite\",\"@id\":\"https:\/\/blog.prif.org\/en\/#website\",\"url\":\"https:\/\/blog.prif.org\/en\/\",\"name\":\"PRIF BLOG\",\"description\":\"Peace Research Institute Frankfurt \/ Leibniz Institut Hessische Stiftung Friedens- und Konfliktforschung\",\"publisher\":{\"@id\":\"https:\/\/blog.prif.org\/en\/#organization\"},\"potentialAction\":[{\"@type\":\"SearchAction\",\"target\":{\"@type\":\"EntryPoint\",\"urlTemplate\":\"https:\/\/blog.prif.org\/en\/?s={search_term_string}\"},\"query-input\":{\"@type\":\"PropertyValueSpecification\",\"valueRequired\":true,\"valueName\":\"search_term_string\"}}],\"inLanguage\":\"en-US\"},{\"@type\":\"Organization\",\"@id\":\"https:\/\/blog.prif.org\/en\/#organization\",\"name\":\"Peace Research Institute Frankfurt \/ Leibniz Institut Hessische Stiftung Friedens- und Konfliktforschung\",\"url\":\"https:\/\/blog.prif.org\/en\/\",\"logo\":{\"@type\":\"ImageObject\",\"inLanguage\":\"en-US\",\"@id\":\"https:\/\/blog.prif.org\/en\/#\/schema\/logo\/image\/\",\"url\":\"https:\/\/blog.prif.org\/wp-content\/uploads\/2023\/09\/cropped-blog_rgb.png\",\"contentUrl\":\"https:\/\/blog.prif.org\/wp-content\/uploads\/2023\/09\/cropped-blog_rgb.png\",\"width\":750,\"height\":226,\"caption\":\"Peace Research Institute Frankfurt \/ Leibniz Institut Hessische Stiftung Friedens- und Konfliktforschung\"},\"image\":{\"@id\":\"https:\/\/blog.prif.org\/en\/#\/schema\/logo\/image\/\"},\"sameAs\":[\"https:\/\/www.facebook.com\/HSFK.PRIF\",\"https:\/\/x.com\/HSFK_PRIF\",\"https:\/\/www.linkedin.com\/company\/8912786\/\"]}]}<\/script>\n<!-- \/ Yoast SEO plugin. -->","yoast_head_json":{"title":"- PRIF BLOG","robots":{"index":"index","follow":"follow","max-snippet":"max-snippet:-1","max-image-preview":"max-image-preview:large","max-video-preview":"max-video-preview:-1"},"canonical":"https:\/\/blog.prif.org\/en\/2017\/07\/25\/das-humanitaere-voelkerrecht-eine-erfolgsgeschichte-auf-dem-pruefstand\/427953897_33615bc931_o-mit-zaun-2\/","og_locale":"en_US","og_type":"article","og_title":"- PRIF BLOG","og_description":"International Federation of Red Cross and Red Crescent Cocieties | Flickr Photo: Babak Fakhamzadeh | CC BY-NC 2.0","og_url":"https:\/\/blog.prif.org\/en\/2017\/07\/25\/das-humanitaere-voelkerrecht-eine-erfolgsgeschichte-auf-dem-pruefstand\/427953897_33615bc931_o-mit-zaun-2\/","og_site_name":"PRIF BLOG","article_publisher":"https:\/\/www.facebook.com\/HSFK.PRIF","og_image":[{"width":750,"height":410,"url":"https:\/\/blog.prif.org\/wp-content\/uploads\/2017\/07\/427953897_33615bc931_o-mit-Zaun.jpg","type":"image\/jpeg"}],"twitter_card":"summary_large_image","twitter_site":"@HSFK_PRIF","twitter_misc":{"Written by":"Philipp Offermann"},"schema":{"@context":"https:\/\/schema.org","@graph":[{"@type":"WebPage","@id":"https:\/\/blog.prif.org\/en\/2017\/07\/25\/das-humanitaere-voelkerrecht-eine-erfolgsgeschichte-auf-dem-pruefstand\/427953897_33615bc931_o-mit-zaun-2\/","url":"https:\/\/blog.prif.org\/en\/2017\/07\/25\/das-humanitaere-voelkerrecht-eine-erfolgsgeschichte-auf-dem-pruefstand\/427953897_33615bc931_o-mit-zaun-2\/","name":"- PRIF BLOG","isPartOf":{"@id":"https:\/\/blog.prif.org\/en\/#website"},"datePublished":"2017-07-25T08:57:02+00:00","breadcrumb":{"@id":"https:\/\/blog.prif.org\/en\/2017\/07\/25\/das-humanitaere-voelkerrecht-eine-erfolgsgeschichte-auf-dem-pruefstand\/427953897_33615bc931_o-mit-zaun-2\/#breadcrumb"},"inLanguage":"en-US","potentialAction":[{"@type":"ReadAction","target":["https:\/\/blog.prif.org\/en\/2017\/07\/25\/das-humanitaere-voelkerrecht-eine-erfolgsgeschichte-auf-dem-pruefstand\/427953897_33615bc931_o-mit-zaun-2\/"]}]},{"@type":"BreadcrumbList","@id":"https:\/\/blog.prif.org\/en\/2017\/07\/25\/das-humanitaere-voelkerrecht-eine-erfolgsgeschichte-auf-dem-pruefstand\/427953897_33615bc931_o-mit-zaun-2\/#breadcrumb","itemListElement":[{"@type":"ListItem","position":1,"name":"Startseite","item":"https:\/\/blog.prif.org\/en\/"},{"@type":"ListItem","position":2,"name":"Das Humanit\u00e4re V\u00f6lkerrecht: Eine Erfolgsgeschichte auf dem Pr\u00fcfstand","item":"https:\/\/blog.prif.org\/en\/2017\/07\/25\/das-humanitaere-voelkerrecht-eine-erfolgsgeschichte-auf-dem-pruefstand\/"}]},{"@type":"WebSite","@id":"https:\/\/blog.prif.org\/en\/#website","url":"https:\/\/blog.prif.org\/en\/","name":"PRIF BLOG","description":"Peace Research Institute Frankfurt \/ Leibniz Institut Hessische Stiftung Friedens- und Konfliktforschung","publisher":{"@id":"https:\/\/blog.prif.org\/en\/#organization"},"potentialAction":[{"@type":"SearchAction","target":{"@type":"EntryPoint","urlTemplate":"https:\/\/blog.prif.org\/en\/?s={search_term_string}"},"query-input":{"@type":"PropertyValueSpecification","valueRequired":true,"valueName":"search_term_string"}}],"inLanguage":"en-US"},{"@type":"Organization","@id":"https:\/\/blog.prif.org\/en\/#organization","name":"Peace Research Institute Frankfurt \/ Leibniz Institut Hessische Stiftung Friedens- und Konfliktforschung","url":"https:\/\/blog.prif.org\/en\/","logo":{"@type":"ImageObject","inLanguage":"en-US","@id":"https:\/\/blog.prif.org\/en\/#\/schema\/logo\/image\/","url":"https:\/\/blog.prif.org\/wp-content\/uploads\/2023\/09\/cropped-blog_rgb.png","contentUrl":"https:\/\/blog.prif.org\/wp-content\/uploads\/2023\/09\/cropped-blog_rgb.png","width":750,"height":226,"caption":"Peace Research Institute Frankfurt \/ Leibniz Institut Hessische Stiftung Friedens- und Konfliktforschung"},"image":{"@id":"https:\/\/blog.prif.org\/en\/#\/schema\/logo\/image\/"},"sameAs":["https:\/\/www.facebook.com\/HSFK.PRIF","https:\/\/x.com\/HSFK_PRIF","https:\/\/www.linkedin.com\/company\/8912786\/"]}]}},"description":{"rendered":"<p class=\"attachment\"><a href='https:\/\/blog.prif.org\/wp-content\/uploads\/2017\/07\/427953897_33615bc931_o-mit-Zaun.jpg'><img loading=\"lazy\" decoding=\"async\" width=\"300\" height=\"164\" src=\"https:\/\/blog.prif.org\/wp-content\/uploads\/2017\/07\/427953897_33615bc931_o-mit-Zaun-300x164.jpg\" class=\"attachment-medium size-medium\" alt=\"\" srcset=\"https:\/\/blog.prif.org\/wp-content\/uploads\/2017\/07\/427953897_33615bc931_o-mit-Zaun-300x164.jpg 300w, https:\/\/blog.prif.org\/wp-content\/uploads\/2017\/07\/427953897_33615bc931_o-mit-Zaun.jpg 750w\" sizes=\"(max-width: 300px) 100vw, 300px\" \/><\/a><\/p>\n"},"caption":{"rendered":"<p><a href=\"https:\/\/www.flickr.com\/photos\/mastababa\/427953897\/in\/photolist-DPnMt-nLMWAz-eLyoGE-T8J6Rb-auQxm-4wncn8-4erRfb-4wquZo-4wnbQK-4wmiJT-4wmn7c-4wquaY-4wqt81-SyDvLa-eLn38k-eLyoUL-eLmXWc-eLmZ7P-eLyni1-6AKSkq-6AFUwX-eLyo3G-eLyox1-6AKVo7-TecFhK-e6nLop-e6nLkz-e6tp2j-eLn21F-eLmYrB-eKvsS8-eKvw64-eLysvU-6AL3Vs-6AFN8B-eLn2S4-6AFMCP-eKGWju-6AFT9t-eKvx4v-eLys8A-6AL2Wy-eKvt8v-eLn3qZ-eLypfE-eLypFA-eLmYDH-eKGWyj-eKGVBU-RXnD6c\">International Federation of Red Cross and Red Crescent Cocieties<\/a> | Flickr Photo: <a href=\"https:\/\/www.flickr.com\/photos\/mastababa\/427953897\/in\/photolist-DPnMt-nLMWAz-eLyoGE-T8J6Rb-auQxm-4wncn8-4erRfb-4wquZo-4wnbQK-4wmiJT-4wmn7c-4wquaY-4wqt81-SyDvLa-eLn38k-eLyoUL-eLmXWc-eLmZ7P-eLyni1-6AKSkq-6AFUwX-eLyo3G-eLyox1-6AKVo7-TecFhK-e6nLop-e6nLkz-e6tp2j-eLn21F-eLmYrB-eKvsS8-eKvw64-eLysvU-6AL3Vs-6AFN8B-eLn2S4-6AFMCP-eKGWju-6AFT9t-eKvx4v-eLys8A-6AL2Wy-eKvt8v-eLn3qZ-eLypfE-eLypFA-eLmYDH-eKGWyj-eKGVBU-RXnD6c\">Babak Fakhamzadeh<\/a> | <a href=\"https:\/\/creativecommons.org\/licenses\/by-nc\/2.0\/\">CC BY-NC 2.0<\/a><\/p>\n"},"alt_text":"","media_type":"image","mime_type":"image\/jpeg","media_details":{"width":750,"height":410,"file":"2017\/07\/427953897_33615bc931_o-mit-Zaun.jpg","sizes":{"thumbnail":{"file":"427953897_33615bc931_o-mit-Zaun-150x150.jpg","width":150,"height":150,"mime_type":"image\/jpeg","source_url":"https:\/\/blog.prif.org\/wp-content\/uploads\/2017\/07\/427953897_33615bc931_o-mit-Zaun-150x150.jpg"},"medium":{"file":"427953897_33615bc931_o-mit-Zaun-300x164.jpg","width":300,"height":164,"mime_type":"image\/jpeg","source_url":"https:\/\/blog.prif.org\/wp-content\/uploads\/2017\/07\/427953897_33615bc931_o-mit-Zaun-300x164.jpg"},"tab-small":{"file":"427953897_33615bc931_o-mit-Zaun-60x60.jpg","width":60,"height":60,"mime_type":"image\/jpeg","source_url":"https:\/\/blog.prif.org\/wp-content\/uploads\/2017\/07\/427953897_33615bc931_o-mit-Zaun-60x60.jpg"},"guest-author-32":{"file":"427953897_33615bc931_o-mit-Zaun-32x32.jpg","width":32,"height":32,"mime_type":"image\/jpeg","source_url":"https:\/\/blog.prif.org\/wp-content\/uploads\/2017\/07\/427953897_33615bc931_o-mit-Zaun-32x32.jpg"},"guest-author-50":{"file":"427953897_33615bc931_o-mit-Zaun-50x50.jpg","width":50,"height":50,"mime_type":"image\/jpeg","source_url":"https:\/\/blog.prif.org\/wp-content\/uploads\/2017\/07\/427953897_33615bc931_o-mit-Zaun-50x50.jpg"},"guest-author-64":{"file":"427953897_33615bc931_o-mit-Zaun-64x64.jpg","width":64,"height":64,"mime_type":"image\/jpeg","source_url":"https:\/\/blog.prif.org\/wp-content\/uploads\/2017\/07\/427953897_33615bc931_o-mit-Zaun-64x64.jpg"},"guest-author-96":{"file":"427953897_33615bc931_o-mit-Zaun-96x96.jpg","width":96,"height":96,"mime_type":"image\/jpeg","source_url":"https:\/\/blog.prif.org\/wp-content\/uploads\/2017\/07\/427953897_33615bc931_o-mit-Zaun-96x96.jpg"},"guest-author-128":{"file":"427953897_33615bc931_o-mit-Zaun-128x128.jpg","width":128,"height":128,"mime_type":"image\/jpeg","source_url":"https:\/\/blog.prif.org\/wp-content\/uploads\/2017\/07\/427953897_33615bc931_o-mit-Zaun-128x128.jpg"},"full":{"file":"427953897_33615bc931_o-mit-Zaun.jpg","width":750,"height":410,"mime_type":"image\/jpeg","source_url":"https:\/\/blog.prif.org\/wp-content\/uploads\/2017\/07\/427953897_33615bc931_o-mit-Zaun.jpg"}},"image_meta":{"aperture":"5","credit":"","camera":"DSC-S600","caption":"","created_timestamp":"1174207223","copyright":"","focal_length":"13.3","iso":"200","shutter_speed":"0.0125","title":"","orientation":"1","keywords":[]}},"post":13745,"source_url":"https:\/\/blog.prif.org\/wp-content\/uploads\/2017\/07\/427953897_33615bc931_o-mit-Zaun.jpg","_links":{"self":[{"href":"https:\/\/blog.prif.org\/en\/wp-json\/wp\/v2\/media\/10554","targetHints":{"allow":["GET"]}}],"collection":[{"href":"https:\/\/blog.prif.org\/en\/wp-json\/wp\/v2\/media"}],"about":[{"href":"https:\/\/blog.prif.org\/en\/wp-json\/wp\/v2\/types\/attachment"}],"author":[{"embeddable":true,"href":"https:\/\/blog.prif.org\/en\/wp-json\/wp\/v2\/users\/4"}],"replies":[{"embeddable":true,"href":"https:\/\/blog.prif.org\/en\/wp-json\/wp\/v2\/comments?post=10554"}]}}