{"id":12219,"date":"2025-05-15T13:58:51","date_gmt":"2025-05-15T11:58:51","guid":{"rendered":"https:\/\/blog.prif.org\/wp-content\/uploads\/2025\/03\/Securing_Our_Future_EC_pic_2025-03-02-15-13_BLOGneu.jpg"},"modified":"2025-06-03T12:26:57","modified_gmt":"2025-06-03T10:26:57","slug":"visite-de-ursula-von-der-leyen-presidente-de-la-commission-europeenne-a-londres-2-2","status":"inherit","type":"attachment","link":"https:\/\/blog.prif.org\/en\/2025\/03\/18\/festhalten-an-der-regelbasierten-internationalen-ordnung-wie-europa-als-allianz-kleiner-staaten-gegenueber-den-supermaechten-bestehen-kann\/visite-de-ursula-von-der-leyen-presidente-de-la-commission-europeenne-a-londres-2-2\/","title":{"rendered":"Visite de Ursula von der Leyen, Pr\u00e9sidente de la Commission europ\u00e9enne, \u00e0 Londres"},"author":255,"featured_media":0,"comment_status":"closed","ping_status":"closed","template":"","meta":{"_acf_changed":false},"class_list":["post-12219","attachment","type-attachment","status-inherit","hentry"],"acf":[],"yoast_head":"<!-- This site is optimized with the Yoast SEO plugin v26.1.1 - https:\/\/yoast.com\/wordpress\/plugins\/seo\/ -->\n<title>Visite de Ursula von der Leyen, Pr\u00e9sidente de la Commission europ\u00e9enne, \u00e0 Londres - PRIF BLOG<\/title>\n<meta name=\"robots\" content=\"index, follow, max-snippet:-1, max-image-preview:large, max-video-preview:-1\" \/>\n<link rel=\"canonical\" href=\"https:\/\/blog.prif.org\/en\/2025\/03\/18\/festhalten-an-der-regelbasierten-internationalen-ordnung-wie-europa-als-allianz-kleiner-staaten-gegenueber-den-supermaechten-bestehen-kann\/visite-de-ursula-von-der-leyen-presidente-de-la-commission-europeenne-a-londres-2-2\/\" \/>\n<meta property=\"og:locale\" content=\"en_US\" \/>\n<meta property=\"og:type\" content=\"article\" \/>\n<meta property=\"og:title\" content=\"Visite de Ursula von der Leyen, Pr\u00e9sidente de la Commission europ\u00e9enne, \u00e0 Londres - PRIF BLOG\" \/>\n<meta property=\"og:description\" content=\"\u201eSecuring our future\u201c: Treffen europ\u00e4ischer Staats- und Regierungschefs beim London Summit, M\u00e4rz 2025. | Foto: Christophe Licoppe, \u00a9 European Union, 2025 | CC BY 4.0\" \/>\n<meta property=\"og:url\" content=\"https:\/\/blog.prif.org\/en\/2025\/03\/18\/festhalten-an-der-regelbasierten-internationalen-ordnung-wie-europa-als-allianz-kleiner-staaten-gegenueber-den-supermaechten-bestehen-kann\/visite-de-ursula-von-der-leyen-presidente-de-la-commission-europeenne-a-londres-2-2\/\" \/>\n<meta property=\"og:site_name\" content=\"PRIF BLOG\" \/>\n<meta property=\"article:publisher\" content=\"https:\/\/www.facebook.com\/HSFK.PRIF\" \/>\n<meta property=\"article:modified_time\" content=\"2025-06-03T10:26:57+00:00\" \/>\n<meta property=\"og:image\" content=\"https:\/\/blog.prif.org\/wp-content\/uploads\/2025\/03\/Securing_Our_Future_EC_pic_2025-03-02-15-13_BLOGneu-1024x560.jpg\" \/>\n\t<meta property=\"og:image:width\" content=\"1024\" \/>\n\t<meta property=\"og:image:height\" content=\"560\" \/>\n\t<meta property=\"og:image:type\" content=\"image\/jpeg\" \/>\n<meta name=\"twitter:card\" content=\"summary_large_image\" \/>\n<meta name=\"twitter:site\" content=\"@HSFK_PRIF\" \/>\n<meta name=\"twitter:label1\" content=\"Written by\" \/>\n\t<meta name=\"twitter:data1\" content=\"Elisabeth Waczek\" \/>\n<script type=\"application\/ld+json\" class=\"yoast-schema-graph\">{\"@context\":\"https:\/\/schema.org\",\"@graph\":[{\"@type\":\"WebPage\",\"@id\":\"https:\/\/blog.prif.org\/en\/2025\/03\/18\/festhalten-an-der-regelbasierten-internationalen-ordnung-wie-europa-als-allianz-kleiner-staaten-gegenueber-den-supermaechten-bestehen-kann\/visite-de-ursula-von-der-leyen-presidente-de-la-commission-europeenne-a-londres-2-2\/\",\"url\":\"https:\/\/blog.prif.org\/en\/2025\/03\/18\/festhalten-an-der-regelbasierten-internationalen-ordnung-wie-europa-als-allianz-kleiner-staaten-gegenueber-den-supermaechten-bestehen-kann\/visite-de-ursula-von-der-leyen-presidente-de-la-commission-europeenne-a-londres-2-2\/\",\"name\":\"Visite de Ursula von der Leyen, Pr\u00e9sidente de la Commission europ\u00e9enne, \u00e0 Londres - PRIF BLOG\",\"isPartOf\":{\"@id\":\"https:\/\/blog.prif.org\/en\/#website\"},\"datePublished\":\"2025-05-15T11:58:51+00:00\",\"dateModified\":\"2025-06-03T10:26:57+00:00\",\"breadcrumb\":{\"@id\":\"https:\/\/blog.prif.org\/en\/2025\/03\/18\/festhalten-an-der-regelbasierten-internationalen-ordnung-wie-europa-als-allianz-kleiner-staaten-gegenueber-den-supermaechten-bestehen-kann\/visite-de-ursula-von-der-leyen-presidente-de-la-commission-europeenne-a-londres-2-2\/#breadcrumb\"},\"inLanguage\":\"en-US\",\"potentialAction\":[{\"@type\":\"ReadAction\",\"target\":[\"https:\/\/blog.prif.org\/en\/2025\/03\/18\/festhalten-an-der-regelbasierten-internationalen-ordnung-wie-europa-als-allianz-kleiner-staaten-gegenueber-den-supermaechten-bestehen-kann\/visite-de-ursula-von-der-leyen-presidente-de-la-commission-europeenne-a-londres-2-2\/\"]}]},{\"@type\":\"BreadcrumbList\",\"@id\":\"https:\/\/blog.prif.org\/en\/2025\/03\/18\/festhalten-an-der-regelbasierten-internationalen-ordnung-wie-europa-als-allianz-kleiner-staaten-gegenueber-den-supermaechten-bestehen-kann\/visite-de-ursula-von-der-leyen-presidente-de-la-commission-europeenne-a-londres-2-2\/#breadcrumb\",\"itemListElement\":[{\"@type\":\"ListItem\",\"position\":1,\"name\":\"Startseite\",\"item\":\"https:\/\/blog.prif.org\/en\/\"},{\"@type\":\"ListItem\",\"position\":2,\"name\":\"Festhalten an der regelbasierten internationalen Ordnung: Wie Europa als Allianz kleiner Staaten gegen\u00fcber den Superm\u00e4chten bestehen kann\",\"item\":\"https:\/\/blog.prif.org\/en\/2025\/03\/18\/festhalten-an-der-regelbasierten-internationalen-ordnung-wie-europa-als-allianz-kleiner-staaten-gegenueber-den-supermaechten-bestehen-kann\/\"},{\"@type\":\"ListItem\",\"position\":3,\"name\":\"Visite de Ursula von der Leyen, Pr\u00e9sidente de la Commission europ\u00e9enne, \u00e0 Londres\"}]},{\"@type\":\"WebSite\",\"@id\":\"https:\/\/blog.prif.org\/en\/#website\",\"url\":\"https:\/\/blog.prif.org\/en\/\",\"name\":\"PRIF BLOG\",\"description\":\"Peace Research Institute Frankfurt \/ Leibniz Institut Hessische Stiftung Friedens- und Konfliktforschung\",\"publisher\":{\"@id\":\"https:\/\/blog.prif.org\/en\/#organization\"},\"potentialAction\":[{\"@type\":\"SearchAction\",\"target\":{\"@type\":\"EntryPoint\",\"urlTemplate\":\"https:\/\/blog.prif.org\/en\/?s={search_term_string}\"},\"query-input\":{\"@type\":\"PropertyValueSpecification\",\"valueRequired\":true,\"valueName\":\"search_term_string\"}}],\"inLanguage\":\"en-US\"},{\"@type\":\"Organization\",\"@id\":\"https:\/\/blog.prif.org\/en\/#organization\",\"name\":\"Peace Research Institute Frankfurt \/ Leibniz Institut Hessische Stiftung Friedens- und Konfliktforschung\",\"url\":\"https:\/\/blog.prif.org\/en\/\",\"logo\":{\"@type\":\"ImageObject\",\"inLanguage\":\"en-US\",\"@id\":\"https:\/\/blog.prif.org\/en\/#\/schema\/logo\/image\/\",\"url\":\"https:\/\/blog.prif.org\/wp-content\/uploads\/2023\/09\/cropped-blog_rgb.png\",\"contentUrl\":\"https:\/\/blog.prif.org\/wp-content\/uploads\/2023\/09\/cropped-blog_rgb.png\",\"width\":750,\"height\":226,\"caption\":\"Peace Research Institute Frankfurt \/ Leibniz Institut Hessische Stiftung Friedens- und Konfliktforschung\"},\"image\":{\"@id\":\"https:\/\/blog.prif.org\/en\/#\/schema\/logo\/image\/\"},\"sameAs\":[\"https:\/\/www.facebook.com\/HSFK.PRIF\",\"https:\/\/x.com\/HSFK_PRIF\",\"https:\/\/www.linkedin.com\/company\/8912786\/\"]}]}<\/script>\n<!-- \/ Yoast SEO plugin. -->","yoast_head_json":{"title":"Visite de Ursula von der Leyen, Pr\u00e9sidente de la Commission europ\u00e9enne, \u00e0 Londres - PRIF BLOG","robots":{"index":"index","follow":"follow","max-snippet":"max-snippet:-1","max-image-preview":"max-image-preview:large","max-video-preview":"max-video-preview:-1"},"canonical":"https:\/\/blog.prif.org\/en\/2025\/03\/18\/festhalten-an-der-regelbasierten-internationalen-ordnung-wie-europa-als-allianz-kleiner-staaten-gegenueber-den-supermaechten-bestehen-kann\/visite-de-ursula-von-der-leyen-presidente-de-la-commission-europeenne-a-londres-2-2\/","og_locale":"en_US","og_type":"article","og_title":"Visite de Ursula von der Leyen, Pr\u00e9sidente de la Commission europ\u00e9enne, \u00e0 Londres - PRIF BLOG","og_description":"\u201eSecuring our future\u201c: Treffen europ\u00e4ischer Staats- und Regierungschefs beim London Summit, M\u00e4rz 2025. | Foto: Christophe Licoppe, \u00a9 European Union, 2025 | CC BY 4.0","og_url":"https:\/\/blog.prif.org\/en\/2025\/03\/18\/festhalten-an-der-regelbasierten-internationalen-ordnung-wie-europa-als-allianz-kleiner-staaten-gegenueber-den-supermaechten-bestehen-kann\/visite-de-ursula-von-der-leyen-presidente-de-la-commission-europeenne-a-londres-2-2\/","og_site_name":"PRIF BLOG","article_publisher":"https:\/\/www.facebook.com\/HSFK.PRIF","article_modified_time":"2025-06-03T10:26:57+00:00","og_image":[{"width":1024,"height":560,"url":"https:\/\/blog.prif.org\/wp-content\/uploads\/2025\/03\/Securing_Our_Future_EC_pic_2025-03-02-15-13_BLOGneu-1024x560.jpg","type":"image\/jpeg"}],"twitter_card":"summary_large_image","twitter_site":"@HSFK_PRIF","twitter_misc":{"Written by":"Elisabeth Waczek"},"schema":{"@context":"https:\/\/schema.org","@graph":[{"@type":"WebPage","@id":"https:\/\/blog.prif.org\/en\/2025\/03\/18\/festhalten-an-der-regelbasierten-internationalen-ordnung-wie-europa-als-allianz-kleiner-staaten-gegenueber-den-supermaechten-bestehen-kann\/visite-de-ursula-von-der-leyen-presidente-de-la-commission-europeenne-a-londres-2-2\/","url":"https:\/\/blog.prif.org\/en\/2025\/03\/18\/festhalten-an-der-regelbasierten-internationalen-ordnung-wie-europa-als-allianz-kleiner-staaten-gegenueber-den-supermaechten-bestehen-kann\/visite-de-ursula-von-der-leyen-presidente-de-la-commission-europeenne-a-londres-2-2\/","name":"Visite de Ursula von der Leyen, Pr\u00e9sidente de la Commission europ\u00e9enne, \u00e0 Londres - PRIF BLOG","isPartOf":{"@id":"https:\/\/blog.prif.org\/en\/#website"},"datePublished":"2025-05-15T11:58:51+00:00","dateModified":"2025-06-03T10:26:57+00:00","breadcrumb":{"@id":"https:\/\/blog.prif.org\/en\/2025\/03\/18\/festhalten-an-der-regelbasierten-internationalen-ordnung-wie-europa-als-allianz-kleiner-staaten-gegenueber-den-supermaechten-bestehen-kann\/visite-de-ursula-von-der-leyen-presidente-de-la-commission-europeenne-a-londres-2-2\/#breadcrumb"},"inLanguage":"en-US","potentialAction":[{"@type":"ReadAction","target":["https:\/\/blog.prif.org\/en\/2025\/03\/18\/festhalten-an-der-regelbasierten-internationalen-ordnung-wie-europa-als-allianz-kleiner-staaten-gegenueber-den-supermaechten-bestehen-kann\/visite-de-ursula-von-der-leyen-presidente-de-la-commission-europeenne-a-londres-2-2\/"]}]},{"@type":"BreadcrumbList","@id":"https:\/\/blog.prif.org\/en\/2025\/03\/18\/festhalten-an-der-regelbasierten-internationalen-ordnung-wie-europa-als-allianz-kleiner-staaten-gegenueber-den-supermaechten-bestehen-kann\/visite-de-ursula-von-der-leyen-presidente-de-la-commission-europeenne-a-londres-2-2\/#breadcrumb","itemListElement":[{"@type":"ListItem","position":1,"name":"Startseite","item":"https:\/\/blog.prif.org\/en\/"},{"@type":"ListItem","position":2,"name":"Festhalten an der regelbasierten internationalen Ordnung: Wie Europa als Allianz kleiner Staaten gegen\u00fcber den Superm\u00e4chten bestehen kann","item":"https:\/\/blog.prif.org\/en\/2025\/03\/18\/festhalten-an-der-regelbasierten-internationalen-ordnung-wie-europa-als-allianz-kleiner-staaten-gegenueber-den-supermaechten-bestehen-kann\/"},{"@type":"ListItem","position":3,"name":"Visite de Ursula von der Leyen, Pr\u00e9sidente de la Commission europ\u00e9enne, \u00e0 Londres"}]},{"@type":"WebSite","@id":"https:\/\/blog.prif.org\/en\/#website","url":"https:\/\/blog.prif.org\/en\/","name":"PRIF BLOG","description":"Peace Research Institute Frankfurt \/ Leibniz Institut Hessische Stiftung Friedens- und Konfliktforschung","publisher":{"@id":"https:\/\/blog.prif.org\/en\/#organization"},"potentialAction":[{"@type":"SearchAction","target":{"@type":"EntryPoint","urlTemplate":"https:\/\/blog.prif.org\/en\/?s={search_term_string}"},"query-input":{"@type":"PropertyValueSpecification","valueRequired":true,"valueName":"search_term_string"}}],"inLanguage":"en-US"},{"@type":"Organization","@id":"https:\/\/blog.prif.org\/en\/#organization","name":"Peace Research Institute Frankfurt \/ Leibniz Institut Hessische Stiftung Friedens- und Konfliktforschung","url":"https:\/\/blog.prif.org\/en\/","logo":{"@type":"ImageObject","inLanguage":"en-US","@id":"https:\/\/blog.prif.org\/en\/#\/schema\/logo\/image\/","url":"https:\/\/blog.prif.org\/wp-content\/uploads\/2023\/09\/cropped-blog_rgb.png","contentUrl":"https:\/\/blog.prif.org\/wp-content\/uploads\/2023\/09\/cropped-blog_rgb.png","width":750,"height":226,"caption":"Peace Research Institute Frankfurt \/ Leibniz Institut Hessische Stiftung Friedens- und Konfliktforschung"},"image":{"@id":"https:\/\/blog.prif.org\/en\/#\/schema\/logo\/image\/"},"sameAs":["https:\/\/www.facebook.com\/HSFK.PRIF","https:\/\/x.com\/HSFK_PRIF","https:\/\/www.linkedin.com\/company\/8912786\/"]}]}},"description":{"rendered":"<p class=\"attachment\"><a href='https:\/\/blog.prif.org\/wp-content\/uploads\/2025\/03\/Securing_Our_Future_EC_pic_2025-03-02-15-13_BLOGneu.jpg'><img loading=\"lazy\" decoding=\"async\" width=\"300\" height=\"164\" src=\"https:\/\/blog.prif.org\/wp-content\/uploads\/2025\/03\/Securing_Our_Future_EC_pic_2025-03-02-15-13_BLOGneu-300x164.jpg\" class=\"attachment-medium size-medium\" alt=\"Gruppenfoto formell gekleideter Personen auf einer Treppe vor einer Reihe von Flaggen.\" srcset=\"https:\/\/blog.prif.org\/wp-content\/uploads\/2025\/03\/Securing_Our_Future_EC_pic_2025-03-02-15-13_BLOGneu-300x164.jpg 300w, https:\/\/blog.prif.org\/wp-content\/uploads\/2025\/03\/Securing_Our_Future_EC_pic_2025-03-02-15-13_BLOGneu-1024x560.jpg 1024w, https:\/\/blog.prif.org\/wp-content\/uploads\/2025\/03\/Securing_Our_Future_EC_pic_2025-03-02-15-13_BLOGneu-768x420.jpg 768w, https:\/\/blog.prif.org\/wp-content\/uploads\/2025\/03\/Securing_Our_Future_EC_pic_2025-03-02-15-13_BLOGneu-1536x840.jpg 1536w, https:\/\/blog.prif.org\/wp-content\/uploads\/2025\/03\/Securing_Our_Future_EC_pic_2025-03-02-15-13_BLOGneu-1320x722.jpg 1320w, https:\/\/blog.prif.org\/wp-content\/uploads\/2025\/03\/Securing_Our_Future_EC_pic_2025-03-02-15-13_BLOGneu.jpg 1875w\" sizes=\"(max-width: 300px) 100vw, 300px\" \/><\/a><\/p>\n"},"caption":{"rendered":"<p><a href=\"https:\/\/commons.wikimedia.org\/wiki\/File:Securing_Our_Future_(EC_pic)_2025-03-02-15-13.jpg\">\u201eSecuring our future\u201c: Treffen europ\u00e4ischer Staats- und Regierungschefs beim London Summit, M\u00e4rz 2025.<\/a> | <a href=\"https:\/\/audiovisual.ec.europa.eu\/en\/reportage\/P-065786\">Foto: \tChristophe Licoppe, \u00a9 European Union, 2025<\/a> | <a href=\"https:\/\/creativecommons.org\/licenses\/by\/4.0\/deed.en\">CC BY 4.0<\/a><\/p>\n"},"alt_text":"Gruppenfoto formell gekleideter Personen auf einer Treppe vor einer Reihe von Flaggen.","media_type":"image","mime_type":"image\/jpeg","media_details":{"width":1875,"height":1025,"file":"2025\/03\/Securing_Our_Future_EC_pic_2025-03-02-15-13_BLOGneu.jpg","filesize":2306697,"sizes":{"medium":{"file":"Securing_Our_Future_EC_pic_2025-03-02-15-13_BLOGneu-300x164.jpg","width":300,"height":164,"filesize":45641,"mime_type":"image\/jpeg","source_url":"https:\/\/blog.prif.org\/wp-content\/uploads\/2025\/03\/Securing_Our_Future_EC_pic_2025-03-02-15-13_BLOGneu-300x164.jpg"},"large":{"file":"Securing_Our_Future_EC_pic_2025-03-02-15-13_BLOGneu-1024x560.jpg","width":1024,"height":560,"filesize":220575,"mime_type":"image\/jpeg","source_url":"https:\/\/blog.prif.org\/wp-content\/uploads\/2025\/03\/Securing_Our_Future_EC_pic_2025-03-02-15-13_BLOGneu-1024x560.jpg"},"thumbnail":{"file":"Securing_Our_Future_EC_pic_2025-03-02-15-13_BLOGneu-150x150.jpg","width":150,"height":150,"filesize":34228,"mime_type":"image\/jpeg","source_url":"https:\/\/blog.prif.org\/wp-content\/uploads\/2025\/03\/Securing_Our_Future_EC_pic_2025-03-02-15-13_BLOGneu-150x150.jpg"},"medium_large":{"file":"Securing_Our_Future_EC_pic_2025-03-02-15-13_BLOGneu-768x420.jpg","width":768,"height":420,"filesize":142514,"mime_type":"image\/jpeg","source_url":"https:\/\/blog.prif.org\/wp-content\/uploads\/2025\/03\/Securing_Our_Future_EC_pic_2025-03-02-15-13_BLOGneu-768x420.jpg"},"1536x1536":{"file":"Securing_Our_Future_EC_pic_2025-03-02-15-13_BLOGneu-1536x840.jpg","width":1536,"height":840,"filesize":426942,"mime_type":"image\/jpeg","source_url":"https:\/\/blog.prif.org\/wp-content\/uploads\/2025\/03\/Securing_Our_Future_EC_pic_2025-03-02-15-13_BLOGneu-1536x840.jpg"},"mailpoet_newsletter_max":{"file":"Securing_Our_Future_EC_pic_2025-03-02-15-13_BLOGneu-1320x722.jpg","width":1320,"height":722,"filesize":334056,"mime_type":"image\/jpeg","source_url":"https:\/\/blog.prif.org\/wp-content\/uploads\/2025\/03\/Securing_Our_Future_EC_pic_2025-03-02-15-13_BLOGneu-1320x722.jpg"},"full":{"file":"Securing_Our_Future_EC_pic_2025-03-02-15-13_BLOGneu.jpg","width":1875,"height":1025,"mime_type":"image\/jpeg","source_url":"https:\/\/blog.prif.org\/wp-content\/uploads\/2025\/03\/Securing_Our_Future_EC_pic_2025-03-02-15-13_BLOGneu.jpg"}},"image_meta":{"aperture":"5","credit":"EU\/Christophe Licoppe","camera":"Canon EOS R3","caption":"Family photo","created_timestamp":"1740924823","copyright":"Christophe Licoppe","focal_length":"33","iso":"3200","shutter_speed":"0.005","title":"Visite de Ursula von der Leyen, Pr\u00e9sidente de la Commission europ\u00e9enne, \u00e0 Londres","orientation":"1","keywords":[]}},"post":12483,"source_url":"https:\/\/blog.prif.org\/wp-content\/uploads\/2025\/03\/Securing_Our_Future_EC_pic_2025-03-02-15-13_BLOGneu.jpg","_links":{"self":[{"href":"https:\/\/blog.prif.org\/en\/wp-json\/wp\/v2\/media\/12219","targetHints":{"allow":["GET"]}}],"collection":[{"href":"https:\/\/blog.prif.org\/en\/wp-json\/wp\/v2\/media"}],"about":[{"href":"https:\/\/blog.prif.org\/en\/wp-json\/wp\/v2\/types\/attachment"}],"author":[{"embeddable":true,"href":"https:\/\/blog.prif.org\/en\/wp-json\/wp\/v2\/users\/255"}],"replies":[{"embeddable":true,"href":"https:\/\/blog.prif.org\/en\/wp-json\/wp\/v2\/comments?post=12219"}]}}