{"id":12246,"date":"2025-05-15T15:22:47","date_gmt":"2025-05-15T13:22:47","guid":{"rendered":"https:\/\/blog.prif.org\/wp-content\/uploads\/2025\/03\/Image.jpg"},"modified":"2025-05-15T15:23:09","modified_gmt":"2025-05-15T13:23:09","slug":"image-2","status":"inherit","type":"attachment","link":"https:\/\/blog.prif.org\/en\/2025\/03\/04\/gewalteskalation-im-kontext-der-kolumbianischen-bemuehungen-um-frieden-ursachen-und-auswirkungen-der-humanitaeren-krise-in-catatumbo\/image-2\/","title":{"rendered":"Image"},"author":255,"featured_media":0,"comment_status":"closed","ping_status":"closed","template":"","meta":{"_acf_changed":false},"class_list":["post-12246","attachment","type-attachment","status-inherit","hentry"],"acf":[],"yoast_head":"<!-- This site is optimized with the Yoast SEO plugin v26.1.1 - https:\/\/yoast.com\/wordpress\/plugins\/seo\/ -->\n<title>Image - PRIF BLOG<\/title>\n<meta name=\"robots\" content=\"index, follow, max-snippet:-1, max-image-preview:large, max-video-preview:-1\" \/>\n<link rel=\"canonical\" href=\"https:\/\/blog.prif.org\/en\/2025\/03\/04\/gewalteskalation-im-kontext-der-kolumbianischen-bemuehungen-um-frieden-ursachen-und-auswirkungen-der-humanitaeren-krise-in-catatumbo\/image-2\/\" \/>\n<meta property=\"og:locale\" content=\"en_US\" \/>\n<meta property=\"og:type\" content=\"article\" \/>\n<meta property=\"og:title\" content=\"Image - PRIF BLOG\" \/>\n<meta property=\"og:description\" content=\"Convenci\u00f3n, Catatumbo, 2015. Der Text \u201eFARC-EP\u201c wurde zun\u00e4chst mit schwarzer Farbe geschrieben, gefolgt von \u201eELN\u201c in Rot. Letzteres wurde dann mit wei\u00dfer Farbe \u00fcbermalt. Diese visuelle Ver\u00e4nderung spiegelt die historischen territorialen Streitigkeiten zwischen bewaffneten Gruppen wider. | Foto: Laura Camila Barrios Sabogal\" \/>\n<meta property=\"og:url\" content=\"https:\/\/blog.prif.org\/en\/2025\/03\/04\/gewalteskalation-im-kontext-der-kolumbianischen-bemuehungen-um-frieden-ursachen-und-auswirkungen-der-humanitaeren-krise-in-catatumbo\/image-2\/\" \/>\n<meta property=\"og:site_name\" content=\"PRIF BLOG\" \/>\n<meta property=\"article:publisher\" content=\"https:\/\/www.facebook.com\/HSFK.PRIF\" \/>\n<meta property=\"article:modified_time\" content=\"2025-05-15T13:23:09+00:00\" \/>\n<meta property=\"og:image\" content=\"https:\/\/blog.prif.org\/wp-content\/uploads\/2025\/03\/Image.jpg\" \/>\n\t<meta property=\"og:image:width\" content=\"1080\" \/>\n\t<meta property=\"og:image:height\" content=\"607\" \/>\n\t<meta property=\"og:image:type\" content=\"image\/jpeg\" \/>\n<meta name=\"twitter:card\" content=\"summary_large_image\" \/>\n<meta name=\"twitter:site\" content=\"@HSFK_PRIF\" \/>\n<meta name=\"twitter:label1\" content=\"Written by\" \/>\n\t<meta name=\"twitter:data1\" content=\"Elisabeth Waczek\" \/>\n<script type=\"application\/ld+json\" class=\"yoast-schema-graph\">{\"@context\":\"https:\/\/schema.org\",\"@graph\":[{\"@type\":\"WebPage\",\"@id\":\"https:\/\/blog.prif.org\/en\/2025\/03\/04\/gewalteskalation-im-kontext-der-kolumbianischen-bemuehungen-um-frieden-ursachen-und-auswirkungen-der-humanitaeren-krise-in-catatumbo\/image-2\/\",\"url\":\"https:\/\/blog.prif.org\/en\/2025\/03\/04\/gewalteskalation-im-kontext-der-kolumbianischen-bemuehungen-um-frieden-ursachen-und-auswirkungen-der-humanitaeren-krise-in-catatumbo\/image-2\/\",\"name\":\"Image - PRIF BLOG\",\"isPartOf\":{\"@id\":\"https:\/\/blog.prif.org\/en\/#website\"},\"datePublished\":\"2025-05-15T13:22:47+00:00\",\"dateModified\":\"2025-05-15T13:23:09+00:00\",\"breadcrumb\":{\"@id\":\"https:\/\/blog.prif.org\/en\/2025\/03\/04\/gewalteskalation-im-kontext-der-kolumbianischen-bemuehungen-um-frieden-ursachen-und-auswirkungen-der-humanitaeren-krise-in-catatumbo\/image-2\/#breadcrumb\"},\"inLanguage\":\"en-US\",\"potentialAction\":[{\"@type\":\"ReadAction\",\"target\":[\"https:\/\/blog.prif.org\/en\/2025\/03\/04\/gewalteskalation-im-kontext-der-kolumbianischen-bemuehungen-um-frieden-ursachen-und-auswirkungen-der-humanitaeren-krise-in-catatumbo\/image-2\/\"]}]},{\"@type\":\"BreadcrumbList\",\"@id\":\"https:\/\/blog.prif.org\/en\/2025\/03\/04\/gewalteskalation-im-kontext-der-kolumbianischen-bemuehungen-um-frieden-ursachen-und-auswirkungen-der-humanitaeren-krise-in-catatumbo\/image-2\/#breadcrumb\",\"itemListElement\":[{\"@type\":\"ListItem\",\"position\":1,\"name\":\"Startseite\",\"item\":\"https:\/\/blog.prif.org\/en\/\"},{\"@type\":\"ListItem\",\"position\":2,\"name\":\"Gewalteskalation im Kontext der kolumbianischen Bem\u00fchungen um Frieden: Ursachen und Auswirkungen der humanit\u00e4ren Krise in Catatumbo\",\"item\":\"https:\/\/blog.prif.org\/en\/2025\/03\/04\/gewalteskalation-im-kontext-der-kolumbianischen-bemuehungen-um-frieden-ursachen-und-auswirkungen-der-humanitaeren-krise-in-catatumbo\/\"},{\"@type\":\"ListItem\",\"position\":3,\"name\":\"Image\"}]},{\"@type\":\"WebSite\",\"@id\":\"https:\/\/blog.prif.org\/en\/#website\",\"url\":\"https:\/\/blog.prif.org\/en\/\",\"name\":\"PRIF BLOG\",\"description\":\"Peace Research Institute Frankfurt \/ Leibniz Institut Hessische Stiftung Friedens- und Konfliktforschung\",\"publisher\":{\"@id\":\"https:\/\/blog.prif.org\/en\/#organization\"},\"potentialAction\":[{\"@type\":\"SearchAction\",\"target\":{\"@type\":\"EntryPoint\",\"urlTemplate\":\"https:\/\/blog.prif.org\/en\/?s={search_term_string}\"},\"query-input\":{\"@type\":\"PropertyValueSpecification\",\"valueRequired\":true,\"valueName\":\"search_term_string\"}}],\"inLanguage\":\"en-US\"},{\"@type\":\"Organization\",\"@id\":\"https:\/\/blog.prif.org\/en\/#organization\",\"name\":\"Peace Research Institute Frankfurt \/ Leibniz Institut Hessische Stiftung Friedens- und Konfliktforschung\",\"url\":\"https:\/\/blog.prif.org\/en\/\",\"logo\":{\"@type\":\"ImageObject\",\"inLanguage\":\"en-US\",\"@id\":\"https:\/\/blog.prif.org\/en\/#\/schema\/logo\/image\/\",\"url\":\"https:\/\/blog.prif.org\/wp-content\/uploads\/2023\/09\/cropped-blog_rgb.png\",\"contentUrl\":\"https:\/\/blog.prif.org\/wp-content\/uploads\/2023\/09\/cropped-blog_rgb.png\",\"width\":750,\"height\":226,\"caption\":\"Peace Research Institute Frankfurt \/ Leibniz Institut Hessische Stiftung Friedens- und Konfliktforschung\"},\"image\":{\"@id\":\"https:\/\/blog.prif.org\/en\/#\/schema\/logo\/image\/\"},\"sameAs\":[\"https:\/\/www.facebook.com\/HSFK.PRIF\",\"https:\/\/x.com\/HSFK_PRIF\",\"https:\/\/www.linkedin.com\/company\/8912786\/\"]}]}<\/script>\n<!-- \/ Yoast SEO plugin. -->","yoast_head_json":{"title":"Image - PRIF BLOG","robots":{"index":"index","follow":"follow","max-snippet":"max-snippet:-1","max-image-preview":"max-image-preview:large","max-video-preview":"max-video-preview:-1"},"canonical":"https:\/\/blog.prif.org\/en\/2025\/03\/04\/gewalteskalation-im-kontext-der-kolumbianischen-bemuehungen-um-frieden-ursachen-und-auswirkungen-der-humanitaeren-krise-in-catatumbo\/image-2\/","og_locale":"en_US","og_type":"article","og_title":"Image - PRIF BLOG","og_description":"Convenci\u00f3n, Catatumbo, 2015. Der Text \u201eFARC-EP\u201c wurde zun\u00e4chst mit schwarzer Farbe geschrieben, gefolgt von \u201eELN\u201c in Rot. Letzteres wurde dann mit wei\u00dfer Farbe \u00fcbermalt. Diese visuelle Ver\u00e4nderung spiegelt die historischen territorialen Streitigkeiten zwischen bewaffneten Gruppen wider. | Foto: Laura Camila Barrios Sabogal","og_url":"https:\/\/blog.prif.org\/en\/2025\/03\/04\/gewalteskalation-im-kontext-der-kolumbianischen-bemuehungen-um-frieden-ursachen-und-auswirkungen-der-humanitaeren-krise-in-catatumbo\/image-2\/","og_site_name":"PRIF BLOG","article_publisher":"https:\/\/www.facebook.com\/HSFK.PRIF","article_modified_time":"2025-05-15T13:23:09+00:00","og_image":[{"width":1080,"height":607,"url":"https:\/\/blog.prif.org\/wp-content\/uploads\/2025\/03\/Image.jpg","type":"image\/jpeg"}],"twitter_card":"summary_large_image","twitter_site":"@HSFK_PRIF","twitter_misc":{"Written by":"Elisabeth Waczek"},"schema":{"@context":"https:\/\/schema.org","@graph":[{"@type":"WebPage","@id":"https:\/\/blog.prif.org\/en\/2025\/03\/04\/gewalteskalation-im-kontext-der-kolumbianischen-bemuehungen-um-frieden-ursachen-und-auswirkungen-der-humanitaeren-krise-in-catatumbo\/image-2\/","url":"https:\/\/blog.prif.org\/en\/2025\/03\/04\/gewalteskalation-im-kontext-der-kolumbianischen-bemuehungen-um-frieden-ursachen-und-auswirkungen-der-humanitaeren-krise-in-catatumbo\/image-2\/","name":"Image - PRIF BLOG","isPartOf":{"@id":"https:\/\/blog.prif.org\/en\/#website"},"datePublished":"2025-05-15T13:22:47+00:00","dateModified":"2025-05-15T13:23:09+00:00","breadcrumb":{"@id":"https:\/\/blog.prif.org\/en\/2025\/03\/04\/gewalteskalation-im-kontext-der-kolumbianischen-bemuehungen-um-frieden-ursachen-und-auswirkungen-der-humanitaeren-krise-in-catatumbo\/image-2\/#breadcrumb"},"inLanguage":"en-US","potentialAction":[{"@type":"ReadAction","target":["https:\/\/blog.prif.org\/en\/2025\/03\/04\/gewalteskalation-im-kontext-der-kolumbianischen-bemuehungen-um-frieden-ursachen-und-auswirkungen-der-humanitaeren-krise-in-catatumbo\/image-2\/"]}]},{"@type":"BreadcrumbList","@id":"https:\/\/blog.prif.org\/en\/2025\/03\/04\/gewalteskalation-im-kontext-der-kolumbianischen-bemuehungen-um-frieden-ursachen-und-auswirkungen-der-humanitaeren-krise-in-catatumbo\/image-2\/#breadcrumb","itemListElement":[{"@type":"ListItem","position":1,"name":"Startseite","item":"https:\/\/blog.prif.org\/en\/"},{"@type":"ListItem","position":2,"name":"Gewalteskalation im Kontext der kolumbianischen Bem\u00fchungen um Frieden: Ursachen und Auswirkungen der humanit\u00e4ren Krise in Catatumbo","item":"https:\/\/blog.prif.org\/en\/2025\/03\/04\/gewalteskalation-im-kontext-der-kolumbianischen-bemuehungen-um-frieden-ursachen-und-auswirkungen-der-humanitaeren-krise-in-catatumbo\/"},{"@type":"ListItem","position":3,"name":"Image"}]},{"@type":"WebSite","@id":"https:\/\/blog.prif.org\/en\/#website","url":"https:\/\/blog.prif.org\/en\/","name":"PRIF BLOG","description":"Peace Research Institute Frankfurt \/ Leibniz Institut Hessische Stiftung Friedens- und Konfliktforschung","publisher":{"@id":"https:\/\/blog.prif.org\/en\/#organization"},"potentialAction":[{"@type":"SearchAction","target":{"@type":"EntryPoint","urlTemplate":"https:\/\/blog.prif.org\/en\/?s={search_term_string}"},"query-input":{"@type":"PropertyValueSpecification","valueRequired":true,"valueName":"search_term_string"}}],"inLanguage":"en-US"},{"@type":"Organization","@id":"https:\/\/blog.prif.org\/en\/#organization","name":"Peace Research Institute Frankfurt \/ Leibniz Institut Hessische Stiftung Friedens- und Konfliktforschung","url":"https:\/\/blog.prif.org\/en\/","logo":{"@type":"ImageObject","inLanguage":"en-US","@id":"https:\/\/blog.prif.org\/en\/#\/schema\/logo\/image\/","url":"https:\/\/blog.prif.org\/wp-content\/uploads\/2023\/09\/cropped-blog_rgb.png","contentUrl":"https:\/\/blog.prif.org\/wp-content\/uploads\/2023\/09\/cropped-blog_rgb.png","width":750,"height":226,"caption":"Peace Research Institute Frankfurt \/ Leibniz Institut Hessische Stiftung Friedens- und Konfliktforschung"},"image":{"@id":"https:\/\/blog.prif.org\/en\/#\/schema\/logo\/image\/"},"sameAs":["https:\/\/www.facebook.com\/HSFK.PRIF","https:\/\/x.com\/HSFK_PRIF","https:\/\/www.linkedin.com\/company\/8912786\/"]}]}},"description":{"rendered":"<p class=\"attachment\"><a href='https:\/\/blog.prif.org\/wp-content\/uploads\/2025\/03\/Image.jpg'><img loading=\"lazy\" decoding=\"async\" width=\"300\" height=\"169\" src=\"https:\/\/blog.prif.org\/wp-content\/uploads\/2025\/03\/Image-300x169.jpg\" class=\"attachment-medium size-medium\" alt=\"Orange-rote Wand mit schwarzer Schrift FARC-EP, dar\u00fcber wei\u00dfe Farbe und Spuren von roter Farbe.\" srcset=\"https:\/\/blog.prif.org\/wp-content\/uploads\/2025\/03\/Image-300x169.jpg 300w, https:\/\/blog.prif.org\/wp-content\/uploads\/2025\/03\/Image-1024x576.jpg 1024w, https:\/\/blog.prif.org\/wp-content\/uploads\/2025\/03\/Image-768x432.jpg 768w, https:\/\/blog.prif.org\/wp-content\/uploads\/2025\/03\/Image.jpg 1080w\" sizes=\"(max-width: 300px) 100vw, 300px\" \/><\/a><\/p>\n"},"caption":{"rendered":"<p>Convenci\u00f3n, Catatumbo, 2015.<br \/>\nDer Text \u201eFARC-EP\u201c wurde zun\u00e4chst mit schwarzer Farbe geschrieben, gefolgt von \u201eELN\u201c in Rot. Letzteres wurde dann mit wei\u00dfer Farbe \u00fcbermalt. Diese visuelle Ver\u00e4nderung spiegelt die historischen territorialen Streitigkeiten zwischen bewaffneten Gruppen wider. | Foto: Laura Camila Barrios Sabogal<\/p>\n"},"alt_text":"Orange-rote Wand mit schwarzer Schrift FARC-EP, dar\u00fcber wei\u00dfe Farbe und Spuren von roter Farbe.","media_type":"image","mime_type":"image\/jpeg","media_details":{"width":1080,"height":607,"file":"2025\/03\/Image.jpg","filesize":225419,"sizes":{"medium":{"file":"Image-300x169.jpg","width":300,"height":169,"filesize":12071,"mime_type":"image\/jpeg","source_url":"https:\/\/blog.prif.org\/wp-content\/uploads\/2025\/03\/Image-300x169.jpg"},"large":{"file":"Image-1024x576.jpg","width":1024,"height":576,"filesize":107298,"mime_type":"image\/jpeg","source_url":"https:\/\/blog.prif.org\/wp-content\/uploads\/2025\/03\/Image-1024x576.jpg"},"thumbnail":{"file":"Image-150x150.jpg","width":150,"height":150,"filesize":6508,"mime_type":"image\/jpeg","source_url":"https:\/\/blog.prif.org\/wp-content\/uploads\/2025\/03\/Image-150x150.jpg"},"medium_large":{"file":"Image-768x432.jpg","width":768,"height":432,"filesize":62157,"mime_type":"image\/jpeg","source_url":"https:\/\/blog.prif.org\/wp-content\/uploads\/2025\/03\/Image-768x432.jpg"},"full":{"file":"Image.jpg","width":1080,"height":607,"mime_type":"image\/jpeg","source_url":"https:\/\/blog.prif.org\/wp-content\/uploads\/2025\/03\/Image.jpg"}},"image_meta":{"aperture":"0","credit":"","camera":"","caption":"","created_timestamp":"0","copyright":"","focal_length":"0","iso":"0","shutter_speed":"0","title":"","orientation":"1","keywords":[]}},"post":12492,"source_url":"https:\/\/blog.prif.org\/wp-content\/uploads\/2025\/03\/Image.jpg","_links":{"self":[{"href":"https:\/\/blog.prif.org\/en\/wp-json\/wp\/v2\/media\/12246","targetHints":{"allow":["GET"]}}],"collection":[{"href":"https:\/\/blog.prif.org\/en\/wp-json\/wp\/v2\/media"}],"about":[{"href":"https:\/\/blog.prif.org\/en\/wp-json\/wp\/v2\/types\/attachment"}],"author":[{"embeddable":true,"href":"https:\/\/blog.prif.org\/en\/wp-json\/wp\/v2\/users\/255"}],"replies":[{"embeddable":true,"href":"https:\/\/blog.prif.org\/en\/wp-json\/wp\/v2\/comments?post=12246"}]}}