{"id":12294,"date":"2025-05-16T10:19:42","date_gmt":"2025-05-16T08:19:42","guid":{"rendered":"https:\/\/blog.prif.org\/wp-content\/uploads\/2025\/01\/2048px-thumbnail_Zuschnitt.jpg"},"modified":"2025-05-16T10:19:55","modified_gmt":"2025-05-16T08:19:55","slug":"2048px-thumbnail_zuschnitt-2","status":"inherit","type":"attachment","link":"https:\/\/blog.prif.org\/en\/2025\/01\/29\/die-wahlprogramme-zu-russlands-angriffskrieg-gegen-die-ukraine\/2048px-thumbnail_zuschnitt-2\/","title":{"rendered":"2048px-thumbnail_Zuschnitt"},"author":349,"featured_media":0,"comment_status":"closed","ping_status":"closed","template":"","meta":{"_acf_changed":false},"class_list":["post-12294","attachment","type-attachment","status-inherit","hentry"],"acf":[],"yoast_head":"<!-- This site is optimized with the Yoast SEO plugin v26.1.1 - https:\/\/yoast.com\/wordpress\/plugins\/seo\/ -->\n<title>2048px-thumbnail_Zuschnitt - PRIF BLOG<\/title>\n<meta name=\"robots\" content=\"index, follow, max-snippet:-1, max-image-preview:large, max-video-preview:-1\" \/>\n<link rel=\"canonical\" href=\"https:\/\/blog.prif.org\/en\/2025\/01\/29\/die-wahlprogramme-zu-russlands-angriffskrieg-gegen-die-ukraine\/2048px-thumbnail_zuschnitt-2\/\" \/>\n<meta property=\"og:locale\" content=\"en_US\" \/>\n<meta property=\"og:type\" content=\"article\" \/>\n<meta property=\"og:title\" content=\"2048px-thumbnail_Zuschnitt - PRIF BLOG\" \/>\n<meta property=\"og:description\" content=\"Das Monument der verstorbenen Kinder wurde am 4. Juni 2023 eingeweiht \u2013 dem Internationalen Tag der unschuldigen Kinder, die Opfer von Aggression geworden sind. | Foto: President of Ukraine via flickr | CC0 1.0\" \/>\n<meta property=\"og:url\" content=\"https:\/\/blog.prif.org\/en\/2025\/01\/29\/die-wahlprogramme-zu-russlands-angriffskrieg-gegen-die-ukraine\/2048px-thumbnail_zuschnitt-2\/\" \/>\n<meta property=\"og:site_name\" content=\"PRIF BLOG\" \/>\n<meta property=\"article:publisher\" content=\"https:\/\/www.facebook.com\/HSFK.PRIF\" \/>\n<meta property=\"article:modified_time\" content=\"2025-05-16T08:19:55+00:00\" \/>\n<meta property=\"og:image\" content=\"https:\/\/blog.prif.org\/wp-content\/uploads\/2025\/01\/2048px-thumbnail_Zuschnitt.jpg\" \/>\n\t<meta property=\"og:image:width\" content=\"1785\" \/>\n\t<meta property=\"og:image:height\" content=\"1025\" \/>\n\t<meta property=\"og:image:type\" content=\"image\/jpeg\" \/>\n<meta name=\"twitter:card\" content=\"summary_large_image\" \/>\n<meta name=\"twitter:site\" content=\"@HSFK_PRIF\" \/>\n<meta name=\"twitter:label1\" content=\"Written by\" \/>\n\t<meta name=\"twitter:data1\" content=\"Henriette Franken\" \/>\n<script type=\"application\/ld+json\" class=\"yoast-schema-graph\">{\"@context\":\"https:\/\/schema.org\",\"@graph\":[{\"@type\":\"WebPage\",\"@id\":\"https:\/\/blog.prif.org\/en\/2025\/01\/29\/die-wahlprogramme-zu-russlands-angriffskrieg-gegen-die-ukraine\/2048px-thumbnail_zuschnitt-2\/\",\"url\":\"https:\/\/blog.prif.org\/en\/2025\/01\/29\/die-wahlprogramme-zu-russlands-angriffskrieg-gegen-die-ukraine\/2048px-thumbnail_zuschnitt-2\/\",\"name\":\"2048px-thumbnail_Zuschnitt - PRIF BLOG\",\"isPartOf\":{\"@id\":\"https:\/\/blog.prif.org\/en\/#website\"},\"datePublished\":\"2025-05-16T08:19:42+00:00\",\"dateModified\":\"2025-05-16T08:19:55+00:00\",\"breadcrumb\":{\"@id\":\"https:\/\/blog.prif.org\/en\/2025\/01\/29\/die-wahlprogramme-zu-russlands-angriffskrieg-gegen-die-ukraine\/2048px-thumbnail_zuschnitt-2\/#breadcrumb\"},\"inLanguage\":\"en-US\",\"potentialAction\":[{\"@type\":\"ReadAction\",\"target\":[\"https:\/\/blog.prif.org\/en\/2025\/01\/29\/die-wahlprogramme-zu-russlands-angriffskrieg-gegen-die-ukraine\/2048px-thumbnail_zuschnitt-2\/\"]}]},{\"@type\":\"BreadcrumbList\",\"@id\":\"https:\/\/blog.prif.org\/en\/2025\/01\/29\/die-wahlprogramme-zu-russlands-angriffskrieg-gegen-die-ukraine\/2048px-thumbnail_zuschnitt-2\/#breadcrumb\",\"itemListElement\":[{\"@type\":\"ListItem\",\"position\":1,\"name\":\"Startseite\",\"item\":\"https:\/\/blog.prif.org\/en\/\"},{\"@type\":\"ListItem\",\"position\":2,\"name\":\"Die Wahlprogramme zu Russlands Angriffskrieg gegen die Ukraine\",\"item\":\"https:\/\/blog.prif.org\/en\/2025\/01\/29\/die-wahlprogramme-zu-russlands-angriffskrieg-gegen-die-ukraine\/\"},{\"@type\":\"ListItem\",\"position\":3,\"name\":\"2048px-thumbnail_Zuschnitt\"}]},{\"@type\":\"WebSite\",\"@id\":\"https:\/\/blog.prif.org\/en\/#website\",\"url\":\"https:\/\/blog.prif.org\/en\/\",\"name\":\"PRIF BLOG\",\"description\":\"Peace Research Institute Frankfurt \/ Leibniz Institut Hessische Stiftung Friedens- und Konfliktforschung\",\"publisher\":{\"@id\":\"https:\/\/blog.prif.org\/en\/#organization\"},\"potentialAction\":[{\"@type\":\"SearchAction\",\"target\":{\"@type\":\"EntryPoint\",\"urlTemplate\":\"https:\/\/blog.prif.org\/en\/?s={search_term_string}\"},\"query-input\":{\"@type\":\"PropertyValueSpecification\",\"valueRequired\":true,\"valueName\":\"search_term_string\"}}],\"inLanguage\":\"en-US\"},{\"@type\":\"Organization\",\"@id\":\"https:\/\/blog.prif.org\/en\/#organization\",\"name\":\"Peace Research Institute Frankfurt \/ Leibniz Institut Hessische Stiftung Friedens- und Konfliktforschung\",\"url\":\"https:\/\/blog.prif.org\/en\/\",\"logo\":{\"@type\":\"ImageObject\",\"inLanguage\":\"en-US\",\"@id\":\"https:\/\/blog.prif.org\/en\/#\/schema\/logo\/image\/\",\"url\":\"https:\/\/blog.prif.org\/wp-content\/uploads\/2023\/09\/cropped-blog_rgb.png\",\"contentUrl\":\"https:\/\/blog.prif.org\/wp-content\/uploads\/2023\/09\/cropped-blog_rgb.png\",\"width\":750,\"height\":226,\"caption\":\"Peace Research Institute Frankfurt \/ Leibniz Institut Hessische Stiftung Friedens- und Konfliktforschung\"},\"image\":{\"@id\":\"https:\/\/blog.prif.org\/en\/#\/schema\/logo\/image\/\"},\"sameAs\":[\"https:\/\/www.facebook.com\/HSFK.PRIF\",\"https:\/\/x.com\/HSFK_PRIF\",\"https:\/\/www.linkedin.com\/company\/8912786\/\"]}]}<\/script>\n<!-- \/ Yoast SEO plugin. -->","yoast_head_json":{"title":"2048px-thumbnail_Zuschnitt - PRIF BLOG","robots":{"index":"index","follow":"follow","max-snippet":"max-snippet:-1","max-image-preview":"max-image-preview:large","max-video-preview":"max-video-preview:-1"},"canonical":"https:\/\/blog.prif.org\/en\/2025\/01\/29\/die-wahlprogramme-zu-russlands-angriffskrieg-gegen-die-ukraine\/2048px-thumbnail_zuschnitt-2\/","og_locale":"en_US","og_type":"article","og_title":"2048px-thumbnail_Zuschnitt - PRIF BLOG","og_description":"Das Monument der verstorbenen Kinder wurde am 4. Juni 2023 eingeweiht \u2013 dem Internationalen Tag der unschuldigen Kinder, die Opfer von Aggression geworden sind. | Foto: President of Ukraine via flickr | CC0 1.0","og_url":"https:\/\/blog.prif.org\/en\/2025\/01\/29\/die-wahlprogramme-zu-russlands-angriffskrieg-gegen-die-ukraine\/2048px-thumbnail_zuschnitt-2\/","og_site_name":"PRIF BLOG","article_publisher":"https:\/\/www.facebook.com\/HSFK.PRIF","article_modified_time":"2025-05-16T08:19:55+00:00","og_image":[{"width":1785,"height":1025,"url":"https:\/\/blog.prif.org\/wp-content\/uploads\/2025\/01\/2048px-thumbnail_Zuschnitt.jpg","type":"image\/jpeg"}],"twitter_card":"summary_large_image","twitter_site":"@HSFK_PRIF","twitter_misc":{"Written by":"Henriette Franken"},"schema":{"@context":"https:\/\/schema.org","@graph":[{"@type":"WebPage","@id":"https:\/\/blog.prif.org\/en\/2025\/01\/29\/die-wahlprogramme-zu-russlands-angriffskrieg-gegen-die-ukraine\/2048px-thumbnail_zuschnitt-2\/","url":"https:\/\/blog.prif.org\/en\/2025\/01\/29\/die-wahlprogramme-zu-russlands-angriffskrieg-gegen-die-ukraine\/2048px-thumbnail_zuschnitt-2\/","name":"2048px-thumbnail_Zuschnitt - PRIF BLOG","isPartOf":{"@id":"https:\/\/blog.prif.org\/en\/#website"},"datePublished":"2025-05-16T08:19:42+00:00","dateModified":"2025-05-16T08:19:55+00:00","breadcrumb":{"@id":"https:\/\/blog.prif.org\/en\/2025\/01\/29\/die-wahlprogramme-zu-russlands-angriffskrieg-gegen-die-ukraine\/2048px-thumbnail_zuschnitt-2\/#breadcrumb"},"inLanguage":"en-US","potentialAction":[{"@type":"ReadAction","target":["https:\/\/blog.prif.org\/en\/2025\/01\/29\/die-wahlprogramme-zu-russlands-angriffskrieg-gegen-die-ukraine\/2048px-thumbnail_zuschnitt-2\/"]}]},{"@type":"BreadcrumbList","@id":"https:\/\/blog.prif.org\/en\/2025\/01\/29\/die-wahlprogramme-zu-russlands-angriffskrieg-gegen-die-ukraine\/2048px-thumbnail_zuschnitt-2\/#breadcrumb","itemListElement":[{"@type":"ListItem","position":1,"name":"Startseite","item":"https:\/\/blog.prif.org\/en\/"},{"@type":"ListItem","position":2,"name":"Die Wahlprogramme zu Russlands Angriffskrieg gegen die Ukraine","item":"https:\/\/blog.prif.org\/en\/2025\/01\/29\/die-wahlprogramme-zu-russlands-angriffskrieg-gegen-die-ukraine\/"},{"@type":"ListItem","position":3,"name":"2048px-thumbnail_Zuschnitt"}]},{"@type":"WebSite","@id":"https:\/\/blog.prif.org\/en\/#website","url":"https:\/\/blog.prif.org\/en\/","name":"PRIF BLOG","description":"Peace Research Institute Frankfurt \/ Leibniz Institut Hessische Stiftung Friedens- und Konfliktforschung","publisher":{"@id":"https:\/\/blog.prif.org\/en\/#organization"},"potentialAction":[{"@type":"SearchAction","target":{"@type":"EntryPoint","urlTemplate":"https:\/\/blog.prif.org\/en\/?s={search_term_string}"},"query-input":{"@type":"PropertyValueSpecification","valueRequired":true,"valueName":"search_term_string"}}],"inLanguage":"en-US"},{"@type":"Organization","@id":"https:\/\/blog.prif.org\/en\/#organization","name":"Peace Research Institute Frankfurt \/ Leibniz Institut Hessische Stiftung Friedens- und Konfliktforschung","url":"https:\/\/blog.prif.org\/en\/","logo":{"@type":"ImageObject","inLanguage":"en-US","@id":"https:\/\/blog.prif.org\/en\/#\/schema\/logo\/image\/","url":"https:\/\/blog.prif.org\/wp-content\/uploads\/2023\/09\/cropped-blog_rgb.png","contentUrl":"https:\/\/blog.prif.org\/wp-content\/uploads\/2023\/09\/cropped-blog_rgb.png","width":750,"height":226,"caption":"Peace Research Institute Frankfurt \/ Leibniz Institut Hessische Stiftung Friedens- und Konfliktforschung"},"image":{"@id":"https:\/\/blog.prif.org\/en\/#\/schema\/logo\/image\/"},"sameAs":["https:\/\/www.facebook.com\/HSFK.PRIF","https:\/\/x.com\/HSFK_PRIF","https:\/\/www.linkedin.com\/company\/8912786\/"]}]}},"description":{"rendered":"<p class=\"attachment\"><a href='https:\/\/blog.prif.org\/wp-content\/uploads\/2025\/01\/2048px-thumbnail_Zuschnitt.jpg'><img loading=\"lazy\" decoding=\"async\" width=\"300\" height=\"172\" src=\"https:\/\/blog.prif.org\/wp-content\/uploads\/2025\/01\/2048px-thumbnail_Zuschnitt-300x172.jpg\" class=\"attachment-medium size-medium\" alt=\"Im Bildvordergrund ist ein Denkmal: Das Denkmal besteht aus den Skulpturen eines Jungen und eines M\u00e4dchens in Form von Engeln mit verbrannten Fl\u00fcgeln, die \u00fcber einen Granitblock fliegen, der eine Explosion darstellt. Im Hintergrund sind B\u00e4ume und ein Geb\u00e4ude zu sehen.\" srcset=\"https:\/\/blog.prif.org\/wp-content\/uploads\/2025\/01\/2048px-thumbnail_Zuschnitt-300x172.jpg 300w, https:\/\/blog.prif.org\/wp-content\/uploads\/2025\/01\/2048px-thumbnail_Zuschnitt-1024x588.jpg 1024w, https:\/\/blog.prif.org\/wp-content\/uploads\/2025\/01\/2048px-thumbnail_Zuschnitt-768x441.jpg 768w, https:\/\/blog.prif.org\/wp-content\/uploads\/2025\/01\/2048px-thumbnail_Zuschnitt-1536x882.jpg 1536w, https:\/\/blog.prif.org\/wp-content\/uploads\/2025\/01\/2048px-thumbnail_Zuschnitt-1320x758.jpg 1320w, https:\/\/blog.prif.org\/wp-content\/uploads\/2025\/01\/2048px-thumbnail_Zuschnitt.jpg 1785w\" sizes=\"(max-width: 300px) 100vw, 300px\" \/><\/a><\/p>\n"},"caption":{"rendered":"<p><a href=\"https:\/\/www.flickr.com\/photos\/president_of_ukraine\/53702123643\/\">Das Monument der verstorbenen Kinder wurde am 4. Juni 2023 eingeweiht \u2013 dem Internationalen Tag der unschuldigen Kinder, die Opfer von Aggression geworden sind.<\/a> | Foto: <a href=\"https:\/\/www.flickr.com\/photos\/president_of_ukraine\/\">President of Ukraine via flickr | <a href=\"https:\/\/creativecommons.org\/publicdomain\/zero\/1.0\/\">CC0 1.0<\/a><\/p>\n"},"alt_text":"Im Bildvordergrund ist ein Denkmal: Das Denkmal besteht aus den Skulpturen eines Jungen und eines M\u00e4dchens in Form von Engeln mit verbrannten Fl\u00fcgeln, die \u00fcber einen Granitblock fliegen, der eine Explosion darstellt. Im Hintergrund sind B\u00e4ume und ein Geb\u00e4ude zu sehen.","media_type":"image","mime_type":"image\/jpeg","media_details":{"width":1785,"height":1025,"file":"2025\/01\/2048px-thumbnail_Zuschnitt.jpg","filesize":840408,"sizes":{"medium":{"file":"2048px-thumbnail_Zuschnitt-300x172.jpg","width":300,"height":172,"filesize":29918,"mime_type":"image\/jpeg","source_url":"https:\/\/blog.prif.org\/wp-content\/uploads\/2025\/01\/2048px-thumbnail_Zuschnitt-300x172.jpg"},"large":{"file":"2048px-thumbnail_Zuschnitt-1024x588.jpg","width":1024,"height":588,"filesize":210819,"mime_type":"image\/jpeg","source_url":"https:\/\/blog.prif.org\/wp-content\/uploads\/2025\/01\/2048px-thumbnail_Zuschnitt-1024x588.jpg"},"thumbnail":{"file":"2048px-thumbnail_Zuschnitt-150x150.jpg","width":150,"height":150,"filesize":19768,"mime_type":"image\/jpeg","source_url":"https:\/\/blog.prif.org\/wp-content\/uploads\/2025\/01\/2048px-thumbnail_Zuschnitt-150x150.jpg"},"medium_large":{"file":"2048px-thumbnail_Zuschnitt-768x441.jpg","width":768,"height":441,"filesize":122820,"mime_type":"image\/jpeg","source_url":"https:\/\/blog.prif.org\/wp-content\/uploads\/2025\/01\/2048px-thumbnail_Zuschnitt-768x441.jpg"},"1536x1536":{"file":"2048px-thumbnail_Zuschnitt-1536x882.jpg","width":1536,"height":882,"filesize":416440,"mime_type":"image\/jpeg","source_url":"https:\/\/blog.prif.org\/wp-content\/uploads\/2025\/01\/2048px-thumbnail_Zuschnitt-1536x882.jpg"},"mailpoet_newsletter_max":{"file":"2048px-thumbnail_Zuschnitt-1320x758.jpg","width":1320,"height":758,"filesize":321757,"mime_type":"image\/jpeg","source_url":"https:\/\/blog.prif.org\/wp-content\/uploads\/2025\/01\/2048px-thumbnail_Zuschnitt-1320x758.jpg"},"full":{"file":"2048px-thumbnail_Zuschnitt.jpg","width":1785,"height":1025,"mime_type":"image\/jpeg","source_url":"https:\/\/blog.prif.org\/wp-content\/uploads\/2025\/01\/2048px-thumbnail_Zuschnitt.jpg"}},"image_meta":{"aperture":"0","credit":"","camera":"","caption":"","created_timestamp":"0","copyright":"\u00a9 Press Service Of The President Of Ukraine.","focal_length":"0","iso":"0","shutter_speed":"0","title":"","orientation":"1","keywords":[]}},"post":12574,"source_url":"https:\/\/blog.prif.org\/wp-content\/uploads\/2025\/01\/2048px-thumbnail_Zuschnitt.jpg","_links":{"self":[{"href":"https:\/\/blog.prif.org\/en\/wp-json\/wp\/v2\/media\/12294","targetHints":{"allow":["GET"]}}],"collection":[{"href":"https:\/\/blog.prif.org\/en\/wp-json\/wp\/v2\/media"}],"about":[{"href":"https:\/\/blog.prif.org\/en\/wp-json\/wp\/v2\/types\/attachment"}],"author":[{"embeddable":true,"href":"https:\/\/blog.prif.org\/en\/wp-json\/wp\/v2\/users\/349"}],"replies":[{"embeddable":true,"href":"https:\/\/blog.prif.org\/en\/wp-json\/wp\/v2\/comments?post=12294"}]}}