{"id":12331,"date":"2025-05-16T11:16:09","date_gmt":"2025-05-16T09:16:09","guid":{"rendered":"https:\/\/blog.prif.org\/wp-content\/uploads\/2024\/11\/Foto-innen-6849208_Blogneu_Zuschnitt.jpg"},"modified":"2025-05-16T11:16:22","modified_gmt":"2025-05-16T09:16:22","slug":"2nd-multi-domain-task-force-activation-ceremony-2","status":"inherit","type":"attachment","link":"https:\/\/blog.prif.org\/en\/2024\/11\/08\/mehr-als-nur-abschreckung-mittelstreckenwaffen-und-multi-domain-operationen-in-europa\/2nd-multi-domain-task-force-activation-ceremony-2\/","title":{"rendered":"2nd Multi-Domain Task Force activation ceremony"},"author":349,"featured_media":0,"comment_status":"closed","ping_status":"closed","template":"","meta":{"_acf_changed":false},"class_list":["post-12331","attachment","type-attachment","status-inherit","hentry"],"acf":[],"yoast_head":"<!-- This site is optimized with the Yoast SEO plugin v26.1.1 - https:\/\/yoast.com\/wordpress\/plugins\/seo\/ -->\n<title>2nd Multi-Domain Task Force activation ceremony - PRIF BLOG<\/title>\n<meta name=\"robots\" content=\"index, follow, max-snippet:-1, max-image-preview:large, max-video-preview:-1\" \/>\n<link rel=\"canonical\" href=\"https:\/\/blog.prif.org\/en\/2024\/11\/08\/mehr-als-nur-abschreckung-mittelstreckenwaffen-und-multi-domain-operationen-in-europa\/2nd-multi-domain-task-force-activation-ceremony-2\/\" \/>\n<meta property=\"og:locale\" content=\"en_US\" \/>\n<meta property=\"og:type\" content=\"article\" \/>\n<meta property=\"og:title\" content=\"2nd Multi-Domain Task Force activation ceremony - PRIF BLOG\" \/>\n<meta property=\"og:description\" content=\"Gen. Christopher Cavoli, commanding General of U.S. Army Europe and Africa passes the unit color to Col. Jonathan Byrom, Commander of 2nd Multi Domain Task Force during the 2nd MDTF activation ceremony on Clay Kaserne in Wiesbaden, Germany, Sept. 16, 2021.\" \/>\n<meta property=\"og:url\" content=\"https:\/\/blog.prif.org\/en\/2024\/11\/08\/mehr-als-nur-abschreckung-mittelstreckenwaffen-und-multi-domain-operationen-in-europa\/2nd-multi-domain-task-force-activation-ceremony-2\/\" \/>\n<meta property=\"og:site_name\" content=\"PRIF BLOG\" \/>\n<meta property=\"article:publisher\" content=\"https:\/\/www.facebook.com\/HSFK.PRIF\" \/>\n<meta property=\"article:modified_time\" content=\"2025-05-16T09:16:22+00:00\" \/>\n<meta property=\"og:image\" content=\"https:\/\/blog.prif.org\/wp-content\/uploads\/2024\/11\/Foto-innen-6849208_Blogneu_Zuschnitt.jpg\" \/>\n\t<meta property=\"og:image:width\" content=\"1875\" \/>\n\t<meta property=\"og:image:height\" content=\"1025\" \/>\n\t<meta property=\"og:image:type\" content=\"image\/jpeg\" \/>\n<meta name=\"twitter:card\" content=\"summary_large_image\" \/>\n<meta name=\"twitter:site\" content=\"@HSFK_PRIF\" \/>\n<meta name=\"twitter:label1\" content=\"Written by\" \/>\n\t<meta name=\"twitter:data1\" content=\"Henriette Franken\" \/>\n<script type=\"application\/ld+json\" class=\"yoast-schema-graph\">{\"@context\":\"https:\/\/schema.org\",\"@graph\":[{\"@type\":\"WebPage\",\"@id\":\"https:\/\/blog.prif.org\/en\/2024\/11\/08\/mehr-als-nur-abschreckung-mittelstreckenwaffen-und-multi-domain-operationen-in-europa\/2nd-multi-domain-task-force-activation-ceremony-2\/\",\"url\":\"https:\/\/blog.prif.org\/en\/2024\/11\/08\/mehr-als-nur-abschreckung-mittelstreckenwaffen-und-multi-domain-operationen-in-europa\/2nd-multi-domain-task-force-activation-ceremony-2\/\",\"name\":\"2nd Multi-Domain Task Force activation ceremony - PRIF BLOG\",\"isPartOf\":{\"@id\":\"https:\/\/blog.prif.org\/en\/#website\"},\"datePublished\":\"2025-05-16T09:16:09+00:00\",\"dateModified\":\"2025-05-16T09:16:22+00:00\",\"breadcrumb\":{\"@id\":\"https:\/\/blog.prif.org\/en\/2024\/11\/08\/mehr-als-nur-abschreckung-mittelstreckenwaffen-und-multi-domain-operationen-in-europa\/2nd-multi-domain-task-force-activation-ceremony-2\/#breadcrumb\"},\"inLanguage\":\"en-US\",\"potentialAction\":[{\"@type\":\"ReadAction\",\"target\":[\"https:\/\/blog.prif.org\/en\/2024\/11\/08\/mehr-als-nur-abschreckung-mittelstreckenwaffen-und-multi-domain-operationen-in-europa\/2nd-multi-domain-task-force-activation-ceremony-2\/\"]}]},{\"@type\":\"BreadcrumbList\",\"@id\":\"https:\/\/blog.prif.org\/en\/2024\/11\/08\/mehr-als-nur-abschreckung-mittelstreckenwaffen-und-multi-domain-operationen-in-europa\/2nd-multi-domain-task-force-activation-ceremony-2\/#breadcrumb\",\"itemListElement\":[{\"@type\":\"ListItem\",\"position\":1,\"name\":\"Startseite\",\"item\":\"https:\/\/blog.prif.org\/en\/\"},{\"@type\":\"ListItem\",\"position\":2,\"name\":\"Mehr als nur Abschreckung: Mittelstreckenwaffen und Multi-Domain-Operationen in Europa\",\"item\":\"https:\/\/blog.prif.org\/en\/2024\/11\/08\/mehr-als-nur-abschreckung-mittelstreckenwaffen-und-multi-domain-operationen-in-europa\/\"},{\"@type\":\"ListItem\",\"position\":3,\"name\":\"2nd Multi-Domain Task Force activation ceremony\"}]},{\"@type\":\"WebSite\",\"@id\":\"https:\/\/blog.prif.org\/en\/#website\",\"url\":\"https:\/\/blog.prif.org\/en\/\",\"name\":\"PRIF BLOG\",\"description\":\"Peace Research Institute Frankfurt \/ Leibniz Institut Hessische Stiftung Friedens- und Konfliktforschung\",\"publisher\":{\"@id\":\"https:\/\/blog.prif.org\/en\/#organization\"},\"potentialAction\":[{\"@type\":\"SearchAction\",\"target\":{\"@type\":\"EntryPoint\",\"urlTemplate\":\"https:\/\/blog.prif.org\/en\/?s={search_term_string}\"},\"query-input\":{\"@type\":\"PropertyValueSpecification\",\"valueRequired\":true,\"valueName\":\"search_term_string\"}}],\"inLanguage\":\"en-US\"},{\"@type\":\"Organization\",\"@id\":\"https:\/\/blog.prif.org\/en\/#organization\",\"name\":\"Peace Research Institute Frankfurt \/ Leibniz Institut Hessische Stiftung Friedens- und Konfliktforschung\",\"url\":\"https:\/\/blog.prif.org\/en\/\",\"logo\":{\"@type\":\"ImageObject\",\"inLanguage\":\"en-US\",\"@id\":\"https:\/\/blog.prif.org\/en\/#\/schema\/logo\/image\/\",\"url\":\"https:\/\/blog.prif.org\/wp-content\/uploads\/2023\/09\/cropped-blog_rgb.png\",\"contentUrl\":\"https:\/\/blog.prif.org\/wp-content\/uploads\/2023\/09\/cropped-blog_rgb.png\",\"width\":750,\"height\":226,\"caption\":\"Peace Research Institute Frankfurt \/ Leibniz Institut Hessische Stiftung Friedens- und Konfliktforschung\"},\"image\":{\"@id\":\"https:\/\/blog.prif.org\/en\/#\/schema\/logo\/image\/\"},\"sameAs\":[\"https:\/\/www.facebook.com\/HSFK.PRIF\",\"https:\/\/x.com\/HSFK_PRIF\",\"https:\/\/www.linkedin.com\/company\/8912786\/\"]}]}<\/script>\n<!-- \/ Yoast SEO plugin. -->","yoast_head_json":{"title":"2nd Multi-Domain Task Force activation ceremony - PRIF BLOG","robots":{"index":"index","follow":"follow","max-snippet":"max-snippet:-1","max-image-preview":"max-image-preview:large","max-video-preview":"max-video-preview:-1"},"canonical":"https:\/\/blog.prif.org\/en\/2024\/11\/08\/mehr-als-nur-abschreckung-mittelstreckenwaffen-und-multi-domain-operationen-in-europa\/2nd-multi-domain-task-force-activation-ceremony-2\/","og_locale":"en_US","og_type":"article","og_title":"2nd Multi-Domain Task Force activation ceremony - PRIF BLOG","og_description":"Gen. Christopher Cavoli, commanding General of U.S. Army Europe and Africa passes the unit color to Col. Jonathan Byrom, Commander of 2nd Multi Domain Task Force during the 2nd MDTF activation ceremony on Clay Kaserne in Wiesbaden, Germany, Sept. 16, 2021.","og_url":"https:\/\/blog.prif.org\/en\/2024\/11\/08\/mehr-als-nur-abschreckung-mittelstreckenwaffen-und-multi-domain-operationen-in-europa\/2nd-multi-domain-task-force-activation-ceremony-2\/","og_site_name":"PRIF BLOG","article_publisher":"https:\/\/www.facebook.com\/HSFK.PRIF","article_modified_time":"2025-05-16T09:16:22+00:00","og_image":[{"width":1875,"height":1025,"url":"https:\/\/blog.prif.org\/wp-content\/uploads\/2024\/11\/Foto-innen-6849208_Blogneu_Zuschnitt.jpg","type":"image\/jpeg"}],"twitter_card":"summary_large_image","twitter_site":"@HSFK_PRIF","twitter_misc":{"Written by":"Henriette Franken"},"schema":{"@context":"https:\/\/schema.org","@graph":[{"@type":"WebPage","@id":"https:\/\/blog.prif.org\/en\/2024\/11\/08\/mehr-als-nur-abschreckung-mittelstreckenwaffen-und-multi-domain-operationen-in-europa\/2nd-multi-domain-task-force-activation-ceremony-2\/","url":"https:\/\/blog.prif.org\/en\/2024\/11\/08\/mehr-als-nur-abschreckung-mittelstreckenwaffen-und-multi-domain-operationen-in-europa\/2nd-multi-domain-task-force-activation-ceremony-2\/","name":"2nd Multi-Domain Task Force activation ceremony - PRIF BLOG","isPartOf":{"@id":"https:\/\/blog.prif.org\/en\/#website"},"datePublished":"2025-05-16T09:16:09+00:00","dateModified":"2025-05-16T09:16:22+00:00","breadcrumb":{"@id":"https:\/\/blog.prif.org\/en\/2024\/11\/08\/mehr-als-nur-abschreckung-mittelstreckenwaffen-und-multi-domain-operationen-in-europa\/2nd-multi-domain-task-force-activation-ceremony-2\/#breadcrumb"},"inLanguage":"en-US","potentialAction":[{"@type":"ReadAction","target":["https:\/\/blog.prif.org\/en\/2024\/11\/08\/mehr-als-nur-abschreckung-mittelstreckenwaffen-und-multi-domain-operationen-in-europa\/2nd-multi-domain-task-force-activation-ceremony-2\/"]}]},{"@type":"BreadcrumbList","@id":"https:\/\/blog.prif.org\/en\/2024\/11\/08\/mehr-als-nur-abschreckung-mittelstreckenwaffen-und-multi-domain-operationen-in-europa\/2nd-multi-domain-task-force-activation-ceremony-2\/#breadcrumb","itemListElement":[{"@type":"ListItem","position":1,"name":"Startseite","item":"https:\/\/blog.prif.org\/en\/"},{"@type":"ListItem","position":2,"name":"Mehr als nur Abschreckung: Mittelstreckenwaffen und Multi-Domain-Operationen in Europa","item":"https:\/\/blog.prif.org\/en\/2024\/11\/08\/mehr-als-nur-abschreckung-mittelstreckenwaffen-und-multi-domain-operationen-in-europa\/"},{"@type":"ListItem","position":3,"name":"2nd Multi-Domain Task Force activation ceremony"}]},{"@type":"WebSite","@id":"https:\/\/blog.prif.org\/en\/#website","url":"https:\/\/blog.prif.org\/en\/","name":"PRIF BLOG","description":"Peace Research Institute Frankfurt \/ Leibniz Institut Hessische Stiftung Friedens- und Konfliktforschung","publisher":{"@id":"https:\/\/blog.prif.org\/en\/#organization"},"potentialAction":[{"@type":"SearchAction","target":{"@type":"EntryPoint","urlTemplate":"https:\/\/blog.prif.org\/en\/?s={search_term_string}"},"query-input":{"@type":"PropertyValueSpecification","valueRequired":true,"valueName":"search_term_string"}}],"inLanguage":"en-US"},{"@type":"Organization","@id":"https:\/\/blog.prif.org\/en\/#organization","name":"Peace Research Institute Frankfurt \/ Leibniz Institut Hessische Stiftung Friedens- und Konfliktforschung","url":"https:\/\/blog.prif.org\/en\/","logo":{"@type":"ImageObject","inLanguage":"en-US","@id":"https:\/\/blog.prif.org\/en\/#\/schema\/logo\/image\/","url":"https:\/\/blog.prif.org\/wp-content\/uploads\/2023\/09\/cropped-blog_rgb.png","contentUrl":"https:\/\/blog.prif.org\/wp-content\/uploads\/2023\/09\/cropped-blog_rgb.png","width":750,"height":226,"caption":"Peace Research Institute Frankfurt \/ Leibniz Institut Hessische Stiftung Friedens- und Konfliktforschung"},"image":{"@id":"https:\/\/blog.prif.org\/en\/#\/schema\/logo\/image\/"},"sameAs":["https:\/\/www.facebook.com\/HSFK.PRIF","https:\/\/x.com\/HSFK_PRIF","https:\/\/www.linkedin.com\/company\/8912786\/"]}]}},"description":{"rendered":"<p class=\"attachment\"><a href='https:\/\/blog.prif.org\/wp-content\/uploads\/2024\/11\/Foto-innen-6849208_Blogneu_Zuschnitt.jpg'><img loading=\"lazy\" decoding=\"async\" width=\"300\" height=\"164\" src=\"https:\/\/blog.prif.org\/wp-content\/uploads\/2024\/11\/Foto-innen-6849208_Blogneu_Zuschnitt-300x164.jpg\" class=\"attachment-medium size-medium\" alt=\"Ein Soldat \u00fcberreicht l\u00e4chelnd einem anderen Soldaten eine blaue, zusammengewickelte Fahne. Rechts von ihnen stehen sechs Soldat*innen, von denen zwei jeweils die deutsche und die US-amerikaische Fahne tragen. Sie befinden sich auf einer gr\u00fcnen Wiese, im Hintergrund sind links weitere Soldat*innen zu sehen. Dahinter befinden sich wei\u00dfe Reihenh\u00e4user.\" srcset=\"https:\/\/blog.prif.org\/wp-content\/uploads\/2024\/11\/Foto-innen-6849208_Blogneu_Zuschnitt-300x164.jpg 300w, https:\/\/blog.prif.org\/wp-content\/uploads\/2024\/11\/Foto-innen-6849208_Blogneu_Zuschnitt-1024x560.jpg 1024w, https:\/\/blog.prif.org\/wp-content\/uploads\/2024\/11\/Foto-innen-6849208_Blogneu_Zuschnitt-768x420.jpg 768w, https:\/\/blog.prif.org\/wp-content\/uploads\/2024\/11\/Foto-innen-6849208_Blogneu_Zuschnitt-1536x840.jpg 1536w, https:\/\/blog.prif.org\/wp-content\/uploads\/2024\/11\/Foto-innen-6849208_Blogneu_Zuschnitt-1320x722.jpg 1320w, https:\/\/blog.prif.org\/wp-content\/uploads\/2024\/11\/Foto-innen-6849208_Blogneu_Zuschnitt.jpg 1875w\" sizes=\"(max-width: 300px) 100vw, 300px\" \/><\/a><\/p>\n"},"caption":{"rendered":"<p>Gen. Christopher Cavoli, commanding General of U.S. Army Europe and Africa passes the unit color to Col. Jonathan Byrom, Commander of 2nd Multi Domain Task Force during the 2nd MDTF activation ceremony on Clay Kaserne in Wiesbaden, Germany, Sept. 16, 2021.<\/p>\n"},"alt_text":"Ein Soldat \u00fcberreicht l\u00e4chelnd einem anderen Soldaten eine blaue, zusammengewickelte Fahne. Rechts von ihnen stehen sechs Soldat*innen, von denen zwei jeweils die deutsche und die US-amerikaische Fahne tragen. Sie befinden sich auf einer gr\u00fcnen Wiese, im Hintergrund sind links weitere Soldat*innen zu sehen. Dahinter befinden sich wei\u00dfe Reihenh\u00e4user.","media_type":"image","mime_type":"image\/jpeg","media_details":{"width":1875,"height":1025,"file":"2024\/11\/Foto-innen-6849208_Blogneu_Zuschnitt.jpg","filesize":1005203,"sizes":{"medium":{"file":"Foto-innen-6849208_Blogneu_Zuschnitt-300x164.jpg","width":300,"height":164,"filesize":32741,"mime_type":"image\/jpeg","source_url":"https:\/\/blog.prif.org\/wp-content\/uploads\/2024\/11\/Foto-innen-6849208_Blogneu_Zuschnitt-300x164.jpg"},"large":{"file":"Foto-innen-6849208_Blogneu_Zuschnitt-1024x560.jpg","width":1024,"height":560,"filesize":173054,"mime_type":"image\/jpeg","source_url":"https:\/\/blog.prif.org\/wp-content\/uploads\/2024\/11\/Foto-innen-6849208_Blogneu_Zuschnitt-1024x560.jpg"},"thumbnail":{"file":"Foto-innen-6849208_Blogneu_Zuschnitt-150x150.jpg","width":150,"height":150,"filesize":25060,"mime_type":"image\/jpeg","source_url":"https:\/\/blog.prif.org\/wp-content\/uploads\/2024\/11\/Foto-innen-6849208_Blogneu_Zuschnitt-150x150.jpg"},"medium_large":{"file":"Foto-innen-6849208_Blogneu_Zuschnitt-768x420.jpg","width":768,"height":420,"filesize":107382,"mime_type":"image\/jpeg","source_url":"https:\/\/blog.prif.org\/wp-content\/uploads\/2024\/11\/Foto-innen-6849208_Blogneu_Zuschnitt-768x420.jpg"},"1536x1536":{"file":"Foto-innen-6849208_Blogneu_Zuschnitt-1536x840.jpg","width":1536,"height":840,"filesize":346182,"mime_type":"image\/jpeg","source_url":"https:\/\/blog.prif.org\/wp-content\/uploads\/2024\/11\/Foto-innen-6849208_Blogneu_Zuschnitt-1536x840.jpg"},"mailpoet_newsletter_max":{"file":"Foto-innen-6849208_Blogneu_Zuschnitt-1320x722.jpg","width":1320,"height":722,"filesize":269827,"mime_type":"image\/jpeg","source_url":"https:\/\/blog.prif.org\/wp-content\/uploads\/2024\/11\/Foto-innen-6849208_Blogneu_Zuschnitt-1320x722.jpg"},"full":{"file":"Foto-innen-6849208_Blogneu_Zuschnitt.jpg","width":1875,"height":1025,"mime_type":"image\/jpeg","source_url":"https:\/\/blog.prif.org\/wp-content\/uploads\/2024\/11\/Foto-innen-6849208_Blogneu_Zuschnitt.jpg"}},"image_meta":{"aperture":"9","credit":"Training Support Activity Europe","camera":"NIKON D850","caption":"Gen. Christopher Cavoli, commanding General of U.S. Army Europe and Africa passes the unit color to Col. Jonathan Byrom, Commander of 2nd Multi Domain Task Force during the 2nd MDTF activation ceremony on Clay Kaserne in Wiesbaden, Germany, Sept. 16, 2021.","created_timestamp":"1631764800","copyright":"Public Domain","focal_length":"70","iso":"200","shutter_speed":"0.002","title":"2nd Multi-Domain Task Force activation ceremony","orientation":"1","keywords":["EUCOM","StrongerTogether","USArmy","2MDTF"]}},"post":12599,"source_url":"https:\/\/blog.prif.org\/wp-content\/uploads\/2024\/11\/Foto-innen-6849208_Blogneu_Zuschnitt.jpg","_links":{"self":[{"href":"https:\/\/blog.prif.org\/en\/wp-json\/wp\/v2\/media\/12331","targetHints":{"allow":["GET"]}}],"collection":[{"href":"https:\/\/blog.prif.org\/en\/wp-json\/wp\/v2\/media"}],"about":[{"href":"https:\/\/blog.prif.org\/en\/wp-json\/wp\/v2\/types\/attachment"}],"author":[{"embeddable":true,"href":"https:\/\/blog.prif.org\/en\/wp-json\/wp\/v2\/users\/349"}],"replies":[{"embeddable":true,"href":"https:\/\/blog.prif.org\/en\/wp-json\/wp\/v2\/comments?post=12331"}]}}