{"id":12377,"date":"2025-05-16T12:11:27","date_gmt":"2025-05-16T10:11:27","guid":{"rendered":"https:\/\/blog.prif.org\/wp-content\/uploads\/2024\/10\/pa-dpa-Kolumbien-Protest-soziale-Aktivisten_Blogneu_Zuschnitt-1.jpg"},"modified":"2025-05-16T12:11:45","modified_gmt":"2025-05-16T10:11:45","slug":"protest-against-the-murder-of-social-leaders-in-colombia-2-2","status":"inherit","type":"attachment","link":"https:\/\/blog.prif.org\/en\/2024\/10\/15\/toedliche-gewalt-gegen-friedlichen-aktivismus-was-wissen-wir-ueber-die-ermordung-von-menschen-die-sich-fuer-menschenrechte-land-und-umweltschutz-engagieren\/protest-against-the-murder-of-social-leaders-in-colombia-2-2\/","title":{"rendered":"Protest against the murder of social leaders in Colombia"},"author":349,"featured_media":0,"comment_status":"closed","ping_status":"closed","template":"","meta":{"_acf_changed":false},"class_list":["post-12377","attachment","type-attachment","status-inherit","hentry"],"acf":[],"yoast_head":"<!-- This site is optimized with the Yoast SEO plugin v26.1.1 - https:\/\/yoast.com\/wordpress\/plugins\/seo\/ -->\n<title>Protest against the murder of social leaders in Colombia - PRIF BLOG<\/title>\n<meta name=\"robots\" content=\"index, follow, max-snippet:-1, max-image-preview:large, max-video-preview:-1\" \/>\n<link rel=\"canonical\" href=\"https:\/\/blog.prif.org\/en\/2024\/10\/15\/toedliche-gewalt-gegen-friedlichen-aktivismus-was-wissen-wir-ueber-die-ermordung-von-menschen-die-sich-fuer-menschenrechte-land-und-umweltschutz-engagieren\/protest-against-the-murder-of-social-leaders-in-colombia-2-2\/\" \/>\n<meta property=\"og:locale\" content=\"en_US\" \/>\n<meta property=\"og:type\" content=\"article\" \/>\n<meta property=\"og:title\" content=\"Protest against the murder of social leaders in Colombia - PRIF BLOG\" \/>\n<meta property=\"og:description\" content=\"BOGOTA, COLOMBIA - FEBRUARY 20: People gather in a protest amidst rows of symbolic coffins, paying tribute to former guerrillas and social leaders slain since the 2016 peace accord between Colombia&#039;s FARC rebels and the government in Bogota, Colombia on February 20, 2024. Human rights groups organize protests across cities to denounce the killing of social leaders and peace activists. Led by Defendamos la Paz and the National Table of Social Dialogue for Peace, the initiative sees participation from various political sectors and public figures, calling for collective mourning. The demonstration aims to condemn the murders of social leaders, with 19 victims reported by Indepaz in 2024, and to denounce the killings of peace signatories, which have exceeded 400 cases since the peace agreement, including five in the early months of this year. Juancho Torres \/ Anadolu\" \/>\n<meta property=\"og:url\" content=\"https:\/\/blog.prif.org\/en\/2024\/10\/15\/toedliche-gewalt-gegen-friedlichen-aktivismus-was-wissen-wir-ueber-die-ermordung-von-menschen-die-sich-fuer-menschenrechte-land-und-umweltschutz-engagieren\/protest-against-the-murder-of-social-leaders-in-colombia-2-2\/\" \/>\n<meta property=\"og:site_name\" content=\"PRIF BLOG\" \/>\n<meta property=\"article:publisher\" content=\"https:\/\/www.facebook.com\/HSFK.PRIF\" \/>\n<meta property=\"article:modified_time\" content=\"2025-05-16T10:11:45+00:00\" \/>\n<meta property=\"og:image\" content=\"https:\/\/blog.prif.org\/wp-content\/uploads\/2024\/10\/pa-dpa-Kolumbien-Protest-soziale-Aktivisten_Blogneu_Zuschnitt-1.jpg\" \/>\n\t<meta property=\"og:image:width\" content=\"1875\" \/>\n\t<meta property=\"og:image:height\" content=\"1025\" \/>\n\t<meta property=\"og:image:type\" content=\"image\/jpeg\" \/>\n<meta name=\"twitter:card\" content=\"summary_large_image\" \/>\n<meta name=\"twitter:site\" content=\"@HSFK_PRIF\" \/>\n<meta name=\"twitter:label1\" content=\"Written by\" \/>\n\t<meta name=\"twitter:data1\" content=\"Henriette Franken\" \/>\n<script type=\"application\/ld+json\" class=\"yoast-schema-graph\">{\"@context\":\"https:\/\/schema.org\",\"@graph\":[{\"@type\":\"WebPage\",\"@id\":\"https:\/\/blog.prif.org\/en\/2024\/10\/15\/toedliche-gewalt-gegen-friedlichen-aktivismus-was-wissen-wir-ueber-die-ermordung-von-menschen-die-sich-fuer-menschenrechte-land-und-umweltschutz-engagieren\/protest-against-the-murder-of-social-leaders-in-colombia-2-2\/\",\"url\":\"https:\/\/blog.prif.org\/en\/2024\/10\/15\/toedliche-gewalt-gegen-friedlichen-aktivismus-was-wissen-wir-ueber-die-ermordung-von-menschen-die-sich-fuer-menschenrechte-land-und-umweltschutz-engagieren\/protest-against-the-murder-of-social-leaders-in-colombia-2-2\/\",\"name\":\"Protest against the murder of social leaders in Colombia - PRIF BLOG\",\"isPartOf\":{\"@id\":\"https:\/\/blog.prif.org\/en\/#website\"},\"datePublished\":\"2025-05-16T10:11:27+00:00\",\"dateModified\":\"2025-05-16T10:11:45+00:00\",\"breadcrumb\":{\"@id\":\"https:\/\/blog.prif.org\/en\/2024\/10\/15\/toedliche-gewalt-gegen-friedlichen-aktivismus-was-wissen-wir-ueber-die-ermordung-von-menschen-die-sich-fuer-menschenrechte-land-und-umweltschutz-engagieren\/protest-against-the-murder-of-social-leaders-in-colombia-2-2\/#breadcrumb\"},\"inLanguage\":\"en-US\",\"potentialAction\":[{\"@type\":\"ReadAction\",\"target\":[\"https:\/\/blog.prif.org\/en\/2024\/10\/15\/toedliche-gewalt-gegen-friedlichen-aktivismus-was-wissen-wir-ueber-die-ermordung-von-menschen-die-sich-fuer-menschenrechte-land-und-umweltschutz-engagieren\/protest-against-the-murder-of-social-leaders-in-colombia-2-2\/\"]}]},{\"@type\":\"BreadcrumbList\",\"@id\":\"https:\/\/blog.prif.org\/en\/2024\/10\/15\/toedliche-gewalt-gegen-friedlichen-aktivismus-was-wissen-wir-ueber-die-ermordung-von-menschen-die-sich-fuer-menschenrechte-land-und-umweltschutz-engagieren\/protest-against-the-murder-of-social-leaders-in-colombia-2-2\/#breadcrumb\",\"itemListElement\":[{\"@type\":\"ListItem\",\"position\":1,\"name\":\"Startseite\",\"item\":\"https:\/\/blog.prif.org\/en\/\"},{\"@type\":\"ListItem\",\"position\":2,\"name\":\"T\u00f6dliche Gewalt gegen friedlichen Aktivismus. Was wissen wir \u00fcber die Ermordung von Menschen, die sich f\u00fcr Menschenrechte, Land- und Umweltschutz engagieren?\",\"item\":\"https:\/\/blog.prif.org\/en\/2024\/10\/15\/toedliche-gewalt-gegen-friedlichen-aktivismus-was-wissen-wir-ueber-die-ermordung-von-menschen-die-sich-fuer-menschenrechte-land-und-umweltschutz-engagieren\/\"},{\"@type\":\"ListItem\",\"position\":3,\"name\":\"Protest against the murder of social leaders in Colombia\"}]},{\"@type\":\"WebSite\",\"@id\":\"https:\/\/blog.prif.org\/en\/#website\",\"url\":\"https:\/\/blog.prif.org\/en\/\",\"name\":\"PRIF BLOG\",\"description\":\"Peace Research Institute Frankfurt \/ Leibniz Institut Hessische Stiftung Friedens- und Konfliktforschung\",\"publisher\":{\"@id\":\"https:\/\/blog.prif.org\/en\/#organization\"},\"potentialAction\":[{\"@type\":\"SearchAction\",\"target\":{\"@type\":\"EntryPoint\",\"urlTemplate\":\"https:\/\/blog.prif.org\/en\/?s={search_term_string}\"},\"query-input\":{\"@type\":\"PropertyValueSpecification\",\"valueRequired\":true,\"valueName\":\"search_term_string\"}}],\"inLanguage\":\"en-US\"},{\"@type\":\"Organization\",\"@id\":\"https:\/\/blog.prif.org\/en\/#organization\",\"name\":\"Peace Research Institute Frankfurt \/ Leibniz Institut Hessische Stiftung Friedens- und Konfliktforschung\",\"url\":\"https:\/\/blog.prif.org\/en\/\",\"logo\":{\"@type\":\"ImageObject\",\"inLanguage\":\"en-US\",\"@id\":\"https:\/\/blog.prif.org\/en\/#\/schema\/logo\/image\/\",\"url\":\"https:\/\/blog.prif.org\/wp-content\/uploads\/2023\/09\/cropped-blog_rgb.png\",\"contentUrl\":\"https:\/\/blog.prif.org\/wp-content\/uploads\/2023\/09\/cropped-blog_rgb.png\",\"width\":750,\"height\":226,\"caption\":\"Peace Research Institute Frankfurt \/ Leibniz Institut Hessische Stiftung Friedens- und Konfliktforschung\"},\"image\":{\"@id\":\"https:\/\/blog.prif.org\/en\/#\/schema\/logo\/image\/\"},\"sameAs\":[\"https:\/\/www.facebook.com\/HSFK.PRIF\",\"https:\/\/x.com\/HSFK_PRIF\",\"https:\/\/www.linkedin.com\/company\/8912786\/\"]}]}<\/script>\n<!-- \/ Yoast SEO plugin. -->","yoast_head_json":{"title":"Protest against the murder of social leaders in Colombia - PRIF BLOG","robots":{"index":"index","follow":"follow","max-snippet":"max-snippet:-1","max-image-preview":"max-image-preview:large","max-video-preview":"max-video-preview:-1"},"canonical":"https:\/\/blog.prif.org\/en\/2024\/10\/15\/toedliche-gewalt-gegen-friedlichen-aktivismus-was-wissen-wir-ueber-die-ermordung-von-menschen-die-sich-fuer-menschenrechte-land-und-umweltschutz-engagieren\/protest-against-the-murder-of-social-leaders-in-colombia-2-2\/","og_locale":"en_US","og_type":"article","og_title":"Protest against the murder of social leaders in Colombia - PRIF BLOG","og_description":"BOGOTA, COLOMBIA - FEBRUARY 20: People gather in a protest amidst rows of symbolic coffins, paying tribute to former guerrillas and social leaders slain since the 2016 peace accord between Colombia's FARC rebels and the government in Bogota, Colombia on February 20, 2024. Human rights groups organize protests across cities to denounce the killing of social leaders and peace activists. Led by Defendamos la Paz and the National Table of Social Dialogue for Peace, the initiative sees participation from various political sectors and public figures, calling for collective mourning. The demonstration aims to condemn the murders of social leaders, with 19 victims reported by Indepaz in 2024, and to denounce the killings of peace signatories, which have exceeded 400 cases since the peace agreement, including five in the early months of this year. Juancho Torres \/ Anadolu","og_url":"https:\/\/blog.prif.org\/en\/2024\/10\/15\/toedliche-gewalt-gegen-friedlichen-aktivismus-was-wissen-wir-ueber-die-ermordung-von-menschen-die-sich-fuer-menschenrechte-land-und-umweltschutz-engagieren\/protest-against-the-murder-of-social-leaders-in-colombia-2-2\/","og_site_name":"PRIF BLOG","article_publisher":"https:\/\/www.facebook.com\/HSFK.PRIF","article_modified_time":"2025-05-16T10:11:45+00:00","og_image":[{"width":1875,"height":1025,"url":"https:\/\/blog.prif.org\/wp-content\/uploads\/2024\/10\/pa-dpa-Kolumbien-Protest-soziale-Aktivisten_Blogneu_Zuschnitt-1.jpg","type":"image\/jpeg"}],"twitter_card":"summary_large_image","twitter_site":"@HSFK_PRIF","twitter_misc":{"Written by":"Henriette Franken"},"schema":{"@context":"https:\/\/schema.org","@graph":[{"@type":"WebPage","@id":"https:\/\/blog.prif.org\/en\/2024\/10\/15\/toedliche-gewalt-gegen-friedlichen-aktivismus-was-wissen-wir-ueber-die-ermordung-von-menschen-die-sich-fuer-menschenrechte-land-und-umweltschutz-engagieren\/protest-against-the-murder-of-social-leaders-in-colombia-2-2\/","url":"https:\/\/blog.prif.org\/en\/2024\/10\/15\/toedliche-gewalt-gegen-friedlichen-aktivismus-was-wissen-wir-ueber-die-ermordung-von-menschen-die-sich-fuer-menschenrechte-land-und-umweltschutz-engagieren\/protest-against-the-murder-of-social-leaders-in-colombia-2-2\/","name":"Protest against the murder of social leaders in Colombia - PRIF BLOG","isPartOf":{"@id":"https:\/\/blog.prif.org\/en\/#website"},"datePublished":"2025-05-16T10:11:27+00:00","dateModified":"2025-05-16T10:11:45+00:00","breadcrumb":{"@id":"https:\/\/blog.prif.org\/en\/2024\/10\/15\/toedliche-gewalt-gegen-friedlichen-aktivismus-was-wissen-wir-ueber-die-ermordung-von-menschen-die-sich-fuer-menschenrechte-land-und-umweltschutz-engagieren\/protest-against-the-murder-of-social-leaders-in-colombia-2-2\/#breadcrumb"},"inLanguage":"en-US","potentialAction":[{"@type":"ReadAction","target":["https:\/\/blog.prif.org\/en\/2024\/10\/15\/toedliche-gewalt-gegen-friedlichen-aktivismus-was-wissen-wir-ueber-die-ermordung-von-menschen-die-sich-fuer-menschenrechte-land-und-umweltschutz-engagieren\/protest-against-the-murder-of-social-leaders-in-colombia-2-2\/"]}]},{"@type":"BreadcrumbList","@id":"https:\/\/blog.prif.org\/en\/2024\/10\/15\/toedliche-gewalt-gegen-friedlichen-aktivismus-was-wissen-wir-ueber-die-ermordung-von-menschen-die-sich-fuer-menschenrechte-land-und-umweltschutz-engagieren\/protest-against-the-murder-of-social-leaders-in-colombia-2-2\/#breadcrumb","itemListElement":[{"@type":"ListItem","position":1,"name":"Startseite","item":"https:\/\/blog.prif.org\/en\/"},{"@type":"ListItem","position":2,"name":"T\u00f6dliche Gewalt gegen friedlichen Aktivismus. Was wissen wir \u00fcber die Ermordung von Menschen, die sich f\u00fcr Menschenrechte, Land- und Umweltschutz engagieren?","item":"https:\/\/blog.prif.org\/en\/2024\/10\/15\/toedliche-gewalt-gegen-friedlichen-aktivismus-was-wissen-wir-ueber-die-ermordung-von-menschen-die-sich-fuer-menschenrechte-land-und-umweltschutz-engagieren\/"},{"@type":"ListItem","position":3,"name":"Protest against the murder of social leaders in Colombia"}]},{"@type":"WebSite","@id":"https:\/\/blog.prif.org\/en\/#website","url":"https:\/\/blog.prif.org\/en\/","name":"PRIF BLOG","description":"Peace Research Institute Frankfurt \/ Leibniz Institut Hessische Stiftung Friedens- und Konfliktforschung","publisher":{"@id":"https:\/\/blog.prif.org\/en\/#organization"},"potentialAction":[{"@type":"SearchAction","target":{"@type":"EntryPoint","urlTemplate":"https:\/\/blog.prif.org\/en\/?s={search_term_string}"},"query-input":{"@type":"PropertyValueSpecification","valueRequired":true,"valueName":"search_term_string"}}],"inLanguage":"en-US"},{"@type":"Organization","@id":"https:\/\/blog.prif.org\/en\/#organization","name":"Peace Research Institute Frankfurt \/ Leibniz Institut Hessische Stiftung Friedens- und Konfliktforschung","url":"https:\/\/blog.prif.org\/en\/","logo":{"@type":"ImageObject","inLanguage":"en-US","@id":"https:\/\/blog.prif.org\/en\/#\/schema\/logo\/image\/","url":"https:\/\/blog.prif.org\/wp-content\/uploads\/2023\/09\/cropped-blog_rgb.png","contentUrl":"https:\/\/blog.prif.org\/wp-content\/uploads\/2023\/09\/cropped-blog_rgb.png","width":750,"height":226,"caption":"Peace Research Institute Frankfurt \/ Leibniz Institut Hessische Stiftung Friedens- und Konfliktforschung"},"image":{"@id":"https:\/\/blog.prif.org\/en\/#\/schema\/logo\/image\/"},"sameAs":["https:\/\/www.facebook.com\/HSFK.PRIF","https:\/\/x.com\/HSFK_PRIF","https:\/\/www.linkedin.com\/company\/8912786\/"]}]}},"description":{"rendered":"<p class=\"attachment\"><a href='https:\/\/blog.prif.org\/wp-content\/uploads\/2024\/10\/pa-dpa-Kolumbien-Protest-soziale-Aktivisten_Blogneu_Zuschnitt-1.jpg'><img loading=\"lazy\" decoding=\"async\" width=\"300\" height=\"164\" src=\"https:\/\/blog.prif.org\/wp-content\/uploads\/2024\/10\/pa-dpa-Kolumbien-Protest-soziale-Aktivisten_Blogneu_Zuschnitt-1-300x164.jpg\" class=\"attachment-medium size-medium\" alt=\"Braune K\u00e4sten auf einem Platz in Bogota zum Protest gegen die Ermordung sozialer Aktivist*innen\" srcset=\"https:\/\/blog.prif.org\/wp-content\/uploads\/2024\/10\/pa-dpa-Kolumbien-Protest-soziale-Aktivisten_Blogneu_Zuschnitt-1-300x164.jpg 300w, https:\/\/blog.prif.org\/wp-content\/uploads\/2024\/10\/pa-dpa-Kolumbien-Protest-soziale-Aktivisten_Blogneu_Zuschnitt-1-1024x560.jpg 1024w, https:\/\/blog.prif.org\/wp-content\/uploads\/2024\/10\/pa-dpa-Kolumbien-Protest-soziale-Aktivisten_Blogneu_Zuschnitt-1-768x420.jpg 768w, https:\/\/blog.prif.org\/wp-content\/uploads\/2024\/10\/pa-dpa-Kolumbien-Protest-soziale-Aktivisten_Blogneu_Zuschnitt-1-1536x840.jpg 1536w, https:\/\/blog.prif.org\/wp-content\/uploads\/2024\/10\/pa-dpa-Kolumbien-Protest-soziale-Aktivisten_Blogneu_Zuschnitt-1-1320x722.jpg 1320w, https:\/\/blog.prif.org\/wp-content\/uploads\/2024\/10\/pa-dpa-Kolumbien-Protest-soziale-Aktivisten_Blogneu_Zuschnitt-1.jpg 1875w\" sizes=\"(max-width: 300px) 100vw, 300px\" \/><\/a><\/p>\n"},"caption":{"rendered":"<p>BOGOTA, COLOMBIA &#8211; FEBRUARY 20: People gather in a protest amidst rows of symbolic coffins, paying tribute to former guerrillas and social leaders slain since the 2016 peace accord between Colombia&#8217;s FARC rebels and the government in Bogota, Colombia on February 20, 2024. Human rights groups organize protests across cities to denounce the killing of social leaders and peace activists. Led by Defendamos la Paz and the National Table of Social Dialogue for Peace, the initiative sees participation from various political sectors and public figures, calling for collective mourning. The demonstration aims to condemn the murders of social leaders, with 19 victims reported by Indepaz in 2024, and to denounce the killings of peace signatories, which have exceeded 400 cases since the peace agreement, including five in the early months of this year. Juancho Torres \/ Anadolu<\/p>\n"},"alt_text":"Braune K\u00e4sten auf einem Platz in Bogota zum Protest gegen die Ermordung sozialer Aktivist*innen","media_type":"image","mime_type":"image\/jpeg","media_details":{"width":1875,"height":1025,"file":"2024\/10\/pa-dpa-Kolumbien-Protest-soziale-Aktivisten_Blogneu_Zuschnitt-1.jpg","filesize":539839,"sizes":{"medium":{"file":"pa-dpa-Kolumbien-Protest-soziale-Aktivisten_Blogneu_Zuschnitt-1-300x164.jpg","width":300,"height":164,"filesize":32117,"mime_type":"image\/jpeg","source_url":"https:\/\/blog.prif.org\/wp-content\/uploads\/2024\/10\/pa-dpa-Kolumbien-Protest-soziale-Aktivisten_Blogneu_Zuschnitt-1-300x164.jpg"},"large":{"file":"pa-dpa-Kolumbien-Protest-soziale-Aktivisten_Blogneu_Zuschnitt-1-1024x560.jpg","width":1024,"height":560,"filesize":139479,"mime_type":"image\/jpeg","source_url":"https:\/\/blog.prif.org\/wp-content\/uploads\/2024\/10\/pa-dpa-Kolumbien-Protest-soziale-Aktivisten_Blogneu_Zuschnitt-1-1024x560.jpg"},"thumbnail":{"file":"pa-dpa-Kolumbien-Protest-soziale-Aktivisten_Blogneu_Zuschnitt-1-150x150.jpg","width":150,"height":150,"filesize":24745,"mime_type":"image\/jpeg","source_url":"https:\/\/blog.prif.org\/wp-content\/uploads\/2024\/10\/pa-dpa-Kolumbien-Protest-soziale-Aktivisten_Blogneu_Zuschnitt-1-150x150.jpg"},"medium_large":{"file":"pa-dpa-Kolumbien-Protest-soziale-Aktivisten_Blogneu_Zuschnitt-1-768x420.jpg","width":768,"height":420,"filesize":92354,"mime_type":"image\/jpeg","source_url":"https:\/\/blog.prif.org\/wp-content\/uploads\/2024\/10\/pa-dpa-Kolumbien-Protest-soziale-Aktivisten_Blogneu_Zuschnitt-1-768x420.jpg"},"1536x1536":{"file":"pa-dpa-Kolumbien-Protest-soziale-Aktivisten_Blogneu_Zuschnitt-1-1536x840.jpg","width":1536,"height":840,"filesize":256986,"mime_type":"image\/jpeg","source_url":"https:\/\/blog.prif.org\/wp-content\/uploads\/2024\/10\/pa-dpa-Kolumbien-Protest-soziale-Aktivisten_Blogneu_Zuschnitt-1-1536x840.jpg"},"mailpoet_newsletter_max":{"file":"pa-dpa-Kolumbien-Protest-soziale-Aktivisten_Blogneu_Zuschnitt-1-1320x722.jpg","width":1320,"height":722,"filesize":204735,"mime_type":"image\/jpeg","source_url":"https:\/\/blog.prif.org\/wp-content\/uploads\/2024\/10\/pa-dpa-Kolumbien-Protest-soziale-Aktivisten_Blogneu_Zuschnitt-1-1320x722.jpg"},"full":{"file":"pa-dpa-Kolumbien-Protest-soziale-Aktivisten_Blogneu_Zuschnitt-1.jpg","width":1875,"height":1025,"mime_type":"image\/jpeg","source_url":"https:\/\/blog.prif.org\/wp-content\/uploads\/2024\/10\/pa-dpa-Kolumbien-Protest-soziale-Aktivisten_Blogneu_Zuschnitt-1.jpg"}},"image_meta":{"aperture":"0","credit":"picture alliance \/ Anadolu","camera":"","caption":"BOGOTA, COLOMBIA - FEBRUARY 20: People gather in a protest amidst rows of symbolic coffins, paying tribute to former guerrillas and social leaders slain since the 2016 peace accord between Colombia's FARC rebels and the government in Bogota, Colombia on February 20, 2024. Human rights groups organize protests across cities to denounce the killing of social leaders and peace activists. Led by Defendamos la Paz and the National Table of Social Dialogue for Peace, the initiative sees participation from various political sectors and public figures, calling for collective mourning. The demonstration aims to condemn the murders of social leaders, with 19 victims reported by Indepaz in 2024, and to denounce the killings of peace signatories, which have exceeded 400 cases since the peace agreement, including five in the early months of this year. Juancho Torres \/ Anadolu","created_timestamp":"1708387200","copyright":"picture alliance \/ Anadolu","focal_length":"0","iso":"0","shutter_speed":"0","title":"Protest against the murder of social leaders in Colombia","orientation":"1","keywords":["Bogot\u00e1","Kolumbien","Soziales","Colombia Protest Murder of Social Leaders","XNO3RDP"]}},"post":12613,"source_url":"https:\/\/blog.prif.org\/wp-content\/uploads\/2024\/10\/pa-dpa-Kolumbien-Protest-soziale-Aktivisten_Blogneu_Zuschnitt-1.jpg","_links":{"self":[{"href":"https:\/\/blog.prif.org\/en\/wp-json\/wp\/v2\/media\/12377","targetHints":{"allow":["GET"]}}],"collection":[{"href":"https:\/\/blog.prif.org\/en\/wp-json\/wp\/v2\/media"}],"about":[{"href":"https:\/\/blog.prif.org\/en\/wp-json\/wp\/v2\/types\/attachment"}],"author":[{"embeddable":true,"href":"https:\/\/blog.prif.org\/en\/wp-json\/wp\/v2\/users\/349"}],"replies":[{"embeddable":true,"href":"https:\/\/blog.prif.org\/en\/wp-json\/wp\/v2\/comments?post=12377"}]}}