{"id":14132,"date":"2025-08-15T12:26:43","date_gmt":"2025-08-15T10:26:43","guid":{"rendered":"https:\/\/blog.prif.org\/wp-content\/uploads\/2025\/08\/Balken_Koerber-Stiftung.jpg"},"modified":"2025-08-25T09:37:44","modified_gmt":"2025-08-25T07:37:44","slug":"balken_koerber-stiftung-2","status":"inherit","type":"attachment","link":"https:\/\/blog.prif.org\/en\/2025\/08\/15\/sicherheit-in-zahlen-ein-beipackzettel-fuer-meinungsumfragen-zu-aussen-und-sicherheitspolitik\/balken_koerber-stiftung-2\/","title":{"rendered":"Balken_Ko\u0308rber-Stiftung"},"author":404,"featured_media":0,"comment_status":"closed","ping_status":"closed","template":"","meta":{"_acf_changed":false},"class_list":["post-14132","attachment","type-attachment","status-inherit","hentry"],"acf":[],"yoast_head":"<!-- This site is optimized with the Yoast SEO plugin v26.1.1 - https:\/\/yoast.com\/wordpress\/plugins\/seo\/ -->\n<title>Balken_Ko\u0308rber-Stiftung - PRIF BLOG<\/title>\n<meta name=\"robots\" content=\"index, follow, max-snippet:-1, max-image-preview:large, max-video-preview:-1\" \/>\n<link rel=\"canonical\" href=\"https:\/\/blog.prif.org\/en\/2025\/08\/15\/sicherheit-in-zahlen-ein-beipackzettel-fuer-meinungsumfragen-zu-aussen-und-sicherheitspolitik\/balken_koerber-stiftung-2\/\" \/>\n<meta property=\"og:locale\" content=\"en_US\" \/>\n<meta property=\"og:type\" content=\"article\" \/>\n<meta property=\"og:title\" content=\"Balken_Ko\u0308rber-Stiftung - PRIF BLOG\" \/>\n<meta property=\"og:url\" content=\"https:\/\/blog.prif.org\/en\/2025\/08\/15\/sicherheit-in-zahlen-ein-beipackzettel-fuer-meinungsumfragen-zu-aussen-und-sicherheitspolitik\/balken_koerber-stiftung-2\/\" \/>\n<meta property=\"og:site_name\" content=\"PRIF BLOG\" \/>\n<meta property=\"article:publisher\" content=\"https:\/\/www.facebook.com\/HSFK.PRIF\" \/>\n<meta property=\"article:modified_time\" content=\"2025-08-25T07:37:44+00:00\" \/>\n<meta property=\"og:image\" content=\"https:\/\/blog.prif.org\/wp-content\/uploads\/2025\/08\/Balken_Koerber-Stiftung.jpg\" \/>\n\t<meta property=\"og:image:width\" content=\"1572\" \/>\n\t<meta property=\"og:image:height\" content=\"1212\" \/>\n\t<meta property=\"og:image:type\" content=\"image\/jpeg\" \/>\n<meta name=\"twitter:card\" content=\"summary_large_image\" \/>\n<meta name=\"twitter:site\" content=\"@HSFK_PRIF\" \/>\n<meta name=\"twitter:label1\" content=\"Written by\" \/>\n\t<meta name=\"twitter:data1\" content=\"Lina Supp\" \/>\n<script type=\"application\/ld+json\" class=\"yoast-schema-graph\">{\"@context\":\"https:\/\/schema.org\",\"@graph\":[{\"@type\":\"WebPage\",\"@id\":\"https:\/\/blog.prif.org\/en\/2025\/08\/15\/sicherheit-in-zahlen-ein-beipackzettel-fuer-meinungsumfragen-zu-aussen-und-sicherheitspolitik\/balken_koerber-stiftung-2\/\",\"url\":\"https:\/\/blog.prif.org\/en\/2025\/08\/15\/sicherheit-in-zahlen-ein-beipackzettel-fuer-meinungsumfragen-zu-aussen-und-sicherheitspolitik\/balken_koerber-stiftung-2\/\",\"name\":\"Balken_Ko\u0308rber-Stiftung - PRIF BLOG\",\"isPartOf\":{\"@id\":\"https:\/\/blog.prif.org\/en\/#website\"},\"datePublished\":\"2025-08-15T10:26:43+00:00\",\"dateModified\":\"2025-08-25T07:37:44+00:00\",\"breadcrumb\":{\"@id\":\"https:\/\/blog.prif.org\/en\/2025\/08\/15\/sicherheit-in-zahlen-ein-beipackzettel-fuer-meinungsumfragen-zu-aussen-und-sicherheitspolitik\/balken_koerber-stiftung-2\/#breadcrumb\"},\"inLanguage\":\"en-US\",\"potentialAction\":[{\"@type\":\"ReadAction\",\"target\":[\"https:\/\/blog.prif.org\/en\/2025\/08\/15\/sicherheit-in-zahlen-ein-beipackzettel-fuer-meinungsumfragen-zu-aussen-und-sicherheitspolitik\/balken_koerber-stiftung-2\/\"]}]},{\"@type\":\"BreadcrumbList\",\"@id\":\"https:\/\/blog.prif.org\/en\/2025\/08\/15\/sicherheit-in-zahlen-ein-beipackzettel-fuer-meinungsumfragen-zu-aussen-und-sicherheitspolitik\/balken_koerber-stiftung-2\/#breadcrumb\",\"itemListElement\":[{\"@type\":\"ListItem\",\"position\":1,\"name\":\"Startseite\",\"item\":\"https:\/\/blog.prif.org\/en\/\"},{\"@type\":\"ListItem\",\"position\":2,\"name\":\"Balken_Ko\u0308rber-Stiftung\"}]},{\"@type\":\"WebSite\",\"@id\":\"https:\/\/blog.prif.org\/en\/#website\",\"url\":\"https:\/\/blog.prif.org\/en\/\",\"name\":\"PRIF BLOG\",\"description\":\"Peace Research Institute Frankfurt \/ Leibniz Institut Hessische Stiftung Friedens- und Konfliktforschung\",\"publisher\":{\"@id\":\"https:\/\/blog.prif.org\/en\/#organization\"},\"potentialAction\":[{\"@type\":\"SearchAction\",\"target\":{\"@type\":\"EntryPoint\",\"urlTemplate\":\"https:\/\/blog.prif.org\/en\/?s={search_term_string}\"},\"query-input\":{\"@type\":\"PropertyValueSpecification\",\"valueRequired\":true,\"valueName\":\"search_term_string\"}}],\"inLanguage\":\"en-US\"},{\"@type\":\"Organization\",\"@id\":\"https:\/\/blog.prif.org\/en\/#organization\",\"name\":\"Peace Research Institute Frankfurt \/ Leibniz Institut Hessische Stiftung Friedens- und Konfliktforschung\",\"url\":\"https:\/\/blog.prif.org\/en\/\",\"logo\":{\"@type\":\"ImageObject\",\"inLanguage\":\"en-US\",\"@id\":\"https:\/\/blog.prif.org\/en\/#\/schema\/logo\/image\/\",\"url\":\"https:\/\/blog.prif.org\/wp-content\/uploads\/2023\/09\/cropped-blog_rgb.png\",\"contentUrl\":\"https:\/\/blog.prif.org\/wp-content\/uploads\/2023\/09\/cropped-blog_rgb.png\",\"width\":750,\"height\":226,\"caption\":\"Peace Research Institute Frankfurt \/ Leibniz Institut Hessische Stiftung Friedens- und Konfliktforschung\"},\"image\":{\"@id\":\"https:\/\/blog.prif.org\/en\/#\/schema\/logo\/image\/\"},\"sameAs\":[\"https:\/\/www.facebook.com\/HSFK.PRIF\",\"https:\/\/x.com\/HSFK_PRIF\",\"https:\/\/www.linkedin.com\/company\/8912786\/\"]}]}<\/script>\n<!-- \/ Yoast SEO plugin. -->","yoast_head_json":{"title":"Balken_Ko\u0308rber-Stiftung - PRIF BLOG","robots":{"index":"index","follow":"follow","max-snippet":"max-snippet:-1","max-image-preview":"max-image-preview:large","max-video-preview":"max-video-preview:-1"},"canonical":"https:\/\/blog.prif.org\/en\/2025\/08\/15\/sicherheit-in-zahlen-ein-beipackzettel-fuer-meinungsumfragen-zu-aussen-und-sicherheitspolitik\/balken_koerber-stiftung-2\/","og_locale":"en_US","og_type":"article","og_title":"Balken_Ko\u0308rber-Stiftung - PRIF BLOG","og_url":"https:\/\/blog.prif.org\/en\/2025\/08\/15\/sicherheit-in-zahlen-ein-beipackzettel-fuer-meinungsumfragen-zu-aussen-und-sicherheitspolitik\/balken_koerber-stiftung-2\/","og_site_name":"PRIF BLOG","article_publisher":"https:\/\/www.facebook.com\/HSFK.PRIF","article_modified_time":"2025-08-25T07:37:44+00:00","og_image":[{"width":1572,"height":1212,"url":"https:\/\/blog.prif.org\/wp-content\/uploads\/2025\/08\/Balken_Koerber-Stiftung.jpg","type":"image\/jpeg"}],"twitter_card":"summary_large_image","twitter_site":"@HSFK_PRIF","twitter_misc":{"Written by":"Lina Supp"},"schema":{"@context":"https:\/\/schema.org","@graph":[{"@type":"WebPage","@id":"https:\/\/blog.prif.org\/en\/2025\/08\/15\/sicherheit-in-zahlen-ein-beipackzettel-fuer-meinungsumfragen-zu-aussen-und-sicherheitspolitik\/balken_koerber-stiftung-2\/","url":"https:\/\/blog.prif.org\/en\/2025\/08\/15\/sicherheit-in-zahlen-ein-beipackzettel-fuer-meinungsumfragen-zu-aussen-und-sicherheitspolitik\/balken_koerber-stiftung-2\/","name":"Balken_Ko\u0308rber-Stiftung - PRIF BLOG","isPartOf":{"@id":"https:\/\/blog.prif.org\/en\/#website"},"datePublished":"2025-08-15T10:26:43+00:00","dateModified":"2025-08-25T07:37:44+00:00","breadcrumb":{"@id":"https:\/\/blog.prif.org\/en\/2025\/08\/15\/sicherheit-in-zahlen-ein-beipackzettel-fuer-meinungsumfragen-zu-aussen-und-sicherheitspolitik\/balken_koerber-stiftung-2\/#breadcrumb"},"inLanguage":"en-US","potentialAction":[{"@type":"ReadAction","target":["https:\/\/blog.prif.org\/en\/2025\/08\/15\/sicherheit-in-zahlen-ein-beipackzettel-fuer-meinungsumfragen-zu-aussen-und-sicherheitspolitik\/balken_koerber-stiftung-2\/"]}]},{"@type":"BreadcrumbList","@id":"https:\/\/blog.prif.org\/en\/2025\/08\/15\/sicherheit-in-zahlen-ein-beipackzettel-fuer-meinungsumfragen-zu-aussen-und-sicherheitspolitik\/balken_koerber-stiftung-2\/#breadcrumb","itemListElement":[{"@type":"ListItem","position":1,"name":"Startseite","item":"https:\/\/blog.prif.org\/en\/"},{"@type":"ListItem","position":2,"name":"Balken_Ko\u0308rber-Stiftung"}]},{"@type":"WebSite","@id":"https:\/\/blog.prif.org\/en\/#website","url":"https:\/\/blog.prif.org\/en\/","name":"PRIF BLOG","description":"Peace Research Institute Frankfurt \/ Leibniz Institut Hessische Stiftung Friedens- und Konfliktforschung","publisher":{"@id":"https:\/\/blog.prif.org\/en\/#organization"},"potentialAction":[{"@type":"SearchAction","target":{"@type":"EntryPoint","urlTemplate":"https:\/\/blog.prif.org\/en\/?s={search_term_string}"},"query-input":{"@type":"PropertyValueSpecification","valueRequired":true,"valueName":"search_term_string"}}],"inLanguage":"en-US"},{"@type":"Organization","@id":"https:\/\/blog.prif.org\/en\/#organization","name":"Peace Research Institute Frankfurt \/ Leibniz Institut Hessische Stiftung Friedens- und Konfliktforschung","url":"https:\/\/blog.prif.org\/en\/","logo":{"@type":"ImageObject","inLanguage":"en-US","@id":"https:\/\/blog.prif.org\/en\/#\/schema\/logo\/image\/","url":"https:\/\/blog.prif.org\/wp-content\/uploads\/2023\/09\/cropped-blog_rgb.png","contentUrl":"https:\/\/blog.prif.org\/wp-content\/uploads\/2023\/09\/cropped-blog_rgb.png","width":750,"height":226,"caption":"Peace Research Institute Frankfurt \/ Leibniz Institut Hessische Stiftung Friedens- und Konfliktforschung"},"image":{"@id":"https:\/\/blog.prif.org\/en\/#\/schema\/logo\/image\/"},"sameAs":["https:\/\/www.facebook.com\/HSFK.PRIF","https:\/\/x.com\/HSFK_PRIF","https:\/\/www.linkedin.com\/company\/8912786\/"]}]}},"description":{"rendered":"<p class=\"attachment\"><a href='https:\/\/blog.prif.org\/wp-content\/uploads\/2025\/08\/Balken_Koerber-Stiftung.jpg'><img loading=\"lazy\" decoding=\"async\" width=\"300\" height=\"231\" src=\"https:\/\/blog.prif.org\/wp-content\/uploads\/2025\/08\/Balken_Koerber-Stiftung-300x231.jpg\" class=\"attachment-medium size-medium\" alt=\"Balkendiagramm mit der \u00dcberschrift: K\u00f6rber Stiftung: Deutsche Au\u00dfenpolitik 2023\nEs wird derzeit dar\u00fcber diskutiert, ob Deutschland in Zukunft international mehr Verantwortung \u00fcbernehmen soll. Was denken Sie: Sollte sich Deutschland k\u00fcnftig bei internationalen Krisen st\u00e4rker engagieren oder soll sich Deutschland st\u00e4rker zur\u00fcckhalten?\nEs gibt 5 Balken: 38% Deutschland sollte sich bei internationalen Krisen st\u00e4rker engagieren. 54% Deutschland sollte sich bei internationalen Krisen st\u00e4rker zur\u00fcckhalten. 4% weder noch\/weiter wie bisher. 2% wei\u00df nicht. 2% keine Antwort.\" srcset=\"https:\/\/blog.prif.org\/wp-content\/uploads\/2025\/08\/Balken_Koerber-Stiftung-300x231.jpg 300w, https:\/\/blog.prif.org\/wp-content\/uploads\/2025\/08\/Balken_Koerber-Stiftung-1024x789.jpg 1024w, https:\/\/blog.prif.org\/wp-content\/uploads\/2025\/08\/Balken_Koerber-Stiftung-768x592.jpg 768w, https:\/\/blog.prif.org\/wp-content\/uploads\/2025\/08\/Balken_Koerber-Stiftung-1536x1184.jpg 1536w, https:\/\/blog.prif.org\/wp-content\/uploads\/2025\/08\/Balken_Koerber-Stiftung-1320x1018.jpg 1320w, https:\/\/blog.prif.org\/wp-content\/uploads\/2025\/08\/Balken_Koerber-Stiftung.jpg 1572w\" sizes=\"(max-width: 300px) 100vw, 300px\" \/><\/a><\/p>\n"},"caption":{"rendered":""},"alt_text":"Balkendiagramm mit der \u00dcberschrift: K\u00f6rber Stiftung: Deutsche Au\u00dfenpolitik 2023\nEs wird derzeit dar\u00fcber diskutiert, ob Deutschland in Zukunft international mehr Verantwortung \u00fcbernehmen soll. Was denken Sie: Sollte sich Deutschland k\u00fcnftig bei internationalen Krisen st\u00e4rker engagieren oder soll sich Deutschland st\u00e4rker zur\u00fcckhalten?\nEs gibt 5 Balken: 38% Deutschland sollte sich bei internationalen Krisen st\u00e4rker engagieren. 54% Deutschland sollte sich bei internationalen Krisen st\u00e4rker zur\u00fcckhalten. 4% weder noch\/weiter wie bisher. 2% wei\u00df nicht. 2% keine Antwort.","media_type":"image","mime_type":"image\/jpeg","media_details":{"width":1572,"height":1212,"file":"2025\/08\/Balken_Koerber-Stiftung.jpg","filesize":601236,"sizes":{"medium":{"file":"Balken_Koerber-Stiftung-300x231.jpg","width":300,"height":231,"filesize":19676,"mime_type":"image\/jpeg","source_url":"https:\/\/blog.prif.org\/wp-content\/uploads\/2025\/08\/Balken_Koerber-Stiftung-300x231.jpg"},"large":{"file":"Balken_Koerber-Stiftung-1024x789.jpg","width":1024,"height":789,"filesize":122557,"mime_type":"image\/jpeg","source_url":"https:\/\/blog.prif.org\/wp-content\/uploads\/2025\/08\/Balken_Koerber-Stiftung-1024x789.jpg"},"thumbnail":{"file":"Balken_Koerber-Stiftung-150x150.jpg","width":150,"height":150,"filesize":9009,"mime_type":"image\/jpeg","source_url":"https:\/\/blog.prif.org\/wp-content\/uploads\/2025\/08\/Balken_Koerber-Stiftung-150x150.jpg"},"medium_large":{"file":"Balken_Koerber-Stiftung-768x592.jpg","width":768,"height":592,"filesize":81252,"mime_type":"image\/jpeg","source_url":"https:\/\/blog.prif.org\/wp-content\/uploads\/2025\/08\/Balken_Koerber-Stiftung-768x592.jpg"},"1536x1536":{"file":"Balken_Koerber-Stiftung-1536x1184.jpg","width":1536,"height":1184,"filesize":219435,"mime_type":"image\/jpeg","source_url":"https:\/\/blog.prif.org\/wp-content\/uploads\/2025\/08\/Balken_Koerber-Stiftung-1536x1184.jpg"},"mailpoet_newsletter_max":{"file":"Balken_Koerber-Stiftung-1320x1018.jpg","width":1320,"height":1018,"filesize":174245,"mime_type":"image\/jpeg","source_url":"https:\/\/blog.prif.org\/wp-content\/uploads\/2025\/08\/Balken_Koerber-Stiftung-1320x1018.jpg"},"full":{"file":"Balken_Koerber-Stiftung.jpg","width":1572,"height":1212,"mime_type":"image\/jpeg","source_url":"https:\/\/blog.prif.org\/wp-content\/uploads\/2025\/08\/Balken_Koerber-Stiftung.jpg"}},"image_meta":{"aperture":"0","credit":"","camera":"","caption":"","created_timestamp":"0","copyright":"CC BY-ND 4.0","focal_length":"0","iso":"0","shutter_speed":"0","title":"","orientation":"0","keywords":[]}},"post":14169,"source_url":"https:\/\/blog.prif.org\/wp-content\/uploads\/2025\/08\/Balken_Koerber-Stiftung.jpg","_links":{"self":[{"href":"https:\/\/blog.prif.org\/en\/wp-json\/wp\/v2\/media\/14132","targetHints":{"allow":["GET"]}}],"collection":[{"href":"https:\/\/blog.prif.org\/en\/wp-json\/wp\/v2\/media"}],"about":[{"href":"https:\/\/blog.prif.org\/en\/wp-json\/wp\/v2\/types\/attachment"}],"author":[{"embeddable":true,"href":"https:\/\/blog.prif.org\/en\/wp-json\/wp\/v2\/users\/404"}],"replies":[{"embeddable":true,"href":"https:\/\/blog.prif.org\/en\/wp-json\/wp\/v2\/comments?post=14132"}]}}