{"id":14357,"date":"2025-10-29T17:08:56","date_gmt":"2025-10-29T16:08:56","guid":{"rendered":"https:\/\/blog.prif.org\/wp-content\/uploads\/2025\/10\/max-fleischmann-4wcI3YQAWpI-unsplash-2.jpg"},"modified":"2025-10-29T17:17:51","modified_gmt":"2025-10-29T16:17:51","slug":"max-fleischmann-4wci3yqawpi-unsplash-2-2","status":"inherit","type":"attachment","link":"https:\/\/blog.prif.org\/en\/2025\/10\/30\/zwischen-diffusen-motivlagen-und-mentaler-gesundheit-die-debatten-nach-den-juengsten-anschlagsereignissen\/max-fleischmann-4wci3yqawpi-unsplash-2-2\/","title":{"rendered":"max-fleischmann-4wcI3YQAWpI-unsplash (2)"},"author":418,"featured_media":0,"comment_status":"closed","ping_status":"closed","template":"","meta":{"_acf_changed":false},"class_list":["post-14357","attachment","type-attachment","status-inherit","hentry"],"acf":[],"yoast_head":"<!-- This site is optimized with the Yoast SEO plugin v26.1.1 - https:\/\/yoast.com\/wordpress\/plugins\/seo\/ -->\n<title>max-fleischmann-4wcI3YQAWpI-unsplash (2) - PRIF BLOG<\/title>\n<meta name=\"robots\" content=\"index, follow, max-snippet:-1, max-image-preview:large, max-video-preview:-1\" \/>\n<link rel=\"canonical\" href=\"https:\/\/blog.prif.org\/en\/2025\/10\/30\/zwischen-diffusen-motivlagen-und-mentaler-gesundheit-die-debatten-nach-den-juengsten-anschlagsereignissen\/max-fleischmann-4wci3yqawpi-unsplash-2-2\/\" \/>\n<meta property=\"og:locale\" content=\"en_US\" \/>\n<meta property=\"og:type\" content=\"article\" \/>\n<meta property=\"og:title\" content=\"max-fleischmann-4wcI3YQAWpI-unsplash (2) - PRIF BLOG\" \/>\n<meta property=\"og:description\" content=\"Nach den Gewalttaten in Aschaffenburg, Mannheim und Magdeburg gab es mehrere Vorst\u00f6\u00dfe zur sicherheitsbeh\u00f6rdlichen Erfassung von Menschen in psychiatrischer Behandlung und einer Erweiterung der \u201eGef\u00e4hrder\u201c-Kategorien. Diese Verschr\u00e4nkungen von mentaler Gesundheit und Gefahr greifen jedoch zu kurz. | Foto: Max Fleischmann via Unsplash |\" \/>\n<meta property=\"og:url\" content=\"https:\/\/blog.prif.org\/en\/2025\/10\/30\/zwischen-diffusen-motivlagen-und-mentaler-gesundheit-die-debatten-nach-den-juengsten-anschlagsereignissen\/max-fleischmann-4wci3yqawpi-unsplash-2-2\/\" \/>\n<meta property=\"og:site_name\" content=\"PRIF BLOG\" \/>\n<meta property=\"article:publisher\" content=\"https:\/\/www.facebook.com\/HSFK.PRIF\" \/>\n<meta property=\"article:modified_time\" content=\"2025-10-29T16:17:51+00:00\" \/>\n<meta property=\"og:image\" content=\"https:\/\/blog.prif.org\/wp-content\/uploads\/2025\/10\/max-fleischmann-4wcI3YQAWpI-unsplash-2-scaled.jpg\" \/>\n\t<meta property=\"og:image:width\" content=\"2560\" \/>\n\t<meta property=\"og:image:height\" content=\"1707\" \/>\n\t<meta property=\"og:image:type\" content=\"image\/jpeg\" \/>\n<meta name=\"twitter:card\" content=\"summary_large_image\" \/>\n<meta name=\"twitter:site\" content=\"@HSFK_PRIF\" \/>\n<meta name=\"twitter:label1\" content=\"Written by\" \/>\n\t<meta name=\"twitter:data1\" content=\"Helen Breunig\" \/>\n<script type=\"application\/ld+json\" class=\"yoast-schema-graph\">{\"@context\":\"https:\/\/schema.org\",\"@graph\":[{\"@type\":\"WebPage\",\"@id\":\"https:\/\/blog.prif.org\/en\/2025\/10\/30\/zwischen-diffusen-motivlagen-und-mentaler-gesundheit-die-debatten-nach-den-juengsten-anschlagsereignissen\/max-fleischmann-4wci3yqawpi-unsplash-2-2\/\",\"url\":\"https:\/\/blog.prif.org\/en\/2025\/10\/30\/zwischen-diffusen-motivlagen-und-mentaler-gesundheit-die-debatten-nach-den-juengsten-anschlagsereignissen\/max-fleischmann-4wci3yqawpi-unsplash-2-2\/\",\"name\":\"max-fleischmann-4wcI3YQAWpI-unsplash (2) - PRIF BLOG\",\"isPartOf\":{\"@id\":\"https:\/\/blog.prif.org\/en\/#website\"},\"datePublished\":\"2025-10-29T16:08:56+00:00\",\"dateModified\":\"2025-10-29T16:17:51+00:00\",\"breadcrumb\":{\"@id\":\"https:\/\/blog.prif.org\/en\/2025\/10\/30\/zwischen-diffusen-motivlagen-und-mentaler-gesundheit-die-debatten-nach-den-juengsten-anschlagsereignissen\/max-fleischmann-4wci3yqawpi-unsplash-2-2\/#breadcrumb\"},\"inLanguage\":\"en-US\",\"potentialAction\":[{\"@type\":\"ReadAction\",\"target\":[\"https:\/\/blog.prif.org\/en\/2025\/10\/30\/zwischen-diffusen-motivlagen-und-mentaler-gesundheit-die-debatten-nach-den-juengsten-anschlagsereignissen\/max-fleischmann-4wci3yqawpi-unsplash-2-2\/\"]}]},{\"@type\":\"BreadcrumbList\",\"@id\":\"https:\/\/blog.prif.org\/en\/2025\/10\/30\/zwischen-diffusen-motivlagen-und-mentaler-gesundheit-die-debatten-nach-den-juengsten-anschlagsereignissen\/max-fleischmann-4wci3yqawpi-unsplash-2-2\/#breadcrumb\",\"itemListElement\":[{\"@type\":\"ListItem\",\"position\":1,\"name\":\"Startseite\",\"item\":\"https:\/\/blog.prif.org\/en\/\"},{\"@type\":\"ListItem\",\"position\":2,\"name\":\"max-fleischmann-4wcI3YQAWpI-unsplash (2)\"}]},{\"@type\":\"WebSite\",\"@id\":\"https:\/\/blog.prif.org\/en\/#website\",\"url\":\"https:\/\/blog.prif.org\/en\/\",\"name\":\"PRIF BLOG\",\"description\":\"Peace Research Institute Frankfurt \/ Leibniz Institut Hessische Stiftung Friedens- und Konfliktforschung\",\"publisher\":{\"@id\":\"https:\/\/blog.prif.org\/en\/#organization\"},\"potentialAction\":[{\"@type\":\"SearchAction\",\"target\":{\"@type\":\"EntryPoint\",\"urlTemplate\":\"https:\/\/blog.prif.org\/en\/?s={search_term_string}\"},\"query-input\":{\"@type\":\"PropertyValueSpecification\",\"valueRequired\":true,\"valueName\":\"search_term_string\"}}],\"inLanguage\":\"en-US\"},{\"@type\":\"Organization\",\"@id\":\"https:\/\/blog.prif.org\/en\/#organization\",\"name\":\"Peace Research Institute Frankfurt \/ Leibniz Institut Hessische Stiftung Friedens- und Konfliktforschung\",\"url\":\"https:\/\/blog.prif.org\/en\/\",\"logo\":{\"@type\":\"ImageObject\",\"inLanguage\":\"en-US\",\"@id\":\"https:\/\/blog.prif.org\/en\/#\/schema\/logo\/image\/\",\"url\":\"https:\/\/blog.prif.org\/wp-content\/uploads\/2023\/09\/cropped-blog_rgb.png\",\"contentUrl\":\"https:\/\/blog.prif.org\/wp-content\/uploads\/2023\/09\/cropped-blog_rgb.png\",\"width\":750,\"height\":226,\"caption\":\"Peace Research Institute Frankfurt \/ Leibniz Institut Hessische Stiftung Friedens- und Konfliktforschung\"},\"image\":{\"@id\":\"https:\/\/blog.prif.org\/en\/#\/schema\/logo\/image\/\"},\"sameAs\":[\"https:\/\/www.facebook.com\/HSFK.PRIF\",\"https:\/\/x.com\/HSFK_PRIF\",\"https:\/\/www.linkedin.com\/company\/8912786\/\"]}]}<\/script>\n<!-- \/ Yoast SEO plugin. -->","yoast_head_json":{"title":"max-fleischmann-4wcI3YQAWpI-unsplash (2) - PRIF BLOG","robots":{"index":"index","follow":"follow","max-snippet":"max-snippet:-1","max-image-preview":"max-image-preview:large","max-video-preview":"max-video-preview:-1"},"canonical":"https:\/\/blog.prif.org\/en\/2025\/10\/30\/zwischen-diffusen-motivlagen-und-mentaler-gesundheit-die-debatten-nach-den-juengsten-anschlagsereignissen\/max-fleischmann-4wci3yqawpi-unsplash-2-2\/","og_locale":"en_US","og_type":"article","og_title":"max-fleischmann-4wcI3YQAWpI-unsplash (2) - PRIF BLOG","og_description":"Nach den Gewalttaten in Aschaffenburg, Mannheim und Magdeburg gab es mehrere Vorst\u00f6\u00dfe zur sicherheitsbeh\u00f6rdlichen Erfassung von Menschen in psychiatrischer Behandlung und einer Erweiterung der \u201eGef\u00e4hrder\u201c-Kategorien. Diese Verschr\u00e4nkungen von mentaler Gesundheit und Gefahr greifen jedoch zu kurz. | Foto: Max Fleischmann via Unsplash |","og_url":"https:\/\/blog.prif.org\/en\/2025\/10\/30\/zwischen-diffusen-motivlagen-und-mentaler-gesundheit-die-debatten-nach-den-juengsten-anschlagsereignissen\/max-fleischmann-4wci3yqawpi-unsplash-2-2\/","og_site_name":"PRIF BLOG","article_publisher":"https:\/\/www.facebook.com\/HSFK.PRIF","article_modified_time":"2025-10-29T16:17:51+00:00","og_image":[{"width":2560,"height":1707,"url":"https:\/\/blog.prif.org\/wp-content\/uploads\/2025\/10\/max-fleischmann-4wcI3YQAWpI-unsplash-2-scaled.jpg","type":"image\/jpeg"}],"twitter_card":"summary_large_image","twitter_site":"@HSFK_PRIF","twitter_misc":{"Written by":"Helen Breunig"},"schema":{"@context":"https:\/\/schema.org","@graph":[{"@type":"WebPage","@id":"https:\/\/blog.prif.org\/en\/2025\/10\/30\/zwischen-diffusen-motivlagen-und-mentaler-gesundheit-die-debatten-nach-den-juengsten-anschlagsereignissen\/max-fleischmann-4wci3yqawpi-unsplash-2-2\/","url":"https:\/\/blog.prif.org\/en\/2025\/10\/30\/zwischen-diffusen-motivlagen-und-mentaler-gesundheit-die-debatten-nach-den-juengsten-anschlagsereignissen\/max-fleischmann-4wci3yqawpi-unsplash-2-2\/","name":"max-fleischmann-4wcI3YQAWpI-unsplash (2) - PRIF BLOG","isPartOf":{"@id":"https:\/\/blog.prif.org\/en\/#website"},"datePublished":"2025-10-29T16:08:56+00:00","dateModified":"2025-10-29T16:17:51+00:00","breadcrumb":{"@id":"https:\/\/blog.prif.org\/en\/2025\/10\/30\/zwischen-diffusen-motivlagen-und-mentaler-gesundheit-die-debatten-nach-den-juengsten-anschlagsereignissen\/max-fleischmann-4wci3yqawpi-unsplash-2-2\/#breadcrumb"},"inLanguage":"en-US","potentialAction":[{"@type":"ReadAction","target":["https:\/\/blog.prif.org\/en\/2025\/10\/30\/zwischen-diffusen-motivlagen-und-mentaler-gesundheit-die-debatten-nach-den-juengsten-anschlagsereignissen\/max-fleischmann-4wci3yqawpi-unsplash-2-2\/"]}]},{"@type":"BreadcrumbList","@id":"https:\/\/blog.prif.org\/en\/2025\/10\/30\/zwischen-diffusen-motivlagen-und-mentaler-gesundheit-die-debatten-nach-den-juengsten-anschlagsereignissen\/max-fleischmann-4wci3yqawpi-unsplash-2-2\/#breadcrumb","itemListElement":[{"@type":"ListItem","position":1,"name":"Startseite","item":"https:\/\/blog.prif.org\/en\/"},{"@type":"ListItem","position":2,"name":"max-fleischmann-4wcI3YQAWpI-unsplash (2)"}]},{"@type":"WebSite","@id":"https:\/\/blog.prif.org\/en\/#website","url":"https:\/\/blog.prif.org\/en\/","name":"PRIF BLOG","description":"Peace Research Institute Frankfurt \/ Leibniz Institut Hessische Stiftung Friedens- und Konfliktforschung","publisher":{"@id":"https:\/\/blog.prif.org\/en\/#organization"},"potentialAction":[{"@type":"SearchAction","target":{"@type":"EntryPoint","urlTemplate":"https:\/\/blog.prif.org\/en\/?s={search_term_string}"},"query-input":{"@type":"PropertyValueSpecification","valueRequired":true,"valueName":"search_term_string"}}],"inLanguage":"en-US"},{"@type":"Organization","@id":"https:\/\/blog.prif.org\/en\/#organization","name":"Peace Research Institute Frankfurt \/ Leibniz Institut Hessische Stiftung Friedens- und Konfliktforschung","url":"https:\/\/blog.prif.org\/en\/","logo":{"@type":"ImageObject","inLanguage":"en-US","@id":"https:\/\/blog.prif.org\/en\/#\/schema\/logo\/image\/","url":"https:\/\/blog.prif.org\/wp-content\/uploads\/2023\/09\/cropped-blog_rgb.png","contentUrl":"https:\/\/blog.prif.org\/wp-content\/uploads\/2023\/09\/cropped-blog_rgb.png","width":750,"height":226,"caption":"Peace Research Institute Frankfurt \/ Leibniz Institut Hessische Stiftung Friedens- und Konfliktforschung"},"image":{"@id":"https:\/\/blog.prif.org\/en\/#\/schema\/logo\/image\/"},"sameAs":["https:\/\/www.facebook.com\/HSFK.PRIF","https:\/\/x.com\/HSFK_PRIF","https:\/\/www.linkedin.com\/company\/8912786\/"]}]}},"description":{"rendered":"<p class=\"attachment\"><a href='https:\/\/blog.prif.org\/wp-content\/uploads\/2025\/10\/max-fleischmann-4wcI3YQAWpI-unsplash-2-scaled.jpg'><img loading=\"lazy\" decoding=\"async\" width=\"300\" height=\"200\" src=\"https:\/\/blog.prif.org\/wp-content\/uploads\/2025\/10\/max-fleischmann-4wcI3YQAWpI-unsplash-2-300x200.jpg\" class=\"attachment-medium size-medium\" alt=\"Nahaufnahme eines Polizeiautos mit eingeschaltetem Licht\" srcset=\"https:\/\/blog.prif.org\/wp-content\/uploads\/2025\/10\/max-fleischmann-4wcI3YQAWpI-unsplash-2-300x200.jpg 300w, https:\/\/blog.prif.org\/wp-content\/uploads\/2025\/10\/max-fleischmann-4wcI3YQAWpI-unsplash-2-1024x683.jpg 1024w, https:\/\/blog.prif.org\/wp-content\/uploads\/2025\/10\/max-fleischmann-4wcI3YQAWpI-unsplash-2-768x512.jpg 768w, https:\/\/blog.prif.org\/wp-content\/uploads\/2025\/10\/max-fleischmann-4wcI3YQAWpI-unsplash-2-1536x1024.jpg 1536w, https:\/\/blog.prif.org\/wp-content\/uploads\/2025\/10\/max-fleischmann-4wcI3YQAWpI-unsplash-2-2048x1365.jpg 2048w, https:\/\/blog.prif.org\/wp-content\/uploads\/2025\/10\/max-fleischmann-4wcI3YQAWpI-unsplash-2-1320x880.jpg 1320w\" sizes=\"(max-width: 300px) 100vw, 300px\" \/><\/a><\/p>\n<p><a href=\"https:\/\/unsplash.com\/de\/fotos\/nahaufnahme-eines-polizeiautos-mit-eingeschaltetem-licht-4wcI3YQAWpI\">Nach den Gewalttaten in Aschaffenburg, Mannheim und Magdeburg gab es mehrere Vorst\u00f6\u00dfe zur sicherheitsbeh\u00f6rdlichen Erfassung von Menschen in psychiatrischer Behandlung und einer Erweiterung der \u201eGef\u00e4hrder\u201c-Kategorien. Diese Verschr\u00e4nkungen von mentaler Gesundheit und Gefahr greifen jedoch zu kurz. <\/a> | Foto: <a href=\"https:\/\/unsplash.com\/de\/@maxfleischmann\">Max Fleischmann via Unsplash | <a href=https:\/\/unsplash.com\/de\/lizenz\">Unsplash Lizenz<\/a><\/p>\n"},"caption":{"rendered":"<p><a href=\"https:\/\/unsplash.com\/de\/fotos\/nahaufnahme-eines-polizeiautos-mit-eingeschaltetem-licht-4wcI3YQAWpI\">Nach den Gewalttaten in Aschaffenburg, Mannheim und Magdeburg gab es mehrere Vorst\u00f6\u00dfe zur sicherheitsbeh\u00f6rdlichen Erfassung von Menschen in psychiatrischer Behandlung und einer Erweiterung der \u201eGef\u00e4hrder\u201c-Kategorien. Diese Verschr\u00e4nkungen von mentaler Gesundheit und Gefahr greifen jedoch zu kurz. <\/a> | Foto: <a href=\"https:\/\/unsplash.com\/de\/@maxfleischmann\">Max Fleischmann via Unsplash | <a href=https:\/\/unsplash.com\/de\/lizenz\">Unsplash Lizenz<\/a><\/p>\n"},"alt_text":"Nahaufnahme eines Polizeiautos mit eingeschaltetem Licht","media_type":"image","mime_type":"image\/jpeg","media_details":{"width":2560,"height":1707,"file":"2025\/10\/max-fleischmann-4wcI3YQAWpI-unsplash-2-scaled.jpg","filesize":487045,"sizes":{"medium":{"file":"max-fleischmann-4wcI3YQAWpI-unsplash-2-300x200.jpg","width":300,"height":200,"filesize":12904,"mime_type":"image\/jpeg","source_url":"https:\/\/blog.prif.org\/wp-content\/uploads\/2025\/10\/max-fleischmann-4wcI3YQAWpI-unsplash-2-300x200.jpg"},"large":{"file":"max-fleischmann-4wcI3YQAWpI-unsplash-2-1024x683.jpg","width":1024,"height":683,"filesize":76522,"mime_type":"image\/jpeg","source_url":"https:\/\/blog.prif.org\/wp-content\/uploads\/2025\/10\/max-fleischmann-4wcI3YQAWpI-unsplash-2-1024x683.jpg"},"thumbnail":{"file":"max-fleischmann-4wcI3YQAWpI-unsplash-2-150x150.jpg","width":150,"height":150,"filesize":7906,"mime_type":"image\/jpeg","source_url":"https:\/\/blog.prif.org\/wp-content\/uploads\/2025\/10\/max-fleischmann-4wcI3YQAWpI-unsplash-2-150x150.jpg"},"medium_large":{"file":"max-fleischmann-4wcI3YQAWpI-unsplash-2-768x512.jpg","width":768,"height":512,"filesize":48091,"mime_type":"image\/jpeg","source_url":"https:\/\/blog.prif.org\/wp-content\/uploads\/2025\/10\/max-fleischmann-4wcI3YQAWpI-unsplash-2-768x512.jpg"},"1536x1536":{"file":"max-fleischmann-4wcI3YQAWpI-unsplash-2-1536x1024.jpg","width":1536,"height":1024,"filesize":164567,"mime_type":"image\/jpeg","source_url":"https:\/\/blog.prif.org\/wp-content\/uploads\/2025\/10\/max-fleischmann-4wcI3YQAWpI-unsplash-2-1536x1024.jpg"},"2048x2048":{"file":"max-fleischmann-4wcI3YQAWpI-unsplash-2-2048x1365.jpg","width":2048,"height":1365,"filesize":291445,"mime_type":"image\/jpeg","source_url":"https:\/\/blog.prif.org\/wp-content\/uploads\/2025\/10\/max-fleischmann-4wcI3YQAWpI-unsplash-2-2048x1365.jpg"},"mailpoet_newsletter_max":{"file":"max-fleischmann-4wcI3YQAWpI-unsplash-2-1320x880.jpg","width":1320,"height":880,"filesize":120468,"mime_type":"image\/jpeg","source_url":"https:\/\/blog.prif.org\/wp-content\/uploads\/2025\/10\/max-fleischmann-4wcI3YQAWpI-unsplash-2-1320x880.jpg"},"full":{"file":"max-fleischmann-4wcI3YQAWpI-unsplash-2-scaled.jpg","width":2560,"height":1707,"mime_type":"image\/jpeg","source_url":"https:\/\/blog.prif.org\/wp-content\/uploads\/2025\/10\/max-fleischmann-4wcI3YQAWpI-unsplash-2-scaled.jpg"}},"image_meta":{"aperture":"0","credit":"","camera":"","caption":"","created_timestamp":"0","copyright":"","focal_length":"0","iso":"0","shutter_speed":"0","title":"","orientation":"0","keywords":[]},"original_image":"max-fleischmann-4wcI3YQAWpI-unsplash-2.jpg"},"post":14366,"source_url":"https:\/\/blog.prif.org\/wp-content\/uploads\/2025\/10\/max-fleischmann-4wcI3YQAWpI-unsplash-2-scaled.jpg","_links":{"self":[{"href":"https:\/\/blog.prif.org\/en\/wp-json\/wp\/v2\/media\/14357","targetHints":{"allow":["GET"]}}],"collection":[{"href":"https:\/\/blog.prif.org\/en\/wp-json\/wp\/v2\/media"}],"about":[{"href":"https:\/\/blog.prif.org\/en\/wp-json\/wp\/v2\/types\/attachment"}],"author":[{"embeddable":true,"href":"https:\/\/blog.prif.org\/en\/wp-json\/wp\/v2\/users\/418"}],"replies":[{"embeddable":true,"href":"https:\/\/blog.prif.org\/en\/wp-json\/wp\/v2\/comments?post=14357"}]}}