{"id":14961,"date":"2026-01-23T10:59:40","date_gmt":"2026-01-23T09:59:40","guid":{"rendered":"https:\/\/blog.prif.org\/wp-content\/uploads\/2026\/01\/55027840628_1f66076c73_o_1875x1025.jpg"},"modified":"2026-01-23T11:07:48","modified_gmt":"2026-01-23T10:07:48","slug":"prime-minister-keir-starmer-attends-coaltion-of-willing-meeting-2","status":"inherit","type":"attachment","link":"https:\/\/blog.prif.org\/en\/2026\/01\/23\/frieden-und-demokratie-auf-dem-rueckzug-was-nun\/prime-minister-keir-starmer-attends-coaltion-of-willing-meeting-2\/","title":{"rendered":"Prime Minister Keir Starmer attends Coaltion of Willing Meeting"},"author":418,"featured_media":0,"comment_status":"closed","ping_status":"closed","template":"","meta":{"_acf_changed":false},"class_list":["post-14961","attachment","type-attachment","status-inherit","hentry"],"acf":[],"yoast_head":"<!-- This site is optimized with the Yoast SEO plugin v26.1.1 - https:\/\/yoast.com\/wordpress\/plugins\/seo\/ -->\n<title>Prime Minister Keir Starmer attends Coaltion of Willing Meeting - PRIF BLOG<\/title>\n<meta name=\"robots\" content=\"index, follow, max-snippet:-1, max-image-preview:large, max-video-preview:-1\" \/>\n<link rel=\"canonical\" href=\"https:\/\/blog.prif.org\/en\/2026\/01\/23\/frieden-und-demokratie-auf-dem-rueckzug-was-nun\/prime-minister-keir-starmer-attends-coaltion-of-willing-meeting-2\/\" \/>\n<meta property=\"og:locale\" content=\"en_US\" \/>\n<meta property=\"og:type\" content=\"article\" \/>\n<meta property=\"og:title\" content=\"Prime Minister Keir Starmer attends Coaltion of Willing Meeting - PRIF BLOG\" \/>\n<meta property=\"og:description\" content=\"06\/01\/2026. Paris, France. Prime Minister Keir Starmer attends Coalition of the Willing Meeting hosted by French President Emmanuel Macron at the Elysee Palace. Picture by Simon Dawson \/ No 10 Downing Street\" \/>\n<meta property=\"og:url\" content=\"https:\/\/blog.prif.org\/en\/2026\/01\/23\/frieden-und-demokratie-auf-dem-rueckzug-was-nun\/prime-minister-keir-starmer-attends-coaltion-of-willing-meeting-2\/\" \/>\n<meta property=\"og:site_name\" content=\"PRIF BLOG\" \/>\n<meta property=\"article:publisher\" content=\"https:\/\/www.facebook.com\/HSFK.PRIF\" \/>\n<meta property=\"article:modified_time\" content=\"2026-01-23T10:07:48+00:00\" \/>\n<meta property=\"og:image\" content=\"https:\/\/blog.prif.org\/wp-content\/uploads\/2026\/01\/55027840628_1f66076c73_o_1875x1025-scaled.jpg\" \/>\n\t<meta property=\"og:image:width\" content=\"2560\" \/>\n\t<meta property=\"og:image:height\" content=\"1400\" \/>\n\t<meta property=\"og:image:type\" content=\"image\/jpeg\" \/>\n<meta name=\"twitter:card\" content=\"summary_large_image\" \/>\n<meta name=\"twitter:site\" content=\"@HSFK_PRIF\" \/>\n<meta name=\"twitter:label1\" content=\"Written by\" \/>\n\t<meta name=\"twitter:data1\" content=\"Helen Breunig\" \/>\n<script type=\"application\/ld+json\" class=\"yoast-schema-graph\">{\"@context\":\"https:\/\/schema.org\",\"@graph\":[{\"@type\":\"WebPage\",\"@id\":\"https:\/\/blog.prif.org\/en\/2026\/01\/23\/frieden-und-demokratie-auf-dem-rueckzug-was-nun\/prime-minister-keir-starmer-attends-coaltion-of-willing-meeting-2\/\",\"url\":\"https:\/\/blog.prif.org\/en\/2026\/01\/23\/frieden-und-demokratie-auf-dem-rueckzug-was-nun\/prime-minister-keir-starmer-attends-coaltion-of-willing-meeting-2\/\",\"name\":\"Prime Minister Keir Starmer attends Coaltion of Willing Meeting - PRIF BLOG\",\"isPartOf\":{\"@id\":\"https:\/\/blog.prif.org\/en\/#website\"},\"datePublished\":\"2026-01-23T09:59:40+00:00\",\"dateModified\":\"2026-01-23T10:07:48+00:00\",\"breadcrumb\":{\"@id\":\"https:\/\/blog.prif.org\/en\/2026\/01\/23\/frieden-und-demokratie-auf-dem-rueckzug-was-nun\/prime-minister-keir-starmer-attends-coaltion-of-willing-meeting-2\/#breadcrumb\"},\"inLanguage\":\"en-US\",\"potentialAction\":[{\"@type\":\"ReadAction\",\"target\":[\"https:\/\/blog.prif.org\/en\/2026\/01\/23\/frieden-und-demokratie-auf-dem-rueckzug-was-nun\/prime-minister-keir-starmer-attends-coaltion-of-willing-meeting-2\/\"]}]},{\"@type\":\"BreadcrumbList\",\"@id\":\"https:\/\/blog.prif.org\/en\/2026\/01\/23\/frieden-und-demokratie-auf-dem-rueckzug-was-nun\/prime-minister-keir-starmer-attends-coaltion-of-willing-meeting-2\/#breadcrumb\",\"itemListElement\":[{\"@type\":\"ListItem\",\"position\":1,\"name\":\"Startseite\",\"item\":\"https:\/\/blog.prif.org\/en\/\"},{\"@type\":\"ListItem\",\"position\":2,\"name\":\"Prime Minister Keir Starmer attends Coaltion of Willing Meeting\"}]},{\"@type\":\"WebSite\",\"@id\":\"https:\/\/blog.prif.org\/en\/#website\",\"url\":\"https:\/\/blog.prif.org\/en\/\",\"name\":\"PRIF BLOG\",\"description\":\"Peace Research Institute Frankfurt \/ Leibniz Institut Hessische Stiftung Friedens- und Konfliktforschung\",\"publisher\":{\"@id\":\"https:\/\/blog.prif.org\/en\/#organization\"},\"potentialAction\":[{\"@type\":\"SearchAction\",\"target\":{\"@type\":\"EntryPoint\",\"urlTemplate\":\"https:\/\/blog.prif.org\/en\/?s={search_term_string}\"},\"query-input\":{\"@type\":\"PropertyValueSpecification\",\"valueRequired\":true,\"valueName\":\"search_term_string\"}}],\"inLanguage\":\"en-US\"},{\"@type\":\"Organization\",\"@id\":\"https:\/\/blog.prif.org\/en\/#organization\",\"name\":\"Peace Research Institute Frankfurt \/ Leibniz Institut Hessische Stiftung Friedens- und Konfliktforschung\",\"url\":\"https:\/\/blog.prif.org\/en\/\",\"logo\":{\"@type\":\"ImageObject\",\"inLanguage\":\"en-US\",\"@id\":\"https:\/\/blog.prif.org\/en\/#\/schema\/logo\/image\/\",\"url\":\"https:\/\/blog.prif.org\/wp-content\/uploads\/2023\/09\/cropped-blog_rgb.png\",\"contentUrl\":\"https:\/\/blog.prif.org\/wp-content\/uploads\/2023\/09\/cropped-blog_rgb.png\",\"width\":750,\"height\":226,\"caption\":\"Peace Research Institute Frankfurt \/ Leibniz Institut Hessische Stiftung Friedens- und Konfliktforschung\"},\"image\":{\"@id\":\"https:\/\/blog.prif.org\/en\/#\/schema\/logo\/image\/\"},\"sameAs\":[\"https:\/\/www.facebook.com\/HSFK.PRIF\",\"https:\/\/x.com\/HSFK_PRIF\",\"https:\/\/www.linkedin.com\/company\/8912786\/\"]}]}<\/script>\n<!-- \/ Yoast SEO plugin. -->","yoast_head_json":{"title":"Prime Minister Keir Starmer attends Coaltion of Willing Meeting - PRIF BLOG","robots":{"index":"index","follow":"follow","max-snippet":"max-snippet:-1","max-image-preview":"max-image-preview:large","max-video-preview":"max-video-preview:-1"},"canonical":"https:\/\/blog.prif.org\/en\/2026\/01\/23\/frieden-und-demokratie-auf-dem-rueckzug-was-nun\/prime-minister-keir-starmer-attends-coaltion-of-willing-meeting-2\/","og_locale":"en_US","og_type":"article","og_title":"Prime Minister Keir Starmer attends Coaltion of Willing Meeting - PRIF BLOG","og_description":"06\/01\/2026. Paris, France. Prime Minister Keir Starmer attends Coalition of the Willing Meeting hosted by French President Emmanuel Macron at the Elysee Palace. Picture by Simon Dawson \/ No 10 Downing Street","og_url":"https:\/\/blog.prif.org\/en\/2026\/01\/23\/frieden-und-demokratie-auf-dem-rueckzug-was-nun\/prime-minister-keir-starmer-attends-coaltion-of-willing-meeting-2\/","og_site_name":"PRIF BLOG","article_publisher":"https:\/\/www.facebook.com\/HSFK.PRIF","article_modified_time":"2026-01-23T10:07:48+00:00","og_image":[{"width":2560,"height":1400,"url":"https:\/\/blog.prif.org\/wp-content\/uploads\/2026\/01\/55027840628_1f66076c73_o_1875x1025-scaled.jpg","type":"image\/jpeg"}],"twitter_card":"summary_large_image","twitter_site":"@HSFK_PRIF","twitter_misc":{"Written by":"Helen Breunig"},"schema":{"@context":"https:\/\/schema.org","@graph":[{"@type":"WebPage","@id":"https:\/\/blog.prif.org\/en\/2026\/01\/23\/frieden-und-demokratie-auf-dem-rueckzug-was-nun\/prime-minister-keir-starmer-attends-coaltion-of-willing-meeting-2\/","url":"https:\/\/blog.prif.org\/en\/2026\/01\/23\/frieden-und-demokratie-auf-dem-rueckzug-was-nun\/prime-minister-keir-starmer-attends-coaltion-of-willing-meeting-2\/","name":"Prime Minister Keir Starmer attends Coaltion of Willing Meeting - PRIF BLOG","isPartOf":{"@id":"https:\/\/blog.prif.org\/en\/#website"},"datePublished":"2026-01-23T09:59:40+00:00","dateModified":"2026-01-23T10:07:48+00:00","breadcrumb":{"@id":"https:\/\/blog.prif.org\/en\/2026\/01\/23\/frieden-und-demokratie-auf-dem-rueckzug-was-nun\/prime-minister-keir-starmer-attends-coaltion-of-willing-meeting-2\/#breadcrumb"},"inLanguage":"en-US","potentialAction":[{"@type":"ReadAction","target":["https:\/\/blog.prif.org\/en\/2026\/01\/23\/frieden-und-demokratie-auf-dem-rueckzug-was-nun\/prime-minister-keir-starmer-attends-coaltion-of-willing-meeting-2\/"]}]},{"@type":"BreadcrumbList","@id":"https:\/\/blog.prif.org\/en\/2026\/01\/23\/frieden-und-demokratie-auf-dem-rueckzug-was-nun\/prime-minister-keir-starmer-attends-coaltion-of-willing-meeting-2\/#breadcrumb","itemListElement":[{"@type":"ListItem","position":1,"name":"Startseite","item":"https:\/\/blog.prif.org\/en\/"},{"@type":"ListItem","position":2,"name":"Prime Minister Keir Starmer attends Coaltion of Willing Meeting"}]},{"@type":"WebSite","@id":"https:\/\/blog.prif.org\/en\/#website","url":"https:\/\/blog.prif.org\/en\/","name":"PRIF BLOG","description":"Peace Research Institute Frankfurt \/ Leibniz Institut Hessische Stiftung Friedens- und Konfliktforschung","publisher":{"@id":"https:\/\/blog.prif.org\/en\/#organization"},"potentialAction":[{"@type":"SearchAction","target":{"@type":"EntryPoint","urlTemplate":"https:\/\/blog.prif.org\/en\/?s={search_term_string}"},"query-input":{"@type":"PropertyValueSpecification","valueRequired":true,"valueName":"search_term_string"}}],"inLanguage":"en-US"},{"@type":"Organization","@id":"https:\/\/blog.prif.org\/en\/#organization","name":"Peace Research Institute Frankfurt \/ Leibniz Institut Hessische Stiftung Friedens- und Konfliktforschung","url":"https:\/\/blog.prif.org\/en\/","logo":{"@type":"ImageObject","inLanguage":"en-US","@id":"https:\/\/blog.prif.org\/en\/#\/schema\/logo\/image\/","url":"https:\/\/blog.prif.org\/wp-content\/uploads\/2023\/09\/cropped-blog_rgb.png","contentUrl":"https:\/\/blog.prif.org\/wp-content\/uploads\/2023\/09\/cropped-blog_rgb.png","width":750,"height":226,"caption":"Peace Research Institute Frankfurt \/ Leibniz Institut Hessische Stiftung Friedens- und Konfliktforschung"},"image":{"@id":"https:\/\/blog.prif.org\/en\/#\/schema\/logo\/image\/"},"sameAs":["https:\/\/www.facebook.com\/HSFK.PRIF","https:\/\/x.com\/HSFK_PRIF","https:\/\/www.linkedin.com\/company\/8912786\/"]}]}},"description":{"rendered":"<p class=\"attachment\"><a href='https:\/\/blog.prif.org\/wp-content\/uploads\/2026\/01\/55027840628_1f66076c73_o_1875x1025-scaled.jpg'><img loading=\"lazy\" decoding=\"async\" width=\"300\" height=\"164\" src=\"https:\/\/blog.prif.org\/wp-content\/uploads\/2026\/01\/55027840628_1f66076c73_o_1875x1025-300x164.jpg\" class=\"attachment-medium size-medium\" alt=\"Staats- und Regierungschefs einiger L\u00e4nder der Koalition der Willigen im \u00c9lys\u00e9e-Palast in Paris. Von links: der deutsche Bundeskanzler Merz, der ukrainische Pr\u00e4sident Selenskyj, der franz\u00f6sische Pr\u00e4sident Macron, der britische Premierminister Starmer, die US-Sonderbeauftragten Witkoff und Kushner.\" srcset=\"https:\/\/blog.prif.org\/wp-content\/uploads\/2026\/01\/55027840628_1f66076c73_o_1875x1025-300x164.jpg 300w, https:\/\/blog.prif.org\/wp-content\/uploads\/2026\/01\/55027840628_1f66076c73_o_1875x1025-1024x560.jpg 1024w, https:\/\/blog.prif.org\/wp-content\/uploads\/2026\/01\/55027840628_1f66076c73_o_1875x1025-768x420.jpg 768w, https:\/\/blog.prif.org\/wp-content\/uploads\/2026\/01\/55027840628_1f66076c73_o_1875x1025-1536x840.jpg 1536w, https:\/\/blog.prif.org\/wp-content\/uploads\/2026\/01\/55027840628_1f66076c73_o_1875x1025-2048x1120.jpg 2048w, https:\/\/blog.prif.org\/wp-content\/uploads\/2026\/01\/55027840628_1f66076c73_o_1875x1025-1320x722.jpg 1320w\" sizes=\"(max-width: 300px) 100vw, 300px\" \/><\/a><\/p>\n"},"caption":{"rendered":"<p>06\/01\/2026. Paris, France. Prime Minister Keir Starmer attends Coalition of the Willing Meeting hosted by French President Emmanuel Macron at the Elysee Palace. Picture by Simon Dawson \/ No 10 Downing Street<\/p>\n"},"alt_text":"Staats- und Regierungschefs einiger L\u00e4nder der Koalition der Willigen im \u00c9lys\u00e9e-Palast in Paris. Von links: der deutsche Bundeskanzler Merz, der ukrainische Pr\u00e4sident Selenskyj, der franz\u00f6sische Pr\u00e4sident Macron, der britische Premierminister Starmer, die US-Sonderbeauftragten Witkoff und Kushner.","media_type":"image","mime_type":"image\/jpeg","media_details":{"width":2560,"height":1400,"file":"2026\/01\/55027840628_1f66076c73_o_1875x1025-scaled.jpg","filesize":333600,"sizes":{"medium":{"file":"55027840628_1f66076c73_o_1875x1025-300x164.jpg","width":300,"height":164,"filesize":37644,"mime_type":"image\/jpeg","source_url":"https:\/\/blog.prif.org\/wp-content\/uploads\/2026\/01\/55027840628_1f66076c73_o_1875x1025-300x164.jpg"},"large":{"file":"55027840628_1f66076c73_o_1875x1025-1024x560.jpg","width":1024,"height":560,"filesize":106934,"mime_type":"image\/jpeg","source_url":"https:\/\/blog.prif.org\/wp-content\/uploads\/2026\/01\/55027840628_1f66076c73_o_1875x1025-1024x560.jpg"},"thumbnail":{"file":"55027840628_1f66076c73_o_1875x1025-150x150.jpg","width":150,"height":150,"filesize":30698,"mime_type":"image\/jpeg","source_url":"https:\/\/blog.prif.org\/wp-content\/uploads\/2026\/01\/55027840628_1f66076c73_o_1875x1025-150x150.jpg"},"medium_large":{"file":"55027840628_1f66076c73_o_1875x1025-768x420.jpg","width":768,"height":420,"filesize":79050,"mime_type":"image\/jpeg","source_url":"https:\/\/blog.prif.org\/wp-content\/uploads\/2026\/01\/55027840628_1f66076c73_o_1875x1025-768x420.jpg"},"1536x1536":{"file":"55027840628_1f66076c73_o_1875x1025-1536x840.jpg","width":1536,"height":840,"filesize":172108,"mime_type":"image\/jpeg","source_url":"https:\/\/blog.prif.org\/wp-content\/uploads\/2026\/01\/55027840628_1f66076c73_o_1875x1025-1536x840.jpg"},"2048x2048":{"file":"55027840628_1f66076c73_o_1875x1025-2048x1120.jpg","width":2048,"height":1120,"filesize":247872,"mime_type":"image\/jpeg","source_url":"https:\/\/blog.prif.org\/wp-content\/uploads\/2026\/01\/55027840628_1f66076c73_o_1875x1025-2048x1120.jpg"},"mailpoet_newsletter_max":{"file":"55027840628_1f66076c73_o_1875x1025-1320x722.jpg","width":1320,"height":722,"filesize":143760,"mime_type":"image\/jpeg","source_url":"https:\/\/blog.prif.org\/wp-content\/uploads\/2026\/01\/55027840628_1f66076c73_o_1875x1025-1320x722.jpg"},"full":{"file":"55027840628_1f66076c73_o_1875x1025-scaled.jpg","width":2560,"height":1400,"mime_type":"image\/jpeg","source_url":"https:\/\/blog.prif.org\/wp-content\/uploads\/2026\/01\/55027840628_1f66076c73_o_1875x1025-scaled.jpg"}},"image_meta":{"aperture":"2.8","credit":"Simon Dawson \/ No 10 Downing Str","camera":"Canon EOS R5m2","caption":"06\/01\/2026. Paris, France. Prime Minister Keir Starmer attends Coalition of the Willing Meeting hosted by French President Emmanuel Macron at the Elysee Palace. Picture by Simon Dawson \/ No 10 Downing Street","created_timestamp":"1767727156","copyright":"Crown copyright. Licensed under the Open Government Licence","focal_length":"78","iso":"800","shutter_speed":"0.0025","title":"Prime Minister Keir Starmer attends Coaltion of Willing Meeting","orientation":"1","keywords":["#POLITICS","Keir Starmer","Prime Minister","No10","PM","Downing Street","Coaltion of the Willing","Ukraine","Macron","Merz","Zelenskyy"]},"original_image":"55027840628_1f66076c73_o_1875x1025.jpg"},"post":14963,"source_url":"https:\/\/blog.prif.org\/wp-content\/uploads\/2026\/01\/55027840628_1f66076c73_o_1875x1025-scaled.jpg","_links":{"self":[{"href":"https:\/\/blog.prif.org\/en\/wp-json\/wp\/v2\/media\/14961","targetHints":{"allow":["GET"]}}],"collection":[{"href":"https:\/\/blog.prif.org\/en\/wp-json\/wp\/v2\/media"}],"about":[{"href":"https:\/\/blog.prif.org\/en\/wp-json\/wp\/v2\/types\/attachment"}],"author":[{"embeddable":true,"href":"https:\/\/blog.prif.org\/en\/wp-json\/wp\/v2\/users\/418"}],"replies":[{"embeddable":true,"href":"https:\/\/blog.prif.org\/en\/wp-json\/wp\/v2\/comments?post=14961"}]}}