{"id":15309,"date":"2026-03-16T09:42:59","date_gmt":"2026-03-16T08:42:59","guid":{"rendered":"https:\/\/blog.prif.org\/wp-content\/uploads\/2026\/03\/Spotlight-4-2026-Cover-kl.jpg"},"modified":"2026-03-16T09:43:14","modified_gmt":"2026-03-16T08:43:14","slug":"sicherheit-die-uns-unsicher-macht-die-neue-selbstverstaendlich-2","status":"inherit","type":"attachment","link":"https:\/\/blog.prif.org\/en\/2026\/03\/16\/sicherheit-die-uns-unsicher-macht-die-neue-selbstverstaendlichkeit-der-machtpolitik\/sicherheit-die-uns-unsicher-macht-die-neue-selbstverstaendlich-2\/","title":{"rendered":"Sicherheit, die uns unsicher macht: Die neue Selbstverst\u00e4ndlich"},"author":255,"featured_media":0,"comment_status":"closed","ping_status":"closed","template":"","meta":{"_acf_changed":false},"class_list":["post-15309","attachment","type-attachment","status-inherit","hentry"],"acf":[],"yoast_head":"<!-- This site is optimized with the Yoast SEO plugin v26.1.1 - https:\/\/yoast.com\/wordpress\/plugins\/seo\/ -->\n<title>Sicherheit, die uns unsicher macht: Die neue Selbstverst\u00e4ndlich - PRIF BLOG<\/title>\n<meta name=\"robots\" content=\"index, follow, max-snippet:-1, max-image-preview:large, max-video-preview:-1\" \/>\n<link rel=\"canonical\" href=\"https:\/\/blog.prif.org\/en\/2026\/03\/16\/sicherheit-die-uns-unsicher-macht-die-neue-selbstverstaendlichkeit-der-machtpolitik\/sicherheit-die-uns-unsicher-macht-die-neue-selbstverstaendlich-2\/\" \/>\n<meta property=\"og:locale\" content=\"en_US\" \/>\n<meta property=\"og:type\" content=\"article\" \/>\n<meta property=\"og:title\" content=\"Sicherheit, die uns unsicher macht: Die neue Selbstverst\u00e4ndlich - PRIF BLOG\" \/>\n<meta property=\"og:description\" content=\"Nach Jahren der Globalisierung scheint die Welt in die Logik der Macht zur\u00fcckzufallen. Die Kritik an \u201enaiver\u201c Globalisierungspolitik hat Hochkonjunktur. Zunehmend wird auf n\u00fcchterne Machtpolitik gesetzt, auf Unabh\u00e4ngigkeit und milit\u00e4rische St\u00e4rke statt auf Vernetzung und internationale Organisation. Doch die Hinwendung zur Machtpolitik droht die Fehler der Globalisierungspolitik unter anderen Vorzeichen zu wiederholen. Im sicheren Glauben die Welt nun verstanden zu haben, wird \u201ealternativlose\u201c Politik betrieben, die ihre eigenen Risiken \u00fcbersieht und die Welt so auf Dauer unsicherer zu machen droht.\" \/>\n<meta property=\"og:url\" content=\"https:\/\/blog.prif.org\/en\/2026\/03\/16\/sicherheit-die-uns-unsicher-macht-die-neue-selbstverstaendlichkeit-der-machtpolitik\/sicherheit-die-uns-unsicher-macht-die-neue-selbstverstaendlich-2\/\" \/>\n<meta property=\"og:site_name\" content=\"PRIF BLOG\" \/>\n<meta property=\"article:publisher\" content=\"https:\/\/www.facebook.com\/HSFK.PRIF\" \/>\n<meta property=\"article:modified_time\" content=\"2026-03-16T08:43:14+00:00\" \/>\n<meta property=\"og:image\" content=\"https:\/\/blog.prif.org\/wp-content\/uploads\/2026\/03\/Spotlight-4-2026-Cover-kl.jpg\" \/>\n\t<meta property=\"og:image:width\" content=\"200\" \/>\n\t<meta property=\"og:image:height\" content=\"277\" \/>\n\t<meta property=\"og:image:type\" content=\"image\/jpeg\" \/>\n<meta name=\"twitter:card\" content=\"summary_large_image\" \/>\n<meta name=\"twitter:site\" content=\"@HSFK_PRIF\" \/>\n<meta name=\"twitter:label1\" content=\"Written by\" \/>\n\t<meta name=\"twitter:data1\" content=\"Elisabeth Waczek\" \/>\n<script type=\"application\/ld+json\" class=\"yoast-schema-graph\">{\"@context\":\"https:\/\/schema.org\",\"@graph\":[{\"@type\":\"WebPage\",\"@id\":\"https:\/\/blog.prif.org\/en\/2026\/03\/16\/sicherheit-die-uns-unsicher-macht-die-neue-selbstverstaendlichkeit-der-machtpolitik\/sicherheit-die-uns-unsicher-macht-die-neue-selbstverstaendlich-2\/\",\"url\":\"https:\/\/blog.prif.org\/en\/2026\/03\/16\/sicherheit-die-uns-unsicher-macht-die-neue-selbstverstaendlichkeit-der-machtpolitik\/sicherheit-die-uns-unsicher-macht-die-neue-selbstverstaendlich-2\/\",\"name\":\"Sicherheit, die uns unsicher macht: Die neue Selbstverst\u00e4ndlich - PRIF BLOG\",\"isPartOf\":{\"@id\":\"https:\/\/blog.prif.org\/en\/#website\"},\"datePublished\":\"2026-03-16T08:42:59+00:00\",\"dateModified\":\"2026-03-16T08:43:14+00:00\",\"breadcrumb\":{\"@id\":\"https:\/\/blog.prif.org\/en\/2026\/03\/16\/sicherheit-die-uns-unsicher-macht-die-neue-selbstverstaendlichkeit-der-machtpolitik\/sicherheit-die-uns-unsicher-macht-die-neue-selbstverstaendlich-2\/#breadcrumb\"},\"inLanguage\":\"en-US\",\"potentialAction\":[{\"@type\":\"ReadAction\",\"target\":[\"https:\/\/blog.prif.org\/en\/2026\/03\/16\/sicherheit-die-uns-unsicher-macht-die-neue-selbstverstaendlichkeit-der-machtpolitik\/sicherheit-die-uns-unsicher-macht-die-neue-selbstverstaendlich-2\/\"]}]},{\"@type\":\"BreadcrumbList\",\"@id\":\"https:\/\/blog.prif.org\/en\/2026\/03\/16\/sicherheit-die-uns-unsicher-macht-die-neue-selbstverstaendlichkeit-der-machtpolitik\/sicherheit-die-uns-unsicher-macht-die-neue-selbstverstaendlich-2\/#breadcrumb\",\"itemListElement\":[{\"@type\":\"ListItem\",\"position\":1,\"name\":\"Startseite\",\"item\":\"https:\/\/blog.prif.org\/en\/\"},{\"@type\":\"ListItem\",\"position\":2,\"name\":\"Sicherheit, die uns unsicher macht: Die neue Selbstverst\u00e4ndlich\"}]},{\"@type\":\"WebSite\",\"@id\":\"https:\/\/blog.prif.org\/en\/#website\",\"url\":\"https:\/\/blog.prif.org\/en\/\",\"name\":\"PRIF BLOG\",\"description\":\"Peace Research Institute Frankfurt \/ Leibniz Institut Hessische Stiftung Friedens- und Konfliktforschung\",\"publisher\":{\"@id\":\"https:\/\/blog.prif.org\/en\/#organization\"},\"potentialAction\":[{\"@type\":\"SearchAction\",\"target\":{\"@type\":\"EntryPoint\",\"urlTemplate\":\"https:\/\/blog.prif.org\/en\/?s={search_term_string}\"},\"query-input\":{\"@type\":\"PropertyValueSpecification\",\"valueRequired\":true,\"valueName\":\"search_term_string\"}}],\"inLanguage\":\"en-US\"},{\"@type\":\"Organization\",\"@id\":\"https:\/\/blog.prif.org\/en\/#organization\",\"name\":\"Peace Research Institute Frankfurt \/ Leibniz Institut Hessische Stiftung Friedens- und Konfliktforschung\",\"url\":\"https:\/\/blog.prif.org\/en\/\",\"logo\":{\"@type\":\"ImageObject\",\"inLanguage\":\"en-US\",\"@id\":\"https:\/\/blog.prif.org\/en\/#\/schema\/logo\/image\/\",\"url\":\"https:\/\/blog.prif.org\/wp-content\/uploads\/2023\/09\/cropped-blog_rgb.png\",\"contentUrl\":\"https:\/\/blog.prif.org\/wp-content\/uploads\/2023\/09\/cropped-blog_rgb.png\",\"width\":750,\"height\":226,\"caption\":\"Peace Research Institute Frankfurt \/ Leibniz Institut Hessische Stiftung Friedens- und Konfliktforschung\"},\"image\":{\"@id\":\"https:\/\/blog.prif.org\/en\/#\/schema\/logo\/image\/\"},\"sameAs\":[\"https:\/\/www.facebook.com\/HSFK.PRIF\",\"https:\/\/x.com\/HSFK_PRIF\",\"https:\/\/www.linkedin.com\/company\/8912786\/\"]}]}<\/script>\n<!-- \/ Yoast SEO plugin. -->","yoast_head_json":{"title":"Sicherheit, die uns unsicher macht: Die neue Selbstverst\u00e4ndlich - PRIF BLOG","robots":{"index":"index","follow":"follow","max-snippet":"max-snippet:-1","max-image-preview":"max-image-preview:large","max-video-preview":"max-video-preview:-1"},"canonical":"https:\/\/blog.prif.org\/en\/2026\/03\/16\/sicherheit-die-uns-unsicher-macht-die-neue-selbstverstaendlichkeit-der-machtpolitik\/sicherheit-die-uns-unsicher-macht-die-neue-selbstverstaendlich-2\/","og_locale":"en_US","og_type":"article","og_title":"Sicherheit, die uns unsicher macht: Die neue Selbstverst\u00e4ndlich - PRIF BLOG","og_description":"Nach Jahren der Globalisierung scheint die Welt in die Logik der Macht zur\u00fcckzufallen. Die Kritik an \u201enaiver\u201c Globalisierungspolitik hat Hochkonjunktur. Zunehmend wird auf n\u00fcchterne Machtpolitik gesetzt, auf Unabh\u00e4ngigkeit und milit\u00e4rische St\u00e4rke statt auf Vernetzung und internationale Organisation. Doch die Hinwendung zur Machtpolitik droht die Fehler der Globalisierungspolitik unter anderen Vorzeichen zu wiederholen. Im sicheren Glauben die Welt nun verstanden zu haben, wird \u201ealternativlose\u201c Politik betrieben, die ihre eigenen Risiken \u00fcbersieht und die Welt so auf Dauer unsicherer zu machen droht.","og_url":"https:\/\/blog.prif.org\/en\/2026\/03\/16\/sicherheit-die-uns-unsicher-macht-die-neue-selbstverstaendlichkeit-der-machtpolitik\/sicherheit-die-uns-unsicher-macht-die-neue-selbstverstaendlich-2\/","og_site_name":"PRIF BLOG","article_publisher":"https:\/\/www.facebook.com\/HSFK.PRIF","article_modified_time":"2026-03-16T08:43:14+00:00","og_image":[{"width":200,"height":277,"url":"https:\/\/blog.prif.org\/wp-content\/uploads\/2026\/03\/Spotlight-4-2026-Cover-kl.jpg","type":"image\/jpeg"}],"twitter_card":"summary_large_image","twitter_site":"@HSFK_PRIF","twitter_misc":{"Written by":"Elisabeth Waczek"},"schema":{"@context":"https:\/\/schema.org","@graph":[{"@type":"WebPage","@id":"https:\/\/blog.prif.org\/en\/2026\/03\/16\/sicherheit-die-uns-unsicher-macht-die-neue-selbstverstaendlichkeit-der-machtpolitik\/sicherheit-die-uns-unsicher-macht-die-neue-selbstverstaendlich-2\/","url":"https:\/\/blog.prif.org\/en\/2026\/03\/16\/sicherheit-die-uns-unsicher-macht-die-neue-selbstverstaendlichkeit-der-machtpolitik\/sicherheit-die-uns-unsicher-macht-die-neue-selbstverstaendlich-2\/","name":"Sicherheit, die uns unsicher macht: Die neue Selbstverst\u00e4ndlich - PRIF BLOG","isPartOf":{"@id":"https:\/\/blog.prif.org\/en\/#website"},"datePublished":"2026-03-16T08:42:59+00:00","dateModified":"2026-03-16T08:43:14+00:00","breadcrumb":{"@id":"https:\/\/blog.prif.org\/en\/2026\/03\/16\/sicherheit-die-uns-unsicher-macht-die-neue-selbstverstaendlichkeit-der-machtpolitik\/sicherheit-die-uns-unsicher-macht-die-neue-selbstverstaendlich-2\/#breadcrumb"},"inLanguage":"en-US","potentialAction":[{"@type":"ReadAction","target":["https:\/\/blog.prif.org\/en\/2026\/03\/16\/sicherheit-die-uns-unsicher-macht-die-neue-selbstverstaendlichkeit-der-machtpolitik\/sicherheit-die-uns-unsicher-macht-die-neue-selbstverstaendlich-2\/"]}]},{"@type":"BreadcrumbList","@id":"https:\/\/blog.prif.org\/en\/2026\/03\/16\/sicherheit-die-uns-unsicher-macht-die-neue-selbstverstaendlichkeit-der-machtpolitik\/sicherheit-die-uns-unsicher-macht-die-neue-selbstverstaendlich-2\/#breadcrumb","itemListElement":[{"@type":"ListItem","position":1,"name":"Startseite","item":"https:\/\/blog.prif.org\/en\/"},{"@type":"ListItem","position":2,"name":"Sicherheit, die uns unsicher macht: Die neue Selbstverst\u00e4ndlich"}]},{"@type":"WebSite","@id":"https:\/\/blog.prif.org\/en\/#website","url":"https:\/\/blog.prif.org\/en\/","name":"PRIF BLOG","description":"Peace Research Institute Frankfurt \/ Leibniz Institut Hessische Stiftung Friedens- und Konfliktforschung","publisher":{"@id":"https:\/\/blog.prif.org\/en\/#organization"},"potentialAction":[{"@type":"SearchAction","target":{"@type":"EntryPoint","urlTemplate":"https:\/\/blog.prif.org\/en\/?s={search_term_string}"},"query-input":{"@type":"PropertyValueSpecification","valueRequired":true,"valueName":"search_term_string"}}],"inLanguage":"en-US"},{"@type":"Organization","@id":"https:\/\/blog.prif.org\/en\/#organization","name":"Peace Research Institute Frankfurt \/ Leibniz Institut Hessische Stiftung Friedens- und Konfliktforschung","url":"https:\/\/blog.prif.org\/en\/","logo":{"@type":"ImageObject","inLanguage":"en-US","@id":"https:\/\/blog.prif.org\/en\/#\/schema\/logo\/image\/","url":"https:\/\/blog.prif.org\/wp-content\/uploads\/2023\/09\/cropped-blog_rgb.png","contentUrl":"https:\/\/blog.prif.org\/wp-content\/uploads\/2023\/09\/cropped-blog_rgb.png","width":750,"height":226,"caption":"Peace Research Institute Frankfurt \/ Leibniz Institut Hessische Stiftung Friedens- und Konfliktforschung"},"image":{"@id":"https:\/\/blog.prif.org\/en\/#\/schema\/logo\/image\/"},"sameAs":["https:\/\/www.facebook.com\/HSFK.PRIF","https:\/\/x.com\/HSFK_PRIF","https:\/\/www.linkedin.com\/company\/8912786\/"]}]}},"description":{"rendered":"<p class=\"attachment\"><a href='https:\/\/blog.prif.org\/wp-content\/uploads\/2026\/03\/Spotlight-4-2026-Cover-kl.jpg'><img loading=\"lazy\" decoding=\"async\" width=\"200\" height=\"277\" src=\"https:\/\/blog.prif.org\/wp-content\/uploads\/2026\/03\/Spotlight-4-2026-Cover-kl.jpg\" class=\"attachment-medium size-medium\" alt=\"Cover PRIF Spotlight 4\/2026\" \/><\/a><\/p>\n"},"caption":{"rendered":"<p>Nach Jahren der Globalisierung scheint die Welt in die Logik der Macht zur\u00fcckzufallen. Die Kritik an \u201enaiver\u201c Globalisierungspolitik hat Hochkonjunktur. Zunehmend wird auf n\u00fcchterne Machtpolitik gesetzt, auf Unabh\u00e4ngigkeit und milit\u00e4rische St\u00e4rke statt auf Vernetzung und internationale Organisation. Doch die Hinwendung zur Machtpolitik droht die Fehler der Globalisierungspolitik unter anderen Vorzeichen zu wiederholen. Im sicheren Glauben die Welt nun verstanden zu haben, wird \u201ealternativlose\u201c Politik betrieben, die ihre eigenen Risiken \u00fcbersieht und die Welt so auf Dauer unsicherer zu machen droht.<\/p>\n"},"alt_text":"Cover PRIF Spotlight 4\/2026","media_type":"image","mime_type":"image\/jpeg","media_details":{"width":200,"height":277,"file":"2026\/03\/Spotlight-4-2026-Cover-kl.jpg","filesize":78309,"sizes":{"thumbnail":{"file":"Spotlight-4-2026-Cover-kl-150x150.jpg","width":150,"height":150,"filesize":22972,"mime_type":"image\/jpeg","source_url":"https:\/\/blog.prif.org\/wp-content\/uploads\/2026\/03\/Spotlight-4-2026-Cover-kl-150x150.jpg"},"full":{"file":"Spotlight-4-2026-Cover-kl.jpg","width":200,"height":277,"mime_type":"image\/jpeg","source_url":"https:\/\/blog.prif.org\/wp-content\/uploads\/2026\/03\/Spotlight-4-2026-Cover-kl.jpg"}},"image_meta":{"aperture":"0","credit":"Dirk Peters","camera":"","caption":"Nach Jahren der Globalisierung scheint die Welt in die Logik der Macht zur\u00fcckzufallen. Die Kritik an \u201enaiver\u201c Globalisierungspolitik hat Hochkonjunktur. Zunehmend wird auf n\u00fcchterne Machtpolitik gesetzt, auf Unabh\u00e4ngigkeit und milit\u00e4rische St\u00e4rke statt auf Vernetzung und internationale Organisation. Doch die Hinwendung zur Machtpolitik droht die Fehler der Globalisierungspolitik unter anderen Vorzeichen zu wiederholen. Im sicheren Glauben die Welt nun verstanden zu haben, wird \u201ealternativlose\u201c Politik betrieben, die ihre eigenen Risiken \u00fcbersieht und die Welt so auf Dauer unsicherer zu machen droht.","created_timestamp":"0","copyright":"CC BY-ND 4.0","focal_length":"0","iso":"0","shutter_speed":"0","title":"Sicherheit, die uns unsicher macht: Die neue Selbstverst\u00e4ndlich","orientation":"1","keywords":[]}},"post":15312,"source_url":"https:\/\/blog.prif.org\/wp-content\/uploads\/2026\/03\/Spotlight-4-2026-Cover-kl.jpg","_links":{"self":[{"href":"https:\/\/blog.prif.org\/en\/wp-json\/wp\/v2\/media\/15309","targetHints":{"allow":["GET"]}}],"collection":[{"href":"https:\/\/blog.prif.org\/en\/wp-json\/wp\/v2\/media"}],"about":[{"href":"https:\/\/blog.prif.org\/en\/wp-json\/wp\/v2\/types\/attachment"}],"author":[{"embeddable":true,"href":"https:\/\/blog.prif.org\/en\/wp-json\/wp\/v2\/users\/255"}],"replies":[{"embeddable":true,"href":"https:\/\/blog.prif.org\/en\/wp-json\/wp\/v2\/comments?post=15309"}]}}